{"id":693,"date":"2020-03-19T18:13:14","date_gmt":"2020-03-19T18:13:14","guid":{"rendered":"https:\/\/gjeilo.no\/?page_id=693"},"modified":"2024-11-09T19:40:31","modified_gmt":"2024-11-09T19:40:31","slug":"ronnaug-knutsbakken-bottabakken","status":"publish","type":"page","link":"https:\/\/gjeilo.no\/?page_id=693","title":{"rendered":"R\u00f8nnaug Knutsbakken Bottabakken"},"content":{"rendered":"\n<div class=\"wp-block-media-text alignwide is-stacked-on-mobile is-vertically-aligned-top\"><figure class=\"wp-block-media-text__media\"><img loading=\"lazy\" decoding=\"async\" width=\"230\" height=\"214\" src=\"https:\/\/gjeilo.no\/wp-content\/uploads\/2023\/07\/361414836_825157072531622_182306805506858725_n.jpg\" alt=\"\" class=\"wp-image-4658 size-full\"\/><\/figure><div class=\"wp-block-media-text__content\">\n<p><\/p>\n<\/div><\/div>\n\n\n<p>F\u00f8dd: 1. September 1839<br \/>Barn med: <time id=\"birth_date\" datetime=\"1828-uu-uu\"><a href=\"https:\/\/gjeilo.no\/?page_id=4711\">Erik Christophersen \u00d8ijordet<\/a> i Lesje,\u00a0 nu i Tjeneste i Drivstuen i Opdal. &#8211; Begges 1th Leiermaal (barn utanfor ekteskap) i flg. kyrkjeboka Ministerialbok nr. 7, 1863-1884, s. 18 (Johannes Johnsson Johnsson f. <time id=\"birth_date\" datetime=\"1828-uu-uu\">1828 i flg. GENI).\u00a0 <br \/><\/time><\/time>Mor: Anne Olsdotter f. 1807 i Urdi<br \/>Far: Knut Johannesson, f. 1796 i Turtum <br \/>Mor til: <a href=\"https:\/\/gjeilo.no\/?page_id=143\">Johan Erikson Bottabakkom Slettom<\/a><br \/><strong><a href=\"https:\/\/www.geni.com\/people\/R%C3%B8nnaug-Marstein\/6000000012975854970\" target=\"_blank\" rel=\"noopener\">Geni<\/a><\/strong>\u00a0\u00a0\u00a0\u00a0 <a href=\"https:\/\/gjeilo.no\"><img loading=\"lazy\" decoding=\"async\" class=\"alignnone  wp-image-6142\" src=\"https:\/\/gjeilo.no\/wp-content\/uploads\/2024\/11\/dor-100-DPI-1.png\" alt=\"\" width=\"89\" height=\"15\" \/><\/a><\/p>\n<p>R\u00f8nnaug var fr\u00e5 Bottabakken i Lia. Bruket l\u00e5g aust og nedst i S\u00f8re Botten og var i bruk fr\u00e5 omlag 1820 til ca 1875. Vart lagt til hovudbruket etter det. Bildet her er fr\u00e5 Marstein der ho kom etter at ho gifta seg med Jon Gunnarson. Foreldra var husmenn i Bottabakken fr\u00e5 ca 1828. Det m\u00e5tte derfor vere dei som rydda husmannsplassen. R\u00f8nnaug var nr. 5 av i alt 9 syskjen.<\/p>\n\n<div class=\"wp-block-image\">\n<figure class=\"aligncenter size-large\"><a href=\"https:\/\/gjeilo.no\/wp-content\/uploads\/2023\/07\/Ronnaug-marstein-359787233_10227482875409963_229254110268696046_n.jpg\"><img loading=\"lazy\" decoding=\"async\" width=\"1024\" height=\"724\" src=\"https:\/\/gjeilo.no\/wp-content\/uploads\/2023\/07\/Ronnaug-marstein-359787233_10227482875409963_229254110268696046_n-1024x724.jpg\" alt=\"\" class=\"wp-image-4649\" srcset=\"https:\/\/gjeilo.no\/wp-content\/uploads\/2023\/07\/Ronnaug-marstein-359787233_10227482875409963_229254110268696046_n-1024x724.jpg 1024w, https:\/\/gjeilo.no\/wp-content\/uploads\/2023\/07\/Ronnaug-marstein-359787233_10227482875409963_229254110268696046_n-300x212.jpg 300w, https:\/\/gjeilo.no\/wp-content\/uploads\/2023\/07\/Ronnaug-marstein-359787233_10227482875409963_229254110268696046_n-768x543.jpg 768w, https:\/\/gjeilo.no\/wp-content\/uploads\/2023\/07\/Ronnaug-marstein-359787233_10227482875409963_229254110268696046_n-1536x1086.jpg 1536w, https:\/\/gjeilo.no\/wp-content\/uploads\/2023\/07\/Ronnaug-marstein-359787233_10227482875409963_229254110268696046_n.jpg 2048w\" sizes=\"auto, (max-width: 1024px) 100vw, 1024px\" \/><\/a><figcaption class=\"wp-element-caption\">Gunn-Heidi Marstein Nipius har lagt ut dette bildet p\u00e5 <a rel=\"noreferrer noopener\" href=\"https:\/\/www.facebook.com\/photo\/?fbid=10227482875449964&amp;set=gm.6123491207762317&amp;idorvanity=446053778839450\" target=\"_blank\">Svunnen tid i Lom<\/a>.  S\u00f8re Marstein ca 1905-1910.  Bildet er ogs\u00e5 attgjeve i bygdabok bind 2 side 119. Det er Egil Marstein som eig bildet. Ruth Agnes Gjelsvik skriv der i ein kommentar: Mor har fortalt Mykjy om desse to . F\u00f8r\u00e5dsfolk p\u00e5 s\u00f8re Marstein . Br\u00f8rne til Mor Ann\u00f8 , fortalde att dei var opp\u00e5 og skaut inn jula , ved husn\u00e5va . Dette var ei stor \u00e6re for dei . Litt god julemat hadde dei og med . Bestemor Kari var gavmild og rettskaffen . Ein gong fortalde Far Ole , att Jo var p\u00e5 Bergom . Der sa ein kar til han : Er han Jo ute \u00e5 g\u00e5r og . Jo sa att skulle eg ut , s\u00e5 m\u00e5tte eg vel g\u00e5. Ein gong han skulleselge eit bukkeskinn . Handelskarensa : du serVel att skinnet er reint for lite . Det rakk no godt rundtgeita , sa Jo . <img loading=\"lazy\" decoding=\"async\" src=\"https:\/\/static.xx.fbcdn.net\/images\/emoji.php\/v9\/t8a\/2\/16\/1f410.png\" alt=\"\ud83d\udc10\" width=\"16\" height=\"16\"><\/figcaption><\/figure><\/div>\n\n<div class=\"wp-block-image\">\n<figure class=\"aligncenter size-full is-resized\"><a href=\"https:\/\/gjeilo.no\/wp-content\/uploads\/2023\/07\/360102795_161058740323243_4097658052471042715_n.jpg\"><img loading=\"lazy\" decoding=\"async\" width=\"531\" height=\"638\" src=\"https:\/\/gjeilo.no\/wp-content\/uploads\/2023\/07\/360102795_161058740323243_4097658052471042715_n.jpg\" alt=\"\" class=\"wp-image-4661\" style=\"width:334px;height:401px\" srcset=\"https:\/\/gjeilo.no\/wp-content\/uploads\/2023\/07\/360102795_161058740323243_4097658052471042715_n.jpg 531w, https:\/\/gjeilo.no\/wp-content\/uploads\/2023\/07\/360102795_161058740323243_4097658052471042715_n-250x300.jpg 250w\" sizes=\"auto, (max-width: 531px) 100vw, 531px\" \/><\/a><figcaption class=\"wp-element-caption\">Utsnitt.<\/figcaption><\/figure><\/div>\n\n\n<figure class=\"wp-block-image size-full\"><img decoding=\"async\" src=\"https:\/\/gjeilo.no\/wp-content\/uploads\/2020\/03\/A34B1D77-2905-4DBF-870E-5A50EDAD589B.jpeg\" alt=\"\" class=\"wp-image-691\"\/><\/figure>\n\n\n\n<p><\/p>\n","protected":false},"excerpt":{"rendered":"<p>F\u00f8dd: 1. September 1839Barn med: Erik Christophersen \u00d8ijordet i Lesje,\u00a0 nu i Tjeneste i Drivstuen i Opdal. &#8211; Begges 1th Leiermaal (barn utanfor ekteskap) i flg. kyrkjeboka Ministerialbok nr. 7, 1863-1884, s. 18 (Johannes Johnsson Johnsson f. 1828 i flg. GENI).\u00a0 Mor: Anne Olsdotter f. 1807 i UrdiFar: Knut Johannesson, f. 1796 i Turtum Mor &hellip; <a href=\"https:\/\/gjeilo.no\/?page_id=693\" class=\"more-link\">Fortsett \u00e5 lese <span class=\"screen-reader-text\">R\u00f8nnaug Knutsbakken Bottabakken<\/span><\/a><\/p>\n","protected":false},"author":2,"featured_media":0,"parent":0,"menu_order":0,"comment_status":"closed","ping_status":"closed","template":"","meta":{"footnotes":""},"class_list":["post-693","page","type-page","status-publish","hentry"],"yoast_head":"<!-- This site is optimized with the Yoast SEO plugin v26.0 - https:\/\/yoast.com\/wordpress\/plugins\/seo\/ -->\n<title>R\u00f8nnaug Knutsbakken Bottabakken - Slektskap<\/title>\n<meta name=\"robots\" content=\"index, follow, max-snippet:-1, max-image-preview:large, max-video-preview:-1\" \/>\n<link rel=\"canonical\" href=\"https:\/\/gjeilo.no\/?page_id=693\" \/>\n<meta property=\"og:locale\" content=\"nb_NO\" \/>\n<meta property=\"og:type\" content=\"article\" \/>\n<meta property=\"og:title\" content=\"R\u00f8nnaug Knutsbakken Bottabakken - Slektskap\" \/>\n<meta property=\"og:description\" content=\"F\u00f8dd: 1. September 1839Barn med: Erik Christophersen \u00d8ijordet i Lesje,\u00a0 nu i Tjeneste i Drivstuen i Opdal. &#8211; Begges 1th Leiermaal (barn utanfor ekteskap) i flg. kyrkjeboka Ministerialbok nr. 7, 1863-1884, s. 18 (Johannes Johnsson Johnsson f. 1828 i flg. GENI).\u00a0 Mor: Anne Olsdotter f. 1807 i UrdiFar: Knut Johannesson, f. 1796 i Turtum Mor &hellip; Fortsett \u00e5 lese R\u00f8nnaug Knutsbakken Bottabakken\" \/>\n<meta property=\"og:url\" content=\"https:\/\/gjeilo.no\/?page_id=693\" \/>\n<meta property=\"og:site_name\" content=\"Slektskap\" \/>\n<meta property=\"article:modified_time\" content=\"2024-11-09T19:40:31+00:00\" \/>\n<meta property=\"og:image\" content=\"https:\/\/gjeilo.no\/wp-content\/uploads\/2023\/07\/361414836_825157072531622_182306805506858725_n.jpg\" \/>\n\t<meta property=\"og:image:width\" content=\"230\" \/>\n\t<meta property=\"og:image:height\" content=\"214\" \/>\n\t<meta property=\"og:image:type\" content=\"image\/jpeg\" \/>\n<meta name=\"twitter:card\" content=\"summary_large_image\" \/>\n<meta name=\"twitter:label1\" content=\"Ansl. lesetid\" \/>\n\t<meta name=\"twitter:data1\" content=\"3 minutter\" \/>\n<script type=\"application\/ld+json\" class=\"yoast-schema-graph\">{\"@context\":\"https:\/\/schema.org\",\"@graph\":[{\"@type\":\"WebPage\",\"@id\":\"https:\/\/gjeilo.no\/?page_id=693\",\"url\":\"https:\/\/gjeilo.no\/?page_id=693\",\"name\":\"R\u00f8nnaug Knutsbakken Bottabakken - Slektskap\",\"isPartOf\":{\"@id\":\"https:\/\/gjeilo.no\/#website\"},\"primaryImageOfPage\":{\"@id\":\"https:\/\/gjeilo.no\/?page_id=693#primaryimage\"},\"image\":{\"@id\":\"https:\/\/gjeilo.no\/?page_id=693#primaryimage\"},\"thumbnailUrl\":\"https:\/\/gjeilo.no\/wp-content\/uploads\/2023\/07\/361414836_825157072531622_182306805506858725_n.jpg\",\"datePublished\":\"2020-03-19T18:13:14+00:00\",\"dateModified\":\"2024-11-09T19:40:31+00:00\",\"breadcrumb\":{\"@id\":\"https:\/\/gjeilo.no\/?page_id=693#breadcrumb\"},\"inLanguage\":\"nb-NO\",\"potentialAction\":[{\"@type\":\"ReadAction\",\"target\":[\"https:\/\/gjeilo.no\/?page_id=693\"]}]},{\"@type\":\"ImageObject\",\"inLanguage\":\"nb-NO\",\"@id\":\"https:\/\/gjeilo.no\/?page_id=693#primaryimage\",\"url\":\"https:\/\/gjeilo.no\/wp-content\/uploads\/2023\/07\/361414836_825157072531622_182306805506858725_n.jpg\",\"contentUrl\":\"https:\/\/gjeilo.no\/wp-content\/uploads\/2023\/07\/361414836_825157072531622_182306805506858725_n.jpg\",\"width\":230,\"height\":214},{\"@type\":\"BreadcrumbList\",\"@id\":\"https:\/\/gjeilo.no\/?page_id=693#breadcrumb\",\"itemListElement\":[{\"@type\":\"ListItem\",\"position\":1,\"name\":\"Hjem\",\"item\":\"https:\/\/gjeilo.no\/\"},{\"@type\":\"ListItem\",\"position\":2,\"name\":\"R\u00f8nnaug Knutsbakken Bottabakken\"}]},{\"@type\":\"WebSite\",\"@id\":\"https:\/\/gjeilo.no\/#website\",\"url\":\"https:\/\/gjeilo.no\/\",\"name\":\"Slektskap\",\"description\":\"\",\"potentialAction\":[{\"@type\":\"SearchAction\",\"target\":{\"@type\":\"EntryPoint\",\"urlTemplate\":\"https:\/\/gjeilo.no\/?s={search_term_string}\"},\"query-input\":{\"@type\":\"PropertyValueSpecification\",\"valueRequired\":true,\"valueName\":\"search_term_string\"}}],\"inLanguage\":\"nb-NO\"}]}<\/script>\n<!-- \/ Yoast SEO plugin. -->","yoast_head_json":{"title":"R\u00f8nnaug Knutsbakken Bottabakken - Slektskap","robots":{"index":"index","follow":"follow","max-snippet":"max-snippet:-1","max-image-preview":"max-image-preview:large","max-video-preview":"max-video-preview:-1"},"canonical":"https:\/\/gjeilo.no\/?page_id=693","og_locale":"nb_NO","og_type":"article","og_title":"R\u00f8nnaug Knutsbakken Bottabakken - Slektskap","og_description":"F\u00f8dd: 1. September 1839Barn med: Erik Christophersen \u00d8ijordet i Lesje,\u00a0 nu i Tjeneste i Drivstuen i Opdal. &#8211; Begges 1th Leiermaal (barn utanfor ekteskap) i flg. kyrkjeboka Ministerialbok nr. 7, 1863-1884, s. 18 (Johannes Johnsson Johnsson f. 1828 i flg. GENI).\u00a0 Mor: Anne Olsdotter f. 1807 i UrdiFar: Knut Johannesson, f. 1796 i Turtum Mor &hellip; Fortsett \u00e5 lese R\u00f8nnaug Knutsbakken Bottabakken","og_url":"https:\/\/gjeilo.no\/?page_id=693","og_site_name":"Slektskap","article_modified_time":"2024-11-09T19:40:31+00:00","og_image":[{"width":230,"height":214,"url":"https:\/\/gjeilo.no\/wp-content\/uploads\/2023\/07\/361414836_825157072531622_182306805506858725_n.jpg","type":"image\/jpeg"}],"twitter_card":"summary_large_image","twitter_misc":{"Ansl. lesetid":"3 minutter"},"schema":{"@context":"https:\/\/schema.org","@graph":[{"@type":"WebPage","@id":"https:\/\/gjeilo.no\/?page_id=693","url":"https:\/\/gjeilo.no\/?page_id=693","name":"R\u00f8nnaug Knutsbakken Bottabakken - Slektskap","isPartOf":{"@id":"https:\/\/gjeilo.no\/#website"},"primaryImageOfPage":{"@id":"https:\/\/gjeilo.no\/?page_id=693#primaryimage"},"image":{"@id":"https:\/\/gjeilo.no\/?page_id=693#primaryimage"},"thumbnailUrl":"https:\/\/gjeilo.no\/wp-content\/uploads\/2023\/07\/361414836_825157072531622_182306805506858725_n.jpg","datePublished":"2020-03-19T18:13:14+00:00","dateModified":"2024-11-09T19:40:31+00:00","breadcrumb":{"@id":"https:\/\/gjeilo.no\/?page_id=693#breadcrumb"},"inLanguage":"nb-NO","potentialAction":[{"@type":"ReadAction","target":["https:\/\/gjeilo.no\/?page_id=693"]}]},{"@type":"ImageObject","inLanguage":"nb-NO","@id":"https:\/\/gjeilo.no\/?page_id=693#primaryimage","url":"https:\/\/gjeilo.no\/wp-content\/uploads\/2023\/07\/361414836_825157072531622_182306805506858725_n.jpg","contentUrl":"https:\/\/gjeilo.no\/wp-content\/uploads\/2023\/07\/361414836_825157072531622_182306805506858725_n.jpg","width":230,"height":214},{"@type":"BreadcrumbList","@id":"https:\/\/gjeilo.no\/?page_id=693#breadcrumb","itemListElement":[{"@type":"ListItem","position":1,"name":"Hjem","item":"https:\/\/gjeilo.no\/"},{"@type":"ListItem","position":2,"name":"R\u00f8nnaug Knutsbakken Bottabakken"}]},{"@type":"WebSite","@id":"https:\/\/gjeilo.no\/#website","url":"https:\/\/gjeilo.no\/","name":"Slektskap","description":"","potentialAction":[{"@type":"SearchAction","target":{"@type":"EntryPoint","urlTemplate":"https:\/\/gjeilo.no\/?s={search_term_string}"},"query-input":{"@type":"PropertyValueSpecification","valueRequired":true,"valueName":"search_term_string"}}],"inLanguage":"nb-NO"}]}},"_links":{"self":[{"href":"https:\/\/gjeilo.no\/index.php?rest_route=\/wp\/v2\/pages\/693","targetHints":{"allow":["GET"]}}],"collection":[{"href":"https:\/\/gjeilo.no\/index.php?rest_route=\/wp\/v2\/pages"}],"about":[{"href":"https:\/\/gjeilo.no\/index.php?rest_route=\/wp\/v2\/types\/page"}],"author":[{"embeddable":true,"href":"https:\/\/gjeilo.no\/index.php?rest_route=\/wp\/v2\/users\/2"}],"replies":[{"embeddable":true,"href":"https:\/\/gjeilo.no\/index.php?rest_route=%2Fwp%2Fv2%2Fcomments&post=693"}],"version-history":[{"count":45,"href":"https:\/\/gjeilo.no\/index.php?rest_route=\/wp\/v2\/pages\/693\/revisions"}],"predecessor-version":[{"id":6177,"href":"https:\/\/gjeilo.no\/index.php?rest_route=\/wp\/v2\/pages\/693\/revisions\/6177"}],"wp:attachment":[{"href":"https:\/\/gjeilo.no\/index.php?rest_route=%2Fwp%2Fv2%2Fmedia&parent=693"}],"curies":[{"name":"wp","href":"https:\/\/api.w.org\/{rel}","templated":true}]}}