{"id":6499,"date":"2026-03-06T08:58:11","date_gmt":"2026-03-06T08:58:11","guid":{"rendered":"https:\/\/gjeilo.no\/?page_id=6499"},"modified":"2026-04-14T17:33:28","modified_gmt":"2026-04-14T17:33:28","slug":"bygdahistorie-fra-gjeilosstronde","status":"publish","type":"page","link":"https:\/\/gjeilo.no\/?page_id=6499","title":{"rendered":"Bygdahistorie fr\u00e5 Gjeilosstronde"},"content":{"rendered":"<figure id=\"attachment_2766\" aria-describedby=\"caption-attachment-2766\" style=\"width: 2560px\" class=\"wp-caption alignnone\"><a href=\"https:\/\/gjeilo.no\/wp-content\/uploads\/2023\/01\/IMG_3505-scaled.jpg\"><img loading=\"lazy\" decoding=\"async\" class=\"size-full wp-image-2766\" src=\"https:\/\/gjeilo.no\/wp-content\/uploads\/2023\/01\/IMG_3505-scaled.jpg\" alt=\"\" width=\"2560\" height=\"1724\" srcset=\"https:\/\/gjeilo.no\/wp-content\/uploads\/2023\/01\/IMG_3505-scaled.jpg 2560w, https:\/\/gjeilo.no\/wp-content\/uploads\/2023\/01\/IMG_3505-300x202.jpg 300w, https:\/\/gjeilo.no\/wp-content\/uploads\/2023\/01\/IMG_3505-1024x690.jpg 1024w, https:\/\/gjeilo.no\/wp-content\/uploads\/2023\/01\/IMG_3505-768x517.jpg 768w, https:\/\/gjeilo.no\/wp-content\/uploads\/2023\/01\/IMG_3505-1536x1034.jpg 1536w, https:\/\/gjeilo.no\/wp-content\/uploads\/2023\/01\/IMG_3505-2048x1379.jpg 2048w\" sizes=\"auto, (max-width: 2560px) 100vw, 2560px\" \/><\/a><figcaption id=\"caption-attachment-2766\" class=\"wp-caption-text\">Sygard Gjeilo fotografert i 1928, Skj\u00e5k historielag.<\/figcaption><\/figure>\n\n\n<p><a href=\"https:\/\/gjeilo.no\/?page_id=228\"><strong>Ola Franson Gjeilo<\/strong><\/a>, f. 29\/9 1891, voks opp p\u00e5 S\u00f8re Gjeilo, den synste garden uttafor vegen p\u00e5 Gjeilosstrond. Ola var del t\u00e5 ein stor syskjenflokk p\u00e5 \u00e5tte ungar. Ola var den eldste, f\u00f8dd i september 1891. Foreldre var <a href=\"https:\/\/gjeilo.no\/?page_id=249\">Embj\u00f8rg Amundsdatter Amundssted<\/a> og <a href=\"https:\/\/gjeilo.no\/?page_id=253\">Frants Olsson Gjeilo<\/a> fr\u00e5 Storkj\u00f8rren.<\/p>\n\n\n\n<p>P\u00e5 Sygard Gjeilo, rett nordafor S\u00f8re Gjeilo, budde det ein familie som var barnelause. Dette var Gregorius Rolvson og kona Tor\u00f8 Persdatter Vaagaasar\u00f8ygard. Desse var p\u00e5 leit etter nokon til \u00e5 f\u00f8re gardsarven vidare. P\u00e5 Vaagaasar i Lom budde det ei jente som heitte <a href=\"https:\/\/gjeilo.no\/?page_id=4162\"><strong>Synne Vaagaasar<\/strong><\/a>, f\u00f8dd i 1893. Foreldra hennar var <a href=\"https:\/\/gjeilo.no\/?page_id=271\">Jon Rolvson Gjeilo Vaagaasar<\/a> og <a href=\"https:\/\/gjeilo.no\/?page_id=267\">Julie Halvorsdotter Engum<\/a>. Jon var bror til Gregorius p\u00e5 Sygard og hadde vokse opp der. Etter fleire fors\u00f8k p\u00e5 hospitering av gutar fr\u00e5 familien p\u00e5 Vaagaasar, vart Synne plassert hj\u00e5 onkelen sin p\u00e5 Sygard. I folketeljinga i 1900 var Synne Johnsdatter Vaagesar oppf\u00f8rt som pleiedatter p\u00e5 Sygard Gjeilo. Da var ho berre sju \u00e5r gamal.<\/p>\n\n\n\n<figure class=\"wp-block-image size-full\"><a href=\"https:\/\/gjeilo.no\/wp-content\/uploads\/2015\/09\/b.jpg\"><img loading=\"lazy\" decoding=\"async\" width=\"624\" height=\"370\" src=\"https:\/\/gjeilo.no\/wp-content\/uploads\/2015\/09\/b.jpg\" alt=\"\" class=\"wp-image-214\" srcset=\"https:\/\/gjeilo.no\/wp-content\/uploads\/2015\/09\/b.jpg 624w, https:\/\/gjeilo.no\/wp-content\/uploads\/2015\/09\/b-300x178.jpg 300w\" sizes=\"auto, (max-width: 624px) 100vw, 624px\" \/><\/a><figcaption class=\"wp-element-caption\">Folka p\u00e5 Sygard Gjeilo 1875. Fremst fr\u00e5 venstre: Rolv Gregoriusen (f. 25\/12 1815) p\u00e5 fanget son hans Rolv Rolvs, (f. 15\/12 1866), kona til Rolv, Synne Olsdatter B\u00f8je (f. 9\/3 1824) med dotter Anne Rolvsd. (f. 4\/8 1871). R\u00f8nnaug (f. 1\/1 1846) gift med Sevald Sevaldsen N\u00f8rstnes, Anne (f. 19\/9 1850) gift med Johannes Eriksen Kjekahagen, Gunnhild (f. 21\/5 1844) gift med Ola Olsen Bakken med sonen deira Ola. Andre rekkje: Ola (f. 25\/2 1858), Gregorius (f. 25\/4 1848) gift med Tor\u00f8 Persdatter Vaagaasar\u00f8ygard, Synne (f. 6\/12 1852) gift med Lars Olsen Prestjordet, Jon (f. 22\/4 1864), som kj\u00f8pte Vaagaasar, gift med Julie Halvorsdotter Engum, Kari (f. 5\/6 1855) gift med Tore Syversen Skamsdalen og Embj\u00f8rg (f. 9\/6 1860) gift med Ola Torsen Gjeilo. Etter folketeljinga i 1875 var eldste dotter Tor\u00f8 Rolvsd. gift med Sylfest Maurstad, fl\u00f8tt til Gjeiloshaugen og ikkje med p\u00e5 bildet.<br><br><\/figcaption><\/figure>\n\n\n\n<p>P\u00e5 Gjeilosh\u00e5g\u00e5 ovafor Nygarden budde det ein familie med i alt ni barn. <a href=\"https:\/\/gjeilo.no\/?page_id=164\"><strong>Maria<\/strong><\/a>, som var f\u00f8dd i 1895, var nr. seks i rekkja. Fyry ho hadde det kome fem jenter p\u00e5 rekkje og rad. Tre av desse reiste seinare til Canada og levde heiler sine vaksne liv der. <a href=\"https:\/\/gjeilo.no\/?page_id=1944\">Thea Haugtr\u00e6det Rundhaugen<\/a> var ei av desse. Thea i Lom var oppkalla etter henne. Det er for\u00f8vrig ei stor etterslekt etter desse tre jentene som reiste til Amerika i dag. Foreldra til Maria var <a href=\"https:\/\/gjeilo.no\/?page_id=183\">Ola Bil\u00f8ygard<\/a>, antakele fr\u00e5 H\u00f8gbrenna i Lia og <a href=\"https:\/\/gjeilo.no\/?page_id=177\">Anne Molykkjun<\/a>, au fr\u00e5 Lom. Denne familien budde da p\u00e5 Gjeilosh\u00e5g\u00e5 ovafor Nygarden og fl\u00f8tte seinare til Haugtr\u00e6det ovafor Sygard Gjeilo og starta sikkert \u00e5 bruke Haugtr\u00e6det-etternamnet da.<\/p>\n\n\n\n<figure class=\"wp-block-image size-large\"><a href=\"https:\/\/gjeilo.no\/wp-content\/uploads\/2026\/03\/gjeiloshagan-Screenshot-2026-03-24-at-17-29-12-I-Gjeiloshagen-for-1910-Sylfest-Maurstad-var-smed-sja-alle-ljaane-i-bakgrunnen-Gudbrandsdalsmusea-_-DigitaltMuseum.png\"><img loading=\"lazy\" decoding=\"async\" width=\"1024\" height=\"596\" src=\"https:\/\/gjeilo.no\/wp-content\/uploads\/2026\/03\/gjeiloshagan-Screenshot-2026-03-24-at-17-29-12-I-Gjeiloshagen-for-1910-Sylfest-Maurstad-var-smed-sja-alle-ljaane-i-bakgrunnen-Gudbrandsdalsmusea-_-DigitaltMuseum-1024x596.png\" alt=\"\" class=\"wp-image-6677\" srcset=\"https:\/\/gjeilo.no\/wp-content\/uploads\/2026\/03\/gjeiloshagan-Screenshot-2026-03-24-at-17-29-12-I-Gjeiloshagen-for-1910-Sylfest-Maurstad-var-smed-sja-alle-ljaane-i-bakgrunnen-Gudbrandsdalsmusea-_-DigitaltMuseum-1024x596.png 1024w, https:\/\/gjeilo.no\/wp-content\/uploads\/2026\/03\/gjeiloshagan-Screenshot-2026-03-24-at-17-29-12-I-Gjeiloshagen-for-1910-Sylfest-Maurstad-var-smed-sja-alle-ljaane-i-bakgrunnen-Gudbrandsdalsmusea-_-DigitaltMuseum-300x174.png 300w, https:\/\/gjeilo.no\/wp-content\/uploads\/2026\/03\/gjeiloshagan-Screenshot-2026-03-24-at-17-29-12-I-Gjeiloshagen-for-1910-Sylfest-Maurstad-var-smed-sja-alle-ljaane-i-bakgrunnen-Gudbrandsdalsmusea-_-DigitaltMuseum-768x447.png 768w, https:\/\/gjeilo.no\/wp-content\/uploads\/2026\/03\/gjeiloshagan-Screenshot-2026-03-24-at-17-29-12-I-Gjeiloshagen-for-1910-Sylfest-Maurstad-var-smed-sja-alle-ljaane-i-bakgrunnen-Gudbrandsdalsmusea-_-DigitaltMuseum-1536x893.png 1536w, https:\/\/gjeilo.no\/wp-content\/uploads\/2026\/03\/gjeiloshagan-Screenshot-2026-03-24-at-17-29-12-I-Gjeiloshagen-for-1910-Sylfest-Maurstad-var-smed-sja-alle-ljaane-i-bakgrunnen-Gudbrandsdalsmusea-_-DigitaltMuseum-2048x1191.png 2048w\" sizes=\"auto, (max-width: 1024px) 100vw, 1024px\" \/><\/a><figcaption class=\"wp-element-caption\">Gjeilosh\u00e5g\u00e5n slik det s\u00e5g ut da Anne og Ola Haugtr\u00e6det budde der. Dette bildet er fr\u00e5 f\u00f8r 1910F.v.: Rolv O. Gjeilo (f. 1879), Rasmus Englund (f. Bakken ca. 1816), Ola Bakken (f. 1827), Sylfest Maurstad (f. 1841), Tor\u00f8 Maurstad (f. Gjeilo 1842).Tor\u00f8 var syster til kona til Ola Bakken, som budde her b\u00e5de i 1900 og 1910 ifg. folketellingane. Rolv O. Gjeilo var son av Ola Bakken og Rasmus Englund var bror til Ola. <a href=\"https:\/\/digitaltmuseum.no\/0210113278525\/i-gjeiloshagen-for-1910-sylfest-maurstad-var-smed-sja-alle-ljaane-i-bakgrunne\">Digitalmuseum.<\/a><\/figcaption><\/figure>\n\n\n\n<p>Ola Franson Gjeilo fr\u00e5 S\u00f8p\u00e5 Gjeilo og Synne, som var adoptert fr\u00e5 Vaagaasar \u00e5t onkeln sin p\u00e5 Sygard Gjeilo, gifta seg den 2. mai i 1912. Synne var da 19 \u00e5r og Ola 21. Synne hadde odelen p\u00e5 Sygard og dei to tok etter kvart over drifta av garden. Fem barn vart det p\u00e5 desse. Fyrstef\u00f8dde Embj\u00f8rg kom til verda i 1913 og s\u00e5 fulgte Tor\u00f8, Julianna, Gregor og <a href=\"https:\/\/gjeilo.no\/?page_id=39\">Frans<\/a>, som var f\u00f8dd i 1923.<\/p>\n\n\n\n<p>Ein dag tidleg p\u00e5 \u00e5ret i 1915 dukkar det s\u00e5 opp ein kar p\u00e5 Gjeilosstronde som heitte <a href=\"https:\/\/gjeilo.no\/?page_id=167\"><strong>John \u00d8yjordet<\/strong><\/a>. John\/Jo var f\u00f8dd i 1891 og var da alts\u00e5 24 \u00e5r gamal. Etter notat som han hadde gjort sj\u00f8lv, hadde han teke seg teneste hj\u00e5 Frants Gjeilo i eitt \u00e5r og arbeidde sommaren 1915 p\u00e5 det som da m\u00e5tte vere S\u00f8p\u00e5 Gjeilo hj\u00e5 far til Ola Frantson.<\/p>\n\n\n\n<p>I notatboka si skreiv Jo: \u00abtok meg tenest hjaa <a href=\"https:\/\/gjeilo.no\/?page_id=253\">Frants Gjeilo<\/a> p\u00e5 eit aar, men so skulde eg vere i ein maanad um sumaren for det skulde eg hava 280 kroner. Eg gjek av tenesta den 20de Juli. Etter det skulde eg vera fri til den 20 August. S\u00e5 byrja eg og arbeide hjaa Frants att den 27 Juli. Eg arbeidde 5 dagar av Juli og 16 dagar av August. Dert vert 21 Arbeidsdagar.\u00bb<\/p>\n\n\n\n<figure class=\"wp-block-image size-full\"><a href=\"https:\/\/gjeilo.no\/wp-content\/uploads\/2024\/09\/Resized_20240907_174830_17257241239991.jpg\"><img loading=\"lazy\" decoding=\"async\" width=\"765\" height=\"1020\" src=\"https:\/\/gjeilo.no\/wp-content\/uploads\/2024\/09\/Resized_20240907_174830_17257241239991.jpg\" alt=\"\" class=\"wp-image-6032\" srcset=\"https:\/\/gjeilo.no\/wp-content\/uploads\/2024\/09\/Resized_20240907_174830_17257241239991.jpg 765w, https:\/\/gjeilo.no\/wp-content\/uploads\/2024\/09\/Resized_20240907_174830_17257241239991-225x300.jpg 225w\" sizes=\"auto, (max-width: 765px) 100vw, 765px\" \/><\/a><\/figure>\n\n\n\n<p>John var i fylgje <a href=\"https:\/\/gjeilo.no\/wp-admin\/upload.php?item=6801\">kassadagboka til Ola Franson Gjeilo<\/a> i arbeid p\u00e5 Sygard b\u00e5de\u00a0\u00a0i 1918 da han fekk utbetalt kr 50 den 31\/8 og kr 900 og eitt par sko mot slutten av \u00e5ret. Ogs\u00e5 i 1919 fekk John betaling for arbeid p\u00e5 Sygard da han den 14\/10 fekk kr 25 for 9 dage a kr 5 i betaling fr\u00e5 Ola Franson.<br><br>Jo var truleg f\u00f8dd p\u00e5 Sygardsplass i Br\u00e5t\u00e5, men voks opp oppi Medalen i Lom. Mor hans var Marit Sygardsplassen fr\u00e5 Br\u00e5t\u00e5 og faren var Ola Jonsson fr\u00e5 Imbertsgjerdet i Lia. Jo fekk ein vanskeleg barndom. Faren Ola gjekk bort p\u00e5 tragisk vis da Jo var berre fem \u00e5r gamal og Jo vart fl\u00f8tt mellom fleire heimar, til det som i dag blir kalla fosterheimar. Jo hadde det slett ikkje godt i oppveksten. Fyst var han p\u00e5 Gaupar, det vart gripi inn der og ferda for gutongen gjekk vidare fyrst til Kr\u00f8kje og s\u00e5 til \u00d8verb\u00f8.<\/p>\n\n\n\n<p>Som 24-\u00e5ring tok han seg arbeid p\u00e5 Gjeilosstrond utan at det er klart p\u00e5 kva for m\u00e5te han havna der. Mora, Marit var i fylgje bygdaboka bind 4 side 108 i teneste p\u00e5 V\u00e5g\u00e5sar under folketellinga i 1900 og hadde dermed kontakt p\u00e5 garden som Synne nokre \u00e5r seinare vart adoptert bort fr\u00e5 til Sygard Gjeilo og seinare gift med Ola Frantson Gjeilo. Det enda i allfall med giftarm\u00e5l for John med Maria i 1916. Marit  gifta seg seinare opp att med Rasmus Hansson Lund i Skj\u00e5k. <\/p>\n\n\n\n<p>Maria hadde da fl\u00f8tt, saman med resten av familien, fr\u00e5 Gjeilosh\u00e5g\u00e5 til Haugtr\u00e6det, nokre hundre meter lengre s\u00f8rover eller austover p\u00e5 Gjeilosstronde. Den 5. desember 1916 kom fyrstef\u00f8dde Ola til verda. Da hadde paret fl\u00f8tt \u00e5t Turrmoen p\u00e5 Dalom i Skj\u00e5k der ogs\u00e5 Oddmund og Magnar kom til verda. Seinare fl\u00f8tte familien til Maria og Jo til Fyrun i Garmo og s\u00e5 til Graffershaugen i V\u00e5rdalen, der til slutt Thea kom til verda den 9. mai 1935 i syskjenflokken p\u00e5 ti.<\/p>\n\n\n\n<p><a href=\"https:\/\/gjeilo.no\/?page_id=22\"><strong>Thea<\/strong><\/a> og <strong><a href=\"https:\/\/gjeilo.no\/?page_id=39\">Frans<\/a><\/strong> gifta seg p\u00e5 Lillehammer tidleg p\u00e5 hausten 1958.<\/p>\n\n\n\n<p><em>Ola G. 6\/3 2026<\/em><\/p>\n","protected":false},"excerpt":{"rendered":"<p>Ola Franson Gjeilo, f. 29\/9 1891, voks opp p\u00e5 S\u00f8re Gjeilo, den synste garden uttafor vegen p\u00e5 Gjeilosstrond. Ola var del t\u00e5 ein stor syskjenflokk p\u00e5 \u00e5tte ungar. Ola var den eldste, f\u00f8dd i september 1891. Foreldre var Embj\u00f8rg Amundsdatter Amundssted og Frants Olsson Gjeilo fr\u00e5 Storkj\u00f8rren. P\u00e5 Sygard Gjeilo, rett nordafor S\u00f8re Gjeilo, budde &hellip; <a href=\"https:\/\/gjeilo.no\/?page_id=6499\" class=\"more-link\">Fortsett \u00e5 lese <span class=\"screen-reader-text\">Bygdahistorie fr\u00e5 Gjeilosstronde<\/span><\/a><\/p>\n","protected":false},"author":2,"featured_media":0,"parent":0,"menu_order":0,"comment_status":"closed","ping_status":"closed","template":"","meta":{"footnotes":""},"class_list":["post-6499","page","type-page","status-publish","hentry"],"yoast_head":"<!-- This site is optimized with the Yoast SEO plugin v26.0 - https:\/\/yoast.com\/wordpress\/plugins\/seo\/ -->\n<title>Bygdahistorie fr\u00e5 Gjeilosstronde - Slektskap<\/title>\n<meta name=\"robots\" content=\"index, follow, max-snippet:-1, max-image-preview:large, max-video-preview:-1\" \/>\n<link rel=\"canonical\" href=\"https:\/\/gjeilo.no\/?page_id=6499\" \/>\n<meta property=\"og:locale\" content=\"nb_NO\" \/>\n<meta property=\"og:type\" content=\"article\" \/>\n<meta property=\"og:title\" content=\"Bygdahistorie fr\u00e5 Gjeilosstronde - Slektskap\" \/>\n<meta property=\"og:description\" content=\"Ola Franson Gjeilo, f. 29\/9 1891, voks opp p\u00e5 S\u00f8re Gjeilo, den synste garden uttafor vegen p\u00e5 Gjeilosstrond. Ola var del t\u00e5 ein stor syskjenflokk p\u00e5 \u00e5tte ungar. Ola var den eldste, f\u00f8dd i september 1891. Foreldre var Embj\u00f8rg Amundsdatter Amundssted og Frants Olsson Gjeilo fr\u00e5 Storkj\u00f8rren. P\u00e5 Sygard Gjeilo, rett nordafor S\u00f8re Gjeilo, budde &hellip; Fortsett \u00e5 lese Bygdahistorie fr\u00e5 Gjeilosstronde\" \/>\n<meta property=\"og:url\" content=\"https:\/\/gjeilo.no\/?page_id=6499\" \/>\n<meta property=\"og:site_name\" content=\"Slektskap\" \/>\n<meta property=\"article:modified_time\" content=\"2026-04-14T17:33:28+00:00\" \/>\n<meta property=\"og:image\" content=\"https:\/\/gjeilo.no\/wp-content\/uploads\/2023\/01\/IMG_3505-scaled.jpg\" \/>\n\t<meta property=\"og:image:width\" content=\"2560\" \/>\n\t<meta property=\"og:image:height\" content=\"1724\" \/>\n\t<meta property=\"og:image:type\" content=\"image\/jpeg\" \/>\n<meta name=\"twitter:card\" content=\"summary_large_image\" \/>\n<meta name=\"twitter:label1\" content=\"Ansl. lesetid\" \/>\n\t<meta name=\"twitter:data1\" content=\"7 minutter\" \/>\n<script type=\"application\/ld+json\" class=\"yoast-schema-graph\">{\"@context\":\"https:\/\/schema.org\",\"@graph\":[{\"@type\":\"WebPage\",\"@id\":\"https:\/\/gjeilo.no\/?page_id=6499\",\"url\":\"https:\/\/gjeilo.no\/?page_id=6499\",\"name\":\"Bygdahistorie fr\u00e5 Gjeilosstronde - Slektskap\",\"isPartOf\":{\"@id\":\"https:\/\/gjeilo.no\/#website\"},\"primaryImageOfPage\":{\"@id\":\"https:\/\/gjeilo.no\/?page_id=6499#primaryimage\"},\"image\":{\"@id\":\"https:\/\/gjeilo.no\/?page_id=6499#primaryimage\"},\"thumbnailUrl\":\"https:\/\/gjeilo.no\/wp-content\/uploads\/2023\/01\/IMG_3505-scaled.jpg\",\"datePublished\":\"2026-03-06T08:58:11+00:00\",\"dateModified\":\"2026-04-14T17:33:28+00:00\",\"breadcrumb\":{\"@id\":\"https:\/\/gjeilo.no\/?page_id=6499#breadcrumb\"},\"inLanguage\":\"nb-NO\",\"potentialAction\":[{\"@type\":\"ReadAction\",\"target\":[\"https:\/\/gjeilo.no\/?page_id=6499\"]}]},{\"@type\":\"ImageObject\",\"inLanguage\":\"nb-NO\",\"@id\":\"https:\/\/gjeilo.no\/?page_id=6499#primaryimage\",\"url\":\"https:\/\/gjeilo.no\/wp-content\/uploads\/2023\/01\/IMG_3505-scaled.jpg\",\"contentUrl\":\"https:\/\/gjeilo.no\/wp-content\/uploads\/2023\/01\/IMG_3505-scaled.jpg\"},{\"@type\":\"BreadcrumbList\",\"@id\":\"https:\/\/gjeilo.no\/?page_id=6499#breadcrumb\",\"itemListElement\":[{\"@type\":\"ListItem\",\"position\":1,\"name\":\"Hjem\",\"item\":\"https:\/\/gjeilo.no\/\"},{\"@type\":\"ListItem\",\"position\":2,\"name\":\"Bygdahistorie fr\u00e5 Gjeilosstronde\"}]},{\"@type\":\"WebSite\",\"@id\":\"https:\/\/gjeilo.no\/#website\",\"url\":\"https:\/\/gjeilo.no\/\",\"name\":\"Slektskap\",\"description\":\"\",\"potentialAction\":[{\"@type\":\"SearchAction\",\"target\":{\"@type\":\"EntryPoint\",\"urlTemplate\":\"https:\/\/gjeilo.no\/?s={search_term_string}\"},\"query-input\":{\"@type\":\"PropertyValueSpecification\",\"valueRequired\":true,\"valueName\":\"search_term_string\"}}],\"inLanguage\":\"nb-NO\"}]}<\/script>\n<!-- \/ Yoast SEO plugin. -->","yoast_head_json":{"title":"Bygdahistorie fr\u00e5 Gjeilosstronde - Slektskap","robots":{"index":"index","follow":"follow","max-snippet":"max-snippet:-1","max-image-preview":"max-image-preview:large","max-video-preview":"max-video-preview:-1"},"canonical":"https:\/\/gjeilo.no\/?page_id=6499","og_locale":"nb_NO","og_type":"article","og_title":"Bygdahistorie fr\u00e5 Gjeilosstronde - Slektskap","og_description":"Ola Franson Gjeilo, f. 29\/9 1891, voks opp p\u00e5 S\u00f8re Gjeilo, den synste garden uttafor vegen p\u00e5 Gjeilosstrond. Ola var del t\u00e5 ein stor syskjenflokk p\u00e5 \u00e5tte ungar. Ola var den eldste, f\u00f8dd i september 1891. Foreldre var Embj\u00f8rg Amundsdatter Amundssted og Frants Olsson Gjeilo fr\u00e5 Storkj\u00f8rren. P\u00e5 Sygard Gjeilo, rett nordafor S\u00f8re Gjeilo, budde &hellip; Fortsett \u00e5 lese Bygdahistorie fr\u00e5 Gjeilosstronde","og_url":"https:\/\/gjeilo.no\/?page_id=6499","og_site_name":"Slektskap","article_modified_time":"2026-04-14T17:33:28+00:00","og_image":[{"width":2560,"height":1724,"url":"https:\/\/gjeilo.no\/wp-content\/uploads\/2023\/01\/IMG_3505-scaled.jpg","type":"image\/jpeg"}],"twitter_card":"summary_large_image","twitter_misc":{"Ansl. lesetid":"7 minutter"},"schema":{"@context":"https:\/\/schema.org","@graph":[{"@type":"WebPage","@id":"https:\/\/gjeilo.no\/?page_id=6499","url":"https:\/\/gjeilo.no\/?page_id=6499","name":"Bygdahistorie fr\u00e5 Gjeilosstronde - Slektskap","isPartOf":{"@id":"https:\/\/gjeilo.no\/#website"},"primaryImageOfPage":{"@id":"https:\/\/gjeilo.no\/?page_id=6499#primaryimage"},"image":{"@id":"https:\/\/gjeilo.no\/?page_id=6499#primaryimage"},"thumbnailUrl":"https:\/\/gjeilo.no\/wp-content\/uploads\/2023\/01\/IMG_3505-scaled.jpg","datePublished":"2026-03-06T08:58:11+00:00","dateModified":"2026-04-14T17:33:28+00:00","breadcrumb":{"@id":"https:\/\/gjeilo.no\/?page_id=6499#breadcrumb"},"inLanguage":"nb-NO","potentialAction":[{"@type":"ReadAction","target":["https:\/\/gjeilo.no\/?page_id=6499"]}]},{"@type":"ImageObject","inLanguage":"nb-NO","@id":"https:\/\/gjeilo.no\/?page_id=6499#primaryimage","url":"https:\/\/gjeilo.no\/wp-content\/uploads\/2023\/01\/IMG_3505-scaled.jpg","contentUrl":"https:\/\/gjeilo.no\/wp-content\/uploads\/2023\/01\/IMG_3505-scaled.jpg"},{"@type":"BreadcrumbList","@id":"https:\/\/gjeilo.no\/?page_id=6499#breadcrumb","itemListElement":[{"@type":"ListItem","position":1,"name":"Hjem","item":"https:\/\/gjeilo.no\/"},{"@type":"ListItem","position":2,"name":"Bygdahistorie fr\u00e5 Gjeilosstronde"}]},{"@type":"WebSite","@id":"https:\/\/gjeilo.no\/#website","url":"https:\/\/gjeilo.no\/","name":"Slektskap","description":"","potentialAction":[{"@type":"SearchAction","target":{"@type":"EntryPoint","urlTemplate":"https:\/\/gjeilo.no\/?s={search_term_string}"},"query-input":{"@type":"PropertyValueSpecification","valueRequired":true,"valueName":"search_term_string"}}],"inLanguage":"nb-NO"}]}},"_links":{"self":[{"href":"https:\/\/gjeilo.no\/index.php?rest_route=\/wp\/v2\/pages\/6499","targetHints":{"allow":["GET"]}}],"collection":[{"href":"https:\/\/gjeilo.no\/index.php?rest_route=\/wp\/v2\/pages"}],"about":[{"href":"https:\/\/gjeilo.no\/index.php?rest_route=\/wp\/v2\/types\/page"}],"author":[{"embeddable":true,"href":"https:\/\/gjeilo.no\/index.php?rest_route=\/wp\/v2\/users\/2"}],"replies":[{"embeddable":true,"href":"https:\/\/gjeilo.no\/index.php?rest_route=%2Fwp%2Fv2%2Fcomments&post=6499"}],"version-history":[{"count":20,"href":"https:\/\/gjeilo.no\/index.php?rest_route=\/wp\/v2\/pages\/6499\/revisions"}],"predecessor-version":[{"id":6817,"href":"https:\/\/gjeilo.no\/index.php?rest_route=\/wp\/v2\/pages\/6499\/revisions\/6817"}],"wp:attachment":[{"href":"https:\/\/gjeilo.no\/index.php?rest_route=%2Fwp%2Fv2%2Fmedia&parent=6499"}],"curies":[{"name":"wp","href":"https:\/\/api.w.org\/{rel}","templated":true}]}}