{"id":271,"date":"2015-09-01T10:34:13","date_gmt":"2015-09-01T10:34:13","guid":{"rendered":"https:\/\/gjeilo.no\/?page_id=271"},"modified":"2024-11-09T19:59:03","modified_gmt":"2024-11-09T19:59:03","slug":"jon-gjeilo-vaagaasar","status":"publish","type":"page","link":"https:\/\/gjeilo.no\/?page_id=271","title":{"rendered":"Jon Gjeilo Vaagaasar"},"content":{"rendered":"\n<div class=\"wp-block-columns is-layout-flex wp-container-core-columns-is-layout-1 wp-block-columns-is-layout-flex\">\n<div class=\"wp-block-column is-layout-flow wp-block-column-is-layout-flow\"><div class=\"wp-block-image\">\n<figure class=\"alignleft size-large\"><a href=\"https:\/\/gjeilo.no\/wp-content\/uploads\/2023\/01\/IMG_3460-scaled.jpg\"><img loading=\"lazy\" decoding=\"async\" width=\"768\" height=\"1024\" src=\"https:\/\/gjeilo.no\/wp-content\/uploads\/2023\/01\/IMG_3460-768x1024.jpg\" alt=\"\" class=\"wp-image-2632\" srcset=\"https:\/\/gjeilo.no\/wp-content\/uploads\/2023\/01\/IMG_3460-768x1024.jpg 768w, https:\/\/gjeilo.no\/wp-content\/uploads\/2023\/01\/IMG_3460-225x300.jpg 225w, https:\/\/gjeilo.no\/wp-content\/uploads\/2023\/01\/IMG_3460-1152x1536.jpg 1152w, https:\/\/gjeilo.no\/wp-content\/uploads\/2023\/01\/IMG_3460-1536x2048.jpg 1536w, https:\/\/gjeilo.no\/wp-content\/uploads\/2023\/01\/IMG_3460-scaled.jpg 1920w\" sizes=\"auto, (max-width: 768px) 100vw, 768px\" \/><\/a><\/figure><\/div><\/div>\n\n\n\n<div class=\"wp-block-column is-layout-flow wp-block-column-is-layout-flow\"><div class=\"wp-block-image\">\n<figure class=\"alignleft size-large\"><a href=\"https:\/\/gjeilo.no\/wp-content\/uploads\/2020\/04\/005B3AD0-914C-4BBB-9FC9-0DC965933C14-scaled.jpeg\"><img loading=\"lazy\" decoding=\"async\" width=\"768\" height=\"1024\" src=\"https:\/\/gjeilo.no\/wp-content\/uploads\/2020\/04\/005B3AD0-914C-4BBB-9FC9-0DC965933C14-768x1024.jpeg\" alt=\"\" class=\"wp-image-1655\" srcset=\"https:\/\/gjeilo.no\/wp-content\/uploads\/2020\/04\/005B3AD0-914C-4BBB-9FC9-0DC965933C14-768x1024.jpeg 768w, https:\/\/gjeilo.no\/wp-content\/uploads\/2020\/04\/005B3AD0-914C-4BBB-9FC9-0DC965933C14-225x300.jpeg 225w, https:\/\/gjeilo.no\/wp-content\/uploads\/2020\/04\/005B3AD0-914C-4BBB-9FC9-0DC965933C14-1152x1536.jpeg 1152w, https:\/\/gjeilo.no\/wp-content\/uploads\/2020\/04\/005B3AD0-914C-4BBB-9FC9-0DC965933C14-1536x2048.jpeg 1536w, https:\/\/gjeilo.no\/wp-content\/uploads\/2020\/04\/005B3AD0-914C-4BBB-9FC9-0DC965933C14-scaled.jpeg 1920w\" sizes=\"auto, (max-width: 768px) 100vw, 768px\" \/><\/a><\/figure><\/div><\/div>\n<\/div>\n\n\n<p>F\u00f8dd: 22. apr 1864 Skj\u00e5k<br \/>D\u00f8d: 1949 Lom<br \/>Gift med <a title=\"Julianna Engum (Julie)\" href=\"https:\/\/gjeilo.no\/?page_id=267\">Julie Engum<\/a> i 1887<br \/>Mor: <a href=\"https:\/\/gjeilo.no\/?page_id=2591\">Synne Olsd B\u00f8je,<\/a> f 9.mars 1824<br \/>Far: <a href=\"https:\/\/gjeilo.no\/?page_id=2586\">Rolv Gregorius. Gjeilo<\/a>, f 25.des 1815<\/p>\n<p><a href=\"https:\/\/www.geni.com\/people\/Jon-Vaagaasar\/6000000010820004405?through=6000000009254678947\" target=\"_blank\" rel=\"noopener\">GENI<\/a>:\u00a0 Ektemannen til Julie Halvorsdotter Vaagaasar<br \/>Far til Rolv Jonsson Vaagaasar; Halvard Jonsson V\u00e5g\u00e5sar; Synne Jonsdotter Gjeilo, I; Liv\u00f8 Jonsdotter Gjeilo, I; Synne Jonsdotter Gjeilo, II og 8 others<br \/>Bror av Tor\u00f8 Rolvsdotter Maurstad; Gunhild Rolvsdotter Bakken; R\u00f8nnaug Rolvsdotter Nystuen; Gregorius Rolvsson Gjeilo; Anne Rolvsdatter Kjekahagen og 6 others<\/p>\n<p><a href=\"https:\/\/gjeilo.no\"><img loading=\"lazy\" decoding=\"async\" class=\"alignnone  wp-image-6142\" src=\"https:\/\/gjeilo.no\/wp-content\/uploads\/2024\/11\/dor-100-DPI-1.png\" alt=\"\" width=\"89\" height=\"15\" \/><\/a><\/p>\n<p>Jo\/Jon\/John Rolvson Gjeilo Vaagaasar vart gift med Julie Halvorsdotter Engum. Jon \/ Jo voks opp p\u00e5 Sygard Gjeilo men kj\u00f8pte seinare Vaagaasar og voks opp der og fl\u00f8tte dit saman med kona <a href=\"https:\/\/gjeilo.no\/?page_id=267\">Julie<\/a>. Dei to fekk i alt 13 born. Ei av dei var Synne f. 1893, som vart fl\u00f8tt til onkelen sin som ung, Gregorius Rolvson f. 1848 &#8211; eldste bror til Jon og kona Tor\u00f8 Persdatter Vaagaasar\u00f8ygard. Dei to fekk ikkje born sj\u00f8lve og tok til seg Synne som si eiga. Synne vart seinare odelsjente p\u00e5 Sygard og tok over garden samen med Ola Franson fr\u00e5 S\u00f8re Gjeilo som ho gifta seg med i 1912. F\u00f8r Synne kom til Sygard er det sagt at fleire av dei eldre br\u00f8rne hennar var p\u00e5 bes\u00f8k p\u00e5 Sygard med tanke p\u00e5 flytting, men &laquo;steast&raquo; ikkje. Det vart derfor Synne som eldste jente som m\u00e5tte flytte. Sikkert ikkje noko enkelt for ei lita jente.<\/p>\n<p>Born:<br \/>Rolv (1887-1937)<br \/>Halvard (1889-1973<br \/>Olvar (1890-1968)<br \/>Synne og Liv\u00f8 (tvillingar som d\u00f8d unge)<br \/><a href=\"https:\/\/gjeilo.no\/?page_id=4162\">Synne\u00a0 Jond. Vaagaasar<\/a>\u00a0 (1893-1962)<br \/>Kristian (1895-<br \/>Gregor (1897-1974)<br \/>Liv\u00f8 (1898-1969)<br \/>Tea (1900-1987)<br \/>Hans Albert (1902-1963)<br \/>Algot Rudolf (1904-1985)<br \/>Anna Mari (1906-1994)<\/p>\n<p>Syskenflokken p\u00e5 Gjeilo (fr\u00e5 \u00c6ttebok fr\u00e5 Skj\u00e5k band 1):<br \/><strong>Tor\u00f8<\/strong> (f. 1842) gift med Sylfest S. Maurstad ,<br \/><strong>Gunhild<\/strong> (f.1944) gift med Ola O. Bakken,<br \/><strong>R\u00f8nnaug<\/strong> (f. 1846) gift med SevaldS. N\u00f8rstnes,<br \/><strong>Gregoirus<\/strong> (f. 1848) gift med Tor\u00f8 P. V\u00e5g\u00e5sar\u00f8ygard,<br \/><strong>Anne<\/strong> (f. 1850) gift med Johannes E. Kjekahagen,<br \/><strong>Synne<\/strong> (f. 1852) gift med Lars O. Prestgjordet,<br \/><strong>Kari<\/strong> (f. 1855) gift med Tore S.Skamsdalen,<br \/><strong>Ola<\/strong> (f. 1858),<br \/><strong>Embj\u00f8rg<\/strong> (f. 1860) gift med Ola F.Gjeilo (f. 1851),<br \/><strong>Rolv<\/strong> (f. 1866) og<br \/><strong>Anne<\/strong> (f. 1871).<\/p>\n<figure id=\"attachment_214\" aria-describedby=\"caption-attachment-214\" style=\"width: 624px\" class=\"wp-caption alignnone\"><a href=\"https:\/\/gjeilo.no\/wp-content\/uploads\/2015\/09\/b.jpg\"><img loading=\"lazy\" decoding=\"async\" class=\"wp-image-214 size-full\" src=\"https:\/\/gjeilo.no\/wp-content\/uploads\/2015\/09\/b.jpg\" alt=\"b\" width=\"624\" height=\"370\" srcset=\"https:\/\/gjeilo.no\/wp-content\/uploads\/2015\/09\/b.jpg 624w, https:\/\/gjeilo.no\/wp-content\/uploads\/2015\/09\/b-300x178.jpg 300w\" sizes=\"auto, (max-width: 624px) 100vw, 624px\" \/><\/a><figcaption id=\"caption-attachment-214\" class=\"wp-caption-text\">Folka p\u00e5 Sygard Gjeilo 1875. Fremst fr\u00e5 venstre: Rolv Gregoriusen (f. 25\/12 1815) p\u00e5 fanget har han Rolv Rolvs,(f. 15\/12 1866). Kona til Rolv, Synne Olsdatter B\u00f8je (f. 9\/3 1824) og p\u00e5 fanget dotter Anne Rolvsd.(f. 4\/8 1871). R\u00f8nnaug Rolvsd. (f. 1\/1 1846) gift med Sevald Sevaldsen N\u00f8rstnes. Anne Rolvsd. (f. 19\/9 1850) gift med Johannes Eriksen Kjekahagen. Gunnhild Rolvsd. (f. 21\/5 1844) gift med Ola Olsen Bakken og sonen deira Ola p\u00e5 fanget til mor si. Han vart bokhandlar i E&#8230;.? Dei to budde p\u00e5 Gjeilo da det var teljing i 1875. Bak fr\u00e5 venstre: Ola Rolvs.(f. 25\/2 2858) Gregoirus Rolvs.(f. 25\/4 1848) gift med Tor\u00f8 Persdatter Vaagaasar\u00f8ygard. Fekk ingen barn. Synne Rolvsd. f. 6\/12 1852) gift med Lars Olsen Prestjordet. Jon Rolvs. t.h. (f. 22\/4 1864) gift med Julie Halvorsdotter Engum. Dei to kj\u00f8pte og budde p\u00e5 Vaagaasar. Kari Rolvsd. (f. 5\/5 1855) gift med Tore Syversen Skamsardalen. Embj\u00f8rg Rolvsd. (f. 9\/6 1860) gift med Ola Toresen Gjeilo. Etter folketeljinga i 1875 var eldste dotter Tor\u00f8 Rolvsd. gift med Sylfest Maurstad, fl\u00f8tt til Gjeiloshaugen og ikkje med p\u00e5 bildet.<\/figcaption><\/figure>\n\n\n<figure class=\"wp-block-gallery has-nested-images columns-1 is-cropped wp-block-gallery-1 is-layout-flex wp-block-gallery-is-layout-flex\">\n<figure class=\"wp-block-image size-large\"><a href=\"https:\/\/gjeilo.no\/wp-content\/uploads\/2023\/01\/IMG_3460-scaled.jpg\"><img loading=\"lazy\" decoding=\"async\" width=\"768\" height=\"1024\" data-id=\"2632\" src=\"https:\/\/gjeilo.no\/wp-content\/uploads\/2023\/01\/IMG_3460-768x1024.jpg\" alt=\"\" class=\"wp-image-2632\" srcset=\"https:\/\/gjeilo.no\/wp-content\/uploads\/2023\/01\/IMG_3460-768x1024.jpg 768w, https:\/\/gjeilo.no\/wp-content\/uploads\/2023\/01\/IMG_3460-225x300.jpg 225w, https:\/\/gjeilo.no\/wp-content\/uploads\/2023\/01\/IMG_3460-1152x1536.jpg 1152w, https:\/\/gjeilo.no\/wp-content\/uploads\/2023\/01\/IMG_3460-1536x2048.jpg 1536w, https:\/\/gjeilo.no\/wp-content\/uploads\/2023\/01\/IMG_3460-scaled.jpg 1920w\" sizes=\"auto, (max-width: 768px) 100vw, 768px\" \/><\/a><figcaption class=\"wp-element-caption\">Jon Gjeilo Vaagaasar (f. 1864) fr\u00e5 familiebilde p\u00e5 Sygard i 1875.<\/figcaption><\/figure>\n\n\n\n<figure class=\"wp-block-image size-large\"><a href=\"https:\/\/gjeilo.no\/wp-content\/uploads\/2015\/09\/b.jpg\"><img loading=\"lazy\" decoding=\"async\" width=\"624\" height=\"370\" data-id=\"214\" src=\"https:\/\/gjeilo.no\/wp-content\/uploads\/2015\/09\/b.jpg\" alt=\"\" class=\"wp-image-214\" srcset=\"https:\/\/gjeilo.no\/wp-content\/uploads\/2015\/09\/b.jpg 624w, https:\/\/gjeilo.no\/wp-content\/uploads\/2015\/09\/b-300x178.jpg 300w\" sizes=\"auto, (max-width: 624px) 100vw, 624px\" \/><\/a><figcaption class=\"wp-element-caption\">Folka p\u00e5 Sygard Gjeilo 1875.  Fremst fr\u00e5 venstre: Rolv Gregoriusen (f. 25\/12 1815) p\u00e5 fanget son hans Rolv Rolvs, (f. 15\/12 1866), kona til Rolv, Synne Olsdatter B\u00f8je (f. 9\/3 1824) med dotter Anne Rolvsd. (f. 4\/8 1871). R\u00f8nnaug (f. 1\/1 1846) gift med Sevald Sevaldsen N\u00f8rstnes, Anne (f. 19\/9 1850) gift med Johannes Eriksen Kjekahagen, Gunnhild  (f. 21\/5 1844) gift med Ola Olsen Bakken med sonen deira Ola.\n\nAndre rekkje: Ola (f. 25\/2 1858), Gregorius (f. 25\/4 1848) gift med Tor\u00f8 Persdatter Vaagaasar\u00f8ygard, Synne (f. 6\/12 1852) gift med Lars Olsen Prestjordet, Jon (f. 22\/4 1864), som kj\u00f8pte Vaagaasar, gift med Julie Halvorsdotter Engum, Kari (f. 5\/6 1855) gift med Tore Syversen Skamsdalen og Embj\u00f8rg (f. 9\/6 1860) gift med Ola Torsen Gjeilo. \n\nEtter folketeljinga i 1875 var eldste dotter Tor\u00f8 Rolvsd. gift med  Sylfest Maurstad, fl\u00f8tt til Gjeiloshaugen og ikkje med p\u00e5 bildet.\n\n<\/figcaption><\/figure>\n\n\n\n<figure class=\"wp-block-image size-large\"><a href=\"https:\/\/gjeilo.no\/wp-content\/uploads\/2020\/04\/005B3AD0-914C-4BBB-9FC9-0DC965933C14-scaled.jpeg\"><img loading=\"lazy\" decoding=\"async\" width=\"768\" height=\"1024\" data-id=\"1655\" src=\"https:\/\/gjeilo.no\/wp-content\/uploads\/2020\/04\/005B3AD0-914C-4BBB-9FC9-0DC965933C14-768x1024.jpeg\" alt=\"\" class=\"wp-image-1655\" srcset=\"https:\/\/gjeilo.no\/wp-content\/uploads\/2020\/04\/005B3AD0-914C-4BBB-9FC9-0DC965933C14-768x1024.jpeg 768w, https:\/\/gjeilo.no\/wp-content\/uploads\/2020\/04\/005B3AD0-914C-4BBB-9FC9-0DC965933C14-225x300.jpeg 225w, https:\/\/gjeilo.no\/wp-content\/uploads\/2020\/04\/005B3AD0-914C-4BBB-9FC9-0DC965933C14-1152x1536.jpeg 1152w, https:\/\/gjeilo.no\/wp-content\/uploads\/2020\/04\/005B3AD0-914C-4BBB-9FC9-0DC965933C14-1536x2048.jpeg 1536w, https:\/\/gjeilo.no\/wp-content\/uploads\/2020\/04\/005B3AD0-914C-4BBB-9FC9-0DC965933C14-scaled.jpeg 1920w\" sizes=\"auto, (max-width: 768px) 100vw, 768px\" \/><\/a><figcaption class=\"wp-element-caption\">Jo Vaagaasar, far til Synne.<\/figcaption><\/figure>\n\n\n\n<figure class=\"wp-block-image size-large\"><a href=\"https:\/\/gjeilo.no\/wp-content\/uploads\/2015\/09\/1004.jpg\"><img loading=\"lazy\" decoding=\"async\" width=\"197\" height=\"253\" data-id=\"275\" src=\"https:\/\/gjeilo.no\/wp-content\/uploads\/2015\/09\/1004.jpg\" alt=\"\" class=\"wp-image-275\"\/><\/a><figcaption class=\"wp-element-caption\">Jon Gjeilo Vaagaasar, far til Synne.<\/figcaption><\/figure>\n\n\n\n<figure class=\"wp-block-image size-large\"><a href=\"https:\/\/gjeilo.no\/wp-content\/uploads\/2023\/01\/image0-1.jpg\"><img loading=\"lazy\" decoding=\"async\" width=\"1024\" height=\"1019\" data-id=\"2755\" src=\"https:\/\/gjeilo.no\/wp-content\/uploads\/2023\/01\/image0-1-1024x1019.jpg\" alt=\"\" class=\"wp-image-2755\" srcset=\"https:\/\/gjeilo.no\/wp-content\/uploads\/2023\/01\/image0-1-1024x1019.jpg 1024w, https:\/\/gjeilo.no\/wp-content\/uploads\/2023\/01\/image0-1-300x298.jpg 300w, https:\/\/gjeilo.no\/wp-content\/uploads\/2023\/01\/image0-1-150x150.jpg 150w, https:\/\/gjeilo.no\/wp-content\/uploads\/2023\/01\/image0-1-768x764.jpg 768w, https:\/\/gjeilo.no\/wp-content\/uploads\/2023\/01\/image0-1-1536x1528.jpg 1536w, https:\/\/gjeilo.no\/wp-content\/uploads\/2023\/01\/image0-1.jpg 1721w\" sizes=\"auto, (max-width: 1024px) 100vw, 1024px\" \/><\/a><figcaption class=\"wp-element-caption\">Jon og Julie Vaagaasaar og Anna Kvamme.<\/figcaption><\/figure>\n\n\n\n<figure class=\"wp-block-image size-large\"><a href=\"https:\/\/gjeilo.no\/wp-content\/uploads\/2023\/01\/IMG_3469.jpg\"><img loading=\"lazy\" decoding=\"async\" width=\"1024\" height=\"867\" data-id=\"2756\" src=\"https:\/\/gjeilo.no\/wp-content\/uploads\/2023\/01\/IMG_3469-1024x867.jpg\" alt=\"\" class=\"wp-image-2756\" srcset=\"https:\/\/gjeilo.no\/wp-content\/uploads\/2023\/01\/IMG_3469-1024x867.jpg 1024w, https:\/\/gjeilo.no\/wp-content\/uploads\/2023\/01\/IMG_3469-300x254.jpg 300w, https:\/\/gjeilo.no\/wp-content\/uploads\/2023\/01\/IMG_3469-768x650.jpg 768w, https:\/\/gjeilo.no\/wp-content\/uploads\/2023\/01\/IMG_3469-1536x1301.jpg 1536w, https:\/\/gjeilo.no\/wp-content\/uploads\/2023\/01\/IMG_3469-2048x1734.jpg 2048w\" sizes=\"auto, (max-width: 1024px) 100vw, 1024px\" \/><\/a><figcaption class=\"wp-element-caption\">Jon og Julie Vaagaasaar og Anna Kvamme.<\/figcaption><\/figure>\n\n\n\n<figure class=\"wp-block-image size-large\"><a href=\"https:\/\/gjeilo.no\/wp-content\/uploads\/2020\/04\/2FAFD9BC-2CB5-4E94-A8DF-E1074090D18A-scaled.jpeg\"><img loading=\"lazy\" decoding=\"async\" width=\"768\" height=\"1024\" data-id=\"1534\" src=\"https:\/\/gjeilo.no\/wp-content\/uploads\/2020\/04\/2FAFD9BC-2CB5-4E94-A8DF-E1074090D18A-768x1024.jpeg\" alt=\"\" class=\"wp-image-1534\" srcset=\"https:\/\/gjeilo.no\/wp-content\/uploads\/2020\/04\/2FAFD9BC-2CB5-4E94-A8DF-E1074090D18A-768x1024.jpeg 768w, https:\/\/gjeilo.no\/wp-content\/uploads\/2020\/04\/2FAFD9BC-2CB5-4E94-A8DF-E1074090D18A-225x300.jpeg 225w, https:\/\/gjeilo.no\/wp-content\/uploads\/2020\/04\/2FAFD9BC-2CB5-4E94-A8DF-E1074090D18A-1152x1536.jpeg 1152w, https:\/\/gjeilo.no\/wp-content\/uploads\/2020\/04\/2FAFD9BC-2CB5-4E94-A8DF-E1074090D18A-1536x2048.jpeg 1536w, https:\/\/gjeilo.no\/wp-content\/uploads\/2020\/04\/2FAFD9BC-2CB5-4E94-A8DF-E1074090D18A-scaled.jpeg 1920w\" sizes=\"auto, (max-width: 768px) 100vw, 768px\" \/><\/a><figcaption class=\"wp-element-caption\">Jo Jon Gjeilo Vaagaasar, far til Synne.<\/figcaption><\/figure>\n<\/figure>\n\n\n\n<p>Jon\/John\/Jo R. Gjeilo\/Gjellaug\/V\u00e5g\u00e5sar var ei kunstnartype. Han spelte fele, teikna og skar i tre med enkel reidskap. Han har skore rullargong og ein laup og ein nydeleg hest som st\u00e5r i gammelstugu&#8217;n p\u00e5 V\u00e5g\u00e5sar. Jorunn Kvale har teke vare p\u00e5 mykje om og av John og har ogs\u00e5 gjort desse notata.<\/p>\n\n\n\n<figure class=\"wp-block-gallery has-nested-images columns-2 is-cropped wp-block-gallery-2 is-layout-flex wp-block-gallery-is-layout-flex\">\n<figure class=\"wp-block-image size-large\"><a href=\"https:\/\/gjeilo.no\/wp-content\/uploads\/2022\/05\/IMG_0897-bruk-1.jpg\"><img loading=\"lazy\" decoding=\"async\" width=\"1024\" height=\"836\" data-id=\"2074\" src=\"https:\/\/gjeilo.no\/wp-content\/uploads\/2022\/05\/IMG_0897-bruk-1-1024x836.jpg\" alt=\"Jon Gjeilo Vaagaasar\" class=\"wp-image-2074\" srcset=\"https:\/\/gjeilo.no\/wp-content\/uploads\/2022\/05\/IMG_0897-bruk-1-1024x836.jpg 1024w, https:\/\/gjeilo.no\/wp-content\/uploads\/2022\/05\/IMG_0897-bruk-1-300x245.jpg 300w, https:\/\/gjeilo.no\/wp-content\/uploads\/2022\/05\/IMG_0897-bruk-1-768x627.jpg 768w, https:\/\/gjeilo.no\/wp-content\/uploads\/2022\/05\/IMG_0897-bruk-1-1536x1253.jpg 1536w, https:\/\/gjeilo.no\/wp-content\/uploads\/2022\/05\/IMG_0897-bruk-1.jpg 1701w\" sizes=\"auto, (max-width: 1024px) 100vw, 1024px\" \/><\/a><\/figure>\n\n\n\n<figure class=\"wp-block-image size-large\"><a href=\"https:\/\/gjeilo.no\/wp-content\/uploads\/2022\/05\/IMG_0897-notat-bruk-1.jpg\"><img loading=\"lazy\" decoding=\"async\" width=\"1024\" height=\"435\" data-id=\"2075\" src=\"https:\/\/gjeilo.no\/wp-content\/uploads\/2022\/05\/IMG_0897-notat-bruk-1-1024x435.jpg\" alt=\"Jon Gjeilo Vaagaasar\" class=\"wp-image-2075\" srcset=\"https:\/\/gjeilo.no\/wp-content\/uploads\/2022\/05\/IMG_0897-notat-bruk-1-1024x435.jpg 1024w, https:\/\/gjeilo.no\/wp-content\/uploads\/2022\/05\/IMG_0897-notat-bruk-1-300x128.jpg 300w, https:\/\/gjeilo.no\/wp-content\/uploads\/2022\/05\/IMG_0897-notat-bruk-1-768x326.jpg 768w, https:\/\/gjeilo.no\/wp-content\/uploads\/2022\/05\/IMG_0897-notat-bruk-1.jpg 1134w\" sizes=\"auto, (max-width: 1024px) 100vw, 1024px\" \/><\/a><\/figure>\n\n\n\n<figure class=\"wp-block-image size-large\"><a href=\"https:\/\/gjeilo.no\/wp-content\/uploads\/2022\/05\/IMG_0898-bruk-1.jpg\"><img loading=\"lazy\" decoding=\"async\" width=\"855\" height=\"1024\" data-id=\"2076\" src=\"https:\/\/gjeilo.no\/wp-content\/uploads\/2022\/05\/IMG_0898-bruk-1-855x1024.jpg\" alt=\"Jon Gjeilo Vaagaasar\" class=\"wp-image-2076\" srcset=\"https:\/\/gjeilo.no\/wp-content\/uploads\/2022\/05\/IMG_0898-bruk-1-855x1024.jpg 855w, https:\/\/gjeilo.no\/wp-content\/uploads\/2022\/05\/IMG_0898-bruk-1-250x300.jpg 250w, https:\/\/gjeilo.no\/wp-content\/uploads\/2022\/05\/IMG_0898-bruk-1-768x920.jpg 768w, https:\/\/gjeilo.no\/wp-content\/uploads\/2022\/05\/IMG_0898-bruk-1-1282x1536.jpg 1282w, https:\/\/gjeilo.no\/wp-content\/uploads\/2022\/05\/IMG_0898-bruk-1.jpg 1598w\" sizes=\"auto, (max-width: 855px) 100vw, 855px\" \/><\/a><\/figure>\n\n\n\n<figure class=\"wp-block-image size-large\"><a href=\"https:\/\/gjeilo.no\/wp-content\/uploads\/2022\/05\/IMG_0899-bruk-1.jpg\"><img loading=\"lazy\" decoding=\"async\" width=\"1024\" height=\"868\" data-id=\"2077\" src=\"https:\/\/gjeilo.no\/wp-content\/uploads\/2022\/05\/IMG_0899-bruk-1-1024x868.jpg\" alt=\"Jon Gjeilo Vaagaasar\" class=\"wp-image-2077\" srcset=\"https:\/\/gjeilo.no\/wp-content\/uploads\/2022\/05\/IMG_0899-bruk-1-1024x868.jpg 1024w, https:\/\/gjeilo.no\/wp-content\/uploads\/2022\/05\/IMG_0899-bruk-1-300x254.jpg 300w, https:\/\/gjeilo.no\/wp-content\/uploads\/2022\/05\/IMG_0899-bruk-1-768x651.jpg 768w, https:\/\/gjeilo.no\/wp-content\/uploads\/2022\/05\/IMG_0899-bruk-1.jpg 1134w\" sizes=\"auto, (max-width: 1024px) 100vw, 1024px\" \/><\/a><\/figure>\n\n\n\n<figure class=\"wp-block-image size-large\"><a href=\"https:\/\/gjeilo.no\/wp-content\/uploads\/2022\/05\/IMG_0900bruk-1.jpg\"><img loading=\"lazy\" decoding=\"async\" width=\"1024\" height=\"871\" data-id=\"2078\" src=\"https:\/\/gjeilo.no\/wp-content\/uploads\/2022\/05\/IMG_0900bruk-1-1024x871.jpg\" alt=\"Jon Gjeilo Vaagaasar\" class=\"wp-image-2078\" srcset=\"https:\/\/gjeilo.no\/wp-content\/uploads\/2022\/05\/IMG_0900bruk-1-1024x871.jpg 1024w, https:\/\/gjeilo.no\/wp-content\/uploads\/2022\/05\/IMG_0900bruk-1-300x255.jpg 300w, https:\/\/gjeilo.no\/wp-content\/uploads\/2022\/05\/IMG_0900bruk-1-768x654.jpg 768w, https:\/\/gjeilo.no\/wp-content\/uploads\/2022\/05\/IMG_0900bruk-1.jpg 1134w\" sizes=\"auto, (max-width: 1024px) 100vw, 1024px\" \/><\/a><\/figure>\n\n\n\n<figure class=\"wp-block-image size-large\"><a href=\"https:\/\/gjeilo.no\/wp-content\/uploads\/2022\/05\/IMG_0901bruk-1.jpg\"><img loading=\"lazy\" decoding=\"async\" width=\"782\" height=\"1024\" data-id=\"2079\" src=\"https:\/\/gjeilo.no\/wp-content\/uploads\/2022\/05\/IMG_0901bruk-1-782x1024.jpg\" alt=\"Jon Gjeilo Vaagaasar\" class=\"wp-image-2079\" srcset=\"https:\/\/gjeilo.no\/wp-content\/uploads\/2022\/05\/IMG_0901bruk-1-782x1024.jpg 782w, https:\/\/gjeilo.no\/wp-content\/uploads\/2022\/05\/IMG_0901bruk-1-229x300.jpg 229w, https:\/\/gjeilo.no\/wp-content\/uploads\/2022\/05\/IMG_0901bruk-1-768x1006.jpg 768w, https:\/\/gjeilo.no\/wp-content\/uploads\/2022\/05\/IMG_0901bruk-1.jpg 1134w\" sizes=\"auto, (max-width: 782px) 100vw, 782px\" \/><\/a><\/figure>\n\n\n\n<figure class=\"wp-block-image size-large\"><a href=\"https:\/\/gjeilo.no\/wp-content\/uploads\/2022\/05\/Uten-navn-1-bruk-1.jpg\"><img loading=\"lazy\" decoding=\"async\" width=\"1024\" height=\"885\" data-id=\"2080\" src=\"https:\/\/gjeilo.no\/wp-content\/uploads\/2022\/05\/Uten-navn-1-bruk-1-1024x885.jpg\" alt=\"Jon Gjeilo Vaagaasar\" class=\"wp-image-2080\" srcset=\"https:\/\/gjeilo.no\/wp-content\/uploads\/2022\/05\/Uten-navn-1-bruk-1-1024x885.jpg 1024w, https:\/\/gjeilo.no\/wp-content\/uploads\/2022\/05\/Uten-navn-1-bruk-1-300x259.jpg 300w, https:\/\/gjeilo.no\/wp-content\/uploads\/2022\/05\/Uten-navn-1-bruk-1-768x664.jpg 768w, https:\/\/gjeilo.no\/wp-content\/uploads\/2022\/05\/Uten-navn-1-bruk-1.jpg 1134w\" sizes=\"auto, (max-width: 1024px) 100vw, 1024px\" \/><\/a><\/figure>\n<\/figure>\n\n\n<div id='gallery-1' class='gallery galleryid-271 gallery-columns-3 gallery-size-thumbnail'><figure class='gallery-item'>\n\t\t\t<div class='gallery-icon portrait'>\n\t\t\t\t<a href='https:\/\/gjeilo.no\/?attachment_id=5694'><img loading=\"lazy\" decoding=\"async\" width=\"150\" height=\"150\" src=\"https:\/\/gjeilo.no\/wp-content\/uploads\/2024\/03\/Skjermbilde-2024-03-17-kl.-10.54.31-150x150.png\" class=\"attachment-thumbnail size-thumbnail\" alt=\"\" aria-describedby=\"gallery-1-5694\" \/><\/a>\n\t\t\t<\/div>\n\t\t\t\t<figcaption class='wp-caption-text gallery-caption' id='gallery-1-5694'>\n\t\t\t\tGudbrandsdalens folkeblad 13. desember  192619\n\t\t\t\t<\/figcaption><\/figure>\n\t\t<\/div>\n\n\n\n<hr class=\"wp-block-separator has-alpha-channel-opacity\"\/>\n","protected":false},"excerpt":{"rendered":"<p>F\u00f8dd: 22. apr 1864 Skj\u00e5kD\u00f8d: 1949 LomGift med Julie Engum i 1887Mor: Synne Olsd B\u00f8je, f 9.mars 1824Far: Rolv Gregorius. Gjeilo, f 25.des 1815 GENI:\u00a0 Ektemannen til Julie Halvorsdotter VaagaasarFar til Rolv Jonsson Vaagaasar; Halvard Jonsson V\u00e5g\u00e5sar; Synne Jonsdotter Gjeilo, I; Liv\u00f8 Jonsdotter Gjeilo, I; Synne Jonsdotter Gjeilo, II og 8 othersBror av Tor\u00f8 Rolvsdotter &hellip; <a href=\"https:\/\/gjeilo.no\/?page_id=271\" class=\"more-link\">Fortsett \u00e5 lese <span class=\"screen-reader-text\">Jon Gjeilo Vaagaasar<\/span><\/a><\/p>\n","protected":false},"author":2,"featured_media":0,"parent":0,"menu_order":0,"comment_status":"closed","ping_status":"open","template":"","meta":{"footnotes":""},"class_list":["post-271","page","type-page","status-publish","hentry"],"yoast_head":"<!-- This site is optimized with the Yoast SEO plugin v26.0 - https:\/\/yoast.com\/wordpress\/plugins\/seo\/ -->\n<title>Jon Gjeilo Vaagaasar - Slektskap<\/title>\n<meta name=\"robots\" content=\"index, follow, max-snippet:-1, max-image-preview:large, max-video-preview:-1\" \/>\n<link rel=\"canonical\" href=\"https:\/\/gjeilo.no\/?page_id=271\" \/>\n<meta property=\"og:locale\" content=\"nb_NO\" \/>\n<meta property=\"og:type\" content=\"article\" \/>\n<meta property=\"og:title\" content=\"Jon Gjeilo Vaagaasar - Slektskap\" \/>\n<meta property=\"og:description\" content=\"F\u00f8dd: 22. apr 1864 Skj\u00e5kD\u00f8d: 1949 LomGift med Julie Engum i 1887Mor: Synne Olsd B\u00f8je, f 9.mars 1824Far: Rolv Gregorius. Gjeilo, f 25.des 1815 GENI:\u00a0 Ektemannen til Julie Halvorsdotter VaagaasarFar til Rolv Jonsson Vaagaasar; Halvard Jonsson V\u00e5g\u00e5sar; Synne Jonsdotter Gjeilo, I; Liv\u00f8 Jonsdotter Gjeilo, I; Synne Jonsdotter Gjeilo, II og 8 othersBror av Tor\u00f8 Rolvsdotter &hellip; Fortsett \u00e5 lese Jon Gjeilo Vaagaasar\" \/>\n<meta property=\"og:url\" content=\"https:\/\/gjeilo.no\/?page_id=271\" \/>\n<meta property=\"og:site_name\" content=\"Slektskap\" \/>\n<meta property=\"article:modified_time\" content=\"2024-11-09T19:59:03+00:00\" \/>\n<meta property=\"og:image\" content=\"https:\/\/gjeilo.no\/wp-content\/uploads\/2024\/03\/Skjermbilde-2024-03-17-kl.-10.54.31-150x150.png\" \/>\n<meta name=\"twitter:card\" content=\"summary_large_image\" \/>\n<meta name=\"twitter:label1\" content=\"Ansl. lesetid\" \/>\n\t<meta name=\"twitter:data1\" content=\"8 minutter\" \/>\n<script type=\"application\/ld+json\" class=\"yoast-schema-graph\">{\"@context\":\"https:\/\/schema.org\",\"@graph\":[{\"@type\":\"WebPage\",\"@id\":\"https:\/\/gjeilo.no\/?page_id=271\",\"url\":\"https:\/\/gjeilo.no\/?page_id=271\",\"name\":\"Jon Gjeilo Vaagaasar - Slektskap\",\"isPartOf\":{\"@id\":\"https:\/\/gjeilo.no\/#website\"},\"primaryImageOfPage\":{\"@id\":\"https:\/\/gjeilo.no\/?page_id=271#primaryimage\"},\"image\":{\"@id\":\"https:\/\/gjeilo.no\/?page_id=271#primaryimage\"},\"thumbnailUrl\":\"https:\/\/gjeilo.no\/wp-content\/uploads\/2023\/01\/IMG_3460-768x1024.jpg\",\"datePublished\":\"2015-09-01T10:34:13+00:00\",\"dateModified\":\"2024-11-09T19:59:03+00:00\",\"breadcrumb\":{\"@id\":\"https:\/\/gjeilo.no\/?page_id=271#breadcrumb\"},\"inLanguage\":\"nb-NO\",\"potentialAction\":[{\"@type\":\"ReadAction\",\"target\":[\"https:\/\/gjeilo.no\/?page_id=271\"]}]},{\"@type\":\"ImageObject\",\"inLanguage\":\"nb-NO\",\"@id\":\"https:\/\/gjeilo.no\/?page_id=271#primaryimage\",\"url\":\"https:\/\/gjeilo.no\/wp-content\/uploads\/2023\/01\/IMG_3460-scaled.jpg\",\"contentUrl\":\"https:\/\/gjeilo.no\/wp-content\/uploads\/2023\/01\/IMG_3460-scaled.jpg\",\"width\":1920,\"height\":2560,\"caption\":\"Jon Gjeilo Vaagaasar (f. 1864) fr\u00e5 familiebilde p\u00e5 Sygard i 1875.\"},{\"@type\":\"BreadcrumbList\",\"@id\":\"https:\/\/gjeilo.no\/?page_id=271#breadcrumb\",\"itemListElement\":[{\"@type\":\"ListItem\",\"position\":1,\"name\":\"Hjem\",\"item\":\"https:\/\/gjeilo.no\/\"},{\"@type\":\"ListItem\",\"position\":2,\"name\":\"Jon Gjeilo Vaagaasar\"}]},{\"@type\":\"WebSite\",\"@id\":\"https:\/\/gjeilo.no\/#website\",\"url\":\"https:\/\/gjeilo.no\/\",\"name\":\"Slektskap\",\"description\":\"\",\"potentialAction\":[{\"@type\":\"SearchAction\",\"target\":{\"@type\":\"EntryPoint\",\"urlTemplate\":\"https:\/\/gjeilo.no\/?s={search_term_string}\"},\"query-input\":{\"@type\":\"PropertyValueSpecification\",\"valueRequired\":true,\"valueName\":\"search_term_string\"}}],\"inLanguage\":\"nb-NO\"}]}<\/script>\n<!-- \/ Yoast SEO plugin. -->","yoast_head_json":{"title":"Jon Gjeilo Vaagaasar - Slektskap","robots":{"index":"index","follow":"follow","max-snippet":"max-snippet:-1","max-image-preview":"max-image-preview:large","max-video-preview":"max-video-preview:-1"},"canonical":"https:\/\/gjeilo.no\/?page_id=271","og_locale":"nb_NO","og_type":"article","og_title":"Jon Gjeilo Vaagaasar - Slektskap","og_description":"F\u00f8dd: 22. apr 1864 Skj\u00e5kD\u00f8d: 1949 LomGift med Julie Engum i 1887Mor: Synne Olsd B\u00f8je, f 9.mars 1824Far: Rolv Gregorius. Gjeilo, f 25.des 1815 GENI:\u00a0 Ektemannen til Julie Halvorsdotter VaagaasarFar til Rolv Jonsson Vaagaasar; Halvard Jonsson V\u00e5g\u00e5sar; Synne Jonsdotter Gjeilo, I; Liv\u00f8 Jonsdotter Gjeilo, I; Synne Jonsdotter Gjeilo, II og 8 othersBror av Tor\u00f8 Rolvsdotter &hellip; Fortsett \u00e5 lese Jon Gjeilo Vaagaasar","og_url":"https:\/\/gjeilo.no\/?page_id=271","og_site_name":"Slektskap","article_modified_time":"2024-11-09T19:59:03+00:00","og_image":[{"url":"https:\/\/gjeilo.no\/wp-content\/uploads\/2024\/03\/Skjermbilde-2024-03-17-kl.-10.54.31-150x150.png","type":"","width":"","height":""}],"twitter_card":"summary_large_image","twitter_misc":{"Ansl. lesetid":"8 minutter"},"schema":{"@context":"https:\/\/schema.org","@graph":[{"@type":"WebPage","@id":"https:\/\/gjeilo.no\/?page_id=271","url":"https:\/\/gjeilo.no\/?page_id=271","name":"Jon Gjeilo Vaagaasar - Slektskap","isPartOf":{"@id":"https:\/\/gjeilo.no\/#website"},"primaryImageOfPage":{"@id":"https:\/\/gjeilo.no\/?page_id=271#primaryimage"},"image":{"@id":"https:\/\/gjeilo.no\/?page_id=271#primaryimage"},"thumbnailUrl":"https:\/\/gjeilo.no\/wp-content\/uploads\/2023\/01\/IMG_3460-768x1024.jpg","datePublished":"2015-09-01T10:34:13+00:00","dateModified":"2024-11-09T19:59:03+00:00","breadcrumb":{"@id":"https:\/\/gjeilo.no\/?page_id=271#breadcrumb"},"inLanguage":"nb-NO","potentialAction":[{"@type":"ReadAction","target":["https:\/\/gjeilo.no\/?page_id=271"]}]},{"@type":"ImageObject","inLanguage":"nb-NO","@id":"https:\/\/gjeilo.no\/?page_id=271#primaryimage","url":"https:\/\/gjeilo.no\/wp-content\/uploads\/2023\/01\/IMG_3460-scaled.jpg","contentUrl":"https:\/\/gjeilo.no\/wp-content\/uploads\/2023\/01\/IMG_3460-scaled.jpg","width":1920,"height":2560,"caption":"Jon Gjeilo Vaagaasar (f. 1864) fr\u00e5 familiebilde p\u00e5 Sygard i 1875."},{"@type":"BreadcrumbList","@id":"https:\/\/gjeilo.no\/?page_id=271#breadcrumb","itemListElement":[{"@type":"ListItem","position":1,"name":"Hjem","item":"https:\/\/gjeilo.no\/"},{"@type":"ListItem","position":2,"name":"Jon Gjeilo Vaagaasar"}]},{"@type":"WebSite","@id":"https:\/\/gjeilo.no\/#website","url":"https:\/\/gjeilo.no\/","name":"Slektskap","description":"","potentialAction":[{"@type":"SearchAction","target":{"@type":"EntryPoint","urlTemplate":"https:\/\/gjeilo.no\/?s={search_term_string}"},"query-input":{"@type":"PropertyValueSpecification","valueRequired":true,"valueName":"search_term_string"}}],"inLanguage":"nb-NO"}]}},"_links":{"self":[{"href":"https:\/\/gjeilo.no\/index.php?rest_route=\/wp\/v2\/pages\/271","targetHints":{"allow":["GET"]}}],"collection":[{"href":"https:\/\/gjeilo.no\/index.php?rest_route=\/wp\/v2\/pages"}],"about":[{"href":"https:\/\/gjeilo.no\/index.php?rest_route=\/wp\/v2\/types\/page"}],"author":[{"embeddable":true,"href":"https:\/\/gjeilo.no\/index.php?rest_route=\/wp\/v2\/users\/2"}],"replies":[{"embeddable":true,"href":"https:\/\/gjeilo.no\/index.php?rest_route=%2Fwp%2Fv2%2Fcomments&post=271"}],"version-history":[{"count":44,"href":"https:\/\/gjeilo.no\/index.php?rest_route=\/wp\/v2\/pages\/271\/revisions"}],"predecessor-version":[{"id":6199,"href":"https:\/\/gjeilo.no\/index.php?rest_route=\/wp\/v2\/pages\/271\/revisions\/6199"}],"wp:attachment":[{"href":"https:\/\/gjeilo.no\/index.php?rest_route=%2Fwp%2Fv2%2Fmedia&parent=271"}],"curies":[{"name":"wp","href":"https:\/\/api.w.org\/{rel}","templated":true}]}}