{"id":267,"date":"2015-09-01T10:32:50","date_gmt":"2015-09-01T10:32:50","guid":{"rendered":"https:\/\/gjeilo.no\/?page_id=267"},"modified":"2024-11-09T19:58:43","modified_gmt":"2024-11-09T19:58:43","slug":"julianna-engum-julie","status":"publish","type":"page","link":"https:\/\/gjeilo.no\/?page_id=267","title":{"rendered":"Julianna (Julie) Engum Vaagaasar"},"content":{"rendered":"<p><a href=\"https:\/\/gjeilo.no\/wp-content\/uploads\/2020\/04\/43183517-301F-4538-AB46-BCC37D9A53FA-scaled.jpeg\"><img loading=\"lazy\" decoding=\"async\" class=\"size-full wp-image-1535\" src=\"https:\/\/gjeilo.no\/wp-content\/uploads\/2020\/04\/43183517-301F-4538-AB46-BCC37D9A53FA-scaled.jpeg\" alt=\"\" width=\"1920\" height=\"2560\" srcset=\"https:\/\/gjeilo.no\/wp-content\/uploads\/2020\/04\/43183517-301F-4538-AB46-BCC37D9A53FA-scaled.jpeg 1920w, https:\/\/gjeilo.no\/wp-content\/uploads\/2020\/04\/43183517-301F-4538-AB46-BCC37D9A53FA-225x300.jpeg 225w, https:\/\/gjeilo.no\/wp-content\/uploads\/2020\/04\/43183517-301F-4538-AB46-BCC37D9A53FA-768x1024.jpeg 768w, https:\/\/gjeilo.no\/wp-content\/uploads\/2020\/04\/43183517-301F-4538-AB46-BCC37D9A53FA-1152x1536.jpeg 1152w, https:\/\/gjeilo.no\/wp-content\/uploads\/2020\/04\/43183517-301F-4538-AB46-BCC37D9A53FA-1536x2048.jpeg 1536w\" sizes=\"auto, (max-width: 1920px) 100vw, 1920px\" \/><\/a><\/p>\n<p>F\u00f8dd: 26. mars 1862 Skj\u00e5k<br \/>D\u00f8d: 24. desember 1937 Lom<br \/>Gift med <a title=\"Jon Gjeilo Vaagaasar\" href=\"https:\/\/gjeilo.no\/?page_id=271\">Jon Gjeilo Vaagaasar<\/a>, f 22.apr 1864<br \/><strong><a href=\"https:\/\/www.geni.com\/people\/Julie-Vaagaasar\/6000000010819705093?through=6000000010820004405\" target=\"_blank\" rel=\"noopener\">GENI<\/a> \u00a0 \u00a0 \u00a0\u00a0<\/strong><\/p>\n<p><strong> <a href=\"https:\/\/gjeilo.no\"><img loading=\"lazy\" decoding=\"async\" class=\"alignnone  wp-image-6142\" src=\"https:\/\/gjeilo.no\/wp-content\/uploads\/2024\/11\/dor-100-DPI-1.png\" alt=\"\" width=\"89\" height=\"15\" \/><\/a><\/strong><\/p>\n<p>Mor: <a title=\"Liv\u00f8 Mallaug (nedre)\" href=\"https:\/\/gjeilo.no\/?page_id=283\">Liv\u00f8 Mallaug<br \/><\/a>Far: <a title=\"Halvor Engum\" href=\"https:\/\/gjeilo.no\/?page_id=290\">Halvor Engom<br \/><\/a>Born (syskjenflokken til Synne):<br \/>Rolv (1887-1937)<br \/>Halvard (1889-1973<br \/>Olvar (1890-1968)<br \/>Synne og Liv\u00f8 (tvillingar som d\u00f8d unge)<br \/><a href=\"https:\/\/gjeilo.no\/?page_id=4162\">Synne\u00a0 Jond. Vaagaasar<\/a> \u00a0 (1893-1962)<br \/>Kristian (1895-<br \/>Gregor (1897-1974)<br \/>Liv\u00f8 (1898-1969)<br \/>Tea (1900-1987)<br \/>Hans Albert (1902-1963)<br \/>Algot Rudolf (1904-1985)<br \/>Anna Mari (1906-1994)<\/p>\n<p>Julianna og Jon fekk til saman tretten\u00a0 barn. To av desse var tvillingar og var d\u00f8df\u00f8dde. Det var ei veke mellom f\u00f8dselen p\u00e5 desse to. Mellom f\u00f8dslane var ho p\u00e5 \u00e5keren og skar korn. Julianna var sv\u00e6rt slagferdig i kjeften og god til \u00e5 rime.<br \/>&laquo;Eg for over isen men var ikkje nepp\u00e5 med pisen&raquo;, sa ho.<\/p>\n<p>Fr\u00e5 Olav T Kvaale: &laquo;Gamalt fr\u00e5 Lom:&raquo;<\/p>\n<p>Ho Julianna var hj\u00e5 klokkaren for \u00e5 skrive inn fadrane til det siste barnet sitt. Klokkaren spurde ho d\u00e5 kor mange born ho hadde.<br \/>&laquo;Eg har tolv med son han Rolv, og det trettande kom ettersmettande&raquo;,svara ho Julianna.<br \/>&laquo;Du f\u00e6r ikkje fleire n\u00e5 da, er von?&raquo;, sa klokkaren.<br \/>&laquo;Det er ikkje godt \u00e5 v\u00e6ta, han f\u00e5r r\u00e5d for slikt som har slikt \u00e5 l\u00e6ta&raquo;, svara Julianna.<\/p>\n<p>Ein gong var ho Julianna Vaagasar og ho Tor\u00f8 Vekkje uvenner, og ho Tor\u00f8 sa at ho Julianna var stygg.<br \/>-&laquo;Ja, er du ikkje fortusta p\u00e5 at eg skulle bli gift?<br \/>Her g\u00e5r det pene ,ugiftegjent\u00e5 i ei rekkje,<br \/>fr\u00e5 Marstein \u00e5t Vekkje,<br \/>og reiser du \u00e5t Kv\u00e5le,<br \/>treffer du ei j\u00e5le&raquo;, svara ho Julianna.<br \/>(P\u00e5 Marstein,\u00d8verb\u00f8 og Vekkje var det den tid 8 gamle, ugifte jenter og ei halvskrulle p\u00e5 Kv\u00e5le.)<\/p>\n\n\n<figure class=\"wp-block-gallery has-nested-images columns-1 is-cropped wp-block-gallery-1 is-layout-flex wp-block-gallery-is-layout-flex\">\n<figure class=\"wp-block-image size-large\"><a href=\"https:\/\/gjeilo.no\/wp-content\/uploads\/2020\/04\/43183517-301F-4538-AB46-BCC37D9A53FA-scaled.jpeg\"><img loading=\"lazy\" decoding=\"async\" width=\"768\" height=\"1024\" data-id=\"1535\" src=\"https:\/\/gjeilo.no\/wp-content\/uploads\/2020\/04\/43183517-301F-4538-AB46-BCC37D9A53FA-768x1024.jpeg\" alt=\"\" class=\"wp-image-1535\" srcset=\"https:\/\/gjeilo.no\/wp-content\/uploads\/2020\/04\/43183517-301F-4538-AB46-BCC37D9A53FA-768x1024.jpeg 768w, https:\/\/gjeilo.no\/wp-content\/uploads\/2020\/04\/43183517-301F-4538-AB46-BCC37D9A53FA-225x300.jpeg 225w, https:\/\/gjeilo.no\/wp-content\/uploads\/2020\/04\/43183517-301F-4538-AB46-BCC37D9A53FA-1152x1536.jpeg 1152w, https:\/\/gjeilo.no\/wp-content\/uploads\/2020\/04\/43183517-301F-4538-AB46-BCC37D9A53FA-1536x2048.jpeg 1536w, https:\/\/gjeilo.no\/wp-content\/uploads\/2020\/04\/43183517-301F-4538-AB46-BCC37D9A53FA-scaled.jpeg 1920w\" sizes=\"auto, (max-width: 768px) 100vw, 768px\" \/><\/a><figcaption class=\"wp-element-caption\">Julianna (Julie) Engum Vaagaasar, mor til Synne.<\/figcaption><\/figure>\n\n\n\n<figure class=\"wp-block-image size-large\"><a href=\"https:\/\/gjeilo.no\/wp-content\/uploads\/2020\/04\/6BF3A3F9-32AD-46C0-8B10-A3D45A7FF851-scaled.jpeg\"><img loading=\"lazy\" decoding=\"async\" width=\"734\" height=\"1024\" data-id=\"1514\" src=\"https:\/\/gjeilo.no\/wp-content\/uploads\/2020\/04\/6BF3A3F9-32AD-46C0-8B10-A3D45A7FF851-734x1024.jpeg\" alt=\"\" class=\"wp-image-1514\" srcset=\"https:\/\/gjeilo.no\/wp-content\/uploads\/2020\/04\/6BF3A3F9-32AD-46C0-8B10-A3D45A7FF851-734x1024.jpeg 734w, https:\/\/gjeilo.no\/wp-content\/uploads\/2020\/04\/6BF3A3F9-32AD-46C0-8B10-A3D45A7FF851-215x300.jpeg 215w, https:\/\/gjeilo.no\/wp-content\/uploads\/2020\/04\/6BF3A3F9-32AD-46C0-8B10-A3D45A7FF851-768x1072.jpeg 768w, https:\/\/gjeilo.no\/wp-content\/uploads\/2020\/04\/6BF3A3F9-32AD-46C0-8B10-A3D45A7FF851-1101x1536.jpeg 1101w, https:\/\/gjeilo.no\/wp-content\/uploads\/2020\/04\/6BF3A3F9-32AD-46C0-8B10-A3D45A7FF851-1468x2048.jpeg 1468w, https:\/\/gjeilo.no\/wp-content\/uploads\/2020\/04\/6BF3A3F9-32AD-46C0-8B10-A3D45A7FF851-scaled.jpeg 1835w\" sizes=\"auto, (max-width: 734px) 100vw, 734px\" \/><\/a><figcaption class=\"wp-element-caption\">Julianna Vaagaasar<\/figcaption><\/figure>\n\n\n\n<figure class=\"wp-block-image size-large\"><a href=\"https:\/\/gjeilo.no\/wp-content\/uploads\/2023\/01\/image0-1.jpg\"><img loading=\"lazy\" decoding=\"async\" width=\"1024\" height=\"1019\" data-id=\"2755\" src=\"https:\/\/gjeilo.no\/wp-content\/uploads\/2023\/01\/image0-1-1024x1019.jpg\" alt=\"\" class=\"wp-image-2755\" srcset=\"https:\/\/gjeilo.no\/wp-content\/uploads\/2023\/01\/image0-1-1024x1019.jpg 1024w, https:\/\/gjeilo.no\/wp-content\/uploads\/2023\/01\/image0-1-300x298.jpg 300w, https:\/\/gjeilo.no\/wp-content\/uploads\/2023\/01\/image0-1-150x150.jpg 150w, https:\/\/gjeilo.no\/wp-content\/uploads\/2023\/01\/image0-1-768x764.jpg 768w, https:\/\/gjeilo.no\/wp-content\/uploads\/2023\/01\/image0-1-1536x1528.jpg 1536w, https:\/\/gjeilo.no\/wp-content\/uploads\/2023\/01\/image0-1.jpg 1721w\" sizes=\"auto, (max-width: 1024px) 100vw, 1024px\" \/><\/a><figcaption class=\"wp-element-caption\">Jon og Julie Vaagaasaar og Anna Kvamme.<\/figcaption><\/figure>\n\n\n\n<figure class=\"wp-block-image size-large\"><a href=\"https:\/\/gjeilo.no\/wp-content\/uploads\/2023\/01\/IMG_3469.jpg\"><img loading=\"lazy\" decoding=\"async\" width=\"1024\" height=\"867\" data-id=\"2756\" src=\"https:\/\/gjeilo.no\/wp-content\/uploads\/2023\/01\/IMG_3469-1024x867.jpg\" alt=\"\" class=\"wp-image-2756\" srcset=\"https:\/\/gjeilo.no\/wp-content\/uploads\/2023\/01\/IMG_3469-1024x867.jpg 1024w, https:\/\/gjeilo.no\/wp-content\/uploads\/2023\/01\/IMG_3469-300x254.jpg 300w, https:\/\/gjeilo.no\/wp-content\/uploads\/2023\/01\/IMG_3469-768x650.jpg 768w, https:\/\/gjeilo.no\/wp-content\/uploads\/2023\/01\/IMG_3469-1536x1301.jpg 1536w, https:\/\/gjeilo.no\/wp-content\/uploads\/2023\/01\/IMG_3469-2048x1734.jpg 2048w\" sizes=\"auto, (max-width: 1024px) 100vw, 1024px\" \/><\/a><figcaption class=\"wp-element-caption\">Jon og Julie Vaagaasaar og Anna Kvamme.<\/figcaption><\/figure>\n\n\n\n<figure class=\"wp-block-image size-large\"><a href=\"https:\/\/gjeilo.no\/wp-content\/uploads\/2023\/01\/IMG_3499-scaled.jpg\"><img loading=\"lazy\" decoding=\"async\" width=\"1024\" height=\"738\" data-id=\"2761\" src=\"https:\/\/gjeilo.no\/wp-content\/uploads\/2023\/01\/IMG_3499-1024x738.jpg\" alt=\"\" class=\"wp-image-2761\" srcset=\"https:\/\/gjeilo.no\/wp-content\/uploads\/2023\/01\/IMG_3499-1024x738.jpg 1024w, https:\/\/gjeilo.no\/wp-content\/uploads\/2023\/01\/IMG_3499-300x216.jpg 300w, https:\/\/gjeilo.no\/wp-content\/uploads\/2023\/01\/IMG_3499-768x554.jpg 768w, https:\/\/gjeilo.no\/wp-content\/uploads\/2023\/01\/IMG_3499-1536x1108.jpg 1536w, https:\/\/gjeilo.no\/wp-content\/uploads\/2023\/01\/IMG_3499-2048x1477.jpg 2048w\" sizes=\"auto, (max-width: 1024px) 100vw, 1024px\" \/><\/a><figcaption class=\"wp-element-caption\">S\u00f8strene framfor grava der foreldra John, Julianna og bestemor Liv\u00f8 Mallaug ligg. Fr\u00e5 venstre Synne, Liv\u00f8 Flatmo, Thea Aukrust og Anna Kvamme.<\/figcaption><\/figure>\n\n\n\n<figure class=\"wp-block-image size-large\"><a href=\"https:\/\/gjeilo.no\/wp-content\/uploads\/2020\/04\/4B4FF19C-043B-4CDB-9B87-A6DC071C776A-rotated.jpeg\"><img loading=\"lazy\" decoding=\"async\" width=\"768\" height=\"1024\" data-id=\"1649\" src=\"https:\/\/gjeilo.no\/wp-content\/uploads\/2020\/04\/4B4FF19C-043B-4CDB-9B87-A6DC071C776A-768x1024.jpeg\" alt=\"\" class=\"wp-image-1649\" srcset=\"https:\/\/gjeilo.no\/wp-content\/uploads\/2020\/04\/4B4FF19C-043B-4CDB-9B87-A6DC071C776A-768x1024.jpeg 768w, https:\/\/gjeilo.no\/wp-content\/uploads\/2020\/04\/4B4FF19C-043B-4CDB-9B87-A6DC071C776A-225x300.jpeg 225w, https:\/\/gjeilo.no\/wp-content\/uploads\/2020\/04\/4B4FF19C-043B-4CDB-9B87-A6DC071C776A-1152x1536.jpeg 1152w, https:\/\/gjeilo.no\/wp-content\/uploads\/2020\/04\/4B4FF19C-043B-4CDB-9B87-A6DC071C776A-rotated.jpeg 1512w\" sizes=\"auto, (max-width: 768px) 100vw, 768px\" \/><\/a><figcaption class=\"wp-element-caption\">Kristian, bror til Julianna V\u00e5g\u00e5sar.  Alts\u00e5 onkel til Synne Gjeilo.  Ola Frantson har skrive bakp\u00e5 bildet at han reiste til Amerika i ung alder og kom aldri attende til Noreg.  <\/figcaption><\/figure>\n<\/figure>\n","protected":false},"excerpt":{"rendered":"<p>F\u00f8dd: 26. mars 1862 Skj\u00e5kD\u00f8d: 24. desember 1937 LomGift med Jon Gjeilo Vaagaasar, f 22.apr 1864GENI \u00a0 \u00a0 \u00a0\u00a0 Mor: Liv\u00f8 MallaugFar: Halvor EngomBorn (syskjenflokken til Synne):Rolv (1887-1937)Halvard (1889-1973Olvar (1890-1968)Synne og Liv\u00f8 (tvillingar som d\u00f8d unge)Synne\u00a0 Jond. Vaagaasar \u00a0 (1893-1962)Kristian (1895-Gregor (1897-1974)Liv\u00f8 (1898-1969)Tea (1900-1987)Hans Albert (1902-1963)Algot Rudolf (1904-1985)Anna Mari (1906-1994) Julianna og Jon fekk til &hellip; <a href=\"https:\/\/gjeilo.no\/?page_id=267\" class=\"more-link\">Fortsett \u00e5 lese <span class=\"screen-reader-text\">Julianna (Julie) Engum Vaagaasar<\/span><\/a><\/p>\n","protected":false},"author":2,"featured_media":0,"parent":0,"menu_order":0,"comment_status":"closed","ping_status":"open","template":"","meta":{"footnotes":""},"class_list":["post-267","page","type-page","status-publish","hentry"],"yoast_head":"<!-- This site is optimized with the Yoast SEO plugin v26.0 - https:\/\/yoast.com\/wordpress\/plugins\/seo\/ -->\n<title>Julianna (Julie) Engum Vaagaasar - Slektskap<\/title>\n<meta name=\"robots\" content=\"index, follow, max-snippet:-1, max-image-preview:large, max-video-preview:-1\" \/>\n<link rel=\"canonical\" href=\"https:\/\/gjeilo.no\/?page_id=267\" \/>\n<meta property=\"og:locale\" content=\"nb_NO\" \/>\n<meta property=\"og:type\" content=\"article\" \/>\n<meta property=\"og:title\" content=\"Julianna (Julie) Engum Vaagaasar - Slektskap\" \/>\n<meta property=\"og:description\" content=\"F\u00f8dd: 26. mars 1862 Skj\u00e5kD\u00f8d: 24. desember 1937 LomGift med Jon Gjeilo Vaagaasar, f 22.apr 1864GENI \u00a0 \u00a0 \u00a0\u00a0 Mor: Liv\u00f8 MallaugFar: Halvor EngomBorn (syskjenflokken til Synne):Rolv (1887-1937)Halvard (1889-1973Olvar (1890-1968)Synne og Liv\u00f8 (tvillingar som d\u00f8d unge)Synne\u00a0 Jond. Vaagaasar \u00a0 (1893-1962)Kristian (1895-Gregor (1897-1974)Liv\u00f8 (1898-1969)Tea (1900-1987)Hans Albert (1902-1963)Algot Rudolf (1904-1985)Anna Mari (1906-1994) Julianna og Jon fekk til &hellip; Fortsett \u00e5 lese Julianna (Julie) Engum Vaagaasar\" \/>\n<meta property=\"og:url\" content=\"https:\/\/gjeilo.no\/?page_id=267\" \/>\n<meta property=\"og:site_name\" content=\"Slektskap\" \/>\n<meta property=\"article:modified_time\" content=\"2024-11-09T19:58:43+00:00\" \/>\n<meta property=\"og:image\" content=\"https:\/\/gjeilo.no\/wp-content\/uploads\/2020\/04\/43183517-301F-4538-AB46-BCC37D9A53FA-scaled.jpeg\" \/>\n\t<meta property=\"og:image:width\" content=\"1920\" \/>\n\t<meta property=\"og:image:height\" content=\"2560\" \/>\n\t<meta property=\"og:image:type\" content=\"image\/jpeg\" \/>\n<meta name=\"twitter:card\" content=\"summary_large_image\" \/>\n<meta name=\"twitter:label1\" content=\"Ansl. lesetid\" \/>\n\t<meta name=\"twitter:data1\" content=\"4 minutter\" \/>\n<script type=\"application\/ld+json\" class=\"yoast-schema-graph\">{\"@context\":\"https:\/\/schema.org\",\"@graph\":[{\"@type\":\"WebPage\",\"@id\":\"https:\/\/gjeilo.no\/?page_id=267\",\"url\":\"https:\/\/gjeilo.no\/?page_id=267\",\"name\":\"Julianna (Julie) Engum Vaagaasar - Slektskap\",\"isPartOf\":{\"@id\":\"https:\/\/gjeilo.no\/#website\"},\"primaryImageOfPage\":{\"@id\":\"https:\/\/gjeilo.no\/?page_id=267#primaryimage\"},\"image\":{\"@id\":\"https:\/\/gjeilo.no\/?page_id=267#primaryimage\"},\"thumbnailUrl\":\"https:\/\/gjeilo.no\/wp-content\/uploads\/2020\/04\/43183517-301F-4538-AB46-BCC37D9A53FA-scaled.jpeg\",\"datePublished\":\"2015-09-01T10:32:50+00:00\",\"dateModified\":\"2024-11-09T19:58:43+00:00\",\"breadcrumb\":{\"@id\":\"https:\/\/gjeilo.no\/?page_id=267#breadcrumb\"},\"inLanguage\":\"nb-NO\",\"potentialAction\":[{\"@type\":\"ReadAction\",\"target\":[\"https:\/\/gjeilo.no\/?page_id=267\"]}]},{\"@type\":\"ImageObject\",\"inLanguage\":\"nb-NO\",\"@id\":\"https:\/\/gjeilo.no\/?page_id=267#primaryimage\",\"url\":\"https:\/\/gjeilo.no\/wp-content\/uploads\/2020\/04\/43183517-301F-4538-AB46-BCC37D9A53FA-scaled.jpeg\",\"contentUrl\":\"https:\/\/gjeilo.no\/wp-content\/uploads\/2020\/04\/43183517-301F-4538-AB46-BCC37D9A53FA-scaled.jpeg\"},{\"@type\":\"BreadcrumbList\",\"@id\":\"https:\/\/gjeilo.no\/?page_id=267#breadcrumb\",\"itemListElement\":[{\"@type\":\"ListItem\",\"position\":1,\"name\":\"Hjem\",\"item\":\"https:\/\/gjeilo.no\/\"},{\"@type\":\"ListItem\",\"position\":2,\"name\":\"Julianna (Julie) Engum Vaagaasar\"}]},{\"@type\":\"WebSite\",\"@id\":\"https:\/\/gjeilo.no\/#website\",\"url\":\"https:\/\/gjeilo.no\/\",\"name\":\"Slektskap\",\"description\":\"\",\"potentialAction\":[{\"@type\":\"SearchAction\",\"target\":{\"@type\":\"EntryPoint\",\"urlTemplate\":\"https:\/\/gjeilo.no\/?s={search_term_string}\"},\"query-input\":{\"@type\":\"PropertyValueSpecification\",\"valueRequired\":true,\"valueName\":\"search_term_string\"}}],\"inLanguage\":\"nb-NO\"}]}<\/script>\n<!-- \/ Yoast SEO plugin. -->","yoast_head_json":{"title":"Julianna (Julie) Engum Vaagaasar - Slektskap","robots":{"index":"index","follow":"follow","max-snippet":"max-snippet:-1","max-image-preview":"max-image-preview:large","max-video-preview":"max-video-preview:-1"},"canonical":"https:\/\/gjeilo.no\/?page_id=267","og_locale":"nb_NO","og_type":"article","og_title":"Julianna (Julie) Engum Vaagaasar - Slektskap","og_description":"F\u00f8dd: 26. mars 1862 Skj\u00e5kD\u00f8d: 24. desember 1937 LomGift med Jon Gjeilo Vaagaasar, f 22.apr 1864GENI \u00a0 \u00a0 \u00a0\u00a0 Mor: Liv\u00f8 MallaugFar: Halvor EngomBorn (syskjenflokken til Synne):Rolv (1887-1937)Halvard (1889-1973Olvar (1890-1968)Synne og Liv\u00f8 (tvillingar som d\u00f8d unge)Synne\u00a0 Jond. Vaagaasar \u00a0 (1893-1962)Kristian (1895-Gregor (1897-1974)Liv\u00f8 (1898-1969)Tea (1900-1987)Hans Albert (1902-1963)Algot Rudolf (1904-1985)Anna Mari (1906-1994) Julianna og Jon fekk til &hellip; Fortsett \u00e5 lese Julianna (Julie) Engum Vaagaasar","og_url":"https:\/\/gjeilo.no\/?page_id=267","og_site_name":"Slektskap","article_modified_time":"2024-11-09T19:58:43+00:00","og_image":[{"width":1920,"height":2560,"url":"https:\/\/gjeilo.no\/wp-content\/uploads\/2020\/04\/43183517-301F-4538-AB46-BCC37D9A53FA-scaled.jpeg","type":"image\/jpeg"}],"twitter_card":"summary_large_image","twitter_misc":{"Ansl. lesetid":"4 minutter"},"schema":{"@context":"https:\/\/schema.org","@graph":[{"@type":"WebPage","@id":"https:\/\/gjeilo.no\/?page_id=267","url":"https:\/\/gjeilo.no\/?page_id=267","name":"Julianna (Julie) Engum Vaagaasar - Slektskap","isPartOf":{"@id":"https:\/\/gjeilo.no\/#website"},"primaryImageOfPage":{"@id":"https:\/\/gjeilo.no\/?page_id=267#primaryimage"},"image":{"@id":"https:\/\/gjeilo.no\/?page_id=267#primaryimage"},"thumbnailUrl":"https:\/\/gjeilo.no\/wp-content\/uploads\/2020\/04\/43183517-301F-4538-AB46-BCC37D9A53FA-scaled.jpeg","datePublished":"2015-09-01T10:32:50+00:00","dateModified":"2024-11-09T19:58:43+00:00","breadcrumb":{"@id":"https:\/\/gjeilo.no\/?page_id=267#breadcrumb"},"inLanguage":"nb-NO","potentialAction":[{"@type":"ReadAction","target":["https:\/\/gjeilo.no\/?page_id=267"]}]},{"@type":"ImageObject","inLanguage":"nb-NO","@id":"https:\/\/gjeilo.no\/?page_id=267#primaryimage","url":"https:\/\/gjeilo.no\/wp-content\/uploads\/2020\/04\/43183517-301F-4538-AB46-BCC37D9A53FA-scaled.jpeg","contentUrl":"https:\/\/gjeilo.no\/wp-content\/uploads\/2020\/04\/43183517-301F-4538-AB46-BCC37D9A53FA-scaled.jpeg"},{"@type":"BreadcrumbList","@id":"https:\/\/gjeilo.no\/?page_id=267#breadcrumb","itemListElement":[{"@type":"ListItem","position":1,"name":"Hjem","item":"https:\/\/gjeilo.no\/"},{"@type":"ListItem","position":2,"name":"Julianna (Julie) Engum Vaagaasar"}]},{"@type":"WebSite","@id":"https:\/\/gjeilo.no\/#website","url":"https:\/\/gjeilo.no\/","name":"Slektskap","description":"","potentialAction":[{"@type":"SearchAction","target":{"@type":"EntryPoint","urlTemplate":"https:\/\/gjeilo.no\/?s={search_term_string}"},"query-input":{"@type":"PropertyValueSpecification","valueRequired":true,"valueName":"search_term_string"}}],"inLanguage":"nb-NO"}]}},"_links":{"self":[{"href":"https:\/\/gjeilo.no\/index.php?rest_route=\/wp\/v2\/pages\/267","targetHints":{"allow":["GET"]}}],"collection":[{"href":"https:\/\/gjeilo.no\/index.php?rest_route=\/wp\/v2\/pages"}],"about":[{"href":"https:\/\/gjeilo.no\/index.php?rest_route=\/wp\/v2\/types\/page"}],"author":[{"embeddable":true,"href":"https:\/\/gjeilo.no\/index.php?rest_route=\/wp\/v2\/users\/2"}],"replies":[{"embeddable":true,"href":"https:\/\/gjeilo.no\/index.php?rest_route=%2Fwp%2Fv2%2Fcomments&post=267"}],"version-history":[{"count":24,"href":"https:\/\/gjeilo.no\/index.php?rest_route=\/wp\/v2\/pages\/267\/revisions"}],"predecessor-version":[{"id":6198,"href":"https:\/\/gjeilo.no\/index.php?rest_route=\/wp\/v2\/pages\/267\/revisions\/6198"}],"wp:attachment":[{"href":"https:\/\/gjeilo.no\/index.php?rest_route=%2Fwp%2Fv2%2Fmedia&parent=267"}],"curies":[{"name":"wp","href":"https:\/\/api.w.org\/{rel}","templated":true}]}}