{"id":264,"date":"2015-09-01T10:29:36","date_gmt":"2015-09-01T10:29:36","guid":{"rendered":"https:\/\/gjeilo.no\/?page_id=264"},"modified":"2025-11-19T18:33:09","modified_gmt":"2025-11-19T18:33:09","slug":"ola-storkjorren","status":"publish","type":"page","link":"https:\/\/gjeilo.no\/?page_id=264","title":{"rendered":"Ola Storkj\u00f8rren"},"content":{"rendered":"\n<div class=\"wp-block-media-text alignwide has-media-on-the-right is-stacked-on-mobile is-vertically-aligned-top\" style=\"grid-template-columns:auto 54%\"><div class=\"wp-block-media-text__content\">\n<p>F\u00f8dd 28\/12 1821 d. 1\/9 1894 (<a rel=\"noreferrer noopener\" href=\"https:\/\/media.digitalarkivet.no\/view\/4718\/74081\/3?fbclid=IwAR1PI2Dbdmkzd08rDYnwfSnIvP7zaRLnHa1IqiZj7nsuDX6bspyfK3C0uvc\" target=\"_blank\">i flg kyrkjeboka) <\/a>Dersom dette er den &laquo;rette&raquo; d\u00f8dsdato og rette Ola s\u00e5 var Ola Nilson Storkj\u00f8rren f\u00f8dd 1828 <br>Gift med <a href=\"https:\/\/gjeilo.no\/?page_id=262\" data-type=\"page\" data-id=\"262\">Marit Persdatter Krogstad<\/a> (f. 1826) <br><\/p>\n\n\n\n<p><a href=\"https:\/\/gjeilo.no\"><img loading=\"lazy\" decoding=\"async\" class=\"alignnone  wp-image-6142\" src=\"https:\/\/gjeilo.no\/wp-content\/uploads\/2024\/11\/dor-100-DPI-1.png\" alt=\"\" width=\"89\" height=\"15\" \/><\/a><\/p>\n<\/div><figure class=\"wp-block-media-text__media\"><a href=\"https:\/\/gjeilo.no\/wp-content\/uploads\/2025\/11\/ola-storkjorren-2-585792597_10162661477973165_1808403644814038653_n.jpg\"><img loading=\"lazy\" decoding=\"async\" width=\"287\" height=\"425\" src=\"https:\/\/gjeilo.no\/wp-content\/uploads\/2025\/11\/ola-storkjorren-2-585792597_10162661477973165_1808403644814038653_n.jpg\" alt=\"\" class=\"wp-image-6325 size-full\" srcset=\"https:\/\/gjeilo.no\/wp-content\/uploads\/2025\/11\/ola-storkjorren-2-585792597_10162661477973165_1808403644814038653_n.jpg 287w, https:\/\/gjeilo.no\/wp-content\/uploads\/2025\/11\/ola-storkjorren-2-585792597_10162661477973165_1808403644814038653_n-203x300.jpg 203w\" sizes=\"auto, (max-width: 287px) 100vw, 287px\" \/><\/a><\/figure><\/div>\n\n\n<p>Mor: Marit Bakke (1793-1868) <br data-rich-text-line-break=\"true\">Far: Nils Sletten Kummen (Kummjordet) \u00d8vre Skj\u00e5k (1796-1876)<\/p>\n<p>Bildet er fr\u00e5 gravferd etter Anne Bruheim (f. 1833) fr\u00e5 nedre Bruheim. Ved kista f.v.: Kolbein Sk\u00e5re (f. 1873), Ola Storkj\u00f8rren Bruheim (f. 1821), Anne Bruheim (f. 1884 g. \u00d8deg\u00e5rd), Olav Bruheim (f. 1906), Lars Harsheim (f. 1901) .<\/p>\n<p>Born:<br \/><strong>Ola<\/strong> Bruheim (f. 22\/1 1852) g.m. Marit Eriksdtr. Morken<br \/><strong>Marit<\/strong> (f. 24\/10 1854) g.m. Iver Iversen Lund<br \/><strong>Anne<\/strong> (f. 11\/5 1858) g.m. Rasmus Jakobsen Arnestuen<br \/><a title=\"Frans Olsson Gjeilo (Storkj\u00f8rren)\" href=\"https:\/\/gjeilo.no\/?page_id=253\"><strong>Frans<\/strong> <\/a>(f. 20\/6 1861) g.m. Embj\u00f8rg Amundsdatter Dalen<\/p>\n<p><a href=\"https:\/\/media.digitalarkivet.no\/view\/4718\/74081\/3\" target=\"_blank\" rel=\"noopener\"><img loading=\"lazy\" decoding=\"async\" class=\"alignnone size-full wp-image-4306\" src=\"https:\/\/gjeilo.no\/wp-content\/uploads\/2023\/03\/04853249-D31C-4D5C-8C43-E49DD1F379E2.jpeg\" alt=\"\" width=\"1103\" height=\"219\" srcset=\"https:\/\/gjeilo.no\/wp-content\/uploads\/2023\/03\/04853249-D31C-4D5C-8C43-E49DD1F379E2.jpeg 1103w, https:\/\/gjeilo.no\/wp-content\/uploads\/2023\/03\/04853249-D31C-4D5C-8C43-E49DD1F379E2-300x60.jpeg 300w, https:\/\/gjeilo.no\/wp-content\/uploads\/2023\/03\/04853249-D31C-4D5C-8C43-E49DD1F379E2-1024x203.jpeg 1024w, https:\/\/gjeilo.no\/wp-content\/uploads\/2023\/03\/04853249-D31C-4D5C-8C43-E49DD1F379E2-768x152.jpeg 768w\" sizes=\"auto, (max-width: 1103px) 100vw, 1103px\" \/><\/a>Dersom dette er den \u00abrette\u00bb d\u00f8dsdato og rette Ola s\u00e5 var Ola Nilson Storkj\u00f8rren f\u00f8dd 1828 i fylgje kyrkjeb\u00f8kene (link p\u00e5 bildet)<\/p>\n<figure id=\"attachment_4242\" aria-describedby=\"caption-attachment-4242\" style=\"width: 2268px\" class=\"wp-caption alignnone\"><a href=\"https:\/\/gjeilo.no\/wp-content\/uploads\/2023\/03\/KSA0044-ola-Storkjorren-heile.jpg\"><img loading=\"lazy\" decoding=\"async\" class=\"wp-image-4242 size-full\" src=\"https:\/\/gjeilo.no\/wp-content\/uploads\/2023\/03\/KSA0044-ola-Storkjorren-heile.jpg\" alt=\"\" width=\"2268\" height=\"1593\" srcset=\"https:\/\/gjeilo.no\/wp-content\/uploads\/2023\/03\/KSA0044-ola-Storkjorren-heile.jpg 2268w, https:\/\/gjeilo.no\/wp-content\/uploads\/2023\/03\/KSA0044-ola-Storkjorren-heile-300x211.jpg 300w, https:\/\/gjeilo.no\/wp-content\/uploads\/2023\/03\/KSA0044-ola-Storkjorren-heile-1024x719.jpg 1024w, https:\/\/gjeilo.no\/wp-content\/uploads\/2023\/03\/KSA0044-ola-Storkjorren-heile-768x539.jpg 768w, https:\/\/gjeilo.no\/wp-content\/uploads\/2023\/03\/KSA0044-ola-Storkjorren-heile-1536x1079.jpg 1536w, https:\/\/gjeilo.no\/wp-content\/uploads\/2023\/03\/KSA0044-ola-Storkjorren-heile-2048x1438.jpg 2048w\" sizes=\"auto, (max-width: 2268px) 100vw, 2268px\" \/><\/a><figcaption id=\"caption-attachment-4242\" class=\"wp-caption-text\">Gravferd etter Anders Bruheim august 1916 (f. 1831). Fr\u00e5 venstre ?, ?, Mathias Bruheim, ? , Kolbein Sk\u00e5re, Ola Storkj\u00f8rren Bruheim, ?, ?, ?, Per Skamsar, Ivar Eisar, ?, Kari Harsheim, Maria Skamsar Nystugu, Anne Skamsar Nystugu, ?, ?, ?, Eilev Hagen, Hans Hagen, ?, ?, ?, Karoline Bruheim, ?, ?, Marit Bruheim \u00d8vre, ?, Anne O. Bruheim, Live Skamsar Nystugu, ?, ?, ?, ?, ?, ?, ?, ?, Ole B\u00f8yeie, ?, Anette Haugen.<\/figcaption><\/figure>\n<p><a href=\"https:\/\/gjeilo.no\/wp-content\/uploads\/2023\/03\/namningSkjermbilde-2023-03-22-kl.-18.50.22.jpg\"><img loading=\"lazy\" decoding=\"async\" class=\"alignnone size-full wp-image-4285\" src=\"https:\/\/gjeilo.no\/wp-content\/uploads\/2023\/03\/namningSkjermbilde-2023-03-22-kl.-18.50.22.jpg\" alt=\"\" width=\"2294\" height=\"1226\" srcset=\"https:\/\/gjeilo.no\/wp-content\/uploads\/2023\/03\/namningSkjermbilde-2023-03-22-kl.-18.50.22.jpg 2294w, https:\/\/gjeilo.no\/wp-content\/uploads\/2023\/03\/namningSkjermbilde-2023-03-22-kl.-18.50.22-300x160.jpg 300w, https:\/\/gjeilo.no\/wp-content\/uploads\/2023\/03\/namningSkjermbilde-2023-03-22-kl.-18.50.22-1024x547.jpg 1024w, https:\/\/gjeilo.no\/wp-content\/uploads\/2023\/03\/namningSkjermbilde-2023-03-22-kl.-18.50.22-768x410.jpg 768w, https:\/\/gjeilo.no\/wp-content\/uploads\/2023\/03\/namningSkjermbilde-2023-03-22-kl.-18.50.22-1536x821.jpg 1536w, https:\/\/gjeilo.no\/wp-content\/uploads\/2023\/03\/namningSkjermbilde-2023-03-22-kl.-18.50.22-2048x1095.jpg 2048w\" sizes=\"auto, (max-width: 2294px) 100vw, 2294px\" \/><\/a><\/p>\n<figure id=\"attachment_4243\" aria-describedby=\"caption-attachment-4243\" style=\"width: 537px\" class=\"wp-caption alignnone\"><a href=\"https:\/\/gjeilo.no\/wp-content\/uploads\/2023\/03\/KSA0044-ola-Storkjorren.jpg\"><img loading=\"lazy\" decoding=\"async\" class=\"wp-image-4243\" src=\"https:\/\/gjeilo.no\/wp-content\/uploads\/2023\/03\/KSA0044-ola-Storkjorren.jpg\" alt=\"\" width=\"537\" height=\"614\" srcset=\"https:\/\/gjeilo.no\/wp-content\/uploads\/2023\/03\/KSA0044-ola-Storkjorren.jpg 402w, https:\/\/gjeilo.no\/wp-content\/uploads\/2023\/03\/KSA0044-ola-Storkjorren-262x300.jpg 262w\" sizes=\"auto, (max-width: 537px) 100vw, 537px\" \/><\/a><figcaption id=\"caption-attachment-4243\" class=\"wp-caption-text\">Utsnitt fr\u00e5 det store bildet. Ola Storkj\u00f8rren st\u00e5r bak mannen med hatt og salmebok (Kolbein Sk\u00e5re). Er i tvil om dette er &laquo;rette&raquo; Ola Storkj\u00f8rren skulle han ha vore vesentleg eldre i 1916 da denne gravferda var.<\/figcaption><\/figure>\n\n\n<figure class=\"wp-block-gallery has-nested-images columns-1 is-cropped wp-block-gallery-1 is-layout-flex wp-block-gallery-is-layout-flex\">\n<figure class=\"wp-block-image size-large\"><a href=\"https:\/\/gjeilo.no\/wp-content\/uploads\/2023\/02\/032yjVG1RbKz-2.png\"><img loading=\"lazy\" decoding=\"async\" width=\"1024\" height=\"809\" data-id=\"3124\" src=\"https:\/\/gjeilo.no\/wp-content\/uploads\/2023\/02\/032yjVG1RbKz-2-1024x809.png\" alt=\"\" class=\"wp-image-3124\" srcset=\"https:\/\/gjeilo.no\/wp-content\/uploads\/2023\/02\/032yjVG1RbKz-2-1024x809.png 1024w, https:\/\/gjeilo.no\/wp-content\/uploads\/2023\/02\/032yjVG1RbKz-2-300x237.png 300w, https:\/\/gjeilo.no\/wp-content\/uploads\/2023\/02\/032yjVG1RbKz-2-768x607.png 768w, https:\/\/gjeilo.no\/wp-content\/uploads\/2023\/02\/032yjVG1RbKz-2-1536x1213.png 1536w, https:\/\/gjeilo.no\/wp-content\/uploads\/2023\/02\/032yjVG1RbKz-2-2048x1618.png 2048w\" sizes=\"auto, (max-width: 1024px) 100vw, 1024px\" \/><\/a><figcaption class=\"wp-element-caption\">Ola Storkj\u00f8rren f. 1821. Gravferd Gravferd etter Anne Bruheim (f. 1833) fr\u00e5 nedre Bruheim. Ved kista f.v.: Kolbein Sk\u00e5re (f. 1873), Ola Storkj\u00f8rren, Bruheim (f. 1821), Anne Bruheim (f. 1884 g. \u00d8deg\u00e5rd), Olav Bruheim (f. 1906), Lars Harsheim (f. 1901) .\nDM https:\/\/digitaltmuseum.no\/021016916596\/gravferd-etter-anne-bruheim-f-1833-fra-nedre-bruheim<\/figcaption><\/figure>\n\n\n\n<figure class=\"wp-block-image size-large\"><a href=\"https:\/\/gjeilo.no\/wp-content\/uploads\/2023\/02\/032yjVG1RbKz-2-b.png\"><img loading=\"lazy\" decoding=\"async\" width=\"1024\" height=\"850\" data-id=\"3125\" src=\"https:\/\/gjeilo.no\/wp-content\/uploads\/2023\/02\/032yjVG1RbKz-2-b-1024x850.png\" alt=\"\" class=\"wp-image-3125\" srcset=\"https:\/\/gjeilo.no\/wp-content\/uploads\/2023\/02\/032yjVG1RbKz-2-b-1024x850.png 1024w, https:\/\/gjeilo.no\/wp-content\/uploads\/2023\/02\/032yjVG1RbKz-2-b-300x249.png 300w, https:\/\/gjeilo.no\/wp-content\/uploads\/2023\/02\/032yjVG1RbKz-2-b-768x637.png 768w, https:\/\/gjeilo.no\/wp-content\/uploads\/2023\/02\/032yjVG1RbKz-2-b-1536x1275.png 1536w, https:\/\/gjeilo.no\/wp-content\/uploads\/2023\/02\/032yjVG1RbKz-2-b.png 1971w\" sizes=\"auto, (max-width: 1024px) 100vw, 1024px\" \/><\/a><figcaption class=\"wp-element-caption\">Ola Storkj\u00f8rren f. 1821. Gravferd Gravferd etter Anne Bruheim (f. 1833) fr\u00e5 nedre Bruheim. Ved kista f.v.: Kolbein Sk\u00e5re (f. 1873), Ola Storkj\u00f8rren, Bruheim (f. 1821), Anne Bruheim (f. 1884 g. \u00d8deg\u00e5rd), Olav Bruheim (f. 1906), Lars <br>Harsheim (f. 1901) . DM https:\/\/digitaltmuseum.no\/021016916596\/gravferd-etter-anne-bruheim-f-1833-fra-nedre-bruheim<\/figcaption><\/figure>\n<\/figure>\n\n\n\n<figure class=\"wp-block-image size-full\"><a href=\"https:\/\/gjeilo.no\/wp-content\/uploads\/2023\/03\/ola-forstorra-KSA0052-1.jpg\"><img loading=\"lazy\" decoding=\"async\" width=\"533\" height=\"587\" src=\"https:\/\/gjeilo.no\/wp-content\/uploads\/2023\/03\/ola-forstorra-KSA0052-1.jpg\" alt=\"\" class=\"wp-image-4247\" srcset=\"https:\/\/gjeilo.no\/wp-content\/uploads\/2023\/03\/ola-forstorra-KSA0052-1.jpg 533w, https:\/\/gjeilo.no\/wp-content\/uploads\/2023\/03\/ola-forstorra-KSA0052-1-272x300.jpg 272w\" sizes=\"auto, (max-width: 533px) 100vw, 533px\" \/><\/a><\/figure>\n\n\n\n<figure class=\"wp-block-image size-large\"><a href=\"https:\/\/gjeilo.no\/wp-content\/uploads\/2024\/02\/image7-scaled.jpeg\"><img decoding=\"async\" src=\"https:\/\/gjeilo.no\/wp-content\/uploads\/2024\/02\/image7-1024x941.jpeg\" alt=\"\" class=\"wp-image-5294\"\/><\/a><figcaption class=\"wp-element-caption\">Forst\u00f8rra bilde<\/figcaption><\/figure>\n\n\n\n<div class=\"wp-block-media-text is-stacked-on-mobile\"><figure class=\"wp-block-media-text__media\"><img loading=\"lazy\" decoding=\"async\" width=\"822\" height=\"960\" src=\"https:\/\/gjeilo.no\/wp-content\/uploads\/2025\/11\/ola-storkjorren584670640_10162661480848165_4757046778548555285_n.jpg\" alt=\"\" class=\"wp-image-6323 size-full\" srcset=\"https:\/\/gjeilo.no\/wp-content\/uploads\/2025\/11\/ola-storkjorren584670640_10162661480848165_4757046778548555285_n.jpg 822w, https:\/\/gjeilo.no\/wp-content\/uploads\/2025\/11\/ola-storkjorren584670640_10162661480848165_4757046778548555285_n-257x300.jpg 257w, https:\/\/gjeilo.no\/wp-content\/uploads\/2025\/11\/ola-storkjorren584670640_10162661480848165_4757046778548555285_n-768x897.jpg 768w\" sizes=\"auto, (max-width: 822px) 100vw, 822px\" \/><\/figure><div class=\"wp-block-media-text__content\">\n<p><\/p>\n\n\n\n<figure class=\"wp-block-image size-full\"><a href=\"https:\/\/gjeilo.no\/wp-content\/uploads\/2025\/11\/ola-storkjorren585792597_10162661477973165_1808403644814038653_n.jpg\"><img loading=\"lazy\" decoding=\"async\" width=\"960\" height=\"822\" src=\"https:\/\/gjeilo.no\/wp-content\/uploads\/2025\/11\/ola-storkjorren585792597_10162661477973165_1808403644814038653_n.jpg\" alt=\"\" class=\"wp-image-6324\" srcset=\"https:\/\/gjeilo.no\/wp-content\/uploads\/2025\/11\/ola-storkjorren585792597_10162661477973165_1808403644814038653_n.jpg 960w, https:\/\/gjeilo.no\/wp-content\/uploads\/2025\/11\/ola-storkjorren585792597_10162661477973165_1808403644814038653_n-300x257.jpg 300w, https:\/\/gjeilo.no\/wp-content\/uploads\/2025\/11\/ola-storkjorren585792597_10162661477973165_1808403644814038653_n-768x658.jpg 768w\" sizes=\"auto, (max-width: 960px) 100vw, 960px\" \/><\/a><\/figure>\n<\/div><\/div>\n\n\n\n<figure class=\"wp-block-image size-full\"><a href=\"https:\/\/gjeilo.no\/wp-content\/uploads\/2025\/11\/ola-storkjorren584670640_10162661480848165_4757046778548555285_n.jpg\"><img loading=\"lazy\" decoding=\"async\" width=\"822\" height=\"960\" src=\"https:\/\/gjeilo.no\/wp-content\/uploads\/2025\/11\/ola-storkjorren584670640_10162661480848165_4757046778548555285_n.jpg\" alt=\"\" class=\"wp-image-6323\" srcset=\"https:\/\/gjeilo.no\/wp-content\/uploads\/2025\/11\/ola-storkjorren584670640_10162661480848165_4757046778548555285_n.jpg 822w, https:\/\/gjeilo.no\/wp-content\/uploads\/2025\/11\/ola-storkjorren584670640_10162661480848165_4757046778548555285_n-257x300.jpg 257w, https:\/\/gjeilo.no\/wp-content\/uploads\/2025\/11\/ola-storkjorren584670640_10162661480848165_4757046778548555285_n-768x897.jpg 768w\" sizes=\"auto, (max-width: 822px) 100vw, 822px\" \/><\/a><\/figure>\n\n\n\n<figure class=\"wp-block-image size-full\"><a href=\"https:\/\/gjeilo.no\/wp-content\/uploads\/2025\/11\/ola-storkjorren-584702307_10162661478378165_6782028407921671943_n.jpg\"><img loading=\"lazy\" decoding=\"async\" width=\"822\" height=\"960\" src=\"https:\/\/gjeilo.no\/wp-content\/uploads\/2025\/11\/ola-storkjorren-584702307_10162661478378165_6782028407921671943_n.jpg\" alt=\"\" class=\"wp-image-6321\" srcset=\"https:\/\/gjeilo.no\/wp-content\/uploads\/2025\/11\/ola-storkjorren-584702307_10162661478378165_6782028407921671943_n.jpg 822w, https:\/\/gjeilo.no\/wp-content\/uploads\/2025\/11\/ola-storkjorren-584702307_10162661478378165_6782028407921671943_n-257x300.jpg 257w, https:\/\/gjeilo.no\/wp-content\/uploads\/2025\/11\/ola-storkjorren-584702307_10162661478378165_6782028407921671943_n-768x897.jpg 768w\" sizes=\"auto, (max-width: 822px) 100vw, 822px\" \/><\/a><\/figure>\n\n\n\n<figure class=\"wp-block-table alignleft is-style-stripes\"><table><tbody><tr><td><a rel=\"noreferrer noopener\" href=\"https:\/\/www.geni.com\/people\/Ola-Storkj%C3%B8rren\/6000000009627710390?through=6000000011581547791\" target=\"_blank\"><img loading=\"lazy\" decoding=\"async\" src=\"https:\/\/gjeilo.no\/wp-content\/uploads\/2023\/01\/Geni_Logo.svg_.png\" alt=\"\" width=\"41\" height=\"15\"><\/a> <strong>Ola Nilsson Storkj\u00f8rren (Kummen, Skj\u00e5keie)<\/strong><br>S\u00f8nn av <a href=\"https:\/\/www.geni.com\/people\/Nils-Sletten-%C3%B8-II\/6000000007937104431?through=6000000009627710390\">Nils Olsson Sletten, \u00f8., II<\/a> og <a href=\"https:\/\/www.geni.com\/people\/Marit-Sletten-%C3%B8-I\/6000000008670577849?through=6000000009627710390\">Marit Pedersdotter Sletten \u00f8., I<\/a><br>Ektemannen til <a href=\"https:\/\/www.geni.com\/people\/Marit-Storkj%C3%B8rren\/6000000007937034729?through=6000000009627710390\">Marit Persdotter Storkj\u00f8rren<\/a><br>Far til <a href=\"https:\/\/www.geni.com\/people\/Ola-Bruheim\/6000000011581547791?through=6000000009627710390\">Ola Olsson Bruheim<\/a>; <a href=\"https:\/\/www.geni.com\/people\/Marit-Storkj%C3%B8rren\/6000000008319411768?through=6000000009627710390\">Marit Olsdotter Storkj\u00f8rren<\/a>; <a href=\"https:\/\/www.geni.com\/people\/Anne-Arnestuen\/6000000007937169453?through=6000000009627710390\">Anne Olsdotter Arnestuen<\/a>; <a href=\"https:\/\/www.geni.com\/people\/Frants-Gjeilo\/6000000007936917017?through=6000000009627710390\">Frants Olsson Gjeilo<\/a> og <a href=\"https:\/\/www.geni.com\/people\/Marie-Sygard\/6000000007937115577?through=6000000009627710390\">Marie Olsdotter Sygard<\/a><br>Bror av <a href=\"https:\/\/www.geni.com\/people\/Mari-Skj%C3%A5kstugun\/6000000014715333260?through=6000000009627710390\">Mari Nilsdotter Skj\u00e5kstugun<\/a>; <a href=\"https:\/\/www.geni.com\/people\/Per-Sletten\/6000000007937073953?through=6000000009627710390\">Per Nilsson Sletten<\/a>; <a href=\"https:\/\/www.geni.com\/people\/Marie-Knuds%C3%B8degaard\/6000000007937219606?through=6000000009627710390\">Marie Nilsdotter Knuds\u00f8degaard<\/a>; <a href=\"https:\/\/www.geni.com\/people\/Ola-Aabusmoen\/6000000014299240384?through=6000000009627710390\">Ola Nilsson Aabusmoen<\/a>; <a href=\"https:\/\/www.geni.com\/people\/Per-Sletten-Petter\/6000000007937389207?through=6000000009627710390\">Per Nilsson Sletten, (Petter)<\/a> og <a href=\"https:\/\/www.geni.com\/people\/Ola-Storkj%C3%B8rren\/6000000009627710390?through=6000000011581547791#\">1 other<\/a><\/td><\/tr><\/tbody><\/table><\/figure>\n\n\n\n<p><\/p>\n","protected":false},"excerpt":{"rendered":"<p>F\u00f8dd 28\/12 1821 d. 1\/9 1894 (i flg kyrkjeboka) Dersom dette er den &laquo;rette&raquo; d\u00f8dsdato og rette Ola s\u00e5 var Ola Nilson Storkj\u00f8rren f\u00f8dd 1828 Gift med Marit Persdatter Krogstad (f. 1826) Mor: Marit Bakke (1793-1868) Far: Nils Sletten Kummen (Kummjordet) \u00d8vre Skj\u00e5k (1796-1876) Bildet er fr\u00e5 gravferd etter Anne Bruheim (f. 1833) fr\u00e5 nedre &hellip; <a href=\"https:\/\/gjeilo.no\/?page_id=264\" class=\"more-link\">Fortsett \u00e5 lese <span class=\"screen-reader-text\">Ola Storkj\u00f8rren<\/span><\/a><\/p>\n","protected":false},"author":2,"featured_media":0,"parent":0,"menu_order":0,"comment_status":"closed","ping_status":"open","template":"","meta":{"footnotes":""},"class_list":["post-264","page","type-page","status-publish","hentry"],"yoast_head":"<!-- This site is optimized with the Yoast SEO plugin v26.0 - https:\/\/yoast.com\/wordpress\/plugins\/seo\/ -->\n<title>Ola Storkj\u00f8rren - Slektskap<\/title>\n<meta name=\"robots\" content=\"index, follow, max-snippet:-1, max-image-preview:large, max-video-preview:-1\" \/>\n<link rel=\"canonical\" href=\"https:\/\/gjeilo.no\/?page_id=264\" \/>\n<meta property=\"og:locale\" content=\"nb_NO\" \/>\n<meta property=\"og:type\" content=\"article\" \/>\n<meta property=\"og:title\" content=\"Ola Storkj\u00f8rren - Slektskap\" \/>\n<meta property=\"og:description\" content=\"F\u00f8dd 28\/12 1821 d. 1\/9 1894 (i flg kyrkjeboka) Dersom dette er den &laquo;rette&raquo; d\u00f8dsdato og rette Ola s\u00e5 var Ola Nilson Storkj\u00f8rren f\u00f8dd 1828 Gift med Marit Persdatter Krogstad (f. 1826) Mor: Marit Bakke (1793-1868) Far: Nils Sletten Kummen (Kummjordet) \u00d8vre Skj\u00e5k (1796-1876) Bildet er fr\u00e5 gravferd etter Anne Bruheim (f. 1833) fr\u00e5 nedre &hellip; Fortsett \u00e5 lese Ola Storkj\u00f8rren\" \/>\n<meta property=\"og:url\" content=\"https:\/\/gjeilo.no\/?page_id=264\" \/>\n<meta property=\"og:site_name\" content=\"Slektskap\" \/>\n<meta property=\"article:modified_time\" content=\"2025-11-19T18:33:09+00:00\" \/>\n<meta property=\"og:image\" content=\"https:\/\/gjeilo.no\/wp-content\/uploads\/2024\/11\/dor-100-DPI-1.png\" \/>\n\t<meta property=\"og:image:width\" content=\"266\" \/>\n\t<meta property=\"og:image:height\" content=\"45\" \/>\n\t<meta property=\"og:image:type\" content=\"image\/png\" \/>\n<meta name=\"twitter:card\" content=\"summary_large_image\" \/>\n<meta name=\"twitter:label1\" content=\"Ansl. lesetid\" \/>\n\t<meta name=\"twitter:data1\" content=\"6 minutter\" \/>\n<script type=\"application\/ld+json\" class=\"yoast-schema-graph\">{\"@context\":\"https:\/\/schema.org\",\"@graph\":[{\"@type\":\"WebPage\",\"@id\":\"https:\/\/gjeilo.no\/?page_id=264\",\"url\":\"https:\/\/gjeilo.no\/?page_id=264\",\"name\":\"Ola Storkj\u00f8rren - Slektskap\",\"isPartOf\":{\"@id\":\"https:\/\/gjeilo.no\/#website\"},\"primaryImageOfPage\":{\"@id\":\"https:\/\/gjeilo.no\/?page_id=264#primaryimage\"},\"image\":{\"@id\":\"https:\/\/gjeilo.no\/?page_id=264#primaryimage\"},\"thumbnailUrl\":\"https:\/\/gjeilo.no\/wp-content\/uploads\/2024\/11\/dor-100-DPI-1.png\",\"datePublished\":\"2015-09-01T10:29:36+00:00\",\"dateModified\":\"2025-11-19T18:33:09+00:00\",\"breadcrumb\":{\"@id\":\"https:\/\/gjeilo.no\/?page_id=264#breadcrumb\"},\"inLanguage\":\"nb-NO\",\"potentialAction\":[{\"@type\":\"ReadAction\",\"target\":[\"https:\/\/gjeilo.no\/?page_id=264\"]}]},{\"@type\":\"ImageObject\",\"inLanguage\":\"nb-NO\",\"@id\":\"https:\/\/gjeilo.no\/?page_id=264#primaryimage\",\"url\":\"https:\/\/gjeilo.no\/wp-content\/uploads\/2024\/11\/dor-100-DPI-1.png\",\"contentUrl\":\"https:\/\/gjeilo.no\/wp-content\/uploads\/2024\/11\/dor-100-DPI-1.png\"},{\"@type\":\"BreadcrumbList\",\"@id\":\"https:\/\/gjeilo.no\/?page_id=264#breadcrumb\",\"itemListElement\":[{\"@type\":\"ListItem\",\"position\":1,\"name\":\"Hjem\",\"item\":\"https:\/\/gjeilo.no\/\"},{\"@type\":\"ListItem\",\"position\":2,\"name\":\"Ola Storkj\u00f8rren\"}]},{\"@type\":\"WebSite\",\"@id\":\"https:\/\/gjeilo.no\/#website\",\"url\":\"https:\/\/gjeilo.no\/\",\"name\":\"Slektskap\",\"description\":\"\",\"potentialAction\":[{\"@type\":\"SearchAction\",\"target\":{\"@type\":\"EntryPoint\",\"urlTemplate\":\"https:\/\/gjeilo.no\/?s={search_term_string}\"},\"query-input\":{\"@type\":\"PropertyValueSpecification\",\"valueRequired\":true,\"valueName\":\"search_term_string\"}}],\"inLanguage\":\"nb-NO\"}]}<\/script>\n<!-- \/ Yoast SEO plugin. -->","yoast_head_json":{"title":"Ola Storkj\u00f8rren - Slektskap","robots":{"index":"index","follow":"follow","max-snippet":"max-snippet:-1","max-image-preview":"max-image-preview:large","max-video-preview":"max-video-preview:-1"},"canonical":"https:\/\/gjeilo.no\/?page_id=264","og_locale":"nb_NO","og_type":"article","og_title":"Ola Storkj\u00f8rren - Slektskap","og_description":"F\u00f8dd 28\/12 1821 d. 1\/9 1894 (i flg kyrkjeboka) Dersom dette er den &laquo;rette&raquo; d\u00f8dsdato og rette Ola s\u00e5 var Ola Nilson Storkj\u00f8rren f\u00f8dd 1828 Gift med Marit Persdatter Krogstad (f. 1826) Mor: Marit Bakke (1793-1868) Far: Nils Sletten Kummen (Kummjordet) \u00d8vre Skj\u00e5k (1796-1876) Bildet er fr\u00e5 gravferd etter Anne Bruheim (f. 1833) fr\u00e5 nedre &hellip; Fortsett \u00e5 lese Ola Storkj\u00f8rren","og_url":"https:\/\/gjeilo.no\/?page_id=264","og_site_name":"Slektskap","article_modified_time":"2025-11-19T18:33:09+00:00","og_image":[{"width":266,"height":45,"url":"https:\/\/gjeilo.no\/wp-content\/uploads\/2024\/11\/dor-100-DPI-1.png","type":"image\/png"}],"twitter_card":"summary_large_image","twitter_misc":{"Ansl. lesetid":"6 minutter"},"schema":{"@context":"https:\/\/schema.org","@graph":[{"@type":"WebPage","@id":"https:\/\/gjeilo.no\/?page_id=264","url":"https:\/\/gjeilo.no\/?page_id=264","name":"Ola Storkj\u00f8rren - Slektskap","isPartOf":{"@id":"https:\/\/gjeilo.no\/#website"},"primaryImageOfPage":{"@id":"https:\/\/gjeilo.no\/?page_id=264#primaryimage"},"image":{"@id":"https:\/\/gjeilo.no\/?page_id=264#primaryimage"},"thumbnailUrl":"https:\/\/gjeilo.no\/wp-content\/uploads\/2024\/11\/dor-100-DPI-1.png","datePublished":"2015-09-01T10:29:36+00:00","dateModified":"2025-11-19T18:33:09+00:00","breadcrumb":{"@id":"https:\/\/gjeilo.no\/?page_id=264#breadcrumb"},"inLanguage":"nb-NO","potentialAction":[{"@type":"ReadAction","target":["https:\/\/gjeilo.no\/?page_id=264"]}]},{"@type":"ImageObject","inLanguage":"nb-NO","@id":"https:\/\/gjeilo.no\/?page_id=264#primaryimage","url":"https:\/\/gjeilo.no\/wp-content\/uploads\/2024\/11\/dor-100-DPI-1.png","contentUrl":"https:\/\/gjeilo.no\/wp-content\/uploads\/2024\/11\/dor-100-DPI-1.png"},{"@type":"BreadcrumbList","@id":"https:\/\/gjeilo.no\/?page_id=264#breadcrumb","itemListElement":[{"@type":"ListItem","position":1,"name":"Hjem","item":"https:\/\/gjeilo.no\/"},{"@type":"ListItem","position":2,"name":"Ola Storkj\u00f8rren"}]},{"@type":"WebSite","@id":"https:\/\/gjeilo.no\/#website","url":"https:\/\/gjeilo.no\/","name":"Slektskap","description":"","potentialAction":[{"@type":"SearchAction","target":{"@type":"EntryPoint","urlTemplate":"https:\/\/gjeilo.no\/?s={search_term_string}"},"query-input":{"@type":"PropertyValueSpecification","valueRequired":true,"valueName":"search_term_string"}}],"inLanguage":"nb-NO"}]}},"_links":{"self":[{"href":"https:\/\/gjeilo.no\/index.php?rest_route=\/wp\/v2\/pages\/264","targetHints":{"allow":["GET"]}}],"collection":[{"href":"https:\/\/gjeilo.no\/index.php?rest_route=\/wp\/v2\/pages"}],"about":[{"href":"https:\/\/gjeilo.no\/index.php?rest_route=\/wp\/v2\/types\/page"}],"author":[{"embeddable":true,"href":"https:\/\/gjeilo.no\/index.php?rest_route=\/wp\/v2\/users\/2"}],"replies":[{"embeddable":true,"href":"https:\/\/gjeilo.no\/index.php?rest_route=%2Fwp%2Fv2%2Fcomments&post=264"}],"version-history":[{"count":70,"href":"https:\/\/gjeilo.no\/index.php?rest_route=\/wp\/v2\/pages\/264\/revisions"}],"predecessor-version":[{"id":6328,"href":"https:\/\/gjeilo.no\/index.php?rest_route=\/wp\/v2\/pages\/264\/revisions\/6328"}],"wp:attachment":[{"href":"https:\/\/gjeilo.no\/index.php?rest_route=%2Fwp%2Fv2%2Fmedia&parent=264"}],"curies":[{"name":"wp","href":"https:\/\/api.w.org\/{rel}","templated":true}]}}