{"id":249,"date":"2015-09-01T10:23:16","date_gmt":"2015-09-01T10:23:16","guid":{"rendered":"https:\/\/gjeilo.no\/?page_id=249"},"modified":"2024-11-09T20:04:34","modified_gmt":"2024-11-09T20:04:34","slug":"embjorg-amundsdotter-dalen-amundsted","status":"publish","type":"page","link":"https:\/\/gjeilo.no\/?page_id=249","title":{"rendered":"Embj\u00f8rg Amundsdotter Dalen Gjeilo (Amundsted)"},"content":{"rendered":"<p><a href=\"https:\/\/gjeilo.no\/wp-content\/uploads\/2015\/09\/664.gif\"><img loading=\"lazy\" decoding=\"async\" class=\"aligncenter wp-image-250 size-full\" src=\"https:\/\/gjeilo.no\/wp-content\/uploads\/2015\/09\/664.gif\" alt=\"664\" width=\"171\" height=\"259\" \/><\/a>F\u00f8dd den 22\/3 1870<br \/>D\u00f8d den 30\/5 1927 (57 \u00e5r)<br \/>Gift med <a title=\"Frans Olsson Gjeilo (Storkj\u00f8rren)\" href=\"https:\/\/gjeilo.no\/?page_id=253\">Frants Olsson Gjeilo<\/a> den 9\/6 1891<br \/><a href=\"https:\/\/www.geni.com\/people\/Embj%C3%B8rg-Gjeilo\/6000000007937144530?through=6000000007936917033\" target=\"_blank\" rel=\"noopener\">GENI<\/a><br \/>Mor: <a title=\"Anne Dalen Systuen\" href=\"https:\/\/gjeilo.no\/?page_id=256\">Anne Jonsdatter<\/a><br \/>Far: <a title=\"Amund Larsen Dalen Amundsted\" href=\"https:\/\/gjeilo.no\/?page_id=260\">Amund Larsen Dalen<br \/><\/a><br \/>Born:<br \/><strong><a title=\"Ola Gjeilo (Frantsson)\" href=\"https:\/\/gjeilo.no\/?page_id=228\">Ola<\/a><\/strong> (f. 29\/9 1891),<br \/><strong>Anne\u00a0 Jonsgard<\/strong> (f. 14\/8 1893),<br \/><strong>Marie Gjeilo<\/strong> (f. 25\/21896),<br \/><strong>R\u00f8nnaug Gjeilo<\/strong> (f. 24\/10 1989, d. 1900),<br \/><strong>Amund<\/strong> (f. 16\/3 1901),<br \/><strong>Frants<\/strong> (f. 28\/7 1904),<br \/><strong>John<\/strong> (f. 3\/2 1907),<br \/><strong>Sverre<\/strong> (f. 30\/8 1909)og<br \/><strong>Ragna Bakkom<\/strong> (f. 4\/11 1911).<\/p>\n<p><a href=\"https:\/\/gjeilo.no\"><img loading=\"lazy\" decoding=\"async\" class=\"alignnone  wp-image-6142\" src=\"https:\/\/gjeilo.no\/wp-content\/uploads\/2024\/11\/dor-100-DPI-1.png\" alt=\"\" width=\"89\" height=\"15\" \/><\/a><\/p>\n<pre class=\"strong\"><a href=\"https:\/\/www.geni.com\/people\/Embj%C3%B8rg-Gjeilo\/6000000007937144530\" target=\"_blank\" rel=\"noopener noreferrer\">Frants Storkj\u00f8rren - Folketelling 1910 for 0513 Skj\u00e5k herred - the Digital Archives - the National Archives of Norway<\/a><\/pre>\n\n\n<figure class=\"wp-block-image size-large\"><a href=\"https:\/\/gjeilo.no\/wp-content\/uploads\/2015\/09\/022wZ1VaonYY.jpg\"><img loading=\"lazy\" decoding=\"async\" width=\"1024\" height=\"748\" src=\"https:\/\/gjeilo.no\/wp-content\/uploads\/2015\/09\/022wZ1VaonYY-1024x748.jpg\" alt=\"\" class=\"wp-image-403\" srcset=\"https:\/\/gjeilo.no\/wp-content\/uploads\/2015\/09\/022wZ1VaonYY-1024x748.jpg 1024w, https:\/\/gjeilo.no\/wp-content\/uploads\/2015\/09\/022wZ1VaonYY-300x219.jpg 300w, https:\/\/gjeilo.no\/wp-content\/uploads\/2015\/09\/022wZ1VaonYY-768x561.jpg 768w, https:\/\/gjeilo.no\/wp-content\/uploads\/2015\/09\/022wZ1VaonYY.jpg 1200w\" sizes=\"auto, (max-width: 1024px) 100vw, 1024px\" \/><\/a><figcaption class=\"wp-element-caption\">Frans Gjeilo (f. 1861) m.kone Embj\u00f8rg Gjeilo (f. Dalen 1870) og \nfamilie. Ola Franson til venstre bak. Han var den eldste av syskjenflokken: Ola (f. 29\/9 1891),\nAnne (f. 14\/8 1893),\nMarie (f. 25\/21896),\nR\u00f8nnaug (f. 24\/10 1989, d. 1900),\nAmund (f. 16\/3 1901),\nFrants (f. 28\/7 1904),\nJohn (f. 3\/2 1907),\nSverre (f. 30\/8 1909)og\nRagna (f. 4\/11 1911).\n\nhttp:\/\/digitaltmuseum.no\/021016297276?query=gjeilo&amp;pos=16&gt;<\/figcaption><\/figure>\n","protected":false},"excerpt":{"rendered":"<p>F\u00f8dd den 22\/3 1870D\u00f8d den 30\/5 1927 (57 \u00e5r)Gift med Frants Olsson Gjeilo den 9\/6 1891GENIMor: Anne JonsdatterFar: Amund Larsen DalenBorn:Ola (f. 29\/9 1891),Anne\u00a0 Jonsgard (f. 14\/8 1893),Marie Gjeilo (f. 25\/21896),R\u00f8nnaug Gjeilo (f. 24\/10 1989, d. 1900),Amund (f. 16\/3 1901),Frants (f. 28\/7 1904),John (f. 3\/2 1907),Sverre (f. 30\/8 1909)ogRagna Bakkom (f. 4\/11 1911). Frants Storkj\u00f8rren &hellip; <a href=\"https:\/\/gjeilo.no\/?page_id=249\" class=\"more-link\">Fortsett \u00e5 lese <span class=\"screen-reader-text\">Embj\u00f8rg Amundsdotter Dalen Gjeilo (Amundsted)<\/span><\/a><\/p>\n","protected":false},"author":2,"featured_media":0,"parent":0,"menu_order":0,"comment_status":"closed","ping_status":"open","template":"","meta":{"footnotes":""},"class_list":["post-249","page","type-page","status-publish","hentry"],"yoast_head":"<!-- This site is optimized with the Yoast SEO plugin v26.0 - https:\/\/yoast.com\/wordpress\/plugins\/seo\/ -->\n<title>Embj\u00f8rg Amundsdotter Dalen Gjeilo (Amundsted) - Slektskap<\/title>\n<meta name=\"robots\" content=\"index, follow, max-snippet:-1, max-image-preview:large, max-video-preview:-1\" \/>\n<link rel=\"canonical\" href=\"https:\/\/gjeilo.no\/?page_id=249\" \/>\n<meta property=\"og:locale\" content=\"nb_NO\" \/>\n<meta property=\"og:type\" content=\"article\" \/>\n<meta property=\"og:title\" content=\"Embj\u00f8rg Amundsdotter Dalen Gjeilo (Amundsted) - Slektskap\" \/>\n<meta property=\"og:description\" content=\"F\u00f8dd den 22\/3 1870D\u00f8d den 30\/5 1927 (57 \u00e5r)Gift med Frants Olsson Gjeilo den 9\/6 1891GENIMor: Anne JonsdatterFar: Amund Larsen DalenBorn:Ola (f. 29\/9 1891),Anne\u00a0 Jonsgard (f. 14\/8 1893),Marie Gjeilo (f. 25\/21896),R\u00f8nnaug Gjeilo (f. 24\/10 1989, d. 1900),Amund (f. 16\/3 1901),Frants (f. 28\/7 1904),John (f. 3\/2 1907),Sverre (f. 30\/8 1909)ogRagna Bakkom (f. 4\/11 1911). Frants Storkj\u00f8rren &hellip; Fortsett \u00e5 lese Embj\u00f8rg Amundsdotter Dalen Gjeilo (Amundsted)\" \/>\n<meta property=\"og:url\" content=\"https:\/\/gjeilo.no\/?page_id=249\" \/>\n<meta property=\"og:site_name\" content=\"Slektskap\" \/>\n<meta property=\"article:modified_time\" content=\"2024-11-09T20:04:34+00:00\" \/>\n<meta property=\"og:image\" content=\"https:\/\/gjeilo.no\/wp-content\/uploads\/2015\/09\/664.gif\" \/>\n\t<meta property=\"og:image:width\" content=\"171\" \/>\n\t<meta property=\"og:image:height\" content=\"259\" \/>\n\t<meta property=\"og:image:type\" content=\"image\/gif\" \/>\n<meta name=\"twitter:card\" content=\"summary_large_image\" \/>\n<meta name=\"twitter:label1\" content=\"Ansl. lesetid\" \/>\n\t<meta name=\"twitter:data1\" content=\"2 minutter\" \/>\n<script type=\"application\/ld+json\" class=\"yoast-schema-graph\">{\"@context\":\"https:\/\/schema.org\",\"@graph\":[{\"@type\":\"WebPage\",\"@id\":\"https:\/\/gjeilo.no\/?page_id=249\",\"url\":\"https:\/\/gjeilo.no\/?page_id=249\",\"name\":\"Embj\u00f8rg Amundsdotter Dalen Gjeilo (Amundsted) - Slektskap\",\"isPartOf\":{\"@id\":\"https:\/\/gjeilo.no\/#website\"},\"primaryImageOfPage\":{\"@id\":\"https:\/\/gjeilo.no\/?page_id=249#primaryimage\"},\"image\":{\"@id\":\"https:\/\/gjeilo.no\/?page_id=249#primaryimage\"},\"thumbnailUrl\":\"https:\/\/gjeilo.no\/wp-content\/uploads\/2015\/09\/664.gif\",\"datePublished\":\"2015-09-01T10:23:16+00:00\",\"dateModified\":\"2024-11-09T20:04:34+00:00\",\"breadcrumb\":{\"@id\":\"https:\/\/gjeilo.no\/?page_id=249#breadcrumb\"},\"inLanguage\":\"nb-NO\",\"potentialAction\":[{\"@type\":\"ReadAction\",\"target\":[\"https:\/\/gjeilo.no\/?page_id=249\"]}]},{\"@type\":\"ImageObject\",\"inLanguage\":\"nb-NO\",\"@id\":\"https:\/\/gjeilo.no\/?page_id=249#primaryimage\",\"url\":\"https:\/\/gjeilo.no\/wp-content\/uploads\/2015\/09\/664.gif\",\"contentUrl\":\"https:\/\/gjeilo.no\/wp-content\/uploads\/2015\/09\/664.gif\"},{\"@type\":\"BreadcrumbList\",\"@id\":\"https:\/\/gjeilo.no\/?page_id=249#breadcrumb\",\"itemListElement\":[{\"@type\":\"ListItem\",\"position\":1,\"name\":\"Hjem\",\"item\":\"https:\/\/gjeilo.no\/\"},{\"@type\":\"ListItem\",\"position\":2,\"name\":\"Embj\u00f8rg Amundsdotter Dalen Gjeilo (Amundsted)\"}]},{\"@type\":\"WebSite\",\"@id\":\"https:\/\/gjeilo.no\/#website\",\"url\":\"https:\/\/gjeilo.no\/\",\"name\":\"Slektskap\",\"description\":\"\",\"potentialAction\":[{\"@type\":\"SearchAction\",\"target\":{\"@type\":\"EntryPoint\",\"urlTemplate\":\"https:\/\/gjeilo.no\/?s={search_term_string}\"},\"query-input\":{\"@type\":\"PropertyValueSpecification\",\"valueRequired\":true,\"valueName\":\"search_term_string\"}}],\"inLanguage\":\"nb-NO\"}]}<\/script>\n<!-- \/ Yoast SEO plugin. -->","yoast_head_json":{"title":"Embj\u00f8rg Amundsdotter Dalen Gjeilo (Amundsted) - Slektskap","robots":{"index":"index","follow":"follow","max-snippet":"max-snippet:-1","max-image-preview":"max-image-preview:large","max-video-preview":"max-video-preview:-1"},"canonical":"https:\/\/gjeilo.no\/?page_id=249","og_locale":"nb_NO","og_type":"article","og_title":"Embj\u00f8rg Amundsdotter Dalen Gjeilo (Amundsted) - Slektskap","og_description":"F\u00f8dd den 22\/3 1870D\u00f8d den 30\/5 1927 (57 \u00e5r)Gift med Frants Olsson Gjeilo den 9\/6 1891GENIMor: Anne JonsdatterFar: Amund Larsen DalenBorn:Ola (f. 29\/9 1891),Anne\u00a0 Jonsgard (f. 14\/8 1893),Marie Gjeilo (f. 25\/21896),R\u00f8nnaug Gjeilo (f. 24\/10 1989, d. 1900),Amund (f. 16\/3 1901),Frants (f. 28\/7 1904),John (f. 3\/2 1907),Sverre (f. 30\/8 1909)ogRagna Bakkom (f. 4\/11 1911). Frants Storkj\u00f8rren &hellip; Fortsett \u00e5 lese Embj\u00f8rg Amundsdotter Dalen Gjeilo (Amundsted)","og_url":"https:\/\/gjeilo.no\/?page_id=249","og_site_name":"Slektskap","article_modified_time":"2024-11-09T20:04:34+00:00","og_image":[{"width":171,"height":259,"url":"https:\/\/gjeilo.no\/wp-content\/uploads\/2015\/09\/664.gif","type":"image\/gif"}],"twitter_card":"summary_large_image","twitter_misc":{"Ansl. lesetid":"2 minutter"},"schema":{"@context":"https:\/\/schema.org","@graph":[{"@type":"WebPage","@id":"https:\/\/gjeilo.no\/?page_id=249","url":"https:\/\/gjeilo.no\/?page_id=249","name":"Embj\u00f8rg Amundsdotter Dalen Gjeilo (Amundsted) - Slektskap","isPartOf":{"@id":"https:\/\/gjeilo.no\/#website"},"primaryImageOfPage":{"@id":"https:\/\/gjeilo.no\/?page_id=249#primaryimage"},"image":{"@id":"https:\/\/gjeilo.no\/?page_id=249#primaryimage"},"thumbnailUrl":"https:\/\/gjeilo.no\/wp-content\/uploads\/2015\/09\/664.gif","datePublished":"2015-09-01T10:23:16+00:00","dateModified":"2024-11-09T20:04:34+00:00","breadcrumb":{"@id":"https:\/\/gjeilo.no\/?page_id=249#breadcrumb"},"inLanguage":"nb-NO","potentialAction":[{"@type":"ReadAction","target":["https:\/\/gjeilo.no\/?page_id=249"]}]},{"@type":"ImageObject","inLanguage":"nb-NO","@id":"https:\/\/gjeilo.no\/?page_id=249#primaryimage","url":"https:\/\/gjeilo.no\/wp-content\/uploads\/2015\/09\/664.gif","contentUrl":"https:\/\/gjeilo.no\/wp-content\/uploads\/2015\/09\/664.gif"},{"@type":"BreadcrumbList","@id":"https:\/\/gjeilo.no\/?page_id=249#breadcrumb","itemListElement":[{"@type":"ListItem","position":1,"name":"Hjem","item":"https:\/\/gjeilo.no\/"},{"@type":"ListItem","position":2,"name":"Embj\u00f8rg Amundsdotter Dalen Gjeilo (Amundsted)"}]},{"@type":"WebSite","@id":"https:\/\/gjeilo.no\/#website","url":"https:\/\/gjeilo.no\/","name":"Slektskap","description":"","potentialAction":[{"@type":"SearchAction","target":{"@type":"EntryPoint","urlTemplate":"https:\/\/gjeilo.no\/?s={search_term_string}"},"query-input":{"@type":"PropertyValueSpecification","valueRequired":true,"valueName":"search_term_string"}}],"inLanguage":"nb-NO"}]}},"_links":{"self":[{"href":"https:\/\/gjeilo.no\/index.php?rest_route=\/wp\/v2\/pages\/249","targetHints":{"allow":["GET"]}}],"collection":[{"href":"https:\/\/gjeilo.no\/index.php?rest_route=\/wp\/v2\/pages"}],"about":[{"href":"https:\/\/gjeilo.no\/index.php?rest_route=\/wp\/v2\/types\/page"}],"author":[{"embeddable":true,"href":"https:\/\/gjeilo.no\/index.php?rest_route=\/wp\/v2\/users\/2"}],"replies":[{"embeddable":true,"href":"https:\/\/gjeilo.no\/index.php?rest_route=%2Fwp%2Fv2%2Fcomments&post=249"}],"version-history":[{"count":11,"href":"https:\/\/gjeilo.no\/index.php?rest_route=\/wp\/v2\/pages\/249\/revisions"}],"predecessor-version":[{"id":6205,"href":"https:\/\/gjeilo.no\/index.php?rest_route=\/wp\/v2\/pages\/249\/revisions\/6205"}],"wp:attachment":[{"href":"https:\/\/gjeilo.no\/index.php?rest_route=%2Fwp%2Fv2%2Fmedia&parent=249"}],"curies":[{"name":"wp","href":"https:\/\/api.w.org\/{rel}","templated":true}]}}