{"id":2248,"date":"2023-01-11T16:45:29","date_gmt":"2023-01-11T16:45:29","guid":{"rendered":"https:\/\/gjeilo.no\/?page_id=2248"},"modified":"2026-02-23T17:54:09","modified_gmt":"2026-02-23T17:54:09","slug":"magnar-oyjordet","status":"publish","type":"page","link":"https:\/\/gjeilo.no\/?page_id=2248","title":{"rendered":"Minneside Marianne \u00d8yjordet"},"content":{"rendered":"\n<p><em>27. september 1950 &#8211; 25. juli 1957<\/em><\/p>\n\n\n\n<p>Marianne \u00d8yjordet vart berre seks \u00e5r gamal. Ho var einaste barnet til Alma og Magnar \u00d8yjordet. Familien budde i 1957 i andre etasje p\u00e5 Otta Stasjon. Magnar var ekspedit\u00f8r for OKB og Alma arbeidde i Gjendebu om sommaren. Marianne var med Alma, mykje for \u00e5 kome bort fr\u00e5 den store trafikken rundt stasjonen p\u00e5 Otta. Magnar var ogs\u00e5 ofte i Gjendebu i helgene og sommarferiane. Marianne omkom ved ei ulykke ved Gjende torsdag den 25. juli 1957.<\/p>\n\n\n\n<p>Mange av bildene av Marianne er tekne i Prestgarden i Lom. Etter at Knut Flatmo og familien hadde forpakta Prestgarden i mange \u00e5r, fl\u00f8tte dei til Arneberg. Trygve tok da over i Prestgarden. Maria og Jo hadde p\u00e5 den tida ikkje oppn\u00e5dd alderspensjon og arbeidde for Trygve for kosten og greide seg p\u00e5 den m\u00e5ten. Knut og Anna hadde da overteke i Graffershaugen. Marianne var nok mykje p\u00e5 bes\u00f8k i Prestgarden p\u00e5 den tida, saman med mange andre fr\u00e5 slekta.<\/p>\n\n\n\n<figure class=\"wp-block-image size-large is-resized\"><a href=\"https:\/\/gjeilo.no\/wp-content\/uploads\/2023\/03\/marianne-gjendebu.png\"><img loading=\"lazy\" decoding=\"async\" width=\"1024\" height=\"518\" src=\"https:\/\/gjeilo.no\/wp-content\/uploads\/2023\/03\/marianne-gjendebu-1024x518.png\" alt=\"\" class=\"wp-image-4005\" style=\"width:690px;height:349px\" srcset=\"https:\/\/gjeilo.no\/wp-content\/uploads\/2023\/03\/marianne-gjendebu-1024x518.png 1024w, https:\/\/gjeilo.no\/wp-content\/uploads\/2023\/03\/marianne-gjendebu-300x152.png 300w, https:\/\/gjeilo.no\/wp-content\/uploads\/2023\/03\/marianne-gjendebu-768x389.png 768w, https:\/\/gjeilo.no\/wp-content\/uploads\/2023\/03\/marianne-gjendebu-1536x777.png 1536w, https:\/\/gjeilo.no\/wp-content\/uploads\/2023\/03\/marianne-gjendebu-2048x1037.png 2048w\" sizes=\"auto, (max-width: 1024px) 100vw, 1024px\" \/><\/a><figcaption class=\"wp-element-caption\">Jac Brun, fotograferte  <a rel=\"noreferrer noopener\" href=\"https:\/\/www.nb.no\/search?q=jac%20brun%20gjendebu&amp;mediatype=bilder\" target=\"_blank\">mykje i Gjendebu julidagane i 1957<\/a>. P\u00e5 dette bildet st\u00e5r Marianne og Magnar til venstre p\u00e5 bryggja og fylgjer med p\u00e5 trafikken. <\/figcaption><\/figure>\n\n\n\n<figure class=\"wp-block-image size-large\"><a href=\"https:\/\/gjeilo.no\/wp-content\/uploads\/2023\/03\/Skjermbilde-2023-03-11-kl.-08.09.40.png\"><img loading=\"lazy\" decoding=\"async\" width=\"804\" height=\"1024\" src=\"https:\/\/gjeilo.no\/wp-content\/uploads\/2023\/03\/Skjermbilde-2023-03-11-kl.-08.09.40-804x1024.png\" alt=\"\" class=\"wp-image-4009\" srcset=\"https:\/\/gjeilo.no\/wp-content\/uploads\/2023\/03\/Skjermbilde-2023-03-11-kl.-08.09.40-804x1024.png 804w, https:\/\/gjeilo.no\/wp-content\/uploads\/2023\/03\/Skjermbilde-2023-03-11-kl.-08.09.40-236x300.png 236w, https:\/\/gjeilo.no\/wp-content\/uploads\/2023\/03\/Skjermbilde-2023-03-11-kl.-08.09.40-768x978.png 768w, https:\/\/gjeilo.no\/wp-content\/uploads\/2023\/03\/Skjermbilde-2023-03-11-kl.-08.09.40-1206x1536.png 1206w, https:\/\/gjeilo.no\/wp-content\/uploads\/2023\/03\/Skjermbilde-2023-03-11-kl.-08.09.40.png 1220w\" sizes=\"auto, (max-width: 804px) 100vw, 804px\" \/><\/a><figcaption class=\"wp-element-caption\">Bilde fr\u00e5 bryggja i Gjendebu forst\u00f8rra.  Fotografert av Jac Brun. <\/figcaption><\/figure>\n\n\n\n<figure class=\"wp-block-image size-large\"><a href=\"https:\/\/gjeilo.no\/wp-content\/uploads\/2023\/03\/Skjermbilde-2023-03-11-kl.-08.09.40-1.png\"><img loading=\"lazy\" decoding=\"async\" width=\"804\" height=\"1024\" src=\"https:\/\/gjeilo.no\/wp-content\/uploads\/2023\/03\/Skjermbilde-2023-03-11-kl.-08.09.40-1-804x1024.png\" alt=\"\" class=\"wp-image-4018\" srcset=\"https:\/\/gjeilo.no\/wp-content\/uploads\/2023\/03\/Skjermbilde-2023-03-11-kl.-08.09.40-1-804x1024.png 804w, https:\/\/gjeilo.no\/wp-content\/uploads\/2023\/03\/Skjermbilde-2023-03-11-kl.-08.09.40-1-236x300.png 236w, https:\/\/gjeilo.no\/wp-content\/uploads\/2023\/03\/Skjermbilde-2023-03-11-kl.-08.09.40-1-768x978.png 768w, https:\/\/gjeilo.no\/wp-content\/uploads\/2023\/03\/Skjermbilde-2023-03-11-kl.-08.09.40-1-1206x1536.png 1206w, https:\/\/gjeilo.no\/wp-content\/uploads\/2023\/03\/Skjermbilde-2023-03-11-kl.-08.09.40-1.png 1220w\" sizes=\"auto, (max-width: 804px) 100vw, 804px\" \/><\/a><\/figure>\n\n\n\n<figure class=\"wp-block-image size-large\"><a href=\"https:\/\/gjeilo.no\/wp-content\/uploads\/2023\/03\/magnar-i-gjendebu-334674060_573835854699536_8520383916844520925_n.jpg\"><img loading=\"lazy\" decoding=\"async\" width=\"1024\" height=\"701\" src=\"https:\/\/gjeilo.no\/wp-content\/uploads\/2023\/03\/magnar-i-gjendebu-334674060_573835854699536_8520383916844520925_n-1024x701.jpg\" alt=\"\" class=\"wp-image-4001\" srcset=\"https:\/\/gjeilo.no\/wp-content\/uploads\/2023\/03\/magnar-i-gjendebu-334674060_573835854699536_8520383916844520925_n-1024x701.jpg 1024w, https:\/\/gjeilo.no\/wp-content\/uploads\/2023\/03\/magnar-i-gjendebu-334674060_573835854699536_8520383916844520925_n-300x205.jpg 300w, https:\/\/gjeilo.no\/wp-content\/uploads\/2023\/03\/magnar-i-gjendebu-334674060_573835854699536_8520383916844520925_n-768x525.jpg 768w, https:\/\/gjeilo.no\/wp-content\/uploads\/2023\/03\/magnar-i-gjendebu-334674060_573835854699536_8520383916844520925_n-1536x1051.jpg 1536w, https:\/\/gjeilo.no\/wp-content\/uploads\/2023\/03\/magnar-i-gjendebu-334674060_573835854699536_8520383916844520925_n.jpg 2048w\" sizes=\"auto, (max-width: 1024px) 100vw, 1024px\" \/><\/a><figcaption class=\"wp-element-caption\">Magnar i midten fr\u00e5 Gjendebu  juli 1957, berre veker f\u00f8r Marianne omkom i ei ulykke ved Gjende. Det er Kjell Ny\u00f8ygard som har delt dette bildet p\u00e5 <a href=\"https:\/\/www.facebook.com\/photo\/?fbid=10166962574840478&amp;set=gm.5707306876047421&amp;idorvanity=446053778839450\">Svunnen tid i Lom<\/a>.  Fr\u00e5 venstre er Ottar Veslestova, Jo Ny\u00f8ygard, Magnar \u00d8yjordet, Einar Rusten? og Christian Vole. Det er Christian som har namngjeve personane p\u00e5 den same facebookposten og ogs\u00e5 tidfesta at dette bildet vart teke like f\u00f8r Marianne omkom.<\/figcaption><\/figure>\n\n\n\n<figure class=\"wp-block-gallery has-nested-images columns-default is-cropped wp-block-gallery-1 is-layout-flex wp-block-gallery-is-layout-flex\">\n<figure class=\"wp-block-image size-large\"><a href=\"https:\/\/gjeilo.no\/wp-content\/uploads\/2023\/05\/Skjermbilde-2023-05-27-kl.-14.46.52.png\"><img decoding=\"async\" data-id=\"4517\" src=\"https:\/\/gjeilo.no\/wp-content\/uploads\/2023\/05\/Skjermbilde-2023-05-27-kl.-14.46.52-546x1024.png\" alt=\"\" class=\"wp-image-4517\"\/><\/a><\/figure>\n\n\n\n<figure class=\"wp-block-image size-large\"><a href=\"https:\/\/gjeilo.no\/wp-content\/uploads\/2023\/10\/IMG_4828.jpg\"><img loading=\"lazy\" decoding=\"async\" width=\"651\" height=\"1024\" data-id=\"4841\" src=\"https:\/\/gjeilo.no\/wp-content\/uploads\/2023\/10\/IMG_4828-651x1024.jpg\" alt=\"\" class=\"wp-image-4841\" srcset=\"https:\/\/gjeilo.no\/wp-content\/uploads\/2023\/10\/IMG_4828-651x1024.jpg 651w, https:\/\/gjeilo.no\/wp-content\/uploads\/2023\/10\/IMG_4828-191x300.jpg 191w, https:\/\/gjeilo.no\/wp-content\/uploads\/2023\/10\/IMG_4828.jpg 750w\" sizes=\"auto, (max-width: 651px) 100vw, 651px\" \/><\/a><\/figure>\n<figcaption class=\"blocks-gallery-caption wp-element-caption\">Dagningen mandag 29. juli 1957<\/figcaption><\/figure>\n\n\n\n<figure class=\"wp-block-image size-large\"><a href=\"https:\/\/gjeilo.no\/wp-content\/uploads\/2023\/03\/333073354_1218620972111755_829521797482527906_n-scaled.jpg\"><img loading=\"lazy\" decoding=\"async\" width=\"666\" height=\"1024\" src=\"https:\/\/gjeilo.no\/wp-content\/uploads\/2023\/03\/333073354_1218620972111755_829521797482527906_n-666x1024.jpg\" alt=\"\" class=\"wp-image-4013\" srcset=\"https:\/\/gjeilo.no\/wp-content\/uploads\/2023\/03\/333073354_1218620972111755_829521797482527906_n-666x1024.jpg 666w, https:\/\/gjeilo.no\/wp-content\/uploads\/2023\/03\/333073354_1218620972111755_829521797482527906_n-195x300.jpg 195w, https:\/\/gjeilo.no\/wp-content\/uploads\/2023\/03\/333073354_1218620972111755_829521797482527906_n-768x1181.jpg 768w, https:\/\/gjeilo.no\/wp-content\/uploads\/2023\/03\/333073354_1218620972111755_829521797482527906_n-999x1536.jpg 999w, https:\/\/gjeilo.no\/wp-content\/uploads\/2023\/03\/333073354_1218620972111755_829521797482527906_n-1332x2048.jpg 1332w, https:\/\/gjeilo.no\/wp-content\/uploads\/2023\/03\/333073354_1218620972111755_829521797482527906_n-scaled.jpg 1665w\" sizes=\"auto, (max-width: 666px) 100vw, 666px\" \/><\/a><figcaption class=\"wp-element-caption\">Oppslag i Gudbrandsd\u00f8len laurdag 27. juli 1957. Marianne gjekk bort ein torsdag den 25. juli.<\/figcaption><\/figure>\n\n\n\n<figure class=\"wp-block-image size-full\"><a href=\"https:\/\/gjeilo.no\/wp-content\/uploads\/2023\/03\/bjorn-335443843_737266631071651_7609156488216326844_n-kopi.jpg\"><img loading=\"lazy\" decoding=\"async\" width=\"742\" height=\"577\" src=\"https:\/\/gjeilo.no\/wp-content\/uploads\/2023\/03\/bjorn-335443843_737266631071651_7609156488216326844_n-kopi.jpg\" alt=\"\" class=\"wp-image-4025\" srcset=\"https:\/\/gjeilo.no\/wp-content\/uploads\/2023\/03\/bjorn-335443843_737266631071651_7609156488216326844_n-kopi.jpg 742w, https:\/\/gjeilo.no\/wp-content\/uploads\/2023\/03\/bjorn-335443843_737266631071651_7609156488216326844_n-kopi-300x233.jpg 300w\" sizes=\"auto, (max-width: 742px) 100vw, 742px\" \/><\/a><figcaption class=\"wp-element-caption\">Marianne sy V\u00e5rdale. Bj\u00f8rn har bildet som er &laquo;datafarga&raquo;.<\/figcaption><\/figure>\n\n\n\n<figure class=\"wp-block-image size-full\"><a href=\"https:\/\/gjeilo.no\/wp-content\/uploads\/2023\/03\/bjorn-335088661_908424280390539_6575421700632697663_n.jpg\"><img loading=\"lazy\" decoding=\"async\" width=\"1024\" height=\"768\" src=\"https:\/\/gjeilo.no\/wp-content\/uploads\/2023\/03\/bjorn-335088661_908424280390539_6575421700632697663_n.jpg\" alt=\"\" class=\"wp-image-4026\" srcset=\"https:\/\/gjeilo.no\/wp-content\/uploads\/2023\/03\/bjorn-335088661_908424280390539_6575421700632697663_n.jpg 1024w, https:\/\/gjeilo.no\/wp-content\/uploads\/2023\/03\/bjorn-335088661_908424280390539_6575421700632697663_n-300x225.jpg 300w, https:\/\/gjeilo.no\/wp-content\/uploads\/2023\/03\/bjorn-335088661_908424280390539_6575421700632697663_n-768x576.jpg 768w\" sizes=\"auto, (max-width: 1024px) 100vw, 1024px\" \/><\/a><figcaption class=\"wp-element-caption\">Maria, Marianne, Jon og Bj\u00f8rn. Bj\u00f8rn har bildet.<\/figcaption><\/figure>\n\n\n\n<figure class=\"wp-block-image size-large\"><a href=\"https:\/\/gjeilo.no\/wp-content\/uploads\/2023\/03\/maria-335055784_224732933447487_7750651174254370848_n.jpg\"><img loading=\"lazy\" decoding=\"async\" width=\"1024\" height=\"878\" src=\"https:\/\/gjeilo.no\/wp-content\/uploads\/2023\/03\/maria-335055784_224732933447487_7750651174254370848_n-1024x878.jpg\" alt=\"\" class=\"wp-image-4027\" srcset=\"https:\/\/gjeilo.no\/wp-content\/uploads\/2023\/03\/maria-335055784_224732933447487_7750651174254370848_n-1024x878.jpg 1024w, https:\/\/gjeilo.no\/wp-content\/uploads\/2023\/03\/maria-335055784_224732933447487_7750651174254370848_n-300x257.jpg 300w, https:\/\/gjeilo.no\/wp-content\/uploads\/2023\/03\/maria-335055784_224732933447487_7750651174254370848_n-768x659.jpg 768w, https:\/\/gjeilo.no\/wp-content\/uploads\/2023\/03\/maria-335055784_224732933447487_7750651174254370848_n.jpg 1193w\" sizes=\"auto, (max-width: 1024px) 100vw, 1024px\" \/><\/a><figcaption class=\"wp-element-caption\">Maria, Joar, Jon, Bj\u00f8rn og Marianne. Maria E. har bildet.<\/figcaption><\/figure>\n\n\n\n<figure class=\"wp-block-image size-large\"><a href=\"https:\/\/gjeilo.no\/wp-content\/uploads\/2023\/03\/612D4DF1-D424-4476-9D55-966D4ED00CB8-scaled.jpeg\"><img loading=\"lazy\" decoding=\"async\" width=\"1024\" height=\"1003\" src=\"https:\/\/gjeilo.no\/wp-content\/uploads\/2023\/03\/612D4DF1-D424-4476-9D55-966D4ED00CB8-1024x1003.jpeg\" alt=\"\" class=\"wp-image-4099\" srcset=\"https:\/\/gjeilo.no\/wp-content\/uploads\/2023\/03\/612D4DF1-D424-4476-9D55-966D4ED00CB8-1024x1003.jpeg 1024w, https:\/\/gjeilo.no\/wp-content\/uploads\/2023\/03\/612D4DF1-D424-4476-9D55-966D4ED00CB8-300x294.jpeg 300w, https:\/\/gjeilo.no\/wp-content\/uploads\/2023\/03\/612D4DF1-D424-4476-9D55-966D4ED00CB8-768x753.jpeg 768w, https:\/\/gjeilo.no\/wp-content\/uploads\/2023\/03\/612D4DF1-D424-4476-9D55-966D4ED00CB8-1536x1505.jpeg 1536w, https:\/\/gjeilo.no\/wp-content\/uploads\/2023\/03\/612D4DF1-D424-4476-9D55-966D4ED00CB8-2048x2007.jpeg 2048w\" sizes=\"auto, (max-width: 1024px) 100vw, 1024px\" \/><\/a><figcaption class=\"wp-element-caption\">Joar, Kjell og Marianne i Prestgarden.Bilde fr\u00e5 album etter Maria og Jo som Ola har.<\/figcaption><\/figure>\n\n\n<div class=\"wp-block-image\">\n<figure class=\"aligncenter size-large\"><a href=\"https:\/\/gjeilo.no\/wp-content\/uploads\/2023\/01\/IMG_2618-scaled.jpg\"><img loading=\"lazy\" decoding=\"async\" width=\"613\" height=\"1024\" src=\"https:\/\/gjeilo.no\/wp-content\/uploads\/2023\/01\/IMG_2618-613x1024.jpg\" alt=\"\" class=\"wp-image-2251\" srcset=\"https:\/\/gjeilo.no\/wp-content\/uploads\/2023\/01\/IMG_2618-613x1024.jpg 613w, https:\/\/gjeilo.no\/wp-content\/uploads\/2023\/01\/IMG_2618-179x300.jpg 179w, https:\/\/gjeilo.no\/wp-content\/uploads\/2023\/01\/IMG_2618-768x1284.jpg 768w, https:\/\/gjeilo.no\/wp-content\/uploads\/2023\/01\/IMG_2618-919x1536.jpg 919w, https:\/\/gjeilo.no\/wp-content\/uploads\/2023\/01\/IMG_2618-1225x2048.jpg 1225w, https:\/\/gjeilo.no\/wp-content\/uploads\/2023\/01\/IMG_2618-scaled.jpg 1532w\" sizes=\"auto, (max-width: 613px) 100vw, 613px\" \/><\/a><figcaption class=\"wp-element-caption\">Marianne i Prestgarden i Lom. Bildet er etter bestemor Maria.<\/figcaption><\/figure><\/div>\n\n\n<figure class=\"wp-block-image size-large\"><a href=\"https:\/\/gjeilo.no\/wp-content\/uploads\/2023\/01\/IMG_2619-scaled.jpg\"><img loading=\"lazy\" decoding=\"async\" width=\"768\" height=\"1024\" src=\"https:\/\/gjeilo.no\/wp-content\/uploads\/2023\/01\/IMG_2619-768x1024.jpg\" alt=\"\" class=\"wp-image-2257\" srcset=\"https:\/\/gjeilo.no\/wp-content\/uploads\/2023\/01\/IMG_2619-768x1024.jpg 768w, https:\/\/gjeilo.no\/wp-content\/uploads\/2023\/01\/IMG_2619-225x300.jpg 225w, https:\/\/gjeilo.no\/wp-content\/uploads\/2023\/01\/IMG_2619-1152x1536.jpg 1152w, https:\/\/gjeilo.no\/wp-content\/uploads\/2023\/01\/IMG_2619-1536x2048.jpg 1536w, https:\/\/gjeilo.no\/wp-content\/uploads\/2023\/01\/IMG_2619-scaled.jpg 1920w\" sizes=\"auto, (max-width: 768px) 100vw, 768px\" \/><\/a><\/figure>\n\n\n\n<figure class=\"wp-block-image size-large\"><a href=\"https:\/\/gjeilo.no\/wp-content\/uploads\/2023\/01\/IMG_2621-scaled.jpg\"><img loading=\"lazy\" decoding=\"async\" width=\"639\" height=\"1024\" src=\"https:\/\/gjeilo.no\/wp-content\/uploads\/2023\/01\/IMG_2621-639x1024.jpg\" alt=\"\" class=\"wp-image-2258\" srcset=\"https:\/\/gjeilo.no\/wp-content\/uploads\/2023\/01\/IMG_2621-639x1024.jpg 639w, https:\/\/gjeilo.no\/wp-content\/uploads\/2023\/01\/IMG_2621-187x300.jpg 187w, https:\/\/gjeilo.no\/wp-content\/uploads\/2023\/01\/IMG_2621-768x1231.jpg 768w, https:\/\/gjeilo.no\/wp-content\/uploads\/2023\/01\/IMG_2621-958x1536.jpg 958w, https:\/\/gjeilo.no\/wp-content\/uploads\/2023\/01\/IMG_2621-1278x2048.jpg 1278w, https:\/\/gjeilo.no\/wp-content\/uploads\/2023\/01\/IMG_2621-scaled.jpg 1597w\" sizes=\"auto, (max-width: 639px) 100vw, 639px\" \/><\/a><\/figure>\n\n\n\n<figure class=\"wp-block-image size-large\"><a href=\"https:\/\/gjeilo.no\/wp-content\/uploads\/2023\/01\/IMG_2622-scaled.jpg\"><img loading=\"lazy\" decoding=\"async\" width=\"728\" height=\"1024\" src=\"https:\/\/gjeilo.no\/wp-content\/uploads\/2023\/01\/IMG_2622-728x1024.jpg\" alt=\"\" class=\"wp-image-2259\" srcset=\"https:\/\/gjeilo.no\/wp-content\/uploads\/2023\/01\/IMG_2622-728x1024.jpg 728w, https:\/\/gjeilo.no\/wp-content\/uploads\/2023\/01\/IMG_2622-213x300.jpg 213w, https:\/\/gjeilo.no\/wp-content\/uploads\/2023\/01\/IMG_2622-768x1081.jpg 768w, https:\/\/gjeilo.no\/wp-content\/uploads\/2023\/01\/IMG_2622-1092x1536.jpg 1092w, https:\/\/gjeilo.no\/wp-content\/uploads\/2023\/01\/IMG_2622-1456x2048.jpg 1456w, https:\/\/gjeilo.no\/wp-content\/uploads\/2023\/01\/IMG_2622-scaled.jpg 1819w\" sizes=\"auto, (max-width: 728px) 100vw, 728px\" \/><\/a><\/figure>\n\n\n\n<figure class=\"wp-block-image size-large\"><a href=\"https:\/\/gjeilo.no\/wp-content\/uploads\/2022\/04\/8BE3CA0F-136F-43B6-BB8C-32499DE90689-scaled.jpeg\"><img loading=\"lazy\" decoding=\"async\" width=\"768\" height=\"1024\" src=\"https:\/\/gjeilo.no\/wp-content\/uploads\/2022\/04\/8BE3CA0F-136F-43B6-BB8C-32499DE90689-768x1024.jpeg\" alt=\"Tea sigrun marianne\" class=\"wp-image-2054\" srcset=\"https:\/\/gjeilo.no\/wp-content\/uploads\/2022\/04\/8BE3CA0F-136F-43B6-BB8C-32499DE90689-768x1024.jpeg 768w, https:\/\/gjeilo.no\/wp-content\/uploads\/2022\/04\/8BE3CA0F-136F-43B6-BB8C-32499DE90689-225x300.jpeg 225w, https:\/\/gjeilo.no\/wp-content\/uploads\/2022\/04\/8BE3CA0F-136F-43B6-BB8C-32499DE90689-1152x1536.jpeg 1152w, https:\/\/gjeilo.no\/wp-content\/uploads\/2022\/04\/8BE3CA0F-136F-43B6-BB8C-32499DE90689-1536x2048.jpeg 1536w, https:\/\/gjeilo.no\/wp-content\/uploads\/2022\/04\/8BE3CA0F-136F-43B6-BB8C-32499DE90689-scaled.jpeg 1920w\" sizes=\"auto, (max-width: 768px) 100vw, 768px\" \/><\/a><figcaption class=\"wp-element-caption\">Tea med Kjell p\u00e5 armen og Marianne \u00d8yjordet i Prestgarden.  Det kan vere at dette bildet er teke same sommaren som Marianne omkom ved Gjendebu i 1957 eller mest sansynleg sommaren f\u00f8r. Fotoalbum etter Anna Teigen<\/figcaption><\/figure>\n\n\n\n<figure class=\"wp-block-image size-large\"><a href=\"https:\/\/gjeilo.no\/wp-content\/uploads\/2022\/04\/24CF2B15-233B-471E-ABCF-C9F05D3880A4-scaled.jpeg\"><img loading=\"lazy\" decoding=\"async\" width=\"641\" height=\"1024\" src=\"https:\/\/gjeilo.no\/wp-content\/uploads\/2022\/04\/24CF2B15-233B-471E-ABCF-C9F05D3880A4-641x1024.jpeg\" alt=\"Marianne\" class=\"wp-image-2053\" srcset=\"https:\/\/gjeilo.no\/wp-content\/uploads\/2022\/04\/24CF2B15-233B-471E-ABCF-C9F05D3880A4-641x1024.jpeg 641w, https:\/\/gjeilo.no\/wp-content\/uploads\/2022\/04\/24CF2B15-233B-471E-ABCF-C9F05D3880A4-188x300.jpeg 188w, https:\/\/gjeilo.no\/wp-content\/uploads\/2022\/04\/24CF2B15-233B-471E-ABCF-C9F05D3880A4-768x1227.jpeg 768w, https:\/\/gjeilo.no\/wp-content\/uploads\/2022\/04\/24CF2B15-233B-471E-ABCF-C9F05D3880A4-962x1536.jpeg 962w, https:\/\/gjeilo.no\/wp-content\/uploads\/2022\/04\/24CF2B15-233B-471E-ABCF-C9F05D3880A4-1282x2048.jpeg 1282w, https:\/\/gjeilo.no\/wp-content\/uploads\/2022\/04\/24CF2B15-233B-471E-ABCF-C9F05D3880A4-scaled.jpeg 1603w\" sizes=\"auto, (max-width: 641px) 100vw, 641px\" \/><\/a><figcaption class=\"wp-element-caption\">Marianne \u00d8yjordet i Prestgarden ca 1956\/57. Fotoalbum Anna Teigen.<\/figcaption><\/figure>\n\n\n\n<figure class=\"wp-block-image size-large\"><a href=\"https:\/\/gjeilo.no\/wp-content\/uploads\/2023\/03\/2DA693CE-B829-4F7F-83F1-9689FE0542D9-scaled.jpeg\"><img loading=\"lazy\" decoding=\"async\" width=\"768\" height=\"1024\" src=\"https:\/\/gjeilo.no\/wp-content\/uploads\/2023\/03\/2DA693CE-B829-4F7F-83F1-9689FE0542D9-768x1024.jpeg\" alt=\"\" class=\"wp-image-4130\" srcset=\"https:\/\/gjeilo.no\/wp-content\/uploads\/2023\/03\/2DA693CE-B829-4F7F-83F1-9689FE0542D9-768x1024.jpeg 768w, https:\/\/gjeilo.no\/wp-content\/uploads\/2023\/03\/2DA693CE-B829-4F7F-83F1-9689FE0542D9-225x300.jpeg 225w, https:\/\/gjeilo.no\/wp-content\/uploads\/2023\/03\/2DA693CE-B829-4F7F-83F1-9689FE0542D9-1152x1536.jpeg 1152w, https:\/\/gjeilo.no\/wp-content\/uploads\/2023\/03\/2DA693CE-B829-4F7F-83F1-9689FE0542D9-1536x2048.jpeg 1536w, https:\/\/gjeilo.no\/wp-content\/uploads\/2023\/03\/2DA693CE-B829-4F7F-83F1-9689FE0542D9-scaled.jpeg 1920w\" sizes=\"auto, (max-width: 768px) 100vw, 768px\" \/><\/a><figcaption class=\"wp-element-caption\">Marianne.<\/figcaption><\/figure>\n\n\n\n<figure class=\"wp-block-image size-large\"><a href=\"https:\/\/gjeilo.no\/wp-content\/uploads\/2023\/03\/4D7075B6-01DE-47D9-A086-F26B00A5B5E2-scaled.jpeg\"><img loading=\"lazy\" decoding=\"async\" width=\"768\" height=\"1024\" src=\"https:\/\/gjeilo.no\/wp-content\/uploads\/2023\/03\/4D7075B6-01DE-47D9-A086-F26B00A5B5E2-768x1024.jpeg\" alt=\"\" class=\"wp-image-4132\" srcset=\"https:\/\/gjeilo.no\/wp-content\/uploads\/2023\/03\/4D7075B6-01DE-47D9-A086-F26B00A5B5E2-768x1024.jpeg 768w, https:\/\/gjeilo.no\/wp-content\/uploads\/2023\/03\/4D7075B6-01DE-47D9-A086-F26B00A5B5E2-225x300.jpeg 225w, https:\/\/gjeilo.no\/wp-content\/uploads\/2023\/03\/4D7075B6-01DE-47D9-A086-F26B00A5B5E2-1152x1536.jpeg 1152w, https:\/\/gjeilo.no\/wp-content\/uploads\/2023\/03\/4D7075B6-01DE-47D9-A086-F26B00A5B5E2-1536x2048.jpeg 1536w, https:\/\/gjeilo.no\/wp-content\/uploads\/2023\/03\/4D7075B6-01DE-47D9-A086-F26B00A5B5E2-scaled.jpeg 1920w\" sizes=\"auto, (max-width: 768px) 100vw, 768px\" \/><\/a><figcaption class=\"wp-element-caption\">Marianne.<br><\/figcaption><\/figure>\n\n\n\n<figure class=\"wp-block-image size-large\"><a href=\"https:\/\/gjeilo.no\/wp-content\/uploads\/2023\/03\/A395E371-4381-43C4-AB62-04C76127747B-scaled.jpeg\"><img loading=\"lazy\" decoding=\"async\" width=\"1024\" height=\"1002\" src=\"https:\/\/gjeilo.no\/wp-content\/uploads\/2023\/03\/A395E371-4381-43C4-AB62-04C76127747B-1024x1002.jpeg\" alt=\"\" class=\"wp-image-4135\" srcset=\"https:\/\/gjeilo.no\/wp-content\/uploads\/2023\/03\/A395E371-4381-43C4-AB62-04C76127747B-1024x1002.jpeg 1024w, https:\/\/gjeilo.no\/wp-content\/uploads\/2023\/03\/A395E371-4381-43C4-AB62-04C76127747B-300x294.jpeg 300w, https:\/\/gjeilo.no\/wp-content\/uploads\/2023\/03\/A395E371-4381-43C4-AB62-04C76127747B-768x752.jpeg 768w, https:\/\/gjeilo.no\/wp-content\/uploads\/2023\/03\/A395E371-4381-43C4-AB62-04C76127747B-1536x1504.jpeg 1536w, https:\/\/gjeilo.no\/wp-content\/uploads\/2023\/03\/A395E371-4381-43C4-AB62-04C76127747B-2048x2005.jpeg 2048w\" sizes=\"auto, (max-width: 1024px) 100vw, 1024px\" \/><\/a><figcaption class=\"wp-element-caption\">Fat og bolle som Tea og Frans fekk fr\u00e5 Alma og Magnar med inngraving p\u00e5 undersida.<br><\/figcaption><\/figure>\n\n\n\n<figure class=\"wp-block-image size-large\"><a href=\"https:\/\/gjeilo.no\/wp-content\/uploads\/2023\/03\/415875FC-65C8-4F6A-9D7A-BF97CD53634C-scaled.jpeg\"><img loading=\"lazy\" decoding=\"async\" width=\"1024\" height=\"1011\" src=\"https:\/\/gjeilo.no\/wp-content\/uploads\/2023\/03\/415875FC-65C8-4F6A-9D7A-BF97CD53634C-1024x1011.jpeg\" alt=\"\" class=\"wp-image-4133\" srcset=\"https:\/\/gjeilo.no\/wp-content\/uploads\/2023\/03\/415875FC-65C8-4F6A-9D7A-BF97CD53634C-1024x1011.jpeg 1024w, https:\/\/gjeilo.no\/wp-content\/uploads\/2023\/03\/415875FC-65C8-4F6A-9D7A-BF97CD53634C-300x296.jpeg 300w, https:\/\/gjeilo.no\/wp-content\/uploads\/2023\/03\/415875FC-65C8-4F6A-9D7A-BF97CD53634C-768x758.jpeg 768w, https:\/\/gjeilo.no\/wp-content\/uploads\/2023\/03\/415875FC-65C8-4F6A-9D7A-BF97CD53634C-1536x1516.jpeg 1536w, https:\/\/gjeilo.no\/wp-content\/uploads\/2023\/03\/415875FC-65C8-4F6A-9D7A-BF97CD53634C-2048x2021.jpeg 2048w\" sizes=\"auto, (max-width: 1024px) 100vw, 1024px\" \/><\/a><figcaption class=\"wp-element-caption\">Fat og bolle som Tea og Frans fekk fr\u00e5 Alma og Magnar med inngraving p\u00e5 undersida.<\/figcaption><\/figure>\n\n\n\n<figure class=\"wp-block-image size-large\"><a href=\"https:\/\/gjeilo.no\/wp-content\/uploads\/2022\/04\/BD839BF7-CDE2-4524-AED1-F724DFF121E3-scaled.jpeg\"><img loading=\"lazy\" decoding=\"async\" width=\"768\" height=\"1024\" src=\"https:\/\/gjeilo.no\/wp-content\/uploads\/2022\/04\/BD839BF7-CDE2-4524-AED1-F724DFF121E3-768x1024.jpeg\" alt=\"Tea sigrun marianne\" class=\"wp-image-2052\" srcset=\"https:\/\/gjeilo.no\/wp-content\/uploads\/2022\/04\/BD839BF7-CDE2-4524-AED1-F724DFF121E3-768x1024.jpeg 768w, https:\/\/gjeilo.no\/wp-content\/uploads\/2022\/04\/BD839BF7-CDE2-4524-AED1-F724DFF121E3-225x300.jpeg 225w, https:\/\/gjeilo.no\/wp-content\/uploads\/2022\/04\/BD839BF7-CDE2-4524-AED1-F724DFF121E3-1152x1536.jpeg 1152w, https:\/\/gjeilo.no\/wp-content\/uploads\/2022\/04\/BD839BF7-CDE2-4524-AED1-F724DFF121E3-1536x2048.jpeg 1536w, https:\/\/gjeilo.no\/wp-content\/uploads\/2022\/04\/BD839BF7-CDE2-4524-AED1-F724DFF121E3-scaled.jpeg 1920w\" sizes=\"auto, (max-width: 768px) 100vw, 768px\" \/><\/a><figcaption class=\"wp-element-caption\">Fotoalbum etter Anna Teigen.<\/figcaption><\/figure>\n\n\n\n<figure class=\"wp-block-image size-large\"><a href=\"https:\/\/gjeilo.no\/wp-content\/uploads\/2022\/02\/Bilde-09.02.2022-18-13-31.jpg\"><img loading=\"lazy\" decoding=\"async\" width=\"892\" height=\"1024\" src=\"https:\/\/gjeilo.no\/wp-content\/uploads\/2022\/02\/Bilde-09.02.2022-18-13-31-892x1024.jpg\" alt=\"\" class=\"wp-image-1863\" srcset=\"https:\/\/gjeilo.no\/wp-content\/uploads\/2022\/02\/Bilde-09.02.2022-18-13-31-892x1024.jpg 892w, https:\/\/gjeilo.no\/wp-content\/uploads\/2022\/02\/Bilde-09.02.2022-18-13-31-261x300.jpg 261w, https:\/\/gjeilo.no\/wp-content\/uploads\/2022\/02\/Bilde-09.02.2022-18-13-31-768x882.jpg 768w, https:\/\/gjeilo.no\/wp-content\/uploads\/2022\/02\/Bilde-09.02.2022-18-13-31-1338x1536.jpg 1338w, https:\/\/gjeilo.no\/wp-content\/uploads\/2022\/02\/Bilde-09.02.2022-18-13-31.jpg 1654w\" sizes=\"auto, (max-width: 892px) 100vw, 892px\" \/><\/a><figcaption class=\"wp-element-caption\">Maria og Marianne, dotter til Alma og Magnar, i Prestgarden. <\/figcaption><\/figure>\n\n\n\n<figure class=\"wp-block-image size-large\"><a href=\"https:\/\/gjeilo.no\/wp-content\/uploads\/2022\/02\/Bilde-09.02.2022-18-13-21.jpg\"><img loading=\"lazy\" decoding=\"async\" width=\"1024\" height=\"709\" src=\"https:\/\/gjeilo.no\/wp-content\/uploads\/2022\/02\/Bilde-09.02.2022-18-13-21-1024x709.jpg\" alt=\"\" class=\"wp-image-1864\" srcset=\"https:\/\/gjeilo.no\/wp-content\/uploads\/2022\/02\/Bilde-09.02.2022-18-13-21-1024x709.jpg 1024w, https:\/\/gjeilo.no\/wp-content\/uploads\/2022\/02\/Bilde-09.02.2022-18-13-21-300x208.jpg 300w, https:\/\/gjeilo.no\/wp-content\/uploads\/2022\/02\/Bilde-09.02.2022-18-13-21-768x532.jpg 768w, https:\/\/gjeilo.no\/wp-content\/uploads\/2022\/02\/Bilde-09.02.2022-18-13-21-1536x1064.jpg 1536w, https:\/\/gjeilo.no\/wp-content\/uploads\/2022\/02\/Bilde-09.02.2022-18-13-21-2048x1419.jpg 2048w\" sizes=\"auto, (max-width: 1024px) 100vw, 1024px\" \/><\/a><figcaption class=\"wp-element-caption\">Maria og Marianne, dotter til Alma og Magnar, i Prestgarden.\n<\/figcaption><\/figure>\n\n\n\n<figure class=\"wp-block-image size-large\"><a href=\"https:\/\/gjeilo.no\/wp-content\/uploads\/2023\/03\/5542E7BF-D7F5-45FD-A3D2-87A22AADD2DC-scaled.jpeg\"><img loading=\"lazy\" decoding=\"async\" width=\"654\" height=\"1024\" src=\"https:\/\/gjeilo.no\/wp-content\/uploads\/2023\/03\/5542E7BF-D7F5-45FD-A3D2-87A22AADD2DC-654x1024.jpeg\" alt=\"\" class=\"wp-image-4100\" srcset=\"https:\/\/gjeilo.no\/wp-content\/uploads\/2023\/03\/5542E7BF-D7F5-45FD-A3D2-87A22AADD2DC-654x1024.jpeg 654w, https:\/\/gjeilo.no\/wp-content\/uploads\/2023\/03\/5542E7BF-D7F5-45FD-A3D2-87A22AADD2DC-192x300.jpeg 192w, https:\/\/gjeilo.no\/wp-content\/uploads\/2023\/03\/5542E7BF-D7F5-45FD-A3D2-87A22AADD2DC-768x1202.jpeg 768w, https:\/\/gjeilo.no\/wp-content\/uploads\/2023\/03\/5542E7BF-D7F5-45FD-A3D2-87A22AADD2DC-981x1536.jpeg 981w, https:\/\/gjeilo.no\/wp-content\/uploads\/2023\/03\/5542E7BF-D7F5-45FD-A3D2-87A22AADD2DC-1308x2048.jpeg 1308w, https:\/\/gjeilo.no\/wp-content\/uploads\/2023\/03\/5542E7BF-D7F5-45FD-A3D2-87A22AADD2DC-scaled.jpeg 1635w\" sizes=\"auto, (max-width: 654px) 100vw, 654px\" \/><\/a><figcaption class=\"wp-element-caption\">Salmar ved gravferda til Marianne M. \u00d8yjordet.<\/figcaption><\/figure>\n\n\n\n<figure class=\"wp-block-image size-large\"><a href=\"https:\/\/gjeilo.no\/wp-content\/uploads\/2023\/01\/IMG_2623-scaled.jpg\"><img loading=\"lazy\" decoding=\"async\" width=\"1024\" height=\"577\" src=\"https:\/\/gjeilo.no\/wp-content\/uploads\/2023\/01\/IMG_2623-1024x577.jpg\" alt=\"\" class=\"wp-image-2260\" srcset=\"https:\/\/gjeilo.no\/wp-content\/uploads\/2023\/01\/IMG_2623-1024x577.jpg 1024w, https:\/\/gjeilo.no\/wp-content\/uploads\/2023\/01\/IMG_2623-300x169.jpg 300w, https:\/\/gjeilo.no\/wp-content\/uploads\/2023\/01\/IMG_2623-768x433.jpg 768w, https:\/\/gjeilo.no\/wp-content\/uploads\/2023\/01\/IMG_2623-1536x865.jpg 1536w, https:\/\/gjeilo.no\/wp-content\/uploads\/2023\/01\/IMG_2623-2048x1154.jpg 2048w\" sizes=\"auto, (max-width: 1024px) 100vw, 1024px\" \/><\/a><\/figure>\n\n\n\n<figure class=\"wp-block-image size-large\"><a href=\"https:\/\/gjeilo.no\/wp-content\/uploads\/2023\/03\/marianne-grafstotte.png\"><img loading=\"lazy\" decoding=\"async\" width=\"1024\" height=\"703\" src=\"https:\/\/gjeilo.no\/wp-content\/uploads\/2023\/03\/marianne-grafstotte-1024x703.png\" alt=\"\" class=\"wp-image-4084\" srcset=\"https:\/\/gjeilo.no\/wp-content\/uploads\/2023\/03\/marianne-grafstotte-1024x703.png 1024w, https:\/\/gjeilo.no\/wp-content\/uploads\/2023\/03\/marianne-grafstotte-300x206.png 300w, https:\/\/gjeilo.no\/wp-content\/uploads\/2023\/03\/marianne-grafstotte-768x527.png 768w, https:\/\/gjeilo.no\/wp-content\/uploads\/2023\/03\/marianne-grafstotte-1536x1055.png 1536w, https:\/\/gjeilo.no\/wp-content\/uploads\/2023\/03\/marianne-grafstotte-2048x1406.png 2048w\" sizes=\"auto, (max-width: 1024px) 100vw, 1024px\" \/><\/a><\/figure>\n\n\n<div class=\"wp-block-image\">\n<figure class=\"aligncenter size-large\"><a href=\"https:\/\/gjeilo.no\/wp-content\/uploads\/2023\/01\/IMG_2620.jpg\"><img loading=\"lazy\" decoding=\"async\" width=\"1024\" height=\"860\" src=\"https:\/\/gjeilo.no\/wp-content\/uploads\/2023\/01\/IMG_2620-1024x860.jpg\" alt=\"\" class=\"wp-image-2254\" srcset=\"https:\/\/gjeilo.no\/wp-content\/uploads\/2023\/01\/IMG_2620-1024x860.jpg 1024w, https:\/\/gjeilo.no\/wp-content\/uploads\/2023\/01\/IMG_2620-300x252.jpg 300w, https:\/\/gjeilo.no\/wp-content\/uploads\/2023\/01\/IMG_2620-768x645.jpg 768w, https:\/\/gjeilo.no\/wp-content\/uploads\/2023\/01\/IMG_2620-1536x1290.jpg 1536w, https:\/\/gjeilo.no\/wp-content\/uploads\/2023\/01\/IMG_2620-2048x1719.jpg 2048w\" sizes=\"auto, (max-width: 1024px) 100vw, 1024px\" \/><\/a><figcaption class=\"wp-element-caption\">Magnar i ungdomen. Bilde etter bestemor Maria via Jorunn L.<\/figcaption><\/figure><\/div>\n\n\n<figure class=\"wp-block-image size-large\"><a href=\"https:\/\/gjeilo.no\/wp-content\/uploads\/2022\/03\/Innskanning-0b.jpg\"><img loading=\"lazy\" decoding=\"async\" width=\"1024\" height=\"688\" src=\"https:\/\/gjeilo.no\/wp-content\/uploads\/2022\/03\/Innskanning-0b-1024x688.jpg\" alt=\"\" class=\"wp-image-1933\" srcset=\"https:\/\/gjeilo.no\/wp-content\/uploads\/2022\/03\/Innskanning-0b-1024x688.jpg 1024w, https:\/\/gjeilo.no\/wp-content\/uploads\/2022\/03\/Innskanning-0b-300x201.jpg 300w, https:\/\/gjeilo.no\/wp-content\/uploads\/2022\/03\/Innskanning-0b-768x516.jpg 768w, https:\/\/gjeilo.no\/wp-content\/uploads\/2022\/03\/Innskanning-0b-1536x1031.jpg 1536w, https:\/\/gjeilo.no\/wp-content\/uploads\/2022\/03\/Innskanning-0b-2048x1375.jpg 2048w\" sizes=\"auto, (max-width: 1024px) 100vw, 1024px\" \/><\/a><figcaption class=\"wp-element-caption\">Tea til venstre saman med Alma \u00d8yjordet, Maria og Jo. Borna er Bj\u00f8rn, Maria, Margot og Jon \u00d8yjordet, borna til Ola. Ved stugu i Graffershaugen rundt 1950. <\/figcaption><\/figure>\n\n\n\n<p>Magnar, f. 15. sep 1922, g med Alma Djuvstad, f 7. mars 1928<br>Born: Marianne f. 1950 d. 1957. Marianne gjekk bort som sju\u00e5ring i drukningsulykke i Gjendebu.<\/p>\n\n\n\n<p>Syskjenflokken:<br>1. Ola,&nbsp; f. 5\/12 1916, d. 13\/9 2002 gift med Magnhild Brenna, f. 27. juni 1919. (<a rel=\"noreferrer noopener\" href=\"https:\/\/digitaltmuseum.no\/021017449589\/snikkarskule-i-lom\" target=\"_blank\">foto digitalmuseum.no<\/a>)<br>2. Oddmund,&nbsp; f. 20\/10 1919, d. 5\/7 1996, gift med Selma Vole, f. 17. juli 1919. (<a rel=\"noreferrer noopener\" href=\"https:\/\/digitaltmuseum.no\/021016918328\/oddmund-oyjordet\" target=\"_blank\">foto digitalmuseum.no<\/a>) <a rel=\"noreferrer noopener\" href=\"https:\/\/digitaltmuseum.no\/021016919255\/brudeparet-odmund-oyjordet-og-selma-oyjordet-f-vole-bak-anna-teigen-og\" target=\"_blank\">(foto digitalmuseum.no)<\/a><br>3. <a href=\"https:\/\/gjeilo.no\/?page_id=2248\">Magnar<\/a>, f. 15\/9 1922, d. 17\/8 1997, gift med Alma Juvstad, f, 7\/3 1928.<br>4. Anna,&nbsp; f. 22\/7 1925, gift med Knut Teigen, f. 27\/12 1924. <a rel=\"noreferrer noopener\" href=\"https:\/\/digitaltmuseum.no\/021016919255\/brudeparet-odmund-oyjordet-og-selma-oyjordet-f-vole-bak-anna-teigen-og\" target=\"_blank\">(foto digitalmuseum.no)<\/a><br>5. Reidar, f 15\/3 1927, d. 25\/2 2017, gift med R\u00f8nnaug Sveinhaug, f. 6\/7 1927. (<a rel=\"noreferrer noopener\" href=\"https:\/\/digitaltmuseum.no\/021016882194\/reidar-oyjordet\" target=\"_blank\">foto digitalmuseum.no<\/a>)<br>6. Trygve, f. 12\/8 1928, d. 26\/12 1996, gift med Signe Sveinhaug, f. 15\/12 1932.<br>7. Jarnfrid, f. 3\/8 1930, d. 16\/1 2022, gift med Magne Glimsdal, f. 14\/3 1927.<br>8. M\u00e5lfrid, f. 3\/8 1930, d. 8\/2 2018 gift med Kristen Fyrun, f. 13\/4 1931.<br>9. Ragnar, f. 18\/3 1932, gift med Julie Flatmo, f. 24\/6 1936.<br>10. <a href=\"https:\/\/gjeilo.no\/?page_id=22\">Thea<\/a> f. 9\/5 1935, gift med Frans Gjeilo, f. 30\/9 1923.<\/p>\n","protected":false},"excerpt":{"rendered":"<p>27. september 1950 &#8211; 25. juli 1957 Marianne \u00d8yjordet vart berre seks \u00e5r gamal. Ho var einaste barnet til Alma og Magnar \u00d8yjordet. Familien budde i 1957 i andre etasje p\u00e5 Otta Stasjon. Magnar var ekspedit\u00f8r for OKB og Alma arbeidde i Gjendebu om sommaren. Marianne var med Alma, mykje for \u00e5 kome bort fr\u00e5 &hellip; <a href=\"https:\/\/gjeilo.no\/?page_id=2248\" class=\"more-link\">Fortsett \u00e5 lese <span class=\"screen-reader-text\">Minneside Marianne \u00d8yjordet<\/span><\/a><\/p>\n","protected":false},"author":2,"featured_media":0,"parent":0,"menu_order":0,"comment_status":"closed","ping_status":"closed","template":"","meta":{"footnotes":""},"class_list":["post-2248","page","type-page","status-publish","hentry"],"yoast_head":"<!-- This site is optimized with the Yoast SEO plugin v26.0 - https:\/\/yoast.com\/wordpress\/plugins\/seo\/ -->\n<title>Minneside Marianne \u00d8yjordet - Slektskap<\/title>\n<meta name=\"robots\" content=\"index, follow, max-snippet:-1, max-image-preview:large, max-video-preview:-1\" \/>\n<link rel=\"canonical\" href=\"https:\/\/gjeilo.no\/?page_id=2248\" \/>\n<meta property=\"og:locale\" content=\"nb_NO\" \/>\n<meta property=\"og:type\" content=\"article\" \/>\n<meta property=\"og:title\" content=\"Minneside Marianne \u00d8yjordet - Slektskap\" \/>\n<meta property=\"og:description\" content=\"27. september 1950 &#8211; 25. juli 1957 Marianne \u00d8yjordet vart berre seks \u00e5r gamal. Ho var einaste barnet til Alma og Magnar \u00d8yjordet. Familien budde i 1957 i andre etasje p\u00e5 Otta Stasjon. Magnar var ekspedit\u00f8r for OKB og Alma arbeidde i Gjendebu om sommaren. Marianne var med Alma, mykje for \u00e5 kome bort fr\u00e5 &hellip; Fortsett \u00e5 lese Minneside Marianne \u00d8yjordet\" \/>\n<meta property=\"og:url\" content=\"https:\/\/gjeilo.no\/?page_id=2248\" \/>\n<meta property=\"og:site_name\" content=\"Slektskap\" \/>\n<meta property=\"article:modified_time\" content=\"2026-02-23T17:54:09+00:00\" \/>\n<meta property=\"og:image\" content=\"https:\/\/gjeilo.no\/wp-content\/uploads\/2023\/03\/marianne-gjendebu-1024x518.png\" \/>\n\t<meta property=\"og:image:width\" content=\"1024\" \/>\n\t<meta property=\"og:image:height\" content=\"518\" \/>\n\t<meta property=\"og:image:type\" content=\"image\/png\" \/>\n<meta name=\"twitter:card\" content=\"summary_large_image\" \/>\n<meta name=\"twitter:label1\" content=\"Ansl. lesetid\" \/>\n\t<meta name=\"twitter:data1\" content=\"10 minutter\" \/>\n<script type=\"application\/ld+json\" class=\"yoast-schema-graph\">{\"@context\":\"https:\/\/schema.org\",\"@graph\":[{\"@type\":\"WebPage\",\"@id\":\"https:\/\/gjeilo.no\/?page_id=2248\",\"url\":\"https:\/\/gjeilo.no\/?page_id=2248\",\"name\":\"Minneside Marianne \u00d8yjordet - Slektskap\",\"isPartOf\":{\"@id\":\"https:\/\/gjeilo.no\/#website\"},\"primaryImageOfPage\":{\"@id\":\"https:\/\/gjeilo.no\/?page_id=2248#primaryimage\"},\"image\":{\"@id\":\"https:\/\/gjeilo.no\/?page_id=2248#primaryimage\"},\"thumbnailUrl\":\"https:\/\/gjeilo.no\/wp-content\/uploads\/2023\/03\/marianne-gjendebu-1024x518.png\",\"datePublished\":\"2023-01-11T16:45:29+00:00\",\"dateModified\":\"2026-02-23T17:54:09+00:00\",\"breadcrumb\":{\"@id\":\"https:\/\/gjeilo.no\/?page_id=2248#breadcrumb\"},\"inLanguage\":\"nb-NO\",\"potentialAction\":[{\"@type\":\"ReadAction\",\"target\":[\"https:\/\/gjeilo.no\/?page_id=2248\"]}]},{\"@type\":\"ImageObject\",\"inLanguage\":\"nb-NO\",\"@id\":\"https:\/\/gjeilo.no\/?page_id=2248#primaryimage\",\"url\":\"https:\/\/gjeilo.no\/wp-content\/uploads\/2023\/03\/marianne-gjendebu.png\",\"contentUrl\":\"https:\/\/gjeilo.no\/wp-content\/uploads\/2023\/03\/marianne-gjendebu.png\",\"width\":4082,\"height\":2066},{\"@type\":\"BreadcrumbList\",\"@id\":\"https:\/\/gjeilo.no\/?page_id=2248#breadcrumb\",\"itemListElement\":[{\"@type\":\"ListItem\",\"position\":1,\"name\":\"Hjem\",\"item\":\"https:\/\/gjeilo.no\/\"},{\"@type\":\"ListItem\",\"position\":2,\"name\":\"Minneside Marianne \u00d8yjordet\"}]},{\"@type\":\"WebSite\",\"@id\":\"https:\/\/gjeilo.no\/#website\",\"url\":\"https:\/\/gjeilo.no\/\",\"name\":\"Slektskap\",\"description\":\"\",\"potentialAction\":[{\"@type\":\"SearchAction\",\"target\":{\"@type\":\"EntryPoint\",\"urlTemplate\":\"https:\/\/gjeilo.no\/?s={search_term_string}\"},\"query-input\":{\"@type\":\"PropertyValueSpecification\",\"valueRequired\":true,\"valueName\":\"search_term_string\"}}],\"inLanguage\":\"nb-NO\"}]}<\/script>\n<!-- \/ Yoast SEO plugin. -->","yoast_head_json":{"title":"Minneside Marianne \u00d8yjordet - Slektskap","robots":{"index":"index","follow":"follow","max-snippet":"max-snippet:-1","max-image-preview":"max-image-preview:large","max-video-preview":"max-video-preview:-1"},"canonical":"https:\/\/gjeilo.no\/?page_id=2248","og_locale":"nb_NO","og_type":"article","og_title":"Minneside Marianne \u00d8yjordet - Slektskap","og_description":"27. september 1950 &#8211; 25. juli 1957 Marianne \u00d8yjordet vart berre seks \u00e5r gamal. Ho var einaste barnet til Alma og Magnar \u00d8yjordet. Familien budde i 1957 i andre etasje p\u00e5 Otta Stasjon. Magnar var ekspedit\u00f8r for OKB og Alma arbeidde i Gjendebu om sommaren. Marianne var med Alma, mykje for \u00e5 kome bort fr\u00e5 &hellip; Fortsett \u00e5 lese Minneside Marianne \u00d8yjordet","og_url":"https:\/\/gjeilo.no\/?page_id=2248","og_site_name":"Slektskap","article_modified_time":"2026-02-23T17:54:09+00:00","og_image":[{"width":1024,"height":518,"url":"https:\/\/gjeilo.no\/wp-content\/uploads\/2023\/03\/marianne-gjendebu-1024x518.png","type":"image\/png"}],"twitter_card":"summary_large_image","twitter_misc":{"Ansl. lesetid":"10 minutter"},"schema":{"@context":"https:\/\/schema.org","@graph":[{"@type":"WebPage","@id":"https:\/\/gjeilo.no\/?page_id=2248","url":"https:\/\/gjeilo.no\/?page_id=2248","name":"Minneside Marianne \u00d8yjordet - Slektskap","isPartOf":{"@id":"https:\/\/gjeilo.no\/#website"},"primaryImageOfPage":{"@id":"https:\/\/gjeilo.no\/?page_id=2248#primaryimage"},"image":{"@id":"https:\/\/gjeilo.no\/?page_id=2248#primaryimage"},"thumbnailUrl":"https:\/\/gjeilo.no\/wp-content\/uploads\/2023\/03\/marianne-gjendebu-1024x518.png","datePublished":"2023-01-11T16:45:29+00:00","dateModified":"2026-02-23T17:54:09+00:00","breadcrumb":{"@id":"https:\/\/gjeilo.no\/?page_id=2248#breadcrumb"},"inLanguage":"nb-NO","potentialAction":[{"@type":"ReadAction","target":["https:\/\/gjeilo.no\/?page_id=2248"]}]},{"@type":"ImageObject","inLanguage":"nb-NO","@id":"https:\/\/gjeilo.no\/?page_id=2248#primaryimage","url":"https:\/\/gjeilo.no\/wp-content\/uploads\/2023\/03\/marianne-gjendebu.png","contentUrl":"https:\/\/gjeilo.no\/wp-content\/uploads\/2023\/03\/marianne-gjendebu.png","width":4082,"height":2066},{"@type":"BreadcrumbList","@id":"https:\/\/gjeilo.no\/?page_id=2248#breadcrumb","itemListElement":[{"@type":"ListItem","position":1,"name":"Hjem","item":"https:\/\/gjeilo.no\/"},{"@type":"ListItem","position":2,"name":"Minneside Marianne \u00d8yjordet"}]},{"@type":"WebSite","@id":"https:\/\/gjeilo.no\/#website","url":"https:\/\/gjeilo.no\/","name":"Slektskap","description":"","potentialAction":[{"@type":"SearchAction","target":{"@type":"EntryPoint","urlTemplate":"https:\/\/gjeilo.no\/?s={search_term_string}"},"query-input":{"@type":"PropertyValueSpecification","valueRequired":true,"valueName":"search_term_string"}}],"inLanguage":"nb-NO"}]}},"_links":{"self":[{"href":"https:\/\/gjeilo.no\/index.php?rest_route=\/wp\/v2\/pages\/2248","targetHints":{"allow":["GET"]}}],"collection":[{"href":"https:\/\/gjeilo.no\/index.php?rest_route=\/wp\/v2\/pages"}],"about":[{"href":"https:\/\/gjeilo.no\/index.php?rest_route=\/wp\/v2\/types\/page"}],"author":[{"embeddable":true,"href":"https:\/\/gjeilo.no\/index.php?rest_route=\/wp\/v2\/users\/2"}],"replies":[{"embeddable":true,"href":"https:\/\/gjeilo.no\/index.php?rest_route=%2Fwp%2Fv2%2Fcomments&post=2248"}],"version-history":[{"count":70,"href":"https:\/\/gjeilo.no\/index.php?rest_route=\/wp\/v2\/pages\/2248\/revisions"}],"predecessor-version":[{"id":6440,"href":"https:\/\/gjeilo.no\/index.php?rest_route=\/wp\/v2\/pages\/2248\/revisions\/6440"}],"wp:attachment":[{"href":"https:\/\/gjeilo.no\/index.php?rest_route=%2Fwp%2Fv2%2Fmedia&parent=2248"}],"curies":[{"name":"wp","href":"https:\/\/api.w.org\/{rel}","templated":true}]}}