{"id":191,"date":"2015-09-01T09:30:22","date_gmt":"2015-09-01T09:30:22","guid":{"rendered":"https:\/\/gjeilo.no\/?page_id=191"},"modified":"2026-03-20T15:11:47","modified_gmt":"2026-03-20T15:11:47","slug":"torstein-molokken","status":"publish","type":"page","link":"https:\/\/gjeilo.no\/?page_id=191","title":{"rendered":"Torstein Mol\u00f8kken"},"content":{"rendered":"<p><a href=\"https:\/\/gjeilo.no\/wp-content\/uploads\/2023\/02\/Bilde-09.02.2022-17-52-56-scaled-1.jpg\"><img loading=\"lazy\" decoding=\"async\" class=\"size-full wp-image-3056\" src=\"https:\/\/gjeilo.no\/wp-content\/uploads\/2023\/02\/Bilde-09.02.2022-17-52-56-scaled-1.jpg\" alt=\"\" width=\"579\" height=\"683\" srcset=\"https:\/\/gjeilo.no\/wp-content\/uploads\/2023\/02\/Bilde-09.02.2022-17-52-56-scaled-1.jpg 579w, https:\/\/gjeilo.no\/wp-content\/uploads\/2023\/02\/Bilde-09.02.2022-17-52-56-scaled-1-254x300.jpg 254w\" sizes=\"auto, (max-width: 579px) 100vw, 579px\" \/><\/a><\/p>\n<p><a href=\"https:\/\/gjeilo.no\/?page_id=6633\">Torstein Johannesson Mol\u00f8kken<\/a> (Kollakj\u00f8rren, Haugtr\u00e6det)<br \/>F\u00f8dd den 20\/5 1837<br \/>Gift med <a href=\"https:\/\/gjeilo.no\/?page_id=6633\">Maria Olsdotter Kollakj\u00f8rren (Anne Marie)<\/a> <a href=\"https:\/\/www.geni.com\/people\/Maria-Mol%C3%B8kken-Anne-Marie\/6000000010381989770\" target=\"_blank\" rel=\"noopener\"><strong>Geni<\/strong><\/a><br \/>Mor: Anne Antonsdotter Haugtr\u00e6det (Graffersh\u00e5g\u00e5) (1792-1881)<br \/>Far: Johannes Tj\u00f8stolfsson Kollakj\u00f8rren (Vesle\u00f8yen?)\u00a0 <a href=\"https:\/\/www.geni.com\/people\/Johannes-Kollakj%C3%B8rren\/6000000021453971209\" target=\"_blank\" rel=\"noopener noreferrer\">geni.com<\/a><br \/>Born: <a title=\"Anne Mol\u00f8kken (Molykkjun)\" href=\"https:\/\/gjeilo.no\/?page_id=177\">Anne Torsteinsdotter Mol\u00f8kken<\/a> (9\/4 1864 &#8211; 12\/4 1944) g.m. Ola Haugtr\u00e6det.<br \/>Ola Molykkjun (spelemann) f. 21\/12 1871<\/p>\n<p>Syskjen: Namn (jenter med giftenamn), f\u00f8dselsdato og \u00e5r.<\/p>\n<p>Kjelder: Stamtavle M. H\u00f8g\u00e5sen<\/p>\n<p><a href=\"https:\/\/gjeilo.no\"><img loading=\"lazy\" decoding=\"async\" class=\"alignnone  wp-image-6142\" src=\"https:\/\/gjeilo.no\/wp-content\/uploads\/2024\/11\/dor-100-DPI-1.png\" alt=\"\" width=\"89\" height=\"15\" \/><\/a><\/p>\n<pre><a href=\"http:\/\/www.geni.com\/people\/Torstein-Mol%C3%B8kken\/6000000010381419181\" target=\"_blank\" rel=\"noopener noreferrer\"><em>Geni.com<\/em><\/a><em>:<time id=\"birth_date\" datetime=\"1837-05-20\">\nF\u00f8destad: Graffereiet, Lom, Oppland.\nD\u00f8d:\nS\u00f8nn av: <a class=\"tipped-tip-added\" draggable=\"false\" href=\"https:\/\/www.geni.com\/people\/Johannes-Kollakj%C3%B8rren\/6000000021453971209\" data-offset-x=\"-10\" data-offset-y=\"-10\" data-position=\"topleft\" data-profile-id=\"6000000021453971209\" data-remote-data=\"\/profile\/hovercard\" data-remote-params=\"{id:6000000021453971209}\" data-show-delay=\"800\" data-skin=\"hovercard\" data-template=\"hover.profile\">Johannes Tj\u00f8stolfsson Kollakj\u00f8rren<\/a>\u00a0og\u00a0<a class=\"tipped-tip-added\" draggable=\"false\" href=\"https:\/\/www.geni.com\/people\/Anne-Kollakj%C3%B8rren\/6000000021454489892\" data-offset-x=\"-10\" data-offset-y=\"-10\" data-position=\"topleft\" data-profile-id=\"6000000021454489892\" data-remote-data=\"\/profile\/hovercard\" data-remote-params=\"{id:6000000021454489892}\" data-show-delay=\"800\" data-skin=\"hovercard\" data-template=\"hover.profile\">Anne Antonsdotter Kollakj\u00f8rren<\/a>\nEktemannen til\u00a0<a class=\"tipped-tip-added\" draggable=\"false\" href=\"https:\/\/www.geni.com\/people\/Maria-Mol%C3%B8kken-Anne-Marie\/6000000010381989770\" data-offset-x=\"-10\" data-offset-y=\"-10\" data-position=\"topleft\" data-profile-id=\"6000000010381989770\" data-remote-data=\"\/profile\/hovercard\" data-remote-params=\"{id:6000000010381989770}\" data-show-delay=\"800\" data-skin=\"hovercard\" data-template=\"hover.profile\">Maria Olsdotter Mol\u00f8kken, (Anne Marie)<\/a>\nFar til\u00a0<a class=\"tipped-tip-added\" draggable=\"false\" href=\"https:\/\/www.geni.com\/people\/Anne-Haugtr%C3%A6det\/6000000011236684569\" data-offset-x=\"-10\" data-offset-y=\"-10\" data-position=\"topleft\" data-profile-id=\"6000000011236684569\" data-remote-data=\"\/profile\/hovercard\" data-remote-params=\"{id:6000000011236684569}\" data-show-delay=\"800\" data-skin=\"hovercard\" data-template=\"hover.profile\">Anne Torsteinsdotter Haugtr\u00e6det<\/a>\u00a0og\u00a0<a class=\"tipped-tip-added\" draggable=\"false\" href=\"https:\/\/www.geni.com\/people\/Ola-Mol%C3%B8kken\/6000000005442862461\" data-offset-x=\"-10\" data-offset-y=\"-10\" data-position=\"topleft\" data-profile-id=\"6000000005442862461\" data-remote-data=\"\/profile\/hovercard\" data-remote-params=\"{id:6000000005442862461}\" data-show-delay=\"800\" data-skin=\"hovercard\" data-template=\"hover.profile\">Ola Torsteinsson Mol\u00f8kken<\/a>\nBror av\u00a0<a class=\"tipped-tip-added\" draggable=\"false\" href=\"https:\/\/www.geni.com\/people\/Tj%C3%B8stolv-Kollakj%C3%B8rren\/6000000054618221881\" data-offset-x=\"-10\" data-offset-y=\"-10\" data-position=\"topleft\" data-profile-id=\"6000000054618221881\" data-remote-data=\"\/profile\/hovercard\" data-remote-params=\"{id:6000000054618221881}\" data-show-delay=\"800\" data-skin=\"hovercard\" data-template=\"hover.profile\">Tj\u00f8stolv Johannesson Kollakj\u00f8rren<\/a>;\u00a0<a class=\"tipped-tip-added\" draggable=\"false\" href=\"https:\/\/www.geni.com\/people\/Antonis-Kollakj%C3%B8rren\/6000000054617962128\" data-offset-x=\"-10\" data-offset-y=\"-10\" data-position=\"topleft\" data-profile-id=\"6000000054617962128\" data-remote-data=\"\/profile\/hovercard\" data-remote-params=\"{id:6000000054617962128}\" data-show-delay=\"800\" data-skin=\"hovercard\" data-template=\"hover.profile\">Antonis Johannesson Kollakj\u00f8rren<\/a>;\u00a0<a class=\"tipped-tip-added\" draggable=\"false\" href=\"https:\/\/www.geni.com\/people\/Hans-B%C3%A6kken\/6000000050081939829\" data-offset-x=\"-10\" data-offset-y=\"-10\" data-position=\"topleft\" data-profile-id=\"6000000050081939829\" data-remote-data=\"\/profile\/hovercard\" data-remote-params=\"{id:6000000050081939829}\" data-show-delay=\"800\" data-skin=\"hovercard\" data-template=\"hover.profile\">Hans Johannessen B\u00e6kken<\/a>;\u00a0<a class=\"tipped-tip-added\" draggable=\"false\" href=\"https:\/\/www.geni.com\/people\/Embj%C3%B8rg-Kollakj%C3%B8rren\/6000000054618577840\" data-offset-x=\"-10\" data-offset-y=\"-10\" data-position=\"topleft\" data-profile-id=\"6000000054618577840\" data-remote-data=\"\/profile\/hovercard\" data-remote-params=\"{id:6000000054618577840}\" data-show-delay=\"800\" data-skin=\"hovercard\" data-template=\"hover.profile\">Embj\u00f8rg Johannesdotter Kollakj\u00f8rren<\/a>\u00a0og\u00a0<a class=\"tipped-tip-added\" draggable=\"false\" href=\"https:\/\/www.geni.com\/people\/Johannes-Kollakj%C3%B8rren\/6000000054618427016\" data-offset-x=\"-10\" data-offset-y=\"-10\" data-position=\"topleft\" data-profile-id=\"6000000054618427016\" data-remote-data=\"\/profile\/hovercard\" data-remote-params=\"{id:6000000054618427016}\" data-show-delay=\"800\" data-skin=\"hovercard\" data-template=\"hover.profile\">Johannes Johannesson Kollakj\u00f8rren<\/a>\nHalf brother of\u00a0<a class=\"tipped-tip-added\" draggable=\"false\" href=\"https:\/\/www.geni.com\/people\/Ole-Sveinehaugen\/6000000054618100022\" data-offset-x=\"-10\" data-offset-y=\"-10\" data-position=\"topleft\" data-profile-id=\"6000000054618100022\" data-remote-data=\"\/profile\/hovercard\" data-remote-params=\"{id:6000000054618100022}\" data-show-delay=\"800\" data-skin=\"hovercard\" data-template=\"hover.profile\">Ole Johannesson Sveinehaugen<\/a><\/time><\/em><\/pre>\n\n\n<figure class=\"wp-block-image size-large\"><a href=\"https:\/\/gjeilo.no\/wp-content\/uploads\/2022\/02\/Bilde-09.02.2022-17-52-56-scaled.jpg\"><img loading=\"lazy\" decoding=\"async\" width=\"768\" height=\"1024\" src=\"https:\/\/gjeilo.no\/wp-content\/uploads\/2022\/02\/Bilde-09.02.2022-17-52-56-768x1024.jpg\" alt=\"\" class=\"wp-image-1880\" srcset=\"https:\/\/gjeilo.no\/wp-content\/uploads\/2022\/02\/Bilde-09.02.2022-17-52-56-768x1024.jpg 768w, https:\/\/gjeilo.no\/wp-content\/uploads\/2022\/02\/Bilde-09.02.2022-17-52-56-225x300.jpg 225w, https:\/\/gjeilo.no\/wp-content\/uploads\/2022\/02\/Bilde-09.02.2022-17-52-56-1152x1536.jpg 1152w, https:\/\/gjeilo.no\/wp-content\/uploads\/2022\/02\/Bilde-09.02.2022-17-52-56-1536x2048.jpg 1536w, https:\/\/gjeilo.no\/wp-content\/uploads\/2022\/02\/Bilde-09.02.2022-17-52-56-scaled.jpg 1920w\" sizes=\"auto, (max-width: 768px) 100vw, 768px\" \/><\/a><figcaption class=\"wp-element-caption\">Torstein Mol\u00f8kken<\/figcaption><\/figure>\n\n\n\n<figure class=\"wp-block-image size-large\"><a href=\"https:\/\/gjeilo.no\/wp-content\/uploads\/2022\/02\/Bilde-09.02.2022-17-57-40.jpg\"><img loading=\"lazy\" decoding=\"async\" width=\"836\" height=\"1024\" src=\"https:\/\/gjeilo.no\/wp-content\/uploads\/2022\/02\/Bilde-09.02.2022-17-57-40-836x1024.jpg\" alt=\"\" class=\"wp-image-1872\" srcset=\"https:\/\/gjeilo.no\/wp-content\/uploads\/2022\/02\/Bilde-09.02.2022-17-57-40-836x1024.jpg 836w, https:\/\/gjeilo.no\/wp-content\/uploads\/2022\/02\/Bilde-09.02.2022-17-57-40-245x300.jpg 245w, https:\/\/gjeilo.no\/wp-content\/uploads\/2022\/02\/Bilde-09.02.2022-17-57-40-768x941.jpg 768w, https:\/\/gjeilo.no\/wp-content\/uploads\/2022\/02\/Bilde-09.02.2022-17-57-40-1253x1536.jpg 1253w, https:\/\/gjeilo.no\/wp-content\/uploads\/2022\/02\/Bilde-09.02.2022-17-57-40.jpg 1619w\" sizes=\"auto, (max-width: 836px) 100vw, 836px\" \/><\/a><figcaption class=\"wp-element-caption\">Torstein Mol\u00f8kken, far til Anne, Anne og Ola Haugtr\u00e6det.<\/figcaption><\/figure>\n\n\n\n<figure class=\"wp-block-image size-large\"><a href=\"https:\/\/gjeilo.no\/wp-content\/uploads\/2022\/02\/Bilde-09.02.2022-18-15-39.jpg\"><img loading=\"lazy\" decoding=\"async\" width=\"768\" height=\"1024\" src=\"https:\/\/gjeilo.no\/wp-content\/uploads\/2022\/02\/Bilde-09.02.2022-18-15-39-768x1024.jpg\" alt=\"\" class=\"wp-image-1856\" srcset=\"https:\/\/gjeilo.no\/wp-content\/uploads\/2022\/02\/Bilde-09.02.2022-18-15-39-768x1024.jpg 768w, https:\/\/gjeilo.no\/wp-content\/uploads\/2022\/02\/Bilde-09.02.2022-18-15-39-225x300.jpg 225w, https:\/\/gjeilo.no\/wp-content\/uploads\/2022\/02\/Bilde-09.02.2022-18-15-39-1152x1536.jpg 1152w, https:\/\/gjeilo.no\/wp-content\/uploads\/2022\/02\/Bilde-09.02.2022-18-15-39-1536x2048.jpg 1536w, https:\/\/gjeilo.no\/wp-content\/uploads\/2022\/02\/Bilde-09.02.2022-18-15-39.jpg 1701w\" sizes=\"auto, (max-width: 768px) 100vw, 768px\" \/><\/a><figcaption class=\"wp-element-caption\">Ola Mol\u00f8kken, bror til Torstein Mol\u00f8kken som var far til Anne Haugtr\u00e6det.  <br><a href=\"https:\/\/www.google.com\/search?client=firefox-b-d&amp;q=mol%C3%B8kken+spelemann\" target=\"_blank\" rel=\"noreferrer noopener\">Sj\u00e5 om Ola<br><\/a><\/figcaption><\/figure>\n","protected":false},"excerpt":{"rendered":"<p>Torstein Johannesson Mol\u00f8kken (Kollakj\u00f8rren, Haugtr\u00e6det)F\u00f8dd den 20\/5 1837Gift med Maria Olsdotter Kollakj\u00f8rren (Anne Marie) GeniMor: Anne Antonsdotter Haugtr\u00e6det (Graffersh\u00e5g\u00e5) (1792-1881)Far: Johannes Tj\u00f8stolfsson Kollakj\u00f8rren (Vesle\u00f8yen?)\u00a0 geni.comBorn: Anne Torsteinsdotter Mol\u00f8kken (9\/4 1864 &#8211; 12\/4 1944) g.m. Ola Haugtr\u00e6det.Ola Molykkjun (spelemann) f. 21\/12 1871 Syskjen: Namn (jenter med giftenamn), f\u00f8dselsdato og \u00e5r. Kjelder: Stamtavle M. H\u00f8g\u00e5sen Geni.com: F\u00f8destad: &hellip; <a href=\"https:\/\/gjeilo.no\/?page_id=191\" class=\"more-link\">Fortsett \u00e5 lese <span class=\"screen-reader-text\">Torstein Mol\u00f8kken<\/span><\/a><\/p>\n","protected":false},"author":2,"featured_media":0,"parent":0,"menu_order":0,"comment_status":"closed","ping_status":"open","template":"","meta":{"footnotes":""},"class_list":["post-191","page","type-page","status-publish","hentry"],"yoast_head":"<!-- This site is optimized with the Yoast SEO plugin v26.0 - https:\/\/yoast.com\/wordpress\/plugins\/seo\/ -->\n<title>Torstein Mol\u00f8kken - Slektskap<\/title>\n<meta name=\"robots\" content=\"index, follow, max-snippet:-1, max-image-preview:large, max-video-preview:-1\" \/>\n<link rel=\"canonical\" href=\"https:\/\/gjeilo.no\/?page_id=191\" \/>\n<meta property=\"og:locale\" content=\"nb_NO\" \/>\n<meta property=\"og:type\" content=\"article\" \/>\n<meta property=\"og:title\" content=\"Torstein Mol\u00f8kken - Slektskap\" \/>\n<meta property=\"og:description\" content=\"Torstein Johannesson Mol\u00f8kken (Kollakj\u00f8rren, Haugtr\u00e6det)F\u00f8dd den 20\/5 1837Gift med Maria Olsdotter Kollakj\u00f8rren (Anne Marie) GeniMor: Anne Antonsdotter Haugtr\u00e6det (Graffersh\u00e5g\u00e5) (1792-1881)Far: Johannes Tj\u00f8stolfsson Kollakj\u00f8rren (Vesle\u00f8yen?)\u00a0 geni.comBorn: Anne Torsteinsdotter Mol\u00f8kken (9\/4 1864 &#8211; 12\/4 1944) g.m. Ola Haugtr\u00e6det.Ola Molykkjun (spelemann) f. 21\/12 1871 Syskjen: Namn (jenter med giftenamn), f\u00f8dselsdato og \u00e5r. Kjelder: Stamtavle M. H\u00f8g\u00e5sen Geni.com: F\u00f8destad: &hellip; Fortsett \u00e5 lese Torstein Mol\u00f8kken\" \/>\n<meta property=\"og:url\" content=\"https:\/\/gjeilo.no\/?page_id=191\" \/>\n<meta property=\"og:site_name\" content=\"Slektskap\" \/>\n<meta property=\"article:modified_time\" content=\"2026-03-20T15:11:47+00:00\" \/>\n<meta property=\"og:image\" content=\"https:\/\/gjeilo.no\/wp-content\/uploads\/2023\/02\/Bilde-09.02.2022-17-52-56-scaled-1.jpg\" \/>\n\t<meta property=\"og:image:width\" content=\"579\" \/>\n\t<meta property=\"og:image:height\" content=\"683\" \/>\n\t<meta property=\"og:image:type\" content=\"image\/jpeg\" \/>\n<meta name=\"twitter:card\" content=\"summary_large_image\" \/>\n<meta name=\"twitter:label1\" content=\"Ansl. lesetid\" \/>\n\t<meta name=\"twitter:data1\" content=\"2 minutter\" \/>\n<script type=\"application\/ld+json\" class=\"yoast-schema-graph\">{\"@context\":\"https:\/\/schema.org\",\"@graph\":[{\"@type\":\"WebPage\",\"@id\":\"https:\/\/gjeilo.no\/?page_id=191\",\"url\":\"https:\/\/gjeilo.no\/?page_id=191\",\"name\":\"Torstein Mol\u00f8kken - Slektskap\",\"isPartOf\":{\"@id\":\"https:\/\/gjeilo.no\/#website\"},\"primaryImageOfPage\":{\"@id\":\"https:\/\/gjeilo.no\/?page_id=191#primaryimage\"},\"image\":{\"@id\":\"https:\/\/gjeilo.no\/?page_id=191#primaryimage\"},\"thumbnailUrl\":\"https:\/\/gjeilo.no\/wp-content\/uploads\/2023\/02\/Bilde-09.02.2022-17-52-56-scaled-1.jpg\",\"datePublished\":\"2015-09-01T09:30:22+00:00\",\"dateModified\":\"2026-03-20T15:11:47+00:00\",\"breadcrumb\":{\"@id\":\"https:\/\/gjeilo.no\/?page_id=191#breadcrumb\"},\"inLanguage\":\"nb-NO\",\"potentialAction\":[{\"@type\":\"ReadAction\",\"target\":[\"https:\/\/gjeilo.no\/?page_id=191\"]}]},{\"@type\":\"ImageObject\",\"inLanguage\":\"nb-NO\",\"@id\":\"https:\/\/gjeilo.no\/?page_id=191#primaryimage\",\"url\":\"https:\/\/gjeilo.no\/wp-content\/uploads\/2023\/02\/Bilde-09.02.2022-17-52-56-scaled-1.jpg\",\"contentUrl\":\"https:\/\/gjeilo.no\/wp-content\/uploads\/2023\/02\/Bilde-09.02.2022-17-52-56-scaled-1.jpg\"},{\"@type\":\"BreadcrumbList\",\"@id\":\"https:\/\/gjeilo.no\/?page_id=191#breadcrumb\",\"itemListElement\":[{\"@type\":\"ListItem\",\"position\":1,\"name\":\"Hjem\",\"item\":\"https:\/\/gjeilo.no\/\"},{\"@type\":\"ListItem\",\"position\":2,\"name\":\"Torstein Mol\u00f8kken\"}]},{\"@type\":\"WebSite\",\"@id\":\"https:\/\/gjeilo.no\/#website\",\"url\":\"https:\/\/gjeilo.no\/\",\"name\":\"Slektskap\",\"description\":\"\",\"potentialAction\":[{\"@type\":\"SearchAction\",\"target\":{\"@type\":\"EntryPoint\",\"urlTemplate\":\"https:\/\/gjeilo.no\/?s={search_term_string}\"},\"query-input\":{\"@type\":\"PropertyValueSpecification\",\"valueRequired\":true,\"valueName\":\"search_term_string\"}}],\"inLanguage\":\"nb-NO\"}]}<\/script>\n<!-- \/ Yoast SEO plugin. -->","yoast_head_json":{"title":"Torstein Mol\u00f8kken - Slektskap","robots":{"index":"index","follow":"follow","max-snippet":"max-snippet:-1","max-image-preview":"max-image-preview:large","max-video-preview":"max-video-preview:-1"},"canonical":"https:\/\/gjeilo.no\/?page_id=191","og_locale":"nb_NO","og_type":"article","og_title":"Torstein Mol\u00f8kken - Slektskap","og_description":"Torstein Johannesson Mol\u00f8kken (Kollakj\u00f8rren, Haugtr\u00e6det)F\u00f8dd den 20\/5 1837Gift med Maria Olsdotter Kollakj\u00f8rren (Anne Marie) GeniMor: Anne Antonsdotter Haugtr\u00e6det (Graffersh\u00e5g\u00e5) (1792-1881)Far: Johannes Tj\u00f8stolfsson Kollakj\u00f8rren (Vesle\u00f8yen?)\u00a0 geni.comBorn: Anne Torsteinsdotter Mol\u00f8kken (9\/4 1864 &#8211; 12\/4 1944) g.m. Ola Haugtr\u00e6det.Ola Molykkjun (spelemann) f. 21\/12 1871 Syskjen: Namn (jenter med giftenamn), f\u00f8dselsdato og \u00e5r. Kjelder: Stamtavle M. H\u00f8g\u00e5sen Geni.com: F\u00f8destad: &hellip; Fortsett \u00e5 lese Torstein Mol\u00f8kken","og_url":"https:\/\/gjeilo.no\/?page_id=191","og_site_name":"Slektskap","article_modified_time":"2026-03-20T15:11:47+00:00","og_image":[{"width":579,"height":683,"url":"https:\/\/gjeilo.no\/wp-content\/uploads\/2023\/02\/Bilde-09.02.2022-17-52-56-scaled-1.jpg","type":"image\/jpeg"}],"twitter_card":"summary_large_image","twitter_misc":{"Ansl. lesetid":"2 minutter"},"schema":{"@context":"https:\/\/schema.org","@graph":[{"@type":"WebPage","@id":"https:\/\/gjeilo.no\/?page_id=191","url":"https:\/\/gjeilo.no\/?page_id=191","name":"Torstein Mol\u00f8kken - Slektskap","isPartOf":{"@id":"https:\/\/gjeilo.no\/#website"},"primaryImageOfPage":{"@id":"https:\/\/gjeilo.no\/?page_id=191#primaryimage"},"image":{"@id":"https:\/\/gjeilo.no\/?page_id=191#primaryimage"},"thumbnailUrl":"https:\/\/gjeilo.no\/wp-content\/uploads\/2023\/02\/Bilde-09.02.2022-17-52-56-scaled-1.jpg","datePublished":"2015-09-01T09:30:22+00:00","dateModified":"2026-03-20T15:11:47+00:00","breadcrumb":{"@id":"https:\/\/gjeilo.no\/?page_id=191#breadcrumb"},"inLanguage":"nb-NO","potentialAction":[{"@type":"ReadAction","target":["https:\/\/gjeilo.no\/?page_id=191"]}]},{"@type":"ImageObject","inLanguage":"nb-NO","@id":"https:\/\/gjeilo.no\/?page_id=191#primaryimage","url":"https:\/\/gjeilo.no\/wp-content\/uploads\/2023\/02\/Bilde-09.02.2022-17-52-56-scaled-1.jpg","contentUrl":"https:\/\/gjeilo.no\/wp-content\/uploads\/2023\/02\/Bilde-09.02.2022-17-52-56-scaled-1.jpg"},{"@type":"BreadcrumbList","@id":"https:\/\/gjeilo.no\/?page_id=191#breadcrumb","itemListElement":[{"@type":"ListItem","position":1,"name":"Hjem","item":"https:\/\/gjeilo.no\/"},{"@type":"ListItem","position":2,"name":"Torstein Mol\u00f8kken"}]},{"@type":"WebSite","@id":"https:\/\/gjeilo.no\/#website","url":"https:\/\/gjeilo.no\/","name":"Slektskap","description":"","potentialAction":[{"@type":"SearchAction","target":{"@type":"EntryPoint","urlTemplate":"https:\/\/gjeilo.no\/?s={search_term_string}"},"query-input":{"@type":"PropertyValueSpecification","valueRequired":true,"valueName":"search_term_string"}}],"inLanguage":"nb-NO"}]}},"_links":{"self":[{"href":"https:\/\/gjeilo.no\/index.php?rest_route=\/wp\/v2\/pages\/191","targetHints":{"allow":["GET"]}}],"collection":[{"href":"https:\/\/gjeilo.no\/index.php?rest_route=\/wp\/v2\/pages"}],"about":[{"href":"https:\/\/gjeilo.no\/index.php?rest_route=\/wp\/v2\/types\/page"}],"author":[{"embeddable":true,"href":"https:\/\/gjeilo.no\/index.php?rest_route=\/wp\/v2\/users\/2"}],"replies":[{"embeddable":true,"href":"https:\/\/gjeilo.no\/index.php?rest_route=%2Fwp%2Fv2%2Fcomments&post=191"}],"version-history":[{"count":29,"href":"https:\/\/gjeilo.no\/index.php?rest_route=\/wp\/v2\/pages\/191\/revisions"}],"predecessor-version":[{"id":6637,"href":"https:\/\/gjeilo.no\/index.php?rest_route=\/wp\/v2\/pages\/191\/revisions\/6637"}],"wp:attachment":[{"href":"https:\/\/gjeilo.no\/index.php?rest_route=%2Fwp%2Fv2%2Fmedia&parent=191"}],"curies":[{"name":"wp","href":"https:\/\/api.w.org\/{rel}","templated":true}]}}