{"id":14,"date":"2015-01-19T09:00:04","date_gmt":"2015-01-19T09:00:04","guid":{"rendered":"https:\/\/gjeilo.no\/?page_id=14"},"modified":"2025-11-25T08:22:43","modified_gmt":"2025-11-25T08:22:43","slug":"kaare-kroken","status":"publish","type":"page","link":"https:\/\/gjeilo.no\/?page_id=14","title":{"rendered":"Kaare Ols. Kroken"},"content":{"rendered":"<p><a href=\"https:\/\/gjeilo.no\/wp-content\/uploads\/2020\/03\/AB857870-058E-4382-A178-E223C1666801-scaled.jpeg\"><img loading=\"lazy\" decoding=\"async\" class=\"wp-image-913 size-full\" src=\"https:\/\/gjeilo.no\/wp-content\/uploads\/2020\/03\/AB857870-058E-4382-A178-E223C1666801-scaled.jpeg\" alt=\"\" width=\"1922\" height=\"2560\" srcset=\"https:\/\/gjeilo.no\/wp-content\/uploads\/2020\/03\/AB857870-058E-4382-A178-E223C1666801-scaled.jpeg 1922w, https:\/\/gjeilo.no\/wp-content\/uploads\/2020\/03\/AB857870-058E-4382-A178-E223C1666801-225x300.jpeg 225w, https:\/\/gjeilo.no\/wp-content\/uploads\/2020\/03\/AB857870-058E-4382-A178-E223C1666801-769x1024.jpeg 769w, https:\/\/gjeilo.no\/wp-content\/uploads\/2020\/03\/AB857870-058E-4382-A178-E223C1666801-768x1023.jpeg 768w, https:\/\/gjeilo.no\/wp-content\/uploads\/2020\/03\/AB857870-058E-4382-A178-E223C1666801-1153x1536.jpeg 1153w, https:\/\/gjeilo.no\/wp-content\/uploads\/2020\/03\/AB857870-058E-4382-A178-E223C1666801-1538x2048.jpeg 1538w\" sizes=\"auto, (max-width: 1922px) 100vw, 1922px\" \/><\/a><\/p>\n<figure id=\"attachment_4319\" aria-describedby=\"caption-attachment-4319\" style=\"width: 2040px\" class=\"wp-caption alignnone\"><a href=\"https:\/\/gjeilo.no\/wp-content\/uploads\/2023\/03\/F8416176-5A19-4E9E-A314-2807269B120F.jpeg\"><img loading=\"lazy\" decoding=\"async\" class=\"size-full wp-image-4319\" src=\"https:\/\/gjeilo.no\/wp-content\/uploads\/2023\/03\/F8416176-5A19-4E9E-A314-2807269B120F.jpeg\" alt=\"\" width=\"2040\" height=\"1340\" srcset=\"https:\/\/gjeilo.no\/wp-content\/uploads\/2023\/03\/F8416176-5A19-4E9E-A314-2807269B120F.jpeg 2040w, https:\/\/gjeilo.no\/wp-content\/uploads\/2023\/03\/F8416176-5A19-4E9E-A314-2807269B120F-300x197.jpeg 300w, https:\/\/gjeilo.no\/wp-content\/uploads\/2023\/03\/F8416176-5A19-4E9E-A314-2807269B120F-1024x673.jpeg 1024w, https:\/\/gjeilo.no\/wp-content\/uploads\/2023\/03\/F8416176-5A19-4E9E-A314-2807269B120F-768x504.jpeg 768w, https:\/\/gjeilo.no\/wp-content\/uploads\/2023\/03\/F8416176-5A19-4E9E-A314-2807269B120F-1536x1009.jpeg 1536w\" sizes=\"auto, (max-width: 2040px) 100vw, 2040px\" \/><\/a><figcaption id=\"caption-attachment-4319\" class=\"wp-caption-text\">Magnus Sl\u00e5lien, Trygve \u00d8yjordet og Kaare Kroken, antagele p\u00e5 Krokas\u00e6tre p\u00e5 Neto rondt 1970. Ola Rosserhaug har bildet etter bestefar sin, Reidar \u00d8yjordet.<\/figcaption><\/figure>\n<p><a href=\"https:\/\/gjeilo.no\/wp-content\/uploads\/2023\/04\/kaareF8416176-5A19-4E9E-A314-2807269B120F.jpeg\"><img loading=\"lazy\" decoding=\"async\" class=\"alignnone wp-image-4351 size-full\" src=\"https:\/\/gjeilo.no\/wp-content\/uploads\/2023\/04\/kaareF8416176-5A19-4E9E-A314-2807269B120F.jpeg\" alt=\"\" width=\"343\" height=\"398\" srcset=\"https:\/\/gjeilo.no\/wp-content\/uploads\/2023\/04\/kaareF8416176-5A19-4E9E-A314-2807269B120F.jpeg 343w, https:\/\/gjeilo.no\/wp-content\/uploads\/2023\/04\/kaareF8416176-5A19-4E9E-A314-2807269B120F-259x300.jpeg 259w\" sizes=\"auto, (max-width: 343px) 100vw, 343px\" \/><\/a><\/p>\n<p>F\u00f8dd (f. 10\/8 1924) (d. 16\/1 1997)<br \/>\nGift med<a title=\"Jofrid Olsd Slettom\" href=\"https:\/\/gjeilo.no\/?page_id=10\"> Jofrid Olsd. Slettom<\/a> (f. 15\/12 1929)<br \/>\nMor: <a title=\"Anna Kristofferd. Gjerde \u00d8yri Kroken\" href=\"https:\/\/gjeilo.no\/?page_id=91\">Anna Kroken<\/a> (f. 26\/9 1899) (d. \/10 1987)<br \/>\nFar: <a title=\"Ola Andersen Kroken\" href=\"https:\/\/gjeilo.no\/?page_id=100\">Ola Andersen Kroken<\/a> (f. 1\/2 1890) (d. 1968)<\/p>\n<p><a href=\"https:\/\/www.geni.com\/people\/Kaare-Kroken\/6000000002926714540\" target=\"_blank\" rel=\"noopener\"><img loading=\"lazy\" decoding=\"async\" class=\"alignnone  wp-image-2346\" src=\"https:\/\/gjeilo.no\/wp-content\/uploads\/2023\/01\/Geni_Logo.svg_.png\" alt=\"\" width=\"41\" height=\"15\" srcset=\"https:\/\/gjeilo.no\/wp-content\/uploads\/2023\/01\/Geni_Logo.svg_.png 1196w, https:\/\/gjeilo.no\/wp-content\/uploads\/2023\/01\/Geni_Logo.svg_-300x108.png 300w, https:\/\/gjeilo.no\/wp-content\/uploads\/2023\/01\/Geni_Logo.svg_-1024x370.png 1024w, https:\/\/gjeilo.no\/wp-content\/uploads\/2023\/01\/Geni_Logo.svg_-768x277.png 768w\" sizes=\"auto, (max-width: 41px) 100vw, 41px\" \/><\/a> \u00a0 \u00a0 \u00a0\u00a0\u00a0\u00a0 <a href=\"https:\/\/gjeilo.no\"><img loading=\"lazy\" decoding=\"async\" class=\"alignnone  wp-image-6142\" src=\"https:\/\/gjeilo.no\/wp-content\/uploads\/2024\/11\/dor-100-DPI-1.png\" alt=\"\" width=\"83\" height=\"14\" \/><\/a><\/p>\n<pre><a href=\"https:\/\/gjeilo.no\/wp-content\/uploads\/2023\/01\/2023-01-30-16-40.pdf\" target=\"_blank\" rel=\"noopener\">Slektstavle Jon Amundsen (Brimi)Skjellen utarbeidd av Kaare K.<\/a>\n<a href=\"https:\/\/gjeilo.no\/wp-content\/uploads\/2023\/01\/2023-01-30-16-32.pdf\" target=\"_blank\" rel=\"noopener\">Slekta Kari Gunnarsdotter Kvist utarbeidd m. a. av Kaare K.<\/a>\n<a href=\"https:\/\/gjeilo.no\/?page_id=2796\" target=\"_blank\" rel=\"noopener\">Bilde fr\u00e5 Kroken<\/a>\n<a href=\"https:\/\/gjeilo.no\/?page_id=333\">Amerikaslekta til Kaare<\/a><\/pre>\n<p>Syskjen:<br \/>\n1. Arne Ols. Kroken, f 1920 g. m. Borgny Ultrimark<br \/>\n1.1. Frede Henrik Kroken, f. 1945<\/p>\n<p>2. Kaare Ols. Kroken, f. 1924, g. m. Jofrid Olsd. Slettom, f. 1929<br \/>\n2.1. Odd Arne Kroken, f. 1960<br \/>\n2.2. Aud Kroken, f. 1961<br \/>\n2.2.1. Rolv Gjeilo, f. 1987<br \/>\n2.2.2. Synne Gjeilo, f. 1988<br \/>\n2.2.3.Vetle Gjeilo, f. 1991<br \/>\n2.2.4. Haakon Gjeilo, f. 1994<br \/>\n2.3.Vigdis Kroken, f. 1964<br \/>\n2.4. Jon Kroken, f. 1966<br \/>\n2.5.Kjell Kroken, f. 1966<br \/>\n2.5.1. Kristoffer Kroken, f. 1997<\/p>\n<p>3. Magne Ols. Kroken, g. m. Jenny Kr\u00e5b\u00f8l<br \/>\n3.1. Ola Kroken<br \/>\n3.1.1. Marthe Thori Kroken<br \/>\n3.1.2. Sigrid Thori Kroken<br \/>\n3.2. Bodil Kroken<br \/>\n3.2.1. Stian Kroken<br \/>\n3.3. Mette Kroken<br \/>\n3.3.1. Joachim St\u00f8land<br \/>\n3.3.2. Maiken St\u00f8land<\/p>\n<p>4. Gunnar Ols. Kroken, g. m. Olga<br \/>\n4.1. Mari Anne Kroken<br \/>\n4.1.1. Marius Kroken<\/p>\n<p>5. \u00c5mund Ols. Kroken, g. m. Randi Byre<br \/>\n5.1. Anne Grethe Kroken, f. 1961<br \/>\n5.1.1. Christine<br \/>\n5.1.2. Cecilie<br \/>\n5.2. Wenche Kroken<br \/>\n5.2.1. Randi Marit Haugom<br \/>\n5.2.2. Odd \u00c5mund Haugom<\/p>\n<p>6. Ivar Ols. Kroken, g. m. Irene Kristoffersen<br \/>\n6.1. Geir Owe Kroken<br \/>\n6.1.1. Kim Andre<br \/>\n6.1.2. Ole Jacob<br \/>\n6.2. Kjetil Kroken<br \/>\n6.2.1. Mads Kroken<br \/>\n6.3. Heidi Kroken<br \/>\n6.4. Jon Ivar Kroken<br \/>\n6.5. Ola Tarjei Kroken<\/p>\n<div id='gallery-1' class='gallery galleryid-14 gallery-columns-1 gallery-size-full'><figure class='gallery-item'>\n\t\t\t<div class='gallery-icon landscape'>\n\t\t\t\t<a href='https:\/\/gjeilo.no\/wp-content\/uploads\/2020\/03\/DSCN3408.jpg'><img loading=\"lazy\" decoding=\"async\" width=\"2048\" height=\"1536\" src=\"https:\/\/gjeilo.no\/wp-content\/uploads\/2020\/03\/DSCN3408.jpg\" class=\"attachment-full size-full\" alt=\"\" aria-describedby=\"gallery-1-1265\" srcset=\"https:\/\/gjeilo.no\/wp-content\/uploads\/2020\/03\/DSCN3408.jpg 2048w, https:\/\/gjeilo.no\/wp-content\/uploads\/2020\/03\/DSCN3408-300x225.jpg 300w, https:\/\/gjeilo.no\/wp-content\/uploads\/2020\/03\/DSCN3408-1024x768.jpg 1024w, https:\/\/gjeilo.no\/wp-content\/uploads\/2020\/03\/DSCN3408-768x576.jpg 768w, https:\/\/gjeilo.no\/wp-content\/uploads\/2020\/03\/DSCN3408-1536x1152.jpg 1536w\" sizes=\"auto, (max-width: 2048px) 100vw, 2048px\" \/><\/a>\n\t\t\t<\/div>\n\t\t\t\t<figcaption class='wp-caption-text gallery-caption' id='gallery-1-1265'>\n\t\t\t\tK\u00e5re\n\t\t\t\t<\/figcaption><\/figure><figure class='gallery-item'>\n\t\t\t<div class='gallery-icon portrait'>\n\t\t\t\t<a href='https:\/\/gjeilo.no\/wp-content\/uploads\/2020\/03\/AB857870-058E-4382-A178-E223C1666801-scaled.jpeg'><img loading=\"lazy\" decoding=\"async\" width=\"1922\" height=\"2560\" src=\"https:\/\/gjeilo.no\/wp-content\/uploads\/2020\/03\/AB857870-058E-4382-A178-E223C1666801-scaled.jpeg\" class=\"attachment-full size-full\" alt=\"\" aria-describedby=\"gallery-1-913\" srcset=\"https:\/\/gjeilo.no\/wp-content\/uploads\/2020\/03\/AB857870-058E-4382-A178-E223C1666801-scaled.jpeg 1922w, https:\/\/gjeilo.no\/wp-content\/uploads\/2020\/03\/AB857870-058E-4382-A178-E223C1666801-225x300.jpeg 225w, https:\/\/gjeilo.no\/wp-content\/uploads\/2020\/03\/AB857870-058E-4382-A178-E223C1666801-769x1024.jpeg 769w, https:\/\/gjeilo.no\/wp-content\/uploads\/2020\/03\/AB857870-058E-4382-A178-E223C1666801-768x1023.jpeg 768w, https:\/\/gjeilo.no\/wp-content\/uploads\/2020\/03\/AB857870-058E-4382-A178-E223C1666801-1153x1536.jpeg 1153w, https:\/\/gjeilo.no\/wp-content\/uploads\/2020\/03\/AB857870-058E-4382-A178-E223C1666801-1538x2048.jpeg 1538w\" sizes=\"auto, (max-width: 1922px) 100vw, 1922px\" \/><\/a>\n\t\t\t<\/div>\n\t\t\t\t<figcaption class='wp-caption-text gallery-caption' id='gallery-1-913'>\n\t\t\t\tP\u00e5 bytur 1939.\n\t\t\t\t<\/figcaption><\/figure><figure class='gallery-item'>\n\t\t\t<div class='gallery-icon portrait'>\n\t\t\t\t<a href='https:\/\/gjeilo.no\/wp-content\/uploads\/2020\/03\/46B68C43-606C-49F5-9C42-8C6A610F5D1A.jpeg'><img loading=\"lazy\" decoding=\"async\" width=\"124\" height=\"180\" src=\"https:\/\/gjeilo.no\/wp-content\/uploads\/2020\/03\/46B68C43-606C-49F5-9C42-8C6A610F5D1A.jpeg\" class=\"attachment-full size-full\" alt=\"\" aria-describedby=\"gallery-1-905\" \/><\/a>\n\t\t\t<\/div>\n\t\t\t\t<figcaption class='wp-caption-text gallery-caption' id='gallery-1-905'>\n\t\t\t\tFramhaldsskulen  1938 \/ 1939\n\t\t\t\t<\/figcaption><\/figure><figure class='gallery-item'>\n\t\t\t<div class='gallery-icon portrait'>\n\t\t\t\t<a href='https:\/\/gjeilo.no\/wp-content\/uploads\/2020\/03\/43C6740B-5A3A-4DB8-A6AE-D56425DD760B.jpeg'><img loading=\"lazy\" decoding=\"async\" width=\"1730\" height=\"2530\" src=\"https:\/\/gjeilo.no\/wp-content\/uploads\/2020\/03\/43C6740B-5A3A-4DB8-A6AE-D56425DD760B.jpeg\" class=\"attachment-full size-full\" alt=\"\" aria-describedby=\"gallery-1-912\" srcset=\"https:\/\/gjeilo.no\/wp-content\/uploads\/2020\/03\/43C6740B-5A3A-4DB8-A6AE-D56425DD760B.jpeg 1730w, https:\/\/gjeilo.no\/wp-content\/uploads\/2020\/03\/43C6740B-5A3A-4DB8-A6AE-D56425DD760B-205x300.jpeg 205w, https:\/\/gjeilo.no\/wp-content\/uploads\/2020\/03\/43C6740B-5A3A-4DB8-A6AE-D56425DD760B-700x1024.jpeg 700w, https:\/\/gjeilo.no\/wp-content\/uploads\/2020\/03\/43C6740B-5A3A-4DB8-A6AE-D56425DD760B-768x1123.jpeg 768w, https:\/\/gjeilo.no\/wp-content\/uploads\/2020\/03\/43C6740B-5A3A-4DB8-A6AE-D56425DD760B-1050x1536.jpeg 1050w, https:\/\/gjeilo.no\/wp-content\/uploads\/2020\/03\/43C6740B-5A3A-4DB8-A6AE-D56425DD760B-1400x2048.jpeg 1400w\" sizes=\"auto, (max-width: 1730px) 100vw, 1730px\" \/><\/a>\n\t\t\t<\/div>\n\t\t\t\t<figcaption class='wp-caption-text gallery-caption' id='gallery-1-912'>\n\t\t\t\tKaare.\n\t\t\t\t<\/figcaption><\/figure><figure class='gallery-item'>\n\t\t\t<div class='gallery-icon landscape'>\n\t\t\t\t<a href='https:\/\/gjeilo.no\/wp-content\/uploads\/2020\/03\/EF2470E1-836E-4506-8D78-EDBBB3BB7C8B.jpeg'><img loading=\"lazy\" decoding=\"async\" width=\"790\" height=\"337\" src=\"https:\/\/gjeilo.no\/wp-content\/uploads\/2020\/03\/EF2470E1-836E-4506-8D78-EDBBB3BB7C8B.jpeg\" class=\"attachment-full size-full\" alt=\"\" aria-describedby=\"gallery-1-903\" srcset=\"https:\/\/gjeilo.no\/wp-content\/uploads\/2020\/03\/EF2470E1-836E-4506-8D78-EDBBB3BB7C8B.jpeg 790w, https:\/\/gjeilo.no\/wp-content\/uploads\/2020\/03\/EF2470E1-836E-4506-8D78-EDBBB3BB7C8B-300x128.jpeg 300w, https:\/\/gjeilo.no\/wp-content\/uploads\/2020\/03\/EF2470E1-836E-4506-8D78-EDBBB3BB7C8B-768x328.jpeg 768w\" sizes=\"auto, (max-width: 790px) 100vw, 790px\" \/><\/a>\n\t\t\t<\/div>\n\t\t\t\t<figcaption class='wp-caption-text gallery-caption' id='gallery-1-903'>\n\t\t\t\tFrans og Kaare i same klasse p\u00e5 framhaldsskulen.\n\t\t\t\t<\/figcaption><\/figure><figure class='gallery-item'>\n\t\t\t<div class='gallery-icon portrait'>\n\t\t\t\t<a href='https:\/\/gjeilo.no\/wp-content\/uploads\/2023\/01\/IMG_3474-scaled.jpg'><img loading=\"lazy\" decoding=\"async\" width=\"1968\" height=\"2560\" src=\"https:\/\/gjeilo.no\/wp-content\/uploads\/2023\/01\/IMG_3474-scaled.jpg\" class=\"attachment-full size-full\" alt=\"\" aria-describedby=\"gallery-1-2757\" srcset=\"https:\/\/gjeilo.no\/wp-content\/uploads\/2023\/01\/IMG_3474-scaled.jpg 1968w, https:\/\/gjeilo.no\/wp-content\/uploads\/2023\/01\/IMG_3474-231x300.jpg 231w, https:\/\/gjeilo.no\/wp-content\/uploads\/2023\/01\/IMG_3474-787x1024.jpg 787w, https:\/\/gjeilo.no\/wp-content\/uploads\/2023\/01\/IMG_3474-768x999.jpg 768w, https:\/\/gjeilo.no\/wp-content\/uploads\/2023\/01\/IMG_3474-1181x1536.jpg 1181w, https:\/\/gjeilo.no\/wp-content\/uploads\/2023\/01\/IMG_3474-1574x2048.jpg 1574w\" sizes=\"auto, (max-width: 1968px) 100vw, 1968px\" \/><\/a>\n\t\t\t<\/div>\n\t\t\t\t<figcaption class='wp-caption-text gallery-caption' id='gallery-1-2757'>\n\t\t\t\tK\u00e5re med sch\u00e4fer.\n\t\t\t\t<\/figcaption><\/figure><figure class='gallery-item'>\n\t\t\t<div class='gallery-icon portrait'>\n\t\t\t\t<a href='https:\/\/gjeilo.no\/wp-content\/uploads\/2022\/07\/93B1A796-F501-4FB1-AE84-E0AF8B840746.jpeg'><img loading=\"lazy\" decoding=\"async\" width=\"1127\" height=\"1178\" src=\"https:\/\/gjeilo.no\/wp-content\/uploads\/2022\/07\/93B1A796-F501-4FB1-AE84-E0AF8B840746.jpeg\" class=\"attachment-full size-full\" alt=\"Jofrid Kaare\" aria-describedby=\"gallery-1-2140\" srcset=\"https:\/\/gjeilo.no\/wp-content\/uploads\/2022\/07\/93B1A796-F501-4FB1-AE84-E0AF8B840746.jpeg 1127w, https:\/\/gjeilo.no\/wp-content\/uploads\/2022\/07\/93B1A796-F501-4FB1-AE84-E0AF8B840746-287x300.jpeg 287w, https:\/\/gjeilo.no\/wp-content\/uploads\/2022\/07\/93B1A796-F501-4FB1-AE84-E0AF8B840746-980x1024.jpeg 980w, https:\/\/gjeilo.no\/wp-content\/uploads\/2022\/07\/93B1A796-F501-4FB1-AE84-E0AF8B840746-768x803.jpeg 768w\" sizes=\"auto, (max-width: 1127px) 100vw, 1127px\" \/><\/a>\n\t\t\t<\/div>\n\t\t\t\t<figcaption class='wp-caption-text gallery-caption' id='gallery-1-2140'>\n\t\t\t\tJofrid og K\u00e5re p\u00e5 biltur med kvit Peugeot.\n\t\t\t\t<\/figcaption><\/figure><figure class='gallery-item'>\n\t\t\t<div class='gallery-icon landscape'>\n\t\t\t\t<a href='https:\/\/gjeilo.no\/wp-content\/uploads\/2022\/07\/49082B56-DF6D-413E-AA4F-6AE5649F0179.jpeg'><img loading=\"lazy\" decoding=\"async\" width=\"2048\" height=\"1425\" src=\"https:\/\/gjeilo.no\/wp-content\/uploads\/2022\/07\/49082B56-DF6D-413E-AA4F-6AE5649F0179.jpeg\" class=\"attachment-full size-full\" alt=\"Kaare test\" aria-describedby=\"gallery-1-2139\" srcset=\"https:\/\/gjeilo.no\/wp-content\/uploads\/2022\/07\/49082B56-DF6D-413E-AA4F-6AE5649F0179.jpeg 2048w, https:\/\/gjeilo.no\/wp-content\/uploads\/2022\/07\/49082B56-DF6D-413E-AA4F-6AE5649F0179-300x209.jpeg 300w, https:\/\/gjeilo.no\/wp-content\/uploads\/2022\/07\/49082B56-DF6D-413E-AA4F-6AE5649F0179-1024x713.jpeg 1024w, https:\/\/gjeilo.no\/wp-content\/uploads\/2022\/07\/49082B56-DF6D-413E-AA4F-6AE5649F0179-768x534.jpeg 768w, https:\/\/gjeilo.no\/wp-content\/uploads\/2022\/07\/49082B56-DF6D-413E-AA4F-6AE5649F0179-1536x1069.jpeg 1536w\" sizes=\"auto, (max-width: 2048px) 100vw, 2048px\" \/><\/a>\n\t\t\t<\/div>\n\t\t\t\t<figcaption class='wp-caption-text gallery-caption' id='gallery-1-2139'>\n\t\t\t\tKaare p\u00e5 Steinbuvatnet ved Glitterheim. Ca 1975.\n\t\t\t\t<\/figcaption><\/figure><figure class='gallery-item'>\n\t\t\t<div class='gallery-icon landscape'>\n\t\t\t\t<a href='https:\/\/gjeilo.no\/wp-content\/uploads\/2022\/07\/913F7071-25EF-44C9-BBF3-163EE3AFDCA5.jpeg'><img loading=\"lazy\" decoding=\"async\" width=\"960\" height=\"692\" src=\"https:\/\/gjeilo.no\/wp-content\/uploads\/2022\/07\/913F7071-25EF-44C9-BBF3-163EE3AFDCA5.jpeg\" class=\"attachment-full size-full\" alt=\"Ola Kroken Anna Gunnar\" aria-describedby=\"gallery-1-2136\" srcset=\"https:\/\/gjeilo.no\/wp-content\/uploads\/2022\/07\/913F7071-25EF-44C9-BBF3-163EE3AFDCA5.jpeg 960w, https:\/\/gjeilo.no\/wp-content\/uploads\/2022\/07\/913F7071-25EF-44C9-BBF3-163EE3AFDCA5-300x216.jpeg 300w, https:\/\/gjeilo.no\/wp-content\/uploads\/2022\/07\/913F7071-25EF-44C9-BBF3-163EE3AFDCA5-768x554.jpeg 768w\" sizes=\"auto, (max-width: 960px) 100vw, 960px\" \/><\/a>\n\t\t\t<\/div>\n\t\t\t\t<figcaption class='wp-caption-text gallery-caption' id='gallery-1-2136'>\n\t\t\t\tFr\u00e5 uppi Kroken. Bak til venstre Frede Kroken, Ola Kroken, Anna Kroken, Olga Kroken (kona til Gunnar) og Klara Kvehaugen. Fremst til venstre ?, Torleif Kvehaugen og Gunnar Kroken.\n\n\t\t\t\t<\/figcaption><\/figure><figure class='gallery-item'>\n\t\t\t<div class='gallery-icon landscape'>\n\t\t\t\t<a href='https:\/\/gjeilo.no\/wp-content\/uploads\/2022\/07\/80EC46BE-F948-4BD6-8374-DCAA90626036.jpeg'><img loading=\"lazy\" decoding=\"async\" width=\"960\" height=\"715\" src=\"https:\/\/gjeilo.no\/wp-content\/uploads\/2022\/07\/80EC46BE-F948-4BD6-8374-DCAA90626036.jpeg\" class=\"attachment-full size-full\" alt=\"Kaare Kroken Odd Arne Ola Kroken\" aria-describedby=\"gallery-1-2131\" srcset=\"https:\/\/gjeilo.no\/wp-content\/uploads\/2022\/07\/80EC46BE-F948-4BD6-8374-DCAA90626036.jpeg 960w, https:\/\/gjeilo.no\/wp-content\/uploads\/2022\/07\/80EC46BE-F948-4BD6-8374-DCAA90626036-300x223.jpeg 300w, https:\/\/gjeilo.no\/wp-content\/uploads\/2022\/07\/80EC46BE-F948-4BD6-8374-DCAA90626036-768x572.jpeg 768w\" sizes=\"auto, (max-width: 960px) 100vw, 960px\" \/><\/a>\n\t\t\t<\/div>\n\t\t\t\t<figcaption class='wp-caption-text gallery-caption' id='gallery-1-2131'>\n\t\t\t\tOla Johnny, Kaare Kroken, Arne Kroken, Hans Kroken (\u00d8vereggen) og Ola Kroken med Odd Arne p\u00e5 fanget. Ca 1962.\n\n\t\t\t\t<\/figcaption><\/figure><figure class='gallery-item'>\n\t\t\t<div class='gallery-icon landscape'>\n\t\t\t\t<a href='https:\/\/gjeilo.no\/wp-content\/uploads\/2022\/07\/57EA387A-8878-46E7-97EA-1BA41DC3C002.jpeg'><img loading=\"lazy\" decoding=\"async\" width=\"960\" height=\"639\" src=\"https:\/\/gjeilo.no\/wp-content\/uploads\/2022\/07\/57EA387A-8878-46E7-97EA-1BA41DC3C002.jpeg\" class=\"attachment-full size-full\" alt=\"Kaare Kroken\" aria-describedby=\"gallery-1-2132\" srcset=\"https:\/\/gjeilo.no\/wp-content\/uploads\/2022\/07\/57EA387A-8878-46E7-97EA-1BA41DC3C002.jpeg 960w, https:\/\/gjeilo.no\/wp-content\/uploads\/2022\/07\/57EA387A-8878-46E7-97EA-1BA41DC3C002-300x200.jpeg 300w, https:\/\/gjeilo.no\/wp-content\/uploads\/2022\/07\/57EA387A-8878-46E7-97EA-1BA41DC3C002-768x511.jpeg 768w\" sizes=\"auto, (max-width: 960px) 100vw, 960px\" \/><\/a>\n\t\t\t<\/div>\n\t\t\t\t<figcaption class='wp-caption-text gallery-caption' id='gallery-1-2132'>\n\t\t\t\tKaare Kroken med b\u00f8rsa sikkert p\u00e5 eit skytterstemne.\n\n\t\t\t\t<\/figcaption><\/figure><figure class='gallery-item'>\n\t\t\t<div class='gallery-icon landscape'>\n\t\t\t\t<a href='https:\/\/gjeilo.no\/wp-content\/uploads\/2022\/07\/60B11DA5-214E-4DDB-8DEC-F588EB7EDD78.jpeg'><img loading=\"lazy\" decoding=\"async\" width=\"960\" height=\"609\" src=\"https:\/\/gjeilo.no\/wp-content\/uploads\/2022\/07\/60B11DA5-214E-4DDB-8DEC-F588EB7EDD78.jpeg\" class=\"attachment-full size-full\" alt=\"Ola Kroken Anna Kroken\" aria-describedby=\"gallery-1-2130\" srcset=\"https:\/\/gjeilo.no\/wp-content\/uploads\/2022\/07\/60B11DA5-214E-4DDB-8DEC-F588EB7EDD78.jpeg 960w, https:\/\/gjeilo.no\/wp-content\/uploads\/2022\/07\/60B11DA5-214E-4DDB-8DEC-F588EB7EDD78-300x190.jpeg 300w, https:\/\/gjeilo.no\/wp-content\/uploads\/2022\/07\/60B11DA5-214E-4DDB-8DEC-F588EB7EDD78-768x487.jpeg 768w\" sizes=\"auto, (max-width: 960px) 100vw, 960px\" \/><\/a>\n\t\t\t<\/div>\n\t\t\t\t<figcaption class='wp-caption-text gallery-caption' id='gallery-1-2130'>\n\t\t\t\tFr\u00e5 venstre Jenny med Bodil p\u00e5 fanget, Magne Kroken med Mette p\u00e5 fanget, Ola Kroken, Anna Kroken og truleg Frede Kroken og Borgny.\n\n\t\t\t\t<\/figcaption><\/figure><figure class='gallery-item'>\n\t\t\t<div class='gallery-icon landscape'>\n\t\t\t\t<a href='https:\/\/gjeilo.no\/wp-content\/uploads\/2022\/07\/053F8DD4-8387-4851-AC1E-C80132CBF184.jpeg'><img loading=\"lazy\" decoding=\"async\" width=\"960\" height=\"756\" src=\"https:\/\/gjeilo.no\/wp-content\/uploads\/2022\/07\/053F8DD4-8387-4851-AC1E-C80132CBF184.jpeg\" class=\"attachment-full size-full\" alt=\"Kaare Kroken Jon Kroken Kjell Kroken\" aria-describedby=\"gallery-1-2129\" srcset=\"https:\/\/gjeilo.no\/wp-content\/uploads\/2022\/07\/053F8DD4-8387-4851-AC1E-C80132CBF184.jpeg 960w, https:\/\/gjeilo.no\/wp-content\/uploads\/2022\/07\/053F8DD4-8387-4851-AC1E-C80132CBF184-300x236.jpeg 300w, https:\/\/gjeilo.no\/wp-content\/uploads\/2022\/07\/053F8DD4-8387-4851-AC1E-C80132CBF184-768x605.jpeg 768w\" sizes=\"auto, (max-width: 960px) 100vw, 960px\" \/><\/a>\n\t\t\t<\/div>\n\t\t\t\t<figcaption class='wp-caption-text gallery-caption' id='gallery-1-2129'>\n\t\t\t\tFr\u00e5 Steinbuvatnet ved Glitterheim. Knut Vole, Jon Kroken, Kjell Kroken og Kaare Kroken.  Ca 1975.\n\n\t\t\t\t<\/figcaption><\/figure><figure class='gallery-item'>\n\t\t\t<div class='gallery-icon landscape'>\n\t\t\t\t<a href='https:\/\/gjeilo.no\/wp-content\/uploads\/2022\/07\/65668096-FE0F-4DCE-B763-317A0FF809E7.jpeg'><img loading=\"lazy\" decoding=\"async\" width=\"960\" height=\"766\" src=\"https:\/\/gjeilo.no\/wp-content\/uploads\/2022\/07\/65668096-FE0F-4DCE-B763-317A0FF809E7.jpeg\" class=\"attachment-full size-full\" alt=\"Aud Ola Kroken, Anna Kroken, Jofrid Kroken, Aud Kroken Kaare Kroken\" aria-describedby=\"gallery-1-2126\" srcset=\"https:\/\/gjeilo.no\/wp-content\/uploads\/2022\/07\/65668096-FE0F-4DCE-B763-317A0FF809E7.jpeg 960w, https:\/\/gjeilo.no\/wp-content\/uploads\/2022\/07\/65668096-FE0F-4DCE-B763-317A0FF809E7-300x239.jpeg 300w, https:\/\/gjeilo.no\/wp-content\/uploads\/2022\/07\/65668096-FE0F-4DCE-B763-317A0FF809E7-768x613.jpeg 768w\" sizes=\"auto, (max-width: 960px) 100vw, 960px\" \/><\/a>\n\t\t\t<\/div>\n\t\t\t\t<figcaption class='wp-caption-text gallery-caption' id='gallery-1-2126'>\n\t\t\t\tOla Kroken med Odd Arne, Anna Kroken med Aud, Jofrid og Kaare. Sommaren 1963.\n\n\t\t\t\t<\/figcaption><\/figure><figure class='gallery-item'>\n\t\t\t<div class='gallery-icon landscape'>\n\t\t\t\t<a href='https:\/\/gjeilo.no\/wp-content\/uploads\/2022\/07\/8B89DE76-0454-4BF3-995F-CBCA0D8495BB.jpeg'><img loading=\"lazy\" decoding=\"async\" width=\"960\" height=\"669\" src=\"https:\/\/gjeilo.no\/wp-content\/uploads\/2022\/07\/8B89DE76-0454-4BF3-995F-CBCA0D8495BB.jpeg\" class=\"attachment-full size-full\" alt=\"Kaare Kroken\" aria-describedby=\"gallery-1-2124\" srcset=\"https:\/\/gjeilo.no\/wp-content\/uploads\/2022\/07\/8B89DE76-0454-4BF3-995F-CBCA0D8495BB.jpeg 960w, https:\/\/gjeilo.no\/wp-content\/uploads\/2022\/07\/8B89DE76-0454-4BF3-995F-CBCA0D8495BB-300x209.jpeg 300w, https:\/\/gjeilo.no\/wp-content\/uploads\/2022\/07\/8B89DE76-0454-4BF3-995F-CBCA0D8495BB-768x535.jpeg 768w\" sizes=\"auto, (max-width: 960px) 100vw, 960px\" \/><\/a>\n\t\t\t<\/div>\n\t\t\t\t<figcaption class='wp-caption-text gallery-caption' id='gallery-1-2124'>\n\t\t\t\tKaare og Trygve \u00d8yjordet med fiskefangst.\n\t\t\t\t<\/figcaption><\/figure><figure class='gallery-item'>\n\t\t\t<div class='gallery-icon portrait'>\n\t\t\t\t<a href='https:\/\/gjeilo.no\/wp-content\/uploads\/2022\/07\/963B378B-9702-4C4B-8A8F-F909DB6D6B61.jpeg'><img loading=\"lazy\" decoding=\"async\" width=\"850\" height=\"960\" src=\"https:\/\/gjeilo.no\/wp-content\/uploads\/2022\/07\/963B378B-9702-4C4B-8A8F-F909DB6D6B61.jpeg\" class=\"attachment-full size-full\" alt=\"Kaare Kroken\" aria-describedby=\"gallery-1-2122\" srcset=\"https:\/\/gjeilo.no\/wp-content\/uploads\/2022\/07\/963B378B-9702-4C4B-8A8F-F909DB6D6B61.jpeg 850w, https:\/\/gjeilo.no\/wp-content\/uploads\/2022\/07\/963B378B-9702-4C4B-8A8F-F909DB6D6B61-266x300.jpeg 266w, https:\/\/gjeilo.no\/wp-content\/uploads\/2022\/07\/963B378B-9702-4C4B-8A8F-F909DB6D6B61-768x867.jpeg 768w\" sizes=\"auto, (max-width: 850px) 100vw, 850px\" \/><\/a>\n\t\t\t<\/div>\n\t\t\t\t<figcaption class='wp-caption-text gallery-caption' id='gallery-1-2122'>\n\t\t\t\tKaare p\u00e5 Prestsetra.\n\t\t\t\t<\/figcaption><\/figure><figure class='gallery-item'>\n\t\t\t<div class='gallery-icon landscape'>\n\t\t\t\t<a href='https:\/\/gjeilo.no\/wp-content\/uploads\/2020\/03\/DSCN3407.jpg'><img loading=\"lazy\" decoding=\"async\" width=\"2048\" height=\"1536\" src=\"https:\/\/gjeilo.no\/wp-content\/uploads\/2020\/03\/DSCN3407.jpg\" class=\"attachment-full size-full\" alt=\"\" aria-describedby=\"gallery-1-1266\" srcset=\"https:\/\/gjeilo.no\/wp-content\/uploads\/2020\/03\/DSCN3407.jpg 2048w, https:\/\/gjeilo.no\/wp-content\/uploads\/2020\/03\/DSCN3407-300x225.jpg 300w, https:\/\/gjeilo.no\/wp-content\/uploads\/2020\/03\/DSCN3407-1024x768.jpg 1024w, https:\/\/gjeilo.no\/wp-content\/uploads\/2020\/03\/DSCN3407-768x576.jpg 768w, https:\/\/gjeilo.no\/wp-content\/uploads\/2020\/03\/DSCN3407-1536x1152.jpg 1536w\" sizes=\"auto, (max-width: 2048px) 100vw, 2048px\" \/><\/a>\n\t\t\t<\/div>\n\t\t\t\t<figcaption class='wp-caption-text gallery-caption' id='gallery-1-1266'>\n\t\t\t\tAnna og Ola Kroken med Magne, Gunnar, Kaare og Arne.\n\t\t\t\t<\/figcaption><\/figure><figure class='gallery-item'>\n\t\t\t<div class='gallery-icon landscape'>\n\t\t\t\t<a href='https:\/\/gjeilo.no\/wp-content\/uploads\/2020\/03\/DSCN3418.jpg'><img loading=\"lazy\" decoding=\"async\" width=\"2048\" height=\"1536\" src=\"https:\/\/gjeilo.no\/wp-content\/uploads\/2020\/03\/DSCN3418.jpg\" class=\"attachment-full size-full\" alt=\"\" aria-describedby=\"gallery-1-1258\" srcset=\"https:\/\/gjeilo.no\/wp-content\/uploads\/2020\/03\/DSCN3418.jpg 2048w, https:\/\/gjeilo.no\/wp-content\/uploads\/2020\/03\/DSCN3418-300x225.jpg 300w, https:\/\/gjeilo.no\/wp-content\/uploads\/2020\/03\/DSCN3418-1024x768.jpg 1024w, https:\/\/gjeilo.no\/wp-content\/uploads\/2020\/03\/DSCN3418-768x576.jpg 768w, https:\/\/gjeilo.no\/wp-content\/uploads\/2020\/03\/DSCN3418-1536x1152.jpg 1536w\" sizes=\"auto, (max-width: 2048px) 100vw, 2048px\" \/><\/a>\n\t\t\t<\/div>\n\t\t\t\t<figcaption class='wp-caption-text gallery-caption' id='gallery-1-1258'>\n\t\t\t\tKaare\n\t\t\t\t<\/figcaption><\/figure><figure class='gallery-item'>\n\t\t\t<div class='gallery-icon landscape'>\n\t\t\t\t<a href='https:\/\/gjeilo.no\/wp-content\/uploads\/2020\/03\/DSCN3423.jpg'><img loading=\"lazy\" decoding=\"async\" width=\"2048\" height=\"1536\" src=\"https:\/\/gjeilo.no\/wp-content\/uploads\/2020\/03\/DSCN3423.jpg\" class=\"attachment-full size-full\" alt=\"\" aria-describedby=\"gallery-1-1256\" srcset=\"https:\/\/gjeilo.no\/wp-content\/uploads\/2020\/03\/DSCN3423.jpg 2048w, https:\/\/gjeilo.no\/wp-content\/uploads\/2020\/03\/DSCN3423-300x225.jpg 300w, https:\/\/gjeilo.no\/wp-content\/uploads\/2020\/03\/DSCN3423-1024x768.jpg 1024w, https:\/\/gjeilo.no\/wp-content\/uploads\/2020\/03\/DSCN3423-768x576.jpg 768w, https:\/\/gjeilo.no\/wp-content\/uploads\/2020\/03\/DSCN3423-1536x1152.jpg 1536w\" sizes=\"auto, (max-width: 2048px) 100vw, 2048px\" \/><\/a>\n\t\t\t<\/div>\n\t\t\t\t<figcaption class='wp-caption-text gallery-caption' id='gallery-1-1256'>\n\t\t\t\tBak Ivar, Kaare, Amund.\nFremst Gunnar, Arne og Magne.\nBryllupsdagen til Kaare.\n\t\t\t\t<\/figcaption><\/figure><figure class='gallery-item'>\n\t\t\t<div class='gallery-icon portrait'>\n\t\t\t\t<a href='https:\/\/gjeilo.no\/wp-content\/uploads\/2020\/03\/D02C06BB-28D1-4142-9DF8-7FF4E4BF80D8-rotated.jpeg'><img loading=\"lazy\" decoding=\"async\" width=\"1512\" height=\"2016\" src=\"https:\/\/gjeilo.no\/wp-content\/uploads\/2020\/03\/D02C06BB-28D1-4142-9DF8-7FF4E4BF80D8-rotated.jpeg\" class=\"attachment-full size-full\" alt=\"\" aria-describedby=\"gallery-1-1063\" srcset=\"https:\/\/gjeilo.no\/wp-content\/uploads\/2020\/03\/D02C06BB-28D1-4142-9DF8-7FF4E4BF80D8-rotated.jpeg 1512w, https:\/\/gjeilo.no\/wp-content\/uploads\/2020\/03\/D02C06BB-28D1-4142-9DF8-7FF4E4BF80D8-225x300.jpeg 225w, https:\/\/gjeilo.no\/wp-content\/uploads\/2020\/03\/D02C06BB-28D1-4142-9DF8-7FF4E4BF80D8-768x1024.jpeg 768w, https:\/\/gjeilo.no\/wp-content\/uploads\/2020\/03\/D02C06BB-28D1-4142-9DF8-7FF4E4BF80D8-1152x1536.jpeg 1152w\" sizes=\"auto, (max-width: 1512px) 100vw, 1512px\" \/><\/a>\n\t\t\t<\/div>\n\t\t\t\t<figcaption class='wp-caption-text gallery-caption' id='gallery-1-1063'>\n\t\t\t\tK\u00e5re.\n\t\t\t\t<\/figcaption><\/figure><figure class='gallery-item'>\n\t\t\t<div class='gallery-icon portrait'>\n\t\t\t\t<a href='https:\/\/gjeilo.no\/wp-content\/uploads\/2020\/03\/97D5FDB4-9997-41B5-ADA5-718B9CA2718A.jpeg'><img loading=\"lazy\" decoding=\"async\" width=\"1377\" height=\"2014\" src=\"https:\/\/gjeilo.no\/wp-content\/uploads\/2020\/03\/97D5FDB4-9997-41B5-ADA5-718B9CA2718A.jpeg\" class=\"attachment-full size-full\" alt=\"\" aria-describedby=\"gallery-1-1058\" srcset=\"https:\/\/gjeilo.no\/wp-content\/uploads\/2020\/03\/97D5FDB4-9997-41B5-ADA5-718B9CA2718A.jpeg 1377w, https:\/\/gjeilo.no\/wp-content\/uploads\/2020\/03\/97D5FDB4-9997-41B5-ADA5-718B9CA2718A-205x300.jpeg 205w, https:\/\/gjeilo.no\/wp-content\/uploads\/2020\/03\/97D5FDB4-9997-41B5-ADA5-718B9CA2718A-700x1024.jpeg 700w, https:\/\/gjeilo.no\/wp-content\/uploads\/2020\/03\/97D5FDB4-9997-41B5-ADA5-718B9CA2718A-768x1123.jpeg 768w, https:\/\/gjeilo.no\/wp-content\/uploads\/2020\/03\/97D5FDB4-9997-41B5-ADA5-718B9CA2718A-1050x1536.jpeg 1050w\" sizes=\"auto, (max-width: 1377px) 100vw, 1377px\" \/><\/a>\n\t\t\t<\/div>\n\t\t\t\t<figcaption class='wp-caption-text gallery-caption' id='gallery-1-1058'>\n\t\t\t\tOppi tr\u00e6det mot \u00d8vereggen.\n\t\t\t\t<\/figcaption><\/figure><figure class='gallery-item'>\n\t\t\t<div class='gallery-icon landscape'>\n\t\t\t\t<a href='https:\/\/gjeilo.no\/wp-content\/uploads\/2020\/03\/A8ABB752-DBB5-4002-99B5-3EFFE1AF99C1-rotated.jpeg'><img loading=\"lazy\" decoding=\"async\" width=\"1512\" height=\"1512\" src=\"https:\/\/gjeilo.no\/wp-content\/uploads\/2020\/03\/A8ABB752-DBB5-4002-99B5-3EFFE1AF99C1-rotated.jpeg\" class=\"attachment-full size-full\" alt=\"\" aria-describedby=\"gallery-1-1022\" srcset=\"https:\/\/gjeilo.no\/wp-content\/uploads\/2020\/03\/A8ABB752-DBB5-4002-99B5-3EFFE1AF99C1-rotated.jpeg 1512w, https:\/\/gjeilo.no\/wp-content\/uploads\/2020\/03\/A8ABB752-DBB5-4002-99B5-3EFFE1AF99C1-300x300.jpeg 300w, https:\/\/gjeilo.no\/wp-content\/uploads\/2020\/03\/A8ABB752-DBB5-4002-99B5-3EFFE1AF99C1-1024x1024.jpeg 1024w, https:\/\/gjeilo.no\/wp-content\/uploads\/2020\/03\/A8ABB752-DBB5-4002-99B5-3EFFE1AF99C1-150x150.jpeg 150w, https:\/\/gjeilo.no\/wp-content\/uploads\/2020\/03\/A8ABB752-DBB5-4002-99B5-3EFFE1AF99C1-768x768.jpeg 768w\" sizes=\"auto, (max-width: 1512px) 100vw, 1512px\" \/><\/a>\n\t\t\t<\/div>\n\t\t\t\t<figcaption class='wp-caption-text gallery-caption' id='gallery-1-1022'>\n\t\t\t\tK\u00e5re og Jofrid\n\t\t\t\t<\/figcaption><\/figure><figure class='gallery-item'>\n\t\t\t<div class='gallery-icon landscape'>\n\t\t\t\t<a href='https:\/\/gjeilo.no\/wp-content\/uploads\/2020\/03\/AC6D9548-86D1-47AA-85A8-99902251EE03-rotated.jpeg'><img loading=\"lazy\" decoding=\"async\" width=\"1512\" height=\"1512\" src=\"https:\/\/gjeilo.no\/wp-content\/uploads\/2020\/03\/AC6D9548-86D1-47AA-85A8-99902251EE03-rotated.jpeg\" class=\"attachment-full size-full\" alt=\"Aud\" aria-describedby=\"gallery-1-1018\" srcset=\"https:\/\/gjeilo.no\/wp-content\/uploads\/2020\/03\/AC6D9548-86D1-47AA-85A8-99902251EE03-rotated.jpeg 1512w, https:\/\/gjeilo.no\/wp-content\/uploads\/2020\/03\/AC6D9548-86D1-47AA-85A8-99902251EE03-300x300.jpeg 300w, https:\/\/gjeilo.no\/wp-content\/uploads\/2020\/03\/AC6D9548-86D1-47AA-85A8-99902251EE03-1024x1024.jpeg 1024w, https:\/\/gjeilo.no\/wp-content\/uploads\/2020\/03\/AC6D9548-86D1-47AA-85A8-99902251EE03-150x150.jpeg 150w, https:\/\/gjeilo.no\/wp-content\/uploads\/2020\/03\/AC6D9548-86D1-47AA-85A8-99902251EE03-768x768.jpeg 768w\" sizes=\"auto, (max-width: 1512px) 100vw, 1512px\" \/><\/a>\n\t\t\t<\/div>\n\t\t\t\t<figcaption class='wp-caption-text gallery-caption' id='gallery-1-1018'>\n\t\t\t\tOla Kroken, \u00c5mund Kroken, Kaare Kroken, Jofrid Kroken, Anna Kroken, Odd Arne og Aud.\n\t\t\t\t<\/figcaption><\/figure><figure class='gallery-item'>\n\t\t\t<div class='gallery-icon portrait'>\n\t\t\t\t<a href='https:\/\/gjeilo.no\/wp-content\/uploads\/2020\/03\/D95EB9FF-0BA6-4C0C-9781-5EAC9E2A30D6.jpeg'><img loading=\"lazy\" decoding=\"async\" width=\"1357\" height=\"1450\" src=\"https:\/\/gjeilo.no\/wp-content\/uploads\/2020\/03\/D95EB9FF-0BA6-4C0C-9781-5EAC9E2A30D6.jpeg\" class=\"attachment-full size-full\" alt=\"\" aria-describedby=\"gallery-1-1013\" srcset=\"https:\/\/gjeilo.no\/wp-content\/uploads\/2020\/03\/D95EB9FF-0BA6-4C0C-9781-5EAC9E2A30D6.jpeg 1357w, https:\/\/gjeilo.no\/wp-content\/uploads\/2020\/03\/D95EB9FF-0BA6-4C0C-9781-5EAC9E2A30D6-281x300.jpeg 281w, https:\/\/gjeilo.no\/wp-content\/uploads\/2020\/03\/D95EB9FF-0BA6-4C0C-9781-5EAC9E2A30D6-958x1024.jpeg 958w, https:\/\/gjeilo.no\/wp-content\/uploads\/2020\/03\/D95EB9FF-0BA6-4C0C-9781-5EAC9E2A30D6-768x821.jpeg 768w\" sizes=\"auto, (max-width: 1357px) 100vw, 1357px\" \/><\/a>\n\t\t\t<\/div>\n\t\t\t\t<figcaption class='wp-caption-text gallery-caption' id='gallery-1-1013'>\n\t\t\t\tKroken p\u00e5 60-talet (?)\n\t\t\t\t<\/figcaption><\/figure><figure class='gallery-item'>\n\t\t\t<div class='gallery-icon landscape'>\n\t\t\t\t<a href='https:\/\/gjeilo.no\/wp-content\/uploads\/2020\/03\/045AA153-1066-4666-B9F4-251591E00AF9-rotated.jpeg'><img loading=\"lazy\" decoding=\"async\" width=\"1512\" height=\"1512\" src=\"https:\/\/gjeilo.no\/wp-content\/uploads\/2020\/03\/045AA153-1066-4666-B9F4-251591E00AF9-rotated.jpeg\" class=\"attachment-full size-full\" alt=\"\" aria-describedby=\"gallery-1-1012\" srcset=\"https:\/\/gjeilo.no\/wp-content\/uploads\/2020\/03\/045AA153-1066-4666-B9F4-251591E00AF9-rotated.jpeg 1512w, https:\/\/gjeilo.no\/wp-content\/uploads\/2020\/03\/045AA153-1066-4666-B9F4-251591E00AF9-300x300.jpeg 300w, https:\/\/gjeilo.no\/wp-content\/uploads\/2020\/03\/045AA153-1066-4666-B9F4-251591E00AF9-1024x1024.jpeg 1024w, https:\/\/gjeilo.no\/wp-content\/uploads\/2020\/03\/045AA153-1066-4666-B9F4-251591E00AF9-150x150.jpeg 150w, https:\/\/gjeilo.no\/wp-content\/uploads\/2020\/03\/045AA153-1066-4666-B9F4-251591E00AF9-768x768.jpeg 768w\" sizes=\"auto, (max-width: 1512px) 100vw, 1512px\" \/><\/a>\n\t\t\t<\/div>\n\t\t\t\t<figcaption class='wp-caption-text gallery-caption' id='gallery-1-1012'>\n\t\t\t\tKroken p\u00e5 60-talet (?)\n\t\t\t\t<\/figcaption><\/figure><figure class='gallery-item'>\n\t\t\t<div class='gallery-icon landscape'>\n\t\t\t\t<a href='https:\/\/gjeilo.no\/wp-content\/uploads\/2020\/03\/BF01070E-07FA-4865-8BA5-01312F41B09E-rotated.jpeg'><img loading=\"lazy\" decoding=\"async\" width=\"1512\" height=\"1512\" src=\"https:\/\/gjeilo.no\/wp-content\/uploads\/2020\/03\/BF01070E-07FA-4865-8BA5-01312F41B09E-rotated.jpeg\" class=\"attachment-full size-full\" alt=\"\" aria-describedby=\"gallery-1-928\" srcset=\"https:\/\/gjeilo.no\/wp-content\/uploads\/2020\/03\/BF01070E-07FA-4865-8BA5-01312F41B09E-rotated.jpeg 1512w, https:\/\/gjeilo.no\/wp-content\/uploads\/2020\/03\/BF01070E-07FA-4865-8BA5-01312F41B09E-300x300.jpeg 300w, https:\/\/gjeilo.no\/wp-content\/uploads\/2020\/03\/BF01070E-07FA-4865-8BA5-01312F41B09E-1024x1024.jpeg 1024w, https:\/\/gjeilo.no\/wp-content\/uploads\/2020\/03\/BF01070E-07FA-4865-8BA5-01312F41B09E-150x150.jpeg 150w, https:\/\/gjeilo.no\/wp-content\/uploads\/2020\/03\/BF01070E-07FA-4865-8BA5-01312F41B09E-768x768.jpeg 768w\" sizes=\"auto, (max-width: 1512px) 100vw, 1512px\" \/><\/a>\n\t\t\t<\/div>\n\t\t\t\t<figcaption class='wp-caption-text gallery-caption' id='gallery-1-928'>\n\t\t\t\tK\u00e5re \u00e6resmedlem i Lom skyttarlag.\n\t\t\t\t<\/figcaption><\/figure><figure class='gallery-item'>\n\t\t\t<div class='gallery-icon landscape'>\n\t\t\t\t<a href='https:\/\/gjeilo.no\/wp-content\/uploads\/2020\/03\/484CDC1D-C4E0-4929-B3D8-4712BD2650B3.jpeg'><img loading=\"lazy\" decoding=\"async\" width=\"1965\" height=\"1248\" src=\"https:\/\/gjeilo.no\/wp-content\/uploads\/2020\/03\/484CDC1D-C4E0-4929-B3D8-4712BD2650B3.jpeg\" class=\"attachment-full size-full\" alt=\"\" aria-describedby=\"gallery-1-927\" srcset=\"https:\/\/gjeilo.no\/wp-content\/uploads\/2020\/03\/484CDC1D-C4E0-4929-B3D8-4712BD2650B3.jpeg 1965w, https:\/\/gjeilo.no\/wp-content\/uploads\/2020\/03\/484CDC1D-C4E0-4929-B3D8-4712BD2650B3-300x191.jpeg 300w, https:\/\/gjeilo.no\/wp-content\/uploads\/2020\/03\/484CDC1D-C4E0-4929-B3D8-4712BD2650B3-1024x650.jpeg 1024w, https:\/\/gjeilo.no\/wp-content\/uploads\/2020\/03\/484CDC1D-C4E0-4929-B3D8-4712BD2650B3-768x488.jpeg 768w, https:\/\/gjeilo.no\/wp-content\/uploads\/2020\/03\/484CDC1D-C4E0-4929-B3D8-4712BD2650B3-1536x976.jpeg 1536w\" sizes=\"auto, (max-width: 1965px) 100vw, 1965px\" \/><\/a>\n\t\t\t<\/div>\n\t\t\t\t<figcaption class='wp-caption-text gallery-caption' id='gallery-1-927'>\n\t\t\t\tId kort Kaare under krigen.\n\t\t\t\t<\/figcaption><\/figure><figure class='gallery-item'>\n\t\t\t<div class='gallery-icon landscape'>\n\t\t\t\t<a href='https:\/\/gjeilo.no\/wp-content\/uploads\/2020\/03\/E192CB52-2023-4F23-8CDC-86622147376D-scaled.jpeg'><img loading=\"lazy\" decoding=\"async\" width=\"2560\" height=\"2560\" src=\"https:\/\/gjeilo.no\/wp-content\/uploads\/2020\/03\/E192CB52-2023-4F23-8CDC-86622147376D-scaled.jpeg\" class=\"attachment-full size-full\" alt=\"\" aria-describedby=\"gallery-1-925\" srcset=\"https:\/\/gjeilo.no\/wp-content\/uploads\/2020\/03\/E192CB52-2023-4F23-8CDC-86622147376D-scaled.jpeg 2560w, https:\/\/gjeilo.no\/wp-content\/uploads\/2020\/03\/E192CB52-2023-4F23-8CDC-86622147376D-300x300.jpeg 300w, https:\/\/gjeilo.no\/wp-content\/uploads\/2020\/03\/E192CB52-2023-4F23-8CDC-86622147376D-1024x1024.jpeg 1024w, https:\/\/gjeilo.no\/wp-content\/uploads\/2020\/03\/E192CB52-2023-4F23-8CDC-86622147376D-150x150.jpeg 150w, https:\/\/gjeilo.no\/wp-content\/uploads\/2020\/03\/E192CB52-2023-4F23-8CDC-86622147376D-768x768.jpeg 768w, https:\/\/gjeilo.no\/wp-content\/uploads\/2020\/03\/E192CB52-2023-4F23-8CDC-86622147376D-1536x1536.jpeg 1536w, https:\/\/gjeilo.no\/wp-content\/uploads\/2020\/03\/E192CB52-2023-4F23-8CDC-86622147376D-2048x2048.jpeg 2048w\" sizes=\"auto, (max-width: 2560px) 100vw, 2560px\" \/><\/a>\n\t\t\t<\/div>\n\t\t\t\t<figcaption class='wp-caption-text gallery-caption' id='gallery-1-925'>\n\t\t\t\tJofrid og Kaare giftar seg.\n11\/7 1959\n\t\t\t\t<\/figcaption><\/figure><figure class='gallery-item'>\n\t\t\t<div class='gallery-icon landscape'>\n\t\t\t\t<a href='https:\/\/gjeilo.no\/wp-content\/uploads\/2020\/03\/AE40B3B3-629C-44DC-B08A-AC4670161727-scaled.jpeg'><img loading=\"lazy\" decoding=\"async\" width=\"2560\" height=\"2520\" src=\"https:\/\/gjeilo.no\/wp-content\/uploads\/2020\/03\/AE40B3B3-629C-44DC-B08A-AC4670161727-scaled.jpeg\" class=\"attachment-full size-full\" alt=\"\" aria-describedby=\"gallery-1-924\" srcset=\"https:\/\/gjeilo.no\/wp-content\/uploads\/2020\/03\/AE40B3B3-629C-44DC-B08A-AC4670161727-scaled.jpeg 2560w, https:\/\/gjeilo.no\/wp-content\/uploads\/2020\/03\/AE40B3B3-629C-44DC-B08A-AC4670161727-300x295.jpeg 300w, https:\/\/gjeilo.no\/wp-content\/uploads\/2020\/03\/AE40B3B3-629C-44DC-B08A-AC4670161727-1024x1008.jpeg 1024w, https:\/\/gjeilo.no\/wp-content\/uploads\/2020\/03\/AE40B3B3-629C-44DC-B08A-AC4670161727-768x756.jpeg 768w, https:\/\/gjeilo.no\/wp-content\/uploads\/2020\/03\/AE40B3B3-629C-44DC-B08A-AC4670161727-1536x1512.jpeg 1536w, https:\/\/gjeilo.no\/wp-content\/uploads\/2020\/03\/AE40B3B3-629C-44DC-B08A-AC4670161727-2048x2016.jpeg 2048w\" sizes=\"auto, (max-width: 2560px) 100vw, 2560px\" \/><\/a>\n\t\t\t<\/div>\n\t\t\t\t<figcaption class='wp-caption-text gallery-caption' id='gallery-1-924'>\n\t\t\t\tK\u00e5re og Jofrid.\n\t\t\t\t<\/figcaption><\/figure><figure class='gallery-item'>\n\t\t\t<div class='gallery-icon landscape'>\n\t\t\t\t<a href='https:\/\/gjeilo.no\/wp-content\/uploads\/2020\/03\/D6F9978A-B644-40E0-8D9F-E38BFDCF66FC-scaled.jpeg'><img loading=\"lazy\" decoding=\"async\" width=\"2560\" height=\"1836\" src=\"https:\/\/gjeilo.no\/wp-content\/uploads\/2020\/03\/D6F9978A-B644-40E0-8D9F-E38BFDCF66FC-scaled.jpeg\" class=\"attachment-full size-full\" alt=\"\" aria-describedby=\"gallery-1-923\" srcset=\"https:\/\/gjeilo.no\/wp-content\/uploads\/2020\/03\/D6F9978A-B644-40E0-8D9F-E38BFDCF66FC-scaled.jpeg 2560w, https:\/\/gjeilo.no\/wp-content\/uploads\/2020\/03\/D6F9978A-B644-40E0-8D9F-E38BFDCF66FC-300x215.jpeg 300w, https:\/\/gjeilo.no\/wp-content\/uploads\/2020\/03\/D6F9978A-B644-40E0-8D9F-E38BFDCF66FC-1024x734.jpeg 1024w, https:\/\/gjeilo.no\/wp-content\/uploads\/2020\/03\/D6F9978A-B644-40E0-8D9F-E38BFDCF66FC-768x551.jpeg 768w, https:\/\/gjeilo.no\/wp-content\/uploads\/2020\/03\/D6F9978A-B644-40E0-8D9F-E38BFDCF66FC-1536x1102.jpeg 1536w, https:\/\/gjeilo.no\/wp-content\/uploads\/2020\/03\/D6F9978A-B644-40E0-8D9F-E38BFDCF66FC-2048x1469.jpeg 2048w\" sizes=\"auto, (max-width: 2560px) 100vw, 2560px\" \/><\/a>\n\t\t\t<\/div>\n\t\t\t\t<figcaption class='wp-caption-text gallery-caption' id='gallery-1-923'>\n\t\t\t\tL\u00f8yntnant Kaare, HV\n\t\t\t\t<\/figcaption><\/figure><figure class='gallery-item'>\n\t\t\t<div class='gallery-icon portrait'>\n\t\t\t\t<a href='https:\/\/gjeilo.no\/wp-content\/uploads\/2020\/03\/402ACE0C-3C53-4702-8AEE-3F07B052D0F4-scaled.jpeg'><img loading=\"lazy\" decoding=\"async\" width=\"1770\" height=\"2560\" src=\"https:\/\/gjeilo.no\/wp-content\/uploads\/2020\/03\/402ACE0C-3C53-4702-8AEE-3F07B052D0F4-scaled.jpeg\" class=\"attachment-full size-full\" alt=\"\" aria-describedby=\"gallery-1-914\" srcset=\"https:\/\/gjeilo.no\/wp-content\/uploads\/2020\/03\/402ACE0C-3C53-4702-8AEE-3F07B052D0F4-scaled.jpeg 1770w, https:\/\/gjeilo.no\/wp-content\/uploads\/2020\/03\/402ACE0C-3C53-4702-8AEE-3F07B052D0F4-207x300.jpeg 207w, https:\/\/gjeilo.no\/wp-content\/uploads\/2020\/03\/402ACE0C-3C53-4702-8AEE-3F07B052D0F4-708x1024.jpeg 708w, https:\/\/gjeilo.no\/wp-content\/uploads\/2020\/03\/402ACE0C-3C53-4702-8AEE-3F07B052D0F4-768x1111.jpeg 768w, https:\/\/gjeilo.no\/wp-content\/uploads\/2020\/03\/402ACE0C-3C53-4702-8AEE-3F07B052D0F4-1062x1536.jpeg 1062w, https:\/\/gjeilo.no\/wp-content\/uploads\/2020\/03\/402ACE0C-3C53-4702-8AEE-3F07B052D0F4-1416x2048.jpeg 1416w\" sizes=\"auto, (max-width: 1770px) 100vw, 1770px\" \/><\/a>\n\t\t\t<\/div>\n\t\t\t\t<figcaption class='wp-caption-text gallery-caption' id='gallery-1-914'>\n\t\t\t\tPipa var med.\n\t\t\t\t<\/figcaption><\/figure><figure class='gallery-item'>\n\t\t\t<div class='gallery-icon portrait'>\n\t\t\t\t<a href='https:\/\/gjeilo.no\/wp-content\/uploads\/2015\/01\/kaare-med-fisk.gif'><img loading=\"lazy\" decoding=\"async\" width=\"177\" height=\"304\" src=\"https:\/\/gjeilo.no\/wp-content\/uploads\/2015\/01\/kaare-med-fisk.gif\" class=\"attachment-full size-full\" alt=\"Kaare\" aria-describedby=\"gallery-1-18\" \/><\/a>\n\t\t\t<\/div>\n\t\t\t\t<figcaption class='wp-caption-text gallery-caption' id='gallery-1-18'>\n\t\t\t\tKaare\n\t\t\t\t<\/figcaption><\/figure><figure class='gallery-item'>\n\t\t\t<div class='gallery-icon portrait'>\n\t\t\t\t<a href='https:\/\/gjeilo.no\/wp-content\/uploads\/2015\/01\/5_kaare.gif'><img loading=\"lazy\" decoding=\"async\" width=\"236\" height=\"378\" src=\"https:\/\/gjeilo.no\/wp-content\/uploads\/2015\/01\/5_kaare.gif\" class=\"attachment-full size-full\" alt=\"Kaare\" aria-describedby=\"gallery-1-16\" \/><\/a>\n\t\t\t<\/div>\n\t\t\t\t<figcaption class='wp-caption-text gallery-caption' id='gallery-1-16'>\n\t\t\t\tKaare som befal\n\t\t\t\t<\/figcaption><\/figure><figure class='gallery-item'>\n\t\t\t<div class='gallery-icon portrait'>\n\t\t\t\t<a href='https:\/\/gjeilo.no\/wp-content\/uploads\/2015\/01\/kaarefa.jpg'><img loading=\"lazy\" decoding=\"async\" width=\"148\" height=\"259\" src=\"https:\/\/gjeilo.no\/wp-content\/uploads\/2015\/01\/kaarefa.jpg\" class=\"attachment-full size-full\" alt=\"Kaare\" aria-describedby=\"gallery-1-17\" \/><\/a>\n\t\t\t<\/div>\n\t\t\t\t<figcaption class='wp-caption-text gallery-caption' id='gallery-1-17'>\n\t\t\t\tKaare\n\t\t\t\t<\/figcaption><\/figure><figure class='gallery-item'>\n\t\t\t<div class='gallery-icon landscape'>\n\t\t\t\t<a href='https:\/\/gjeilo.no\/wp-content\/uploads\/2023\/03\/F8416176-5A19-4E9E-A314-2807269B120F.jpeg'><img loading=\"lazy\" decoding=\"async\" width=\"2040\" height=\"1340\" src=\"https:\/\/gjeilo.no\/wp-content\/uploads\/2023\/03\/F8416176-5A19-4E9E-A314-2807269B120F.jpeg\" class=\"attachment-full size-full\" alt=\"\" aria-describedby=\"gallery-1-4319\" srcset=\"https:\/\/gjeilo.no\/wp-content\/uploads\/2023\/03\/F8416176-5A19-4E9E-A314-2807269B120F.jpeg 2040w, https:\/\/gjeilo.no\/wp-content\/uploads\/2023\/03\/F8416176-5A19-4E9E-A314-2807269B120F-300x197.jpeg 300w, https:\/\/gjeilo.no\/wp-content\/uploads\/2023\/03\/F8416176-5A19-4E9E-A314-2807269B120F-1024x673.jpeg 1024w, https:\/\/gjeilo.no\/wp-content\/uploads\/2023\/03\/F8416176-5A19-4E9E-A314-2807269B120F-768x504.jpeg 768w, https:\/\/gjeilo.no\/wp-content\/uploads\/2023\/03\/F8416176-5A19-4E9E-A314-2807269B120F-1536x1009.jpeg 1536w\" sizes=\"auto, (max-width: 2040px) 100vw, 2040px\" \/><\/a>\n\t\t\t<\/div>\n\t\t\t\t<figcaption class='wp-caption-text gallery-caption' id='gallery-1-4319'>\n\t\t\t\tMagnus Sl\u00e5lien, Trygve \u00d8yjordet og Kaare Kroken, antagele p\u00e5 Krokas\u00e6tre p\u00e5 Neto rondt 1970. Ola Rosserhaug har bildet etter bestefar sin, Reidar \u00d8yjordet.\n\t\t\t\t<\/figcaption><\/figure>\n\t\t<\/div>\n\n","protected":false},"excerpt":{"rendered":"<p>F\u00f8dd (f. 10\/8 1924) (d. 16\/1 1997) Gift med Jofrid Olsd. Slettom (f. 15\/12 1929) Mor: Anna Kroken (f. 26\/9 1899) (d. \/10 1987) Far: Ola Andersen Kroken (f. 1\/2 1890) (d. 1968) \u00a0 \u00a0 \u00a0\u00a0\u00a0\u00a0 Slektstavle Jon Amundsen (Brimi)Skjellen utarbeidd av Kaare K. Slekta Kari Gunnarsdotter Kvist utarbeidd m. a. av Kaare K. Bilde &hellip; <a href=\"https:\/\/gjeilo.no\/?page_id=14\" class=\"more-link\">Fortsett \u00e5 lese <span class=\"screen-reader-text\">Kaare Ols. Kroken<\/span><\/a><\/p>\n","protected":false},"author":2,"featured_media":0,"parent":0,"menu_order":0,"comment_status":"closed","ping_status":"open","template":"","meta":{"footnotes":""},"class_list":["post-14","page","type-page","status-publish","hentry"],"yoast_head":"<!-- This site is optimized with the Yoast SEO plugin v26.0 - https:\/\/yoast.com\/wordpress\/plugins\/seo\/ -->\n<title>Kaare Ols. Kroken - Slektskap<\/title>\n<meta name=\"robots\" content=\"index, follow, max-snippet:-1, max-image-preview:large, max-video-preview:-1\" \/>\n<link rel=\"canonical\" href=\"https:\/\/gjeilo.no\/?page_id=14\" \/>\n<meta property=\"og:locale\" content=\"nb_NO\" \/>\n<meta property=\"og:type\" content=\"article\" \/>\n<meta property=\"og:title\" content=\"Kaare Ols. Kroken - Slektskap\" \/>\n<meta property=\"og:description\" content=\"F\u00f8dd (f. 10\/8 1924) (d. 16\/1 1997) Gift med Jofrid Olsd. Slettom (f. 15\/12 1929) Mor: Anna Kroken (f. 26\/9 1899) (d. \/10 1987) Far: Ola Andersen Kroken (f. 1\/2 1890) (d. 1968) \u00a0 \u00a0 \u00a0\u00a0\u00a0\u00a0 Slektstavle Jon Amundsen (Brimi)Skjellen utarbeidd av Kaare K. Slekta Kari Gunnarsdotter Kvist utarbeidd m. a. av Kaare K. Bilde &hellip; Fortsett \u00e5 lese Kaare Ols. Kroken\" \/>\n<meta property=\"og:url\" content=\"https:\/\/gjeilo.no\/?page_id=14\" \/>\n<meta property=\"og:site_name\" content=\"Slektskap\" \/>\n<meta property=\"article:modified_time\" content=\"2025-11-25T08:22:43+00:00\" \/>\n<meta property=\"og:image\" content=\"https:\/\/gjeilo.no\/wp-content\/uploads\/2020\/03\/DSCN3408.jpg\" \/>\n<meta name=\"twitter:card\" content=\"summary_large_image\" \/>\n<meta name=\"twitter:label1\" content=\"Ansl. lesetid\" \/>\n\t<meta name=\"twitter:data1\" content=\"3 minutter\" \/>\n<script type=\"application\/ld+json\" class=\"yoast-schema-graph\">{\"@context\":\"https:\/\/schema.org\",\"@graph\":[{\"@type\":\"WebPage\",\"@id\":\"https:\/\/gjeilo.no\/?page_id=14\",\"url\":\"https:\/\/gjeilo.no\/?page_id=14\",\"name\":\"Kaare Ols. Kroken - Slektskap\",\"isPartOf\":{\"@id\":\"https:\/\/gjeilo.no\/#website\"},\"primaryImageOfPage\":{\"@id\":\"https:\/\/gjeilo.no\/?page_id=14#primaryimage\"},\"image\":{\"@id\":\"https:\/\/gjeilo.no\/?page_id=14#primaryimage\"},\"thumbnailUrl\":\"https:\/\/gjeilo.no\/wp-content\/uploads\/2020\/03\/AB857870-058E-4382-A178-E223C1666801-scaled.jpeg\",\"datePublished\":\"2015-01-19T09:00:04+00:00\",\"dateModified\":\"2025-11-25T08:22:43+00:00\",\"breadcrumb\":{\"@id\":\"https:\/\/gjeilo.no\/?page_id=14#breadcrumb\"},\"inLanguage\":\"nb-NO\",\"potentialAction\":[{\"@type\":\"ReadAction\",\"target\":[\"https:\/\/gjeilo.no\/?page_id=14\"]}]},{\"@type\":\"ImageObject\",\"inLanguage\":\"nb-NO\",\"@id\":\"https:\/\/gjeilo.no\/?page_id=14#primaryimage\",\"url\":\"https:\/\/gjeilo.no\/wp-content\/uploads\/2020\/03\/AB857870-058E-4382-A178-E223C1666801-scaled.jpeg\",\"contentUrl\":\"https:\/\/gjeilo.no\/wp-content\/uploads\/2020\/03\/AB857870-058E-4382-A178-E223C1666801-scaled.jpeg\"},{\"@type\":\"BreadcrumbList\",\"@id\":\"https:\/\/gjeilo.no\/?page_id=14#breadcrumb\",\"itemListElement\":[{\"@type\":\"ListItem\",\"position\":1,\"name\":\"Hjem\",\"item\":\"https:\/\/gjeilo.no\/\"},{\"@type\":\"ListItem\",\"position\":2,\"name\":\"Kaare Ols. Kroken\"}]},{\"@type\":\"WebSite\",\"@id\":\"https:\/\/gjeilo.no\/#website\",\"url\":\"https:\/\/gjeilo.no\/\",\"name\":\"Slektskap\",\"description\":\"\",\"potentialAction\":[{\"@type\":\"SearchAction\",\"target\":{\"@type\":\"EntryPoint\",\"urlTemplate\":\"https:\/\/gjeilo.no\/?s={search_term_string}\"},\"query-input\":{\"@type\":\"PropertyValueSpecification\",\"valueRequired\":true,\"valueName\":\"search_term_string\"}}],\"inLanguage\":\"nb-NO\"}]}<\/script>\n<!-- \/ Yoast SEO plugin. -->","yoast_head_json":{"title":"Kaare Ols. Kroken - Slektskap","robots":{"index":"index","follow":"follow","max-snippet":"max-snippet:-1","max-image-preview":"max-image-preview:large","max-video-preview":"max-video-preview:-1"},"canonical":"https:\/\/gjeilo.no\/?page_id=14","og_locale":"nb_NO","og_type":"article","og_title":"Kaare Ols. Kroken - Slektskap","og_description":"F\u00f8dd (f. 10\/8 1924) (d. 16\/1 1997) Gift med Jofrid Olsd. Slettom (f. 15\/12 1929) Mor: Anna Kroken (f. 26\/9 1899) (d. \/10 1987) Far: Ola Andersen Kroken (f. 1\/2 1890) (d. 1968) \u00a0 \u00a0 \u00a0\u00a0\u00a0\u00a0 Slektstavle Jon Amundsen (Brimi)Skjellen utarbeidd av Kaare K. Slekta Kari Gunnarsdotter Kvist utarbeidd m. a. av Kaare K. Bilde &hellip; Fortsett \u00e5 lese Kaare Ols. Kroken","og_url":"https:\/\/gjeilo.no\/?page_id=14","og_site_name":"Slektskap","article_modified_time":"2025-11-25T08:22:43+00:00","og_image":[{"url":"https:\/\/gjeilo.no\/wp-content\/uploads\/2020\/03\/DSCN3408.jpg","type":"","width":"","height":""}],"twitter_card":"summary_large_image","twitter_misc":{"Ansl. lesetid":"3 minutter"},"schema":{"@context":"https:\/\/schema.org","@graph":[{"@type":"WebPage","@id":"https:\/\/gjeilo.no\/?page_id=14","url":"https:\/\/gjeilo.no\/?page_id=14","name":"Kaare Ols. Kroken - Slektskap","isPartOf":{"@id":"https:\/\/gjeilo.no\/#website"},"primaryImageOfPage":{"@id":"https:\/\/gjeilo.no\/?page_id=14#primaryimage"},"image":{"@id":"https:\/\/gjeilo.no\/?page_id=14#primaryimage"},"thumbnailUrl":"https:\/\/gjeilo.no\/wp-content\/uploads\/2020\/03\/AB857870-058E-4382-A178-E223C1666801-scaled.jpeg","datePublished":"2015-01-19T09:00:04+00:00","dateModified":"2025-11-25T08:22:43+00:00","breadcrumb":{"@id":"https:\/\/gjeilo.no\/?page_id=14#breadcrumb"},"inLanguage":"nb-NO","potentialAction":[{"@type":"ReadAction","target":["https:\/\/gjeilo.no\/?page_id=14"]}]},{"@type":"ImageObject","inLanguage":"nb-NO","@id":"https:\/\/gjeilo.no\/?page_id=14#primaryimage","url":"https:\/\/gjeilo.no\/wp-content\/uploads\/2020\/03\/AB857870-058E-4382-A178-E223C1666801-scaled.jpeg","contentUrl":"https:\/\/gjeilo.no\/wp-content\/uploads\/2020\/03\/AB857870-058E-4382-A178-E223C1666801-scaled.jpeg"},{"@type":"BreadcrumbList","@id":"https:\/\/gjeilo.no\/?page_id=14#breadcrumb","itemListElement":[{"@type":"ListItem","position":1,"name":"Hjem","item":"https:\/\/gjeilo.no\/"},{"@type":"ListItem","position":2,"name":"Kaare Ols. Kroken"}]},{"@type":"WebSite","@id":"https:\/\/gjeilo.no\/#website","url":"https:\/\/gjeilo.no\/","name":"Slektskap","description":"","potentialAction":[{"@type":"SearchAction","target":{"@type":"EntryPoint","urlTemplate":"https:\/\/gjeilo.no\/?s={search_term_string}"},"query-input":{"@type":"PropertyValueSpecification","valueRequired":true,"valueName":"search_term_string"}}],"inLanguage":"nb-NO"}]}},"_links":{"self":[{"href":"https:\/\/gjeilo.no\/index.php?rest_route=\/wp\/v2\/pages\/14","targetHints":{"allow":["GET"]}}],"collection":[{"href":"https:\/\/gjeilo.no\/index.php?rest_route=\/wp\/v2\/pages"}],"about":[{"href":"https:\/\/gjeilo.no\/index.php?rest_route=\/wp\/v2\/types\/page"}],"author":[{"embeddable":true,"href":"https:\/\/gjeilo.no\/index.php?rest_route=\/wp\/v2\/users\/2"}],"replies":[{"embeddable":true,"href":"https:\/\/gjeilo.no\/index.php?rest_route=%2Fwp%2Fv2%2Fcomments&post=14"}],"version-history":[{"count":72,"href":"https:\/\/gjeilo.no\/index.php?rest_route=\/wp\/v2\/pages\/14\/revisions"}],"predecessor-version":[{"id":6389,"href":"https:\/\/gjeilo.no\/index.php?rest_route=\/wp\/v2\/pages\/14\/revisions\/6389"}],"wp:attachment":[{"href":"https:\/\/gjeilo.no\/index.php?rest_route=%2Fwp%2Fv2%2Fmedia&parent=14"}],"curies":[{"name":"wp","href":"https:\/\/api.w.org\/{rel}","templated":true}]}}