{"id":10,"date":"2015-01-19T08:58:18","date_gmt":"2015-01-19T08:58:18","guid":{"rendered":"https:\/\/gjeilo.no\/?page_id=10"},"modified":"2025-11-25T08:36:05","modified_gmt":"2025-11-25T08:36:05","slug":"jofrid-olsd-slettom","status":"publish","type":"page","link":"https:\/\/gjeilo.no\/?page_id=10","title":{"rendered":"Jofrid  Olsd. Slettom"},"content":{"rendered":"<p><a href=\"https:\/\/gjeilo.no\/wp-content\/uploads\/2020\/03\/6E3039E6-EA16-4662-B0B5-6F6A3915D14F.jpeg\"><img loading=\"lazy\" decoding=\"async\" class=\"aligncenter wp-image-1066 size-full\" src=\"https:\/\/gjeilo.no\/wp-content\/uploads\/2020\/03\/6E3039E6-EA16-4662-B0B5-6F6A3915D14F.jpeg\" alt=\"\" width=\"1218\" height=\"1794\" srcset=\"https:\/\/gjeilo.no\/wp-content\/uploads\/2020\/03\/6E3039E6-EA16-4662-B0B5-6F6A3915D14F.jpeg 1218w, https:\/\/gjeilo.no\/wp-content\/uploads\/2020\/03\/6E3039E6-EA16-4662-B0B5-6F6A3915D14F-204x300.jpeg 204w, https:\/\/gjeilo.no\/wp-content\/uploads\/2020\/03\/6E3039E6-EA16-4662-B0B5-6F6A3915D14F-695x1024.jpeg 695w, https:\/\/gjeilo.no\/wp-content\/uploads\/2020\/03\/6E3039E6-EA16-4662-B0B5-6F6A3915D14F-768x1131.jpeg 768w, https:\/\/gjeilo.no\/wp-content\/uploads\/2020\/03\/6E3039E6-EA16-4662-B0B5-6F6A3915D14F-1043x1536.jpeg 1043w\" sizes=\"auto, (max-width: 1218px) 100vw, 1218px\" \/><\/a>F\u00f8dd 15\/12 1929<br \/>Gift med <a title=\"Kaare Kroken\" href=\"https:\/\/gjeilo.no\/?page_id=14\">Kaare Kroken<\/a> (f. 10\/8 1924) (d. 16\/1 1997) gift 11\/7 1959<br \/>Mor: <a title=\"Anna Kv\u00e5le\" href=\"https:\/\/gjeilo.no\/?page_id=54\">Anne Kv\u00e5le<\/a>: (f. 3\/10 1895) (d. \/ 1963)<br \/>Far: <a title=\"Ola Slettom\" href=\"https:\/\/gjeilo.no\/?page_id=57\">Ola Slettom<\/a> (f. ) (d. 1945)\u00a0\u00a0<\/p>\n<p><a href=\"https:\/\/gjeilo.no\"><img loading=\"lazy\" decoding=\"async\" class=\"alignnone  wp-image-6142\" src=\"https:\/\/gjeilo.no\/wp-content\/uploads\/2024\/11\/dor-100-DPI-1.png\" alt=\"\" width=\"89\" height=\"15\" \/><\/a><\/p>\n<p>Born:<br \/>1. Odd Arne Kroken, f. 1960<br \/>2. Aud Kroken, f. 1961<br \/>2.1. Rolv Gjeilo, f. 1987<br \/>2.2. Synne Gjeilo, f. 1988<br \/>2.3. Vetle Gjeilo, f. 1991<br \/>2.4. Haakon Gjeilo, f. 1994<br \/>3. Vigdis Kroken, f. 1964<br \/>4. Jon Kroken, . 1966<br \/>5. Kjell Kroken, f. 1966,<br \/>5.1. Kristoffer Kroken, f. 1997<\/p>\n<p>Syskjen:<br \/>1. Laurits Kv\u00e5le g. m. Laura vart buande i Gaupne i Luster<br \/><br \/>2. Astrid Olsd. Slettom, f. 9\/12 1920 g.m. Olav Sletten, Skj\u00e5k<br \/>2.1. Per Sletten<br \/>2.2. Ola Sletten<br \/>2.2.1. Tove Sletten<br \/>2.2.2. Rune Olav Sletten<br \/>2.3. Ingvald Sletten<br \/>2.4. Leif Arvid Sletten<br \/>2.5. Anne Lise Sletten<br \/>2.5.1. Torkild Husom<br \/>2.5.2. Astrid Husom<br \/>2.5.3. Kristin Husom<br \/>2.5.4. Eva R\u00f8nningen<br \/><br \/>3. Marit, f. 1921 g.m. Lars Skjerpingstad, Lom f. 10\/11 19<br \/>3.1. Ester<\/p>\n<p><a href=\"https:\/\/gjeilo.no\/wp-content\/uploads\/2024\/09\/plantefarging-Jofrid-2024-09-08-10-17-kopi.pdf\" target=\"_blank\" rel=\"noopener\"><img loading=\"lazy\" decoding=\"async\" class=\"alignnone size-full wp-image-6042\" src=\"https:\/\/gjeilo.no\/wp-content\/uploads\/2024\/09\/plantefarg.jpg\" alt=\"\" width=\"1134\" height=\"1210\" srcset=\"https:\/\/gjeilo.no\/wp-content\/uploads\/2024\/09\/plantefarg.jpg 1134w, https:\/\/gjeilo.no\/wp-content\/uploads\/2024\/09\/plantefarg-281x300.jpg 281w, https:\/\/gjeilo.no\/wp-content\/uploads\/2024\/09\/plantefarg-960x1024.jpg 960w, https:\/\/gjeilo.no\/wp-content\/uploads\/2024\/09\/plantefarg-768x819.jpg 768w\" sizes=\"auto, (max-width: 1134px) 100vw, 1134px\" \/><\/a><br \/>Jofrid dreiv mykje med h\u00e5ndarbeid og laga denne <a href=\"https:\/\/gjeilo.no\/wp-content\/uploads\/2024\/09\/plantefarging-Jofrid-2024-09-08-10-17-kopi.pdf\" target=\"_blank\" rel=\"noopener\">&laquo;permen&raquo;<\/a> i 1982.<\/p>\n<pre><a href=\"https:\/\/gjeilo.no\/?page_id=2796\" target=\"_blank\" rel=\"noopener\">Sj\u00e5 bilde fr\u00e5 Kroken<\/a><\/pre>\n\n\n<figure class=\"wp-block-gallery has-nested-images columns-1 is-cropped wp-block-gallery-1 is-layout-flex wp-block-gallery-is-layout-flex\">\n<figure class=\"wp-block-image size-large\"><a href=\"https:\/\/gjeilo.no\/wp-content\/uploads\/2020\/04\/jofridklassbildelav.jpg\"><img loading=\"lazy\" decoding=\"async\" width=\"230\" height=\"311\" data-id=\"1578\" src=\"https:\/\/gjeilo.no\/wp-content\/uploads\/2020\/04\/jofridklassbildelav.jpg\" alt=\"\" class=\"wp-image-1578\" srcset=\"https:\/\/gjeilo.no\/wp-content\/uploads\/2020\/04\/jofridklassbildelav.jpg 230w, https:\/\/gjeilo.no\/wp-content\/uploads\/2020\/04\/jofridklassbildelav-222x300.jpg 222w\" sizes=\"auto, (max-width: 230px) 100vw, 230px\" \/><\/a><figcaption class=\"wp-element-caption\">Klassebilde Jofrid.<\/figcaption><\/figure>\n\n\n\n<figure class=\"wp-block-image size-large\"><a href=\"https:\/\/gjeilo.no\/wp-content\/uploads\/2022\/07\/6D0EA547-7A8C-4492-B549-4D7C151E75C0.jpeg\"><img loading=\"lazy\" decoding=\"async\" width=\"960\" height=\"713\" data-id=\"2121\" src=\"https:\/\/gjeilo.no\/wp-content\/uploads\/2022\/07\/6D0EA547-7A8C-4492-B549-4D7C151E75C0.jpeg\" alt=\"Jofrid Kroken\" class=\"wp-image-2121\" srcset=\"https:\/\/gjeilo.no\/wp-content\/uploads\/2022\/07\/6D0EA547-7A8C-4492-B549-4D7C151E75C0.jpeg 960w, https:\/\/gjeilo.no\/wp-content\/uploads\/2022\/07\/6D0EA547-7A8C-4492-B549-4D7C151E75C0-300x223.jpeg 300w, https:\/\/gjeilo.no\/wp-content\/uploads\/2022\/07\/6D0EA547-7A8C-4492-B549-4D7C151E75C0-768x570.jpeg 768w\" sizes=\"auto, (max-width: 960px) 100vw, 960px\" \/><\/a><figcaption class=\"wp-element-caption\">Jofrid uppi Kroken.<br><\/figcaption><\/figure>\n\n\n\n<figure class=\"wp-block-image size-large\"><a href=\"https:\/\/gjeilo.no\/wp-content\/uploads\/2022\/07\/2E8A5D42-E98C-46F5-81F1-2E63DAAC82C9.jpeg\"><img loading=\"lazy\" decoding=\"async\" width=\"960\" height=\"698\" data-id=\"2127\" src=\"https:\/\/gjeilo.no\/wp-content\/uploads\/2022\/07\/2E8A5D42-E98C-46F5-81F1-2E63DAAC82C9.jpeg\" alt=\"Jofrid\" class=\"wp-image-2127\" srcset=\"https:\/\/gjeilo.no\/wp-content\/uploads\/2022\/07\/2E8A5D42-E98C-46F5-81F1-2E63DAAC82C9.jpeg 960w, https:\/\/gjeilo.no\/wp-content\/uploads\/2022\/07\/2E8A5D42-E98C-46F5-81F1-2E63DAAC82C9-300x218.jpeg 300w, https:\/\/gjeilo.no\/wp-content\/uploads\/2022\/07\/2E8A5D42-E98C-46F5-81F1-2E63DAAC82C9-768x558.jpeg 768w\" sizes=\"auto, (max-width: 960px) 100vw, 960px\" \/><\/a><figcaption class=\"wp-element-caption\">Jofrid p\u00e5 tur til Gjendebu p\u00e5 kommunestyresamlling. Sikkert p\u00e5 Randsverk. P\u00e5 slutten av 60-talet.<br><\/figcaption><\/figure>\n\n\n\n<figure class=\"wp-block-image size-large\"><a href=\"https:\/\/gjeilo.no\/wp-content\/uploads\/2020\/03\/18A2D741-23DB-4ADF-973A-1EEF3AB34D7A.jpeg\"><img loading=\"lazy\" decoding=\"async\" width=\"691\" height=\"1024\" data-id=\"1067\" src=\"https:\/\/gjeilo.no\/wp-content\/uploads\/2020\/03\/18A2D741-23DB-4ADF-973A-1EEF3AB34D7A-691x1024.jpeg\" alt=\"\" class=\"wp-image-1067\" srcset=\"https:\/\/gjeilo.no\/wp-content\/uploads\/2020\/03\/18A2D741-23DB-4ADF-973A-1EEF3AB34D7A-691x1024.jpeg 691w, https:\/\/gjeilo.no\/wp-content\/uploads\/2020\/03\/18A2D741-23DB-4ADF-973A-1EEF3AB34D7A-203x300.jpeg 203w, https:\/\/gjeilo.no\/wp-content\/uploads\/2020\/03\/18A2D741-23DB-4ADF-973A-1EEF3AB34D7A-768x1138.jpeg 768w, https:\/\/gjeilo.no\/wp-content\/uploads\/2020\/03\/18A2D741-23DB-4ADF-973A-1EEF3AB34D7A-1037x1536.jpeg 1037w, https:\/\/gjeilo.no\/wp-content\/uploads\/2020\/03\/18A2D741-23DB-4ADF-973A-1EEF3AB34D7A.jpeg 1278w\" sizes=\"auto, (max-width: 691px) 100vw, 691px\" \/><\/a><figcaption class=\"wp-element-caption\">Jofrid 11\/7 1959<\/figcaption><\/figure>\n\n\n\n<figure class=\"wp-block-image size-large\"><a href=\"https:\/\/gjeilo.no\/wp-content\/uploads\/2020\/03\/03AB8D44-1815-4AFE-B97F-2CBEB5C0A73B.jpeg\"><img loading=\"lazy\" decoding=\"async\" width=\"1024\" height=\"910\" data-id=\"1056\" src=\"https:\/\/gjeilo.no\/wp-content\/uploads\/2020\/03\/03AB8D44-1815-4AFE-B97F-2CBEB5C0A73B-1024x910.jpeg\" alt=\"\" class=\"wp-image-1056\" srcset=\"https:\/\/gjeilo.no\/wp-content\/uploads\/2020\/03\/03AB8D44-1815-4AFE-B97F-2CBEB5C0A73B-1024x910.jpeg 1024w, https:\/\/gjeilo.no\/wp-content\/uploads\/2020\/03\/03AB8D44-1815-4AFE-B97F-2CBEB5C0A73B-300x267.jpeg 300w, https:\/\/gjeilo.no\/wp-content\/uploads\/2020\/03\/03AB8D44-1815-4AFE-B97F-2CBEB5C0A73B-768x683.jpeg 768w, https:\/\/gjeilo.no\/wp-content\/uploads\/2020\/03\/03AB8D44-1815-4AFE-B97F-2CBEB5C0A73B.jpeg 1280w\" sizes=\"auto, (max-width: 1024px) 100vw, 1024px\" \/><\/a><figcaption class=\"wp-element-caption\">Jofrid p\u00e5 Spiterstulen.<br>999999<\/figcaption><\/figure>\n\n\n\n<figure class=\"wp-block-image size-large\"><a href=\"https:\/\/gjeilo.no\/wp-content\/uploads\/2020\/03\/82137006-3D86-4B93-87D0-C37C1B94806A-rotated.jpeg\"><img loading=\"lazy\" decoding=\"async\" width=\"1024\" height=\"1024\" data-id=\"1060\" src=\"https:\/\/gjeilo.no\/wp-content\/uploads\/2020\/03\/82137006-3D86-4B93-87D0-C37C1B94806A-1024x1024.jpeg\" alt=\"\" class=\"wp-image-1060\" srcset=\"https:\/\/gjeilo.no\/wp-content\/uploads\/2020\/03\/82137006-3D86-4B93-87D0-C37C1B94806A-1024x1024.jpeg 1024w, https:\/\/gjeilo.no\/wp-content\/uploads\/2020\/03\/82137006-3D86-4B93-87D0-C37C1B94806A-300x300.jpeg 300w, https:\/\/gjeilo.no\/wp-content\/uploads\/2020\/03\/82137006-3D86-4B93-87D0-C37C1B94806A-150x150.jpeg 150w, https:\/\/gjeilo.no\/wp-content\/uploads\/2020\/03\/82137006-3D86-4B93-87D0-C37C1B94806A-768x768.jpeg 768w, https:\/\/gjeilo.no\/wp-content\/uploads\/2020\/03\/82137006-3D86-4B93-87D0-C37C1B94806A-rotated.jpeg 1512w\" sizes=\"auto, (max-width: 1024px) 100vw, 1024px\" \/><\/a><figcaption class=\"wp-element-caption\">Jofrid p\u00e5 Spiterstulen.<\/figcaption><\/figure>\n\n\n\n<figure class=\"wp-block-image size-large\"><a href=\"https:\/\/gjeilo.no\/wp-content\/uploads\/2020\/03\/C49EE1DE-A224-47B8-BA19-D172C0EF68D5-rotated.jpeg\"><img loading=\"lazy\" decoding=\"async\" width=\"1024\" height=\"1024\" data-id=\"1061\" src=\"https:\/\/gjeilo.no\/wp-content\/uploads\/2020\/03\/C49EE1DE-A224-47B8-BA19-D172C0EF68D5-1024x1024.jpeg\" alt=\"\" class=\"wp-image-1061\" srcset=\"https:\/\/gjeilo.no\/wp-content\/uploads\/2020\/03\/C49EE1DE-A224-47B8-BA19-D172C0EF68D5-1024x1024.jpeg 1024w, https:\/\/gjeilo.no\/wp-content\/uploads\/2020\/03\/C49EE1DE-A224-47B8-BA19-D172C0EF68D5-300x300.jpeg 300w, https:\/\/gjeilo.no\/wp-content\/uploads\/2020\/03\/C49EE1DE-A224-47B8-BA19-D172C0EF68D5-150x150.jpeg 150w, https:\/\/gjeilo.no\/wp-content\/uploads\/2020\/03\/C49EE1DE-A224-47B8-BA19-D172C0EF68D5-768x768.jpeg 768w, https:\/\/gjeilo.no\/wp-content\/uploads\/2020\/03\/C49EE1DE-A224-47B8-BA19-D172C0EF68D5-rotated.jpeg 1512w\" sizes=\"auto, (max-width: 1024px) 100vw, 1024px\" \/><\/a><figcaption class=\"wp-element-caption\">Jofrid p\u00e5 Spiterstulen.<\/figcaption><\/figure>\n\n\n\n<figure class=\"wp-block-image size-large\"><a href=\"https:\/\/gjeilo.no\/wp-content\/uploads\/2020\/03\/9E09AD2C-97C8-408A-A45B-B3AE34FB0740-rotated.jpeg\"><img loading=\"lazy\" decoding=\"async\" width=\"1024\" height=\"1024\" data-id=\"1062\" src=\"https:\/\/gjeilo.no\/wp-content\/uploads\/2020\/03\/9E09AD2C-97C8-408A-A45B-B3AE34FB0740-1024x1024.jpeg\" alt=\"\" class=\"wp-image-1062\" srcset=\"https:\/\/gjeilo.no\/wp-content\/uploads\/2020\/03\/9E09AD2C-97C8-408A-A45B-B3AE34FB0740-1024x1024.jpeg 1024w, https:\/\/gjeilo.no\/wp-content\/uploads\/2020\/03\/9E09AD2C-97C8-408A-A45B-B3AE34FB0740-300x300.jpeg 300w, https:\/\/gjeilo.no\/wp-content\/uploads\/2020\/03\/9E09AD2C-97C8-408A-A45B-B3AE34FB0740-150x150.jpeg 150w, https:\/\/gjeilo.no\/wp-content\/uploads\/2020\/03\/9E09AD2C-97C8-408A-A45B-B3AE34FB0740-768x768.jpeg 768w, https:\/\/gjeilo.no\/wp-content\/uploads\/2020\/03\/9E09AD2C-97C8-408A-A45B-B3AE34FB0740-rotated.jpeg 1512w\" sizes=\"auto, (max-width: 1024px) 100vw, 1024px\" \/><\/a><figcaption class=\"wp-element-caption\">Jofrid p\u00e5 Spiterstulen.<\/figcaption><\/figure>\n\n\n\n<figure class=\"wp-block-image size-large\"><a href=\"https:\/\/gjeilo.no\/wp-content\/uploads\/2020\/03\/65D83863-705B-4A48-8D1D-CDD652EDAD4C.jpeg\"><img loading=\"lazy\" decoding=\"async\" width=\"728\" height=\"1024\" data-id=\"1064\" src=\"https:\/\/gjeilo.no\/wp-content\/uploads\/2020\/03\/65D83863-705B-4A48-8D1D-CDD652EDAD4C-728x1024.jpeg\" alt=\"\" class=\"wp-image-1064\" srcset=\"https:\/\/gjeilo.no\/wp-content\/uploads\/2020\/03\/65D83863-705B-4A48-8D1D-CDD652EDAD4C-728x1024.jpeg 728w, https:\/\/gjeilo.no\/wp-content\/uploads\/2020\/03\/65D83863-705B-4A48-8D1D-CDD652EDAD4C-213x300.jpeg 213w, https:\/\/gjeilo.no\/wp-content\/uploads\/2020\/03\/65D83863-705B-4A48-8D1D-CDD652EDAD4C-768x1080.jpeg 768w, https:\/\/gjeilo.no\/wp-content\/uploads\/2020\/03\/65D83863-705B-4A48-8D1D-CDD652EDAD4C-1092x1536.jpeg 1092w, https:\/\/gjeilo.no\/wp-content\/uploads\/2020\/03\/65D83863-705B-4A48-8D1D-CDD652EDAD4C.jpeg 1285w\" sizes=\"auto, (max-width: 728px) 100vw, 728px\" \/><\/a><figcaption class=\"wp-element-caption\">Jofrid, Jon \u00d8yjordet, Kjell og Jon Kroken.<\/figcaption><\/figure>\n\n\n\n<figure class=\"wp-block-image size-large\"><a href=\"https:\/\/gjeilo.no\/wp-content\/uploads\/2015\/01\/JOFRID2.jpg\"><img loading=\"lazy\" decoding=\"async\" width=\"790\" height=\"861\" data-id=\"76\" src=\"https:\/\/gjeilo.no\/wp-content\/uploads\/2015\/01\/JOFRID2.jpg\" alt=\"\" class=\"wp-image-76\" srcset=\"https:\/\/gjeilo.no\/wp-content\/uploads\/2015\/01\/JOFRID2.jpg 790w, https:\/\/gjeilo.no\/wp-content\/uploads\/2015\/01\/JOFRID2-275x300.jpg 275w\" sizes=\"auto, (max-width: 790px) 100vw, 790px\" \/><\/a><figcaption class=\"wp-element-caption\">P\u00e5 Spiterstulen (?)<\/figcaption><\/figure>\n\n\n\n<figure class=\"wp-block-image size-large\"><a href=\"https:\/\/gjeilo.no\/wp-content\/uploads\/2015\/01\/JOFRID3.jpg\"><img loading=\"lazy\" decoding=\"async\" width=\"378\" height=\"1024\" data-id=\"46\" src=\"https:\/\/gjeilo.no\/wp-content\/uploads\/2015\/01\/JOFRID3-378x1024.jpg\" alt=\"Jofrid\" class=\"wp-image-46\" srcset=\"https:\/\/gjeilo.no\/wp-content\/uploads\/2015\/01\/JOFRID3-378x1024.jpg 378w, https:\/\/gjeilo.no\/wp-content\/uploads\/2015\/01\/JOFRID3-111x300.jpg 111w, https:\/\/gjeilo.no\/wp-content\/uploads\/2015\/01\/JOFRID3.jpg 424w\" sizes=\"auto, (max-width: 378px) 100vw, 378px\" \/><\/a><figcaption class=\"wp-element-caption\">Jofrid<\/figcaption><\/figure>\n\n\n\n<figure class=\"wp-block-image size-large\"><a href=\"https:\/\/gjeilo.no\/wp-content\/uploads\/2015\/01\/JOFRIDOD.jpg\"><img loading=\"lazy\" decoding=\"async\" width=\"823\" height=\"876\" data-id=\"77\" src=\"https:\/\/gjeilo.no\/wp-content\/uploads\/2015\/01\/JOFRIDOD.jpg\" alt=\"\" class=\"wp-image-77\" srcset=\"https:\/\/gjeilo.no\/wp-content\/uploads\/2015\/01\/JOFRIDOD.jpg 823w, https:\/\/gjeilo.no\/wp-content\/uploads\/2015\/01\/JOFRIDOD-282x300.jpg 282w\" sizes=\"auto, (max-width: 823px) 100vw, 823px\" \/><\/a><figcaption class=\"wp-element-caption\">Jofrid og Odd  Arne<\/figcaption><\/figure>\n\n\n\n<figure class=\"wp-block-image size-large\"><a href=\"https:\/\/gjeilo.no\/wp-content\/uploads\/2020\/03\/AE40B3B3-629C-44DC-B08A-AC4670161727-scaled.jpeg\"><img loading=\"lazy\" decoding=\"async\" width=\"1024\" height=\"1008\" data-id=\"924\" src=\"https:\/\/gjeilo.no\/wp-content\/uploads\/2020\/03\/AE40B3B3-629C-44DC-B08A-AC4670161727-1024x1008.jpeg\" alt=\"\" class=\"wp-image-924\" srcset=\"https:\/\/gjeilo.no\/wp-content\/uploads\/2020\/03\/AE40B3B3-629C-44DC-B08A-AC4670161727-1024x1008.jpeg 1024w, https:\/\/gjeilo.no\/wp-content\/uploads\/2020\/03\/AE40B3B3-629C-44DC-B08A-AC4670161727-300x295.jpeg 300w, https:\/\/gjeilo.no\/wp-content\/uploads\/2020\/03\/AE40B3B3-629C-44DC-B08A-AC4670161727-768x756.jpeg 768w, https:\/\/gjeilo.no\/wp-content\/uploads\/2020\/03\/AE40B3B3-629C-44DC-B08A-AC4670161727-1536x1512.jpeg 1536w, https:\/\/gjeilo.no\/wp-content\/uploads\/2020\/03\/AE40B3B3-629C-44DC-B08A-AC4670161727-2048x2016.jpeg 2048w\" sizes=\"auto, (max-width: 1024px) 100vw, 1024px\" \/><\/a><figcaption class=\"wp-element-caption\">K\u00e5re og Jofrid.<\/figcaption><\/figure>\n\n\n\n<figure class=\"wp-block-image size-large\"><a href=\"https:\/\/gjeilo.no\/wp-content\/uploads\/2020\/03\/E192CB52-2023-4F23-8CDC-86622147376D-scaled.jpeg\"><img loading=\"lazy\" decoding=\"async\" width=\"1024\" height=\"1024\" data-id=\"925\" src=\"https:\/\/gjeilo.no\/wp-content\/uploads\/2020\/03\/E192CB52-2023-4F23-8CDC-86622147376D-1024x1024.jpeg\" alt=\"\" class=\"wp-image-925\" srcset=\"https:\/\/gjeilo.no\/wp-content\/uploads\/2020\/03\/E192CB52-2023-4F23-8CDC-86622147376D-1024x1024.jpeg 1024w, https:\/\/gjeilo.no\/wp-content\/uploads\/2020\/03\/E192CB52-2023-4F23-8CDC-86622147376D-300x300.jpeg 300w, https:\/\/gjeilo.no\/wp-content\/uploads\/2020\/03\/E192CB52-2023-4F23-8CDC-86622147376D-150x150.jpeg 150w, https:\/\/gjeilo.no\/wp-content\/uploads\/2020\/03\/E192CB52-2023-4F23-8CDC-86622147376D-768x768.jpeg 768w, https:\/\/gjeilo.no\/wp-content\/uploads\/2020\/03\/E192CB52-2023-4F23-8CDC-86622147376D-1536x1536.jpeg 1536w, https:\/\/gjeilo.no\/wp-content\/uploads\/2020\/03\/E192CB52-2023-4F23-8CDC-86622147376D-2048x2048.jpeg 2048w\" sizes=\"auto, (max-width: 1024px) 100vw, 1024px\" \/><\/a><figcaption class=\"wp-element-caption\">Jofrid og Kaare giftar seg.<br>11\/7 1959<\/figcaption><\/figure>\n\n\n\n<figure class=\"wp-block-image size-large\"><a href=\"https:\/\/gjeilo.no\/wp-content\/uploads\/2020\/03\/73C74E60-199A-430F-8432-BA0ACB714E1C.jpeg\"><img loading=\"lazy\" decoding=\"async\" width=\"667\" height=\"1024\" data-id=\"1007\" src=\"https:\/\/gjeilo.no\/wp-content\/uploads\/2020\/03\/73C74E60-199A-430F-8432-BA0ACB714E1C-667x1024.jpeg\" alt=\"\" class=\"wp-image-1007\" srcset=\"https:\/\/gjeilo.no\/wp-content\/uploads\/2020\/03\/73C74E60-199A-430F-8432-BA0ACB714E1C-667x1024.jpeg 667w, https:\/\/gjeilo.no\/wp-content\/uploads\/2020\/03\/73C74E60-199A-430F-8432-BA0ACB714E1C-195x300.jpeg 195w, https:\/\/gjeilo.no\/wp-content\/uploads\/2020\/03\/73C74E60-199A-430F-8432-BA0ACB714E1C-768x1179.jpeg 768w, https:\/\/gjeilo.no\/wp-content\/uploads\/2020\/03\/73C74E60-199A-430F-8432-BA0ACB714E1C-1000x1536.jpeg 1000w, https:\/\/gjeilo.no\/wp-content\/uploads\/2020\/03\/73C74E60-199A-430F-8432-BA0ACB714E1C.jpeg 1233w\" sizes=\"auto, (max-width: 667px) 100vw, 667px\" \/><\/a><figcaption class=\"wp-element-caption\">Jofrid<\/figcaption><\/figure>\n\n\n\n<figure class=\"wp-block-image size-large\"><a href=\"https:\/\/gjeilo.no\/wp-content\/uploads\/2015\/01\/IMG_2918.jpg\"><img loading=\"lazy\" decoding=\"async\" width=\"960\" height=\"720\" data-id=\"449\" src=\"https:\/\/gjeilo.no\/wp-content\/uploads\/2015\/01\/IMG_2918.jpg\" alt=\"\" class=\"wp-image-449\" srcset=\"https:\/\/gjeilo.no\/wp-content\/uploads\/2015\/01\/IMG_2918.jpg 960w, https:\/\/gjeilo.no\/wp-content\/uploads\/2015\/01\/IMG_2918-300x225.jpg 300w, https:\/\/gjeilo.no\/wp-content\/uploads\/2015\/01\/IMG_2918-768x576.jpg 768w\" sizes=\"auto, (max-width: 960px) 100vw, 960px\" \/><\/a><figcaption class=\"wp-element-caption\">Astrid Bolstad R\u00f8yrvik:<br>&laquo;Tippar det er p\u00e5 s\u00e6tern i H\u00f8ydalen. <br>Lurar p\u00e5 om ho heilt til h\u00f8gre i rutete kjoleforkle er Kari Brustuen, v\u00e5r oldemor, Gunn Holmestad?<br>S\u00e5 fint eit bilde! Sittande lengst til venstre er mi bestemor, Anne Slettom f Kv\u00e5le. Jenta med ljost h\u00e5r rett bak der er Mor, Jofrid Kroken f Slettom. Storesyster til Jofrid (Astrid) st\u00e5r i bakarste rekke nest lengst mot h\u00f8gre med myrkt belte. ho heitte Astrid Sletten f Slettom. Jofrid var f\u00f8dd i 1929, s\u00e5 dette kan vere midt p\u00e5 30-talet kanskje?<br>https:\/\/www.facebook.com\/groups\/408445505870435\/permalink\/1486508368064138\/<\/figcaption><\/figure>\n\n\n\n<figure class=\"wp-block-image size-large\"><a href=\"https:\/\/gjeilo.no\/wp-content\/uploads\/2020\/03\/D1ABE16F-1971-4D6D-930C-324423F167BF.jpeg\"><img loading=\"lazy\" decoding=\"async\" width=\"1024\" height=\"918\" data-id=\"1010\" src=\"https:\/\/gjeilo.no\/wp-content\/uploads\/2020\/03\/D1ABE16F-1971-4D6D-930C-324423F167BF-1024x918.jpeg\" alt=\"\" class=\"wp-image-1010\" srcset=\"https:\/\/gjeilo.no\/wp-content\/uploads\/2020\/03\/D1ABE16F-1971-4D6D-930C-324423F167BF-1024x918.jpeg 1024w, https:\/\/gjeilo.no\/wp-content\/uploads\/2020\/03\/D1ABE16F-1971-4D6D-930C-324423F167BF-300x269.jpeg 300w, https:\/\/gjeilo.no\/wp-content\/uploads\/2020\/03\/D1ABE16F-1971-4D6D-930C-324423F167BF-768x688.jpeg 768w, https:\/\/gjeilo.no\/wp-content\/uploads\/2020\/03\/D1ABE16F-1971-4D6D-930C-324423F167BF.jpeg 1512w\" sizes=\"auto, (max-width: 1024px) 100vw, 1024px\" \/><\/a><figcaption class=\"wp-element-caption\">Jofrid, Aud, Odd Arne og Anne Kv\u00e5le Slettom i Presthaugen rundt 1965.<\/figcaption><\/figure>\n\n\n\n<figure class=\"wp-block-image size-large\"><a href=\"https:\/\/gjeilo.no\/wp-content\/uploads\/2020\/03\/78F699EA-B9D1-4E78-B08C-E9262FFB53F4-rotated.jpeg\"><img loading=\"lazy\" decoding=\"async\" width=\"1024\" height=\"1024\" data-id=\"1017\" src=\"https:\/\/gjeilo.no\/wp-content\/uploads\/2020\/03\/78F699EA-B9D1-4E78-B08C-E9262FFB53F4-1024x1024.jpeg\" alt=\"\" class=\"wp-image-1017\" srcset=\"https:\/\/gjeilo.no\/wp-content\/uploads\/2020\/03\/78F699EA-B9D1-4E78-B08C-E9262FFB53F4-1024x1024.jpeg 1024w, https:\/\/gjeilo.no\/wp-content\/uploads\/2020\/03\/78F699EA-B9D1-4E78-B08C-E9262FFB53F4-300x300.jpeg 300w, https:\/\/gjeilo.no\/wp-content\/uploads\/2020\/03\/78F699EA-B9D1-4E78-B08C-E9262FFB53F4-150x150.jpeg 150w, https:\/\/gjeilo.no\/wp-content\/uploads\/2020\/03\/78F699EA-B9D1-4E78-B08C-E9262FFB53F4-768x768.jpeg 768w, https:\/\/gjeilo.no\/wp-content\/uploads\/2020\/03\/78F699EA-B9D1-4E78-B08C-E9262FFB53F4-rotated.jpeg 1512w\" sizes=\"auto, (max-width: 1024px) 100vw, 1024px\" \/><\/a><figcaption class=\"wp-element-caption\">Jofrid<\/figcaption><\/figure>\n\n\n\n<figure class=\"wp-block-image size-large\"><a href=\"https:\/\/gjeilo.no\/wp-content\/uploads\/2020\/03\/AC6D9548-86D1-47AA-85A8-99902251EE03-rotated.jpeg\"><img loading=\"lazy\" decoding=\"async\" width=\"1024\" height=\"1024\" data-id=\"1018\" src=\"https:\/\/gjeilo.no\/wp-content\/uploads\/2020\/03\/AC6D9548-86D1-47AA-85A8-99902251EE03-1024x1024.jpeg\" alt=\"Aud\" class=\"wp-image-1018\" srcset=\"https:\/\/gjeilo.no\/wp-content\/uploads\/2020\/03\/AC6D9548-86D1-47AA-85A8-99902251EE03-1024x1024.jpeg 1024w, https:\/\/gjeilo.no\/wp-content\/uploads\/2020\/03\/AC6D9548-86D1-47AA-85A8-99902251EE03-300x300.jpeg 300w, https:\/\/gjeilo.no\/wp-content\/uploads\/2020\/03\/AC6D9548-86D1-47AA-85A8-99902251EE03-150x150.jpeg 150w, https:\/\/gjeilo.no\/wp-content\/uploads\/2020\/03\/AC6D9548-86D1-47AA-85A8-99902251EE03-768x768.jpeg 768w, https:\/\/gjeilo.no\/wp-content\/uploads\/2020\/03\/AC6D9548-86D1-47AA-85A8-99902251EE03-rotated.jpeg 1512w\" sizes=\"auto, (max-width: 1024px) 100vw, 1024px\" \/><\/a><figcaption class=\"wp-element-caption\">Ola Kroken, \u00c5mund Kroken, Kaare Kroken, Jofrid Kroken, Anna Kroken, Odd Arne og Aud.<\/figcaption><\/figure>\n\n\n\n<figure class=\"wp-block-image size-large\"><a href=\"https:\/\/gjeilo.no\/wp-content\/uploads\/2020\/03\/57A6FC54-0A79-4E6E-8D76-25198DA5D5B9-rotated.jpeg\"><img loading=\"lazy\" decoding=\"async\" width=\"1024\" height=\"1024\" data-id=\"1020\" src=\"https:\/\/gjeilo.no\/wp-content\/uploads\/2020\/03\/57A6FC54-0A79-4E6E-8D76-25198DA5D5B9-1024x1024.jpeg\" alt=\"\" class=\"wp-image-1020\" srcset=\"https:\/\/gjeilo.no\/wp-content\/uploads\/2020\/03\/57A6FC54-0A79-4E6E-8D76-25198DA5D5B9-1024x1024.jpeg 1024w, https:\/\/gjeilo.no\/wp-content\/uploads\/2020\/03\/57A6FC54-0A79-4E6E-8D76-25198DA5D5B9-300x300.jpeg 300w, https:\/\/gjeilo.no\/wp-content\/uploads\/2020\/03\/57A6FC54-0A79-4E6E-8D76-25198DA5D5B9-150x150.jpeg 150w, https:\/\/gjeilo.no\/wp-content\/uploads\/2020\/03\/57A6FC54-0A79-4E6E-8D76-25198DA5D5B9-768x768.jpeg 768w, https:\/\/gjeilo.no\/wp-content\/uploads\/2020\/03\/57A6FC54-0A79-4E6E-8D76-25198DA5D5B9-rotated.jpeg 1512w\" sizes=\"auto, (max-width: 1024px) 100vw, 1024px\" \/><\/a><figcaption class=\"wp-element-caption\">Anna og Jofrid<\/figcaption><\/figure>\n\n\n\n<figure class=\"wp-block-image size-large\"><a href=\"https:\/\/gjeilo.no\/wp-content\/uploads\/2020\/03\/A8ABB752-DBB5-4002-99B5-3EFFE1AF99C1-rotated.jpeg\"><img loading=\"lazy\" decoding=\"async\" width=\"1024\" height=\"1024\" data-id=\"1022\" src=\"https:\/\/gjeilo.no\/wp-content\/uploads\/2020\/03\/A8ABB752-DBB5-4002-99B5-3EFFE1AF99C1-1024x1024.jpeg\" alt=\"\" class=\"wp-image-1022\" srcset=\"https:\/\/gjeilo.no\/wp-content\/uploads\/2020\/03\/A8ABB752-DBB5-4002-99B5-3EFFE1AF99C1-1024x1024.jpeg 1024w, https:\/\/gjeilo.no\/wp-content\/uploads\/2020\/03\/A8ABB752-DBB5-4002-99B5-3EFFE1AF99C1-300x300.jpeg 300w, https:\/\/gjeilo.no\/wp-content\/uploads\/2020\/03\/A8ABB752-DBB5-4002-99B5-3EFFE1AF99C1-150x150.jpeg 150w, https:\/\/gjeilo.no\/wp-content\/uploads\/2020\/03\/A8ABB752-DBB5-4002-99B5-3EFFE1AF99C1-768x768.jpeg 768w, https:\/\/gjeilo.no\/wp-content\/uploads\/2020\/03\/A8ABB752-DBB5-4002-99B5-3EFFE1AF99C1-rotated.jpeg 1512w\" sizes=\"auto, (max-width: 1024px) 100vw, 1024px\" \/><\/a><figcaption class=\"wp-element-caption\">K\u00e5re og Jofrid<\/figcaption><\/figure>\n\n\n\n<figure class=\"wp-block-image size-large\"><a href=\"https:\/\/gjeilo.no\/wp-content\/uploads\/2023\/01\/IMG_3492-scaled.jpg\"><img loading=\"lazy\" decoding=\"async\" width=\"1024\" height=\"867\" data-id=\"2758\" src=\"https:\/\/gjeilo.no\/wp-content\/uploads\/2023\/01\/IMG_3492-1024x867.jpg\" alt=\"\" class=\"wp-image-2758\" srcset=\"https:\/\/gjeilo.no\/wp-content\/uploads\/2023\/01\/IMG_3492-1024x867.jpg 1024w, https:\/\/gjeilo.no\/wp-content\/uploads\/2023\/01\/IMG_3492-300x254.jpg 300w, https:\/\/gjeilo.no\/wp-content\/uploads\/2023\/01\/IMG_3492-768x650.jpg 768w, https:\/\/gjeilo.no\/wp-content\/uploads\/2023\/01\/IMG_3492-1536x1301.jpg 1536w, https:\/\/gjeilo.no\/wp-content\/uploads\/2023\/01\/IMG_3492-2048x1734.jpg 2048w\" sizes=\"auto, (max-width: 1024px) 100vw, 1024px\" \/><\/a><figcaption class=\"wp-element-caption\">17. mai 1968. Vigdis,  Jofrid med Jon, Aud, Kjell og Odd Arne<\/figcaption><\/figure>\n\n\n\n<figure class=\"wp-block-image size-large\"><a href=\"https:\/\/gjeilo.no\/wp-content\/uploads\/2022\/07\/93B1A796-F501-4FB1-AE84-E0AF8B840746.jpeg\"><img loading=\"lazy\" decoding=\"async\" width=\"980\" height=\"1024\" data-id=\"2140\" src=\"https:\/\/gjeilo.no\/wp-content\/uploads\/2022\/07\/93B1A796-F501-4FB1-AE84-E0AF8B840746-980x1024.jpeg\" alt=\"Jofrid Kaare\" class=\"wp-image-2140\" srcset=\"https:\/\/gjeilo.no\/wp-content\/uploads\/2022\/07\/93B1A796-F501-4FB1-AE84-E0AF8B840746-980x1024.jpeg 980w, https:\/\/gjeilo.no\/wp-content\/uploads\/2022\/07\/93B1A796-F501-4FB1-AE84-E0AF8B840746-287x300.jpeg 287w, https:\/\/gjeilo.no\/wp-content\/uploads\/2022\/07\/93B1A796-F501-4FB1-AE84-E0AF8B840746-768x803.jpeg 768w, https:\/\/gjeilo.no\/wp-content\/uploads\/2022\/07\/93B1A796-F501-4FB1-AE84-E0AF8B840746.jpeg 1127w\" sizes=\"auto, (max-width: 980px) 100vw, 980px\" \/><\/a><figcaption class=\"wp-element-caption\">Jofrid og K\u00e5re p\u00e5 biltur med kvit Peugeot.<\/figcaption><\/figure>\n\n\n\n<figure class=\"wp-block-image size-large\"><a href=\"https:\/\/gjeilo.no\/wp-content\/uploads\/2022\/07\/7FB058A4-3637-410B-9996-FF30569F7DB4.jpeg\"><img loading=\"lazy\" decoding=\"async\" width=\"960\" height=\"641\" data-id=\"2138\" src=\"https:\/\/gjeilo.no\/wp-content\/uploads\/2022\/07\/7FB058A4-3637-410B-9996-FF30569F7DB4.jpeg\" alt=\"Kjell Jofrid Vigdis\" class=\"wp-image-2138\" srcset=\"https:\/\/gjeilo.no\/wp-content\/uploads\/2022\/07\/7FB058A4-3637-410B-9996-FF30569F7DB4.jpeg 960w, https:\/\/gjeilo.no\/wp-content\/uploads\/2022\/07\/7FB058A4-3637-410B-9996-FF30569F7DB4-300x200.jpeg 300w, https:\/\/gjeilo.no\/wp-content\/uploads\/2022\/07\/7FB058A4-3637-410B-9996-FF30569F7DB4-768x513.jpeg 768w\" sizes=\"auto, (max-width: 960px) 100vw, 960px\" \/><\/a><figcaption class=\"wp-element-caption\">Kjell, Jofrid og Vigdis i Kroken tidleg p\u00e5 70-talet.<br><br><\/figcaption><\/figure>\n\n\n\n<figure class=\"wp-block-image size-large\"><a href=\"https:\/\/gjeilo.no\/wp-content\/uploads\/2022\/07\/60B11DA5-214E-4DDB-8DEC-F588EB7EDD78.jpeg\"><img loading=\"lazy\" decoding=\"async\" width=\"960\" height=\"609\" data-id=\"2130\" src=\"https:\/\/gjeilo.no\/wp-content\/uploads\/2022\/07\/60B11DA5-214E-4DDB-8DEC-F588EB7EDD78.jpeg\" alt=\"Ola Kroken Anna Kroken\" class=\"wp-image-2130\" srcset=\"https:\/\/gjeilo.no\/wp-content\/uploads\/2022\/07\/60B11DA5-214E-4DDB-8DEC-F588EB7EDD78.jpeg 960w, https:\/\/gjeilo.no\/wp-content\/uploads\/2022\/07\/60B11DA5-214E-4DDB-8DEC-F588EB7EDD78-300x190.jpeg 300w, https:\/\/gjeilo.no\/wp-content\/uploads\/2022\/07\/60B11DA5-214E-4DDB-8DEC-F588EB7EDD78-768x487.jpeg 768w\" sizes=\"auto, (max-width: 960px) 100vw, 960px\" \/><\/a><figcaption class=\"wp-element-caption\">Fr\u00e5 venstre Jenny med Bodil p\u00e5 fanget, Magne Kroken med Mette p\u00e5 fanget, Ola Kroken, Anna Kroken og truleg Frede Kroken og Borgny.<br><\/figcaption><\/figure>\n\n\n\n<figure class=\"wp-block-image size-large\"><a href=\"https:\/\/gjeilo.no\/wp-content\/uploads\/2022\/07\/A9BB1D2D-067D-4E1E-9C6B-3E983C6AC065.jpeg\"><img loading=\"lazy\" decoding=\"async\" width=\"960\" height=\"774\" data-id=\"2128\" src=\"https:\/\/gjeilo.no\/wp-content\/uploads\/2022\/07\/A9BB1D2D-067D-4E1E-9C6B-3E983C6AC065.jpeg\" alt=\"Jofrid Kroken Aud Kjell Jon Odd Arne\" class=\"wp-image-2128\" srcset=\"https:\/\/gjeilo.no\/wp-content\/uploads\/2022\/07\/A9BB1D2D-067D-4E1E-9C6B-3E983C6AC065.jpeg 960w, https:\/\/gjeilo.no\/wp-content\/uploads\/2022\/07\/A9BB1D2D-067D-4E1E-9C6B-3E983C6AC065-300x242.jpeg 300w, https:\/\/gjeilo.no\/wp-content\/uploads\/2022\/07\/A9BB1D2D-067D-4E1E-9C6B-3E983C6AC065-768x619.jpeg 768w\" sizes=\"auto, (max-width: 960px) 100vw, 960px\" \/><\/a><figcaption class=\"wp-element-caption\">Odd Arne, Kjell, Jon, Jofrid med Vigdis, Aud og Mette.<br><\/figcaption><\/figure>\n\n\n\n<figure class=\"wp-block-image size-large\"><a href=\"https:\/\/gjeilo.no\/wp-content\/uploads\/2022\/07\/65668096-FE0F-4DCE-B763-317A0FF809E7.jpeg\"><img loading=\"lazy\" decoding=\"async\" width=\"960\" height=\"766\" data-id=\"2126\" src=\"https:\/\/gjeilo.no\/wp-content\/uploads\/2022\/07\/65668096-FE0F-4DCE-B763-317A0FF809E7.jpeg\" alt=\"Aud Ola Kroken, Anna Kroken, Jofrid Kroken, Aud Kroken Kaare Kroken\" class=\"wp-image-2126\" srcset=\"https:\/\/gjeilo.no\/wp-content\/uploads\/2022\/07\/65668096-FE0F-4DCE-B763-317A0FF809E7.jpeg 960w, https:\/\/gjeilo.no\/wp-content\/uploads\/2022\/07\/65668096-FE0F-4DCE-B763-317A0FF809E7-300x239.jpeg 300w, https:\/\/gjeilo.no\/wp-content\/uploads\/2022\/07\/65668096-FE0F-4DCE-B763-317A0FF809E7-768x613.jpeg 768w\" sizes=\"auto, (max-width: 960px) 100vw, 960px\" \/><\/a><figcaption class=\"wp-element-caption\">Ola Kroken med Odd Arne, Anna Kroken med Aud, Jofrid og Kaare. Sommaren 1963.<br><\/figcaption><\/figure>\n\n\n\n<figure class=\"wp-block-image size-large\"><a href=\"https:\/\/gjeilo.no\/wp-content\/uploads\/2021\/11\/lurvehette-26718-liten.jpg\"><img loading=\"lazy\" decoding=\"async\" width=\"744\" height=\"1024\" data-id=\"1758\" src=\"https:\/\/gjeilo.no\/wp-content\/uploads\/2021\/11\/lurvehette-26718-liten-744x1024.jpg\" alt=\"\" class=\"wp-image-1758\" srcset=\"https:\/\/gjeilo.no\/wp-content\/uploads\/2021\/11\/lurvehette-26718-liten-744x1024.jpg 744w, https:\/\/gjeilo.no\/wp-content\/uploads\/2021\/11\/lurvehette-26718-liten-218x300.jpg 218w, https:\/\/gjeilo.no\/wp-content\/uploads\/2021\/11\/lurvehette-26718-liten-768x1057.jpg 768w, https:\/\/gjeilo.no\/wp-content\/uploads\/2021\/11\/lurvehette-26718-liten.jpg 850w\" sizes=\"auto, (max-width: 744px) 100vw, 744px\" \/><\/a><figcaption class=\"wp-element-caption\">Det er ikke for dronningen \u00e5 h\u00f8re etter det en fattigunge finner p\u00e5, sa kjerringa. Illustrasjon til \u00abLurvehette\u00bb, Dagfin Werenskiold, 1936. B\u00e5de Werenskiold og Henrik S\u00f8rensen vitja mange gardar i nedre del av B\u00f8verdalen og var b\u00e5e p\u00e5 Kv\u00e5le. Illustrasjonen til \u00abEn Frierhistorie er henta fr\u00e5 Kv\u00e5le og Werenskiold teikna mor og dotter p\u00e5 Kv\u00e5le. Modellar var Jofrid Slettom (Kroken) og mora Anne Slettom f. Kv\u00e5le. Jofrid var seks \u00e5r i 1936.<br>\u00a9 Werenskiold, Dagfin\/BONO. B<\/figcaption><\/figure>\n\n\n\n<figure class=\"wp-block-image size-large\"><a href=\"https:\/\/gjeilo.no\/wp-content\/uploads\/2020\/03\/701200D6-8C0E-49CB-A30A-7263E3522088.jpeg\"><img loading=\"lazy\" decoding=\"async\" width=\"1024\" height=\"994\" data-id=\"1068\" src=\"https:\/\/gjeilo.no\/wp-content\/uploads\/2020\/03\/701200D6-8C0E-49CB-A30A-7263E3522088-1024x994.jpeg\" alt=\"Aud Anne\" class=\"wp-image-1068\" srcset=\"https:\/\/gjeilo.no\/wp-content\/uploads\/2020\/03\/701200D6-8C0E-49CB-A30A-7263E3522088-1024x994.jpeg 1024w, https:\/\/gjeilo.no\/wp-content\/uploads\/2020\/03\/701200D6-8C0E-49CB-A30A-7263E3522088-300x291.jpeg 300w, https:\/\/gjeilo.no\/wp-content\/uploads\/2020\/03\/701200D6-8C0E-49CB-A30A-7263E3522088-768x745.jpeg 768w, https:\/\/gjeilo.no\/wp-content\/uploads\/2020\/03\/701200D6-8C0E-49CB-A30A-7263E3522088.jpeg 1348w\" sizes=\"auto, (max-width: 1024px) 100vw, 1024px\" \/><\/a><figcaption class=\"wp-element-caption\">Anne, Jofrid, Astrid Kroken og Aud i Krokatr\u00e6det rundt 1965.<\/figcaption><\/figure>\n\n\n\n<figure class=\"wp-block-image size-large\"><a href=\"https:\/\/gjeilo.no\/wp-content\/uploads\/2020\/03\/6E3039E6-EA16-4662-B0B5-6F6A3915D14F.jpeg\"><img loading=\"lazy\" decoding=\"async\" width=\"695\" height=\"1024\" data-id=\"1066\" src=\"https:\/\/gjeilo.no\/wp-content\/uploads\/2020\/03\/6E3039E6-EA16-4662-B0B5-6F6A3915D14F-695x1024.jpeg\" alt=\"\" class=\"wp-image-1066\" srcset=\"https:\/\/gjeilo.no\/wp-content\/uploads\/2020\/03\/6E3039E6-EA16-4662-B0B5-6F6A3915D14F-695x1024.jpeg 695w, https:\/\/gjeilo.no\/wp-content\/uploads\/2020\/03\/6E3039E6-EA16-4662-B0B5-6F6A3915D14F-204x300.jpeg 204w, https:\/\/gjeilo.no\/wp-content\/uploads\/2020\/03\/6E3039E6-EA16-4662-B0B5-6F6A3915D14F-768x1131.jpeg 768w, https:\/\/gjeilo.no\/wp-content\/uploads\/2020\/03\/6E3039E6-EA16-4662-B0B5-6F6A3915D14F-1043x1536.jpeg 1043w, https:\/\/gjeilo.no\/wp-content\/uploads\/2020\/03\/6E3039E6-EA16-4662-B0B5-6F6A3915D14F.jpeg 1218w\" sizes=\"auto, (max-width: 695px) 100vw, 695px\" \/><\/a><figcaption class=\"wp-element-caption\">Jofrid med Haakon august 1995<\/figcaption><\/figure>\n\n\n\n<figure class=\"wp-block-image size-large\"><a href=\"https:\/\/gjeilo.no\/wp-content\/uploads\/2015\/01\/JOFRID5.jpg\"><img loading=\"lazy\" decoding=\"async\" width=\"1024\" height=\"768\" data-id=\"80\" src=\"https:\/\/gjeilo.no\/wp-content\/uploads\/2015\/01\/JOFRID5-1024x768.jpg\" alt=\"\" class=\"wp-image-80\" srcset=\"https:\/\/gjeilo.no\/wp-content\/uploads\/2015\/01\/JOFRID5-1024x768.jpg 1024w, https:\/\/gjeilo.no\/wp-content\/uploads\/2015\/01\/JOFRID5-300x225.jpg 300w, https:\/\/gjeilo.no\/wp-content\/uploads\/2015\/01\/JOFRID5.jpg 2048w\" sizes=\"auto, (max-width: 1024px) 100vw, 1024px\" \/><\/a><figcaption class=\"wp-element-caption\">Jofrid med Vetle, Synne og Haakon<\/figcaption><\/figure>\n\n\n\n<figure class=\"wp-block-image size-large\"><a href=\"https:\/\/gjeilo.no\/wp-content\/uploads\/2015\/01\/JOFRID1.jpg\"><img loading=\"lazy\" decoding=\"async\" width=\"194\" height=\"340\" data-id=\"73\" src=\"https:\/\/gjeilo.no\/wp-content\/uploads\/2015\/01\/JOFRID1.jpg\" alt=\"\" class=\"wp-image-73\" srcset=\"https:\/\/gjeilo.no\/wp-content\/uploads\/2015\/01\/JOFRID1.jpg 194w, https:\/\/gjeilo.no\/wp-content\/uploads\/2015\/01\/JOFRID1-171x300.jpg 171w\" sizes=\"auto, (max-width: 194px) 100vw, 194px\" \/><\/a><\/figure>\n<\/figure>\n","protected":false},"excerpt":{"rendered":"<p>F\u00f8dd 15\/12 1929Gift med Kaare Kroken (f. 10\/8 1924) (d. 16\/1 1997) gift 11\/7 1959Mor: Anne Kv\u00e5le: (f. 3\/10 1895) (d. \/ 1963)Far: Ola Slettom (f. ) (d. 1945)\u00a0\u00a0 Born:1. Odd Arne Kroken, f. 19602. Aud Kroken, f. 19612.1. Rolv Gjeilo, f. 19872.2. Synne Gjeilo, f. 19882.3. Vetle Gjeilo, f. 19912.4. Haakon Gjeilo, f. 19943. &hellip; <a href=\"https:\/\/gjeilo.no\/?page_id=10\" class=\"more-link\">Fortsett \u00e5 lese <span class=\"screen-reader-text\">Jofrid  Olsd. Slettom<\/span><\/a><\/p>\n","protected":false},"author":1,"featured_media":924,"parent":0,"menu_order":0,"comment_status":"closed","ping_status":"open","template":"","meta":{"footnotes":""},"class_list":["post-10","page","type-page","status-publish","has-post-thumbnail","hentry"],"yoast_head":"<!-- This site is optimized with the Yoast SEO plugin v26.0 - https:\/\/yoast.com\/wordpress\/plugins\/seo\/ -->\n<title>Jofrid Olsd. Slettom - Slektskap<\/title>\n<meta name=\"robots\" content=\"index, follow, max-snippet:-1, max-image-preview:large, max-video-preview:-1\" \/>\n<link rel=\"canonical\" href=\"https:\/\/gjeilo.no\/?page_id=10\" \/>\n<meta property=\"og:locale\" content=\"nb_NO\" \/>\n<meta property=\"og:type\" content=\"article\" \/>\n<meta property=\"og:title\" content=\"Jofrid Olsd. Slettom - Slektskap\" \/>\n<meta property=\"og:description\" content=\"F\u00f8dd 15\/12 1929Gift med Kaare Kroken (f. 10\/8 1924) (d. 16\/1 1997) gift 11\/7 1959Mor: Anne Kv\u00e5le: (f. 3\/10 1895) (d. \/ 1963)Far: Ola Slettom (f. ) (d. 1945)\u00a0\u00a0 Born:1. Odd Arne Kroken, f. 19602. Aud Kroken, f. 19612.1. Rolv Gjeilo, f. 19872.2. Synne Gjeilo, f. 19882.3. Vetle Gjeilo, f. 19912.4. Haakon Gjeilo, f. 19943. &hellip; Fortsett \u00e5 lese Jofrid Olsd. Slettom\" \/>\n<meta property=\"og:url\" content=\"https:\/\/gjeilo.no\/?page_id=10\" \/>\n<meta property=\"og:site_name\" content=\"Slektskap\" \/>\n<meta property=\"article:modified_time\" content=\"2025-11-25T08:36:05+00:00\" \/>\n<meta property=\"og:image\" content=\"https:\/\/gjeilo.no\/wp-content\/uploads\/2020\/03\/AE40B3B3-629C-44DC-B08A-AC4670161727-scaled.jpeg\" \/>\n\t<meta property=\"og:image:width\" content=\"2560\" \/>\n\t<meta property=\"og:image:height\" content=\"2520\" \/>\n\t<meta property=\"og:image:type\" content=\"image\/jpeg\" \/>\n<meta name=\"twitter:card\" content=\"summary_large_image\" \/>\n<meta name=\"twitter:label1\" content=\"Ansl. lesetid\" \/>\n\t<meta name=\"twitter:data1\" content=\"11 minutter\" \/>\n<script type=\"application\/ld+json\" class=\"yoast-schema-graph\">{\"@context\":\"https:\/\/schema.org\",\"@graph\":[{\"@type\":\"WebPage\",\"@id\":\"https:\/\/gjeilo.no\/?page_id=10\",\"url\":\"https:\/\/gjeilo.no\/?page_id=10\",\"name\":\"Jofrid Olsd. Slettom - Slektskap\",\"isPartOf\":{\"@id\":\"https:\/\/gjeilo.no\/#website\"},\"primaryImageOfPage\":{\"@id\":\"https:\/\/gjeilo.no\/?page_id=10#primaryimage\"},\"image\":{\"@id\":\"https:\/\/gjeilo.no\/?page_id=10#primaryimage\"},\"thumbnailUrl\":\"https:\/\/gjeilo.no\/wp-content\/uploads\/2020\/03\/AE40B3B3-629C-44DC-B08A-AC4670161727-scaled.jpeg\",\"datePublished\":\"2015-01-19T08:58:18+00:00\",\"dateModified\":\"2025-11-25T08:36:05+00:00\",\"breadcrumb\":{\"@id\":\"https:\/\/gjeilo.no\/?page_id=10#breadcrumb\"},\"inLanguage\":\"nb-NO\",\"potentialAction\":[{\"@type\":\"ReadAction\",\"target\":[\"https:\/\/gjeilo.no\/?page_id=10\"]}]},{\"@type\":\"ImageObject\",\"inLanguage\":\"nb-NO\",\"@id\":\"https:\/\/gjeilo.no\/?page_id=10#primaryimage\",\"url\":\"https:\/\/gjeilo.no\/wp-content\/uploads\/2020\/03\/AE40B3B3-629C-44DC-B08A-AC4670161727-scaled.jpeg\",\"contentUrl\":\"https:\/\/gjeilo.no\/wp-content\/uploads\/2020\/03\/AE40B3B3-629C-44DC-B08A-AC4670161727-scaled.jpeg\",\"width\":2560,\"height\":2520,\"caption\":\"K\u00e5re og Jofrid.\"},{\"@type\":\"BreadcrumbList\",\"@id\":\"https:\/\/gjeilo.no\/?page_id=10#breadcrumb\",\"itemListElement\":[{\"@type\":\"ListItem\",\"position\":1,\"name\":\"Hjem\",\"item\":\"https:\/\/gjeilo.no\/\"},{\"@type\":\"ListItem\",\"position\":2,\"name\":\"Jofrid Olsd. Slettom\"}]},{\"@type\":\"WebSite\",\"@id\":\"https:\/\/gjeilo.no\/#website\",\"url\":\"https:\/\/gjeilo.no\/\",\"name\":\"Slektskap\",\"description\":\"\",\"potentialAction\":[{\"@type\":\"SearchAction\",\"target\":{\"@type\":\"EntryPoint\",\"urlTemplate\":\"https:\/\/gjeilo.no\/?s={search_term_string}\"},\"query-input\":{\"@type\":\"PropertyValueSpecification\",\"valueRequired\":true,\"valueName\":\"search_term_string\"}}],\"inLanguage\":\"nb-NO\"}]}<\/script>\n<!-- \/ Yoast SEO plugin. -->","yoast_head_json":{"title":"Jofrid Olsd. Slettom - Slektskap","robots":{"index":"index","follow":"follow","max-snippet":"max-snippet:-1","max-image-preview":"max-image-preview:large","max-video-preview":"max-video-preview:-1"},"canonical":"https:\/\/gjeilo.no\/?page_id=10","og_locale":"nb_NO","og_type":"article","og_title":"Jofrid Olsd. Slettom - Slektskap","og_description":"F\u00f8dd 15\/12 1929Gift med Kaare Kroken (f. 10\/8 1924) (d. 16\/1 1997) gift 11\/7 1959Mor: Anne Kv\u00e5le: (f. 3\/10 1895) (d. \/ 1963)Far: Ola Slettom (f. ) (d. 1945)\u00a0\u00a0 Born:1. Odd Arne Kroken, f. 19602. Aud Kroken, f. 19612.1. Rolv Gjeilo, f. 19872.2. Synne Gjeilo, f. 19882.3. Vetle Gjeilo, f. 19912.4. Haakon Gjeilo, f. 19943. &hellip; Fortsett \u00e5 lese Jofrid Olsd. Slettom","og_url":"https:\/\/gjeilo.no\/?page_id=10","og_site_name":"Slektskap","article_modified_time":"2025-11-25T08:36:05+00:00","og_image":[{"width":2560,"height":2520,"url":"https:\/\/gjeilo.no\/wp-content\/uploads\/2020\/03\/AE40B3B3-629C-44DC-B08A-AC4670161727-scaled.jpeg","type":"image\/jpeg"}],"twitter_card":"summary_large_image","twitter_misc":{"Ansl. lesetid":"11 minutter"},"schema":{"@context":"https:\/\/schema.org","@graph":[{"@type":"WebPage","@id":"https:\/\/gjeilo.no\/?page_id=10","url":"https:\/\/gjeilo.no\/?page_id=10","name":"Jofrid Olsd. Slettom - Slektskap","isPartOf":{"@id":"https:\/\/gjeilo.no\/#website"},"primaryImageOfPage":{"@id":"https:\/\/gjeilo.no\/?page_id=10#primaryimage"},"image":{"@id":"https:\/\/gjeilo.no\/?page_id=10#primaryimage"},"thumbnailUrl":"https:\/\/gjeilo.no\/wp-content\/uploads\/2020\/03\/AE40B3B3-629C-44DC-B08A-AC4670161727-scaled.jpeg","datePublished":"2015-01-19T08:58:18+00:00","dateModified":"2025-11-25T08:36:05+00:00","breadcrumb":{"@id":"https:\/\/gjeilo.no\/?page_id=10#breadcrumb"},"inLanguage":"nb-NO","potentialAction":[{"@type":"ReadAction","target":["https:\/\/gjeilo.no\/?page_id=10"]}]},{"@type":"ImageObject","inLanguage":"nb-NO","@id":"https:\/\/gjeilo.no\/?page_id=10#primaryimage","url":"https:\/\/gjeilo.no\/wp-content\/uploads\/2020\/03\/AE40B3B3-629C-44DC-B08A-AC4670161727-scaled.jpeg","contentUrl":"https:\/\/gjeilo.no\/wp-content\/uploads\/2020\/03\/AE40B3B3-629C-44DC-B08A-AC4670161727-scaled.jpeg","width":2560,"height":2520,"caption":"K\u00e5re og Jofrid."},{"@type":"BreadcrumbList","@id":"https:\/\/gjeilo.no\/?page_id=10#breadcrumb","itemListElement":[{"@type":"ListItem","position":1,"name":"Hjem","item":"https:\/\/gjeilo.no\/"},{"@type":"ListItem","position":2,"name":"Jofrid Olsd. Slettom"}]},{"@type":"WebSite","@id":"https:\/\/gjeilo.no\/#website","url":"https:\/\/gjeilo.no\/","name":"Slektskap","description":"","potentialAction":[{"@type":"SearchAction","target":{"@type":"EntryPoint","urlTemplate":"https:\/\/gjeilo.no\/?s={search_term_string}"},"query-input":{"@type":"PropertyValueSpecification","valueRequired":true,"valueName":"search_term_string"}}],"inLanguage":"nb-NO"}]}},"_links":{"self":[{"href":"https:\/\/gjeilo.no\/index.php?rest_route=\/wp\/v2\/pages\/10","targetHints":{"allow":["GET"]}}],"collection":[{"href":"https:\/\/gjeilo.no\/index.php?rest_route=\/wp\/v2\/pages"}],"about":[{"href":"https:\/\/gjeilo.no\/index.php?rest_route=\/wp\/v2\/types\/page"}],"author":[{"embeddable":true,"href":"https:\/\/gjeilo.no\/index.php?rest_route=\/wp\/v2\/users\/1"}],"replies":[{"embeddable":true,"href":"https:\/\/gjeilo.no\/index.php?rest_route=%2Fwp%2Fv2%2Fcomments&post=10"}],"version-history":[{"count":86,"href":"https:\/\/gjeilo.no\/index.php?rest_route=\/wp\/v2\/pages\/10\/revisions"}],"predecessor-version":[{"id":6390,"href":"https:\/\/gjeilo.no\/index.php?rest_route=\/wp\/v2\/pages\/10\/revisions\/6390"}],"wp:featuredmedia":[{"embeddable":true,"href":"https:\/\/gjeilo.no\/index.php?rest_route=\/wp\/v2\/media\/924"}],"wp:attachment":[{"href":"https:\/\/gjeilo.no\/index.php?rest_route=%2Fwp%2Fv2%2Fmedia&parent=10"}],"curies":[{"name":"wp","href":"https:\/\/api.w.org\/{rel}","templated":true}]}}